{"id":947,"date":"2023-03-28T15:49:45","date_gmt":"2023-03-28T13:49:45","guid":{"rendered":"https:\/\/klaragymnasium.se\/sthlmsodra\/?p=947"},"modified":"2026-04-08T15:18:46","modified_gmt":"2026-04-08T13:18:46","slug":"samhallsvetenskapsprogrammet","status":"publish","type":"program_orientation","link":"https:\/\/klaragymnasium.se\/sthlmsodra\/program\/samhallsvetenskapsprogrammet\/","title":{"rendered":"Samh\u00e4llsvetenskaps&shy;programmet"},"content":{"rendered":"\n\t\n\t\n\t\n\n\t\n\t\n\t\t\n<section  class=\"c-block l-stacked  \" data-color-scheme=\"\">\n\t<div class=\"ams-fifty ams-fifty--container ams-fifty--right ams-fifty--bottom l-container u-pt-fluid-3xl-6xl u-pb-fluid-md-xl\">\n\t\t<div class=\"ams-fifty__content l-stack l-stack-xl is-left is-left@lg\">\n\t\t\t<div class=\"ams-fifty__text l-stack l-stack-lg\">\n\t\t\t\t\t\n\t<h1\n\tclass=\"c-heading u-font-title-2 \"\n\tstyle=\"\">\n\t\t\n\t\t\t\t\t\t\t\t\tSamh\u00e4llsvetenskaps\u00adprogrammet\n\t\t\t\t<span class=\"c-heading__sub is-below u-font-title-3\">\n\t\t\t\t\tp\u00e5 Klara Gymnasium i Stockholm\n\t\t\t\t<\/span>\n\t\t\t\t\t\t\t\n\t<\/h1>\n\n\t\t\t\t\t\t\t\t\t<div class=\"text l-stack u-font-body\">\n\t\t\t\t\t\t<p>Vill du veta hur v\u00e5rt samh\u00e4lle \u00e4r konstruerat och hur det styrs? Lockar tanken p\u00e5 att plugga vidare till socionom, statsvetare eller journalist? D\u00e5 \u00e4r Samh\u00e4llsvetenskapsprogrammet p\u00e5 <span style=\"font-weight: 400;\">Klara Teoretiska Gymnasium Stockholm S\u00f6dra n\u00e5got f\u00f6r dig. V\u00e5r gymnasieskola ligger p\u00e5 S\u00f6dermalm i Stockholm.<\/span><\/p>\n\n\t\t\t\t\t<\/div>\n\t\t\t\t\t\t\t<\/div>\n\n\t\t\t\t<div class=\"ams-fifty__action u-inline-items\">\n\t\t\t\t\t\t\t\n\n\n<a href=\"https:\/\/klaragymnasium.se\/sthlmsodra\/oppet-hus\/\"\n\t\n\tclass=\"c-btn \"\n\tdata-style=\"round\"\n\tdata-size=\"md\"\n\tdata-width=\"full-mobile\"\n\tdata-variant=\"default\"\n\ttarget=\"_self\">\n\t\t\t<span class=\"label\"> Bes\u00f6k \u00d6ppet hus <\/span>\n\t\t\t<\/a>\n\t\t\t<\/div>\n\t\t<\/div>\n\n\t\t <div class=\"ams-fifty__media u-ratio-landscape\">\n\t\t \t\t\t\t\t<picture><source media=\"(min-width: 32em)\" srcset=\"https:\/\/klaragymnasium.se\/wp-content\/uploads\/sites\/12\/2023\/03\/sam-beteende-gymnasiet-e1771586428645-600x269.jpg 600w, https:\/\/klaragymnasium.se\/wp-content\/uploads\/sites\/12\/2023\/03\/sam-beteende-gymnasiet-e1771586428645-300x134.jpg 300w, https:\/\/klaragymnasium.se\/wp-content\/uploads\/sites\/12\/2023\/03\/sam-beteende-gymnasiet-e1771586428645-400x179.jpg 400w, https:\/\/klaragymnasium.se\/wp-content\/uploads\/sites\/12\/2023\/03\/sam-beteende-gymnasiet-e1771586428645-800x358.jpg 800w, https:\/\/klaragymnasium.se\/wp-content\/uploads\/sites\/12\/2023\/03\/sam-beteende-gymnasiet-e1771586428645-1024x459.jpg 1024w, https:\/\/klaragymnasium.se\/wp-content\/uploads\/sites\/12\/2023\/03\/sam-beteende-gymnasiet-e1771586428645-1200x538.jpg 1200w, https:\/\/klaragymnasium.se\/wp-content\/uploads\/sites\/12\/2023\/03\/sam-beteende-gymnasiet-e1771586428645.jpg 1920w\" sizes=\"(min-width: 64em) 600px, calc(100vw - 160px)\" \/><source srcset=\"https:\/\/klaragymnasium.se\/wp-content\/uploads\/sites\/12\/2023\/03\/sam-beteende-gymnasiet-e1771586428645-400x179.jpg 400w, https:\/\/klaragymnasium.se\/wp-content\/uploads\/sites\/12\/2023\/03\/sam-beteende-gymnasiet-e1771586428645-300x134.jpg 300w, https:\/\/klaragymnasium.se\/wp-content\/uploads\/sites\/12\/2023\/03\/sam-beteende-gymnasiet-e1771586428645-600x269.jpg 600w, https:\/\/klaragymnasium.se\/wp-content\/uploads\/sites\/12\/2023\/03\/sam-beteende-gymnasiet-e1771586428645-800x358.jpg 800w, https:\/\/klaragymnasium.se\/wp-content\/uploads\/sites\/12\/2023\/03\/sam-beteende-gymnasiet-e1771586428645-1024x459.jpg 1024w, https:\/\/klaragymnasium.se\/wp-content\/uploads\/sites\/12\/2023\/03\/sam-beteende-gymnasiet-e1771586428645-1200x538.jpg 1200w, https:\/\/klaragymnasium.se\/wp-content\/uploads\/sites\/12\/2023\/03\/sam-beteende-gymnasiet-e1771586428645.jpg 1920w\" sizes=\"(max-width: 63.99875em) calc(100vw - 160px)\" \/><img decoding=\"async\" width=\"600\" height=\"269\" src=\"https:\/\/klaragymnasium.se\/wp-content\/uploads\/sites\/12\/2023\/03\/sam-beteende-gymnasiet-e1771586428645-600x269.jpg\" class=\"attachment-md size-md\" alt=\"Elever studerar med sina datorer\" sizes=\"(min-width: 64em) 600px, calc(100vw - 160px)\" srcset=\"https:\/\/klaragymnasium.se\/wp-content\/uploads\/sites\/12\/2023\/03\/sam-beteende-gymnasiet-e1771586428645-600x269.jpg 600w, https:\/\/klaragymnasium.se\/wp-content\/uploads\/sites\/12\/2023\/03\/sam-beteende-gymnasiet-e1771586428645-300x134.jpg 300w, https:\/\/klaragymnasium.se\/wp-content\/uploads\/sites\/12\/2023\/03\/sam-beteende-gymnasiet-e1771586428645-400x179.jpg 400w, https:\/\/klaragymnasium.se\/wp-content\/uploads\/sites\/12\/2023\/03\/sam-beteende-gymnasiet-e1771586428645-800x358.jpg 800w, https:\/\/klaragymnasium.se\/wp-content\/uploads\/sites\/12\/2023\/03\/sam-beteende-gymnasiet-e1771586428645-1024x459.jpg 1024w, https:\/\/klaragymnasium.se\/wp-content\/uploads\/sites\/12\/2023\/03\/sam-beteende-gymnasiet-e1771586428645-1200x538.jpg 1200w, https:\/\/klaragymnasium.se\/wp-content\/uploads\/sites\/12\/2023\/03\/sam-beteende-gymnasiet-e1771586428645.jpg 1920w\" \/><\/picture>\n\t\t\t\n\t\t\t\n\t\t\t\t\t<\/div>\n\t<\/div>\n\n\t\t\n\n<\/section>\n\n\n\n\n<section  class=\"ams-courses-list c-block l-stacked\" data-color-scheme=\"kurslistning\">\n\t<div class=\"l-container l-stack l-stack-fluid-2xl u-pt-fluid-3xl-6xl u-pb-fluid-3xl-6xl is-center is-center@md\">\n\t\t\t\t\t<div class=\"ams-courses-list__intro l-stack l-stack-lg\">\n\t\t\t\t\t\n\t<h2\n\tclass=\"c-heading u-font-title-2 \"\n\tstyle=\"\">\n\t\t\n\t\t\t\t\tV\u00e5ra inriktningar\n\t\t\t\t\n\t<\/h2>\n\n\t\t\t\t\t\t\t\t\t<div class=\"c-text l-stack u-cs-xl u-font-body\">\n\t\t\t\t\t\t<p>P\u00e5 <span style=\"font-weight: 400;\">Klara Teoretiska Gymnasium Stockholm S\u00f6dras<\/span> Samh\u00e4llsvetenskapliga program kan du v\u00e4lja inriktningen Beteendevetenskap.<\/p>\n\n\t\t\t\t\t<\/div>\n\t\t\t\t\t\t\t<\/div>\n\t\t\n\t\t\n\t\t\t\n<ul class=\"ams-courses-list__list l-grid u-gap-fluid-2xl-4xl u-justify-center\">\n\t\t\t<li class=\"l-col-6@md l-col-4@lg\">\n\t\t\t<article class=\"c-card has-media-zoom  \"\n\t\t\t\t\t\tdata-variant=\"\"\n\t\t\t\t\t\tdata-style=\"square\"\n\t\t\t\t\t\tdata-click-area>\n\t\t\t\t<div class=\"c-card__content l-stack l-stack-sm\">\n\t\t\t\t\t\t\t\t\t\t\t<h3 class=\"c-card__title u-font-title-3\">\n\t\t\t\t\t\t\t\t\t\t\t\t\t\t\t<a class=\"c-card__title-link\" href=\"https:\/\/klaragymnasium.se\/sthlmsodra\/program\/samhallsvetenskapsprogrammet\/beteendevetenskap\/\">\n\t\t\t\t\t\t\t\t\tBeteendevetenskap\n\t\t\t\t\t\t\t\t<\/a>\n\t\t\t\t\t\t\t\t\t\t\t\t\t<\/h3>\n\t\t\t\t\t\n\t\t\t\t\t\t\t\t\t\t\t<p class=\"c-card__text l-stack-xs u-font-body \">\n\t\t\t\t\t\t\t\u00c4r du intresserad av hur m\u00e4nniskor fungerar och hur v\u00e5rt samh\u00e4lle \u00e4r uppbyggt?\n\t\t\t\t\t\t<\/p>\n\t\t\t\t\t\n\t\t\t\t\t\t\t\t\t\t\t\t\t\t\t\t<ul class=\"c-card__list u-list-none l-stack-grow u-divider-top u-font-body\">\n\t\t\t\t\t\t\t\t\t\t\t\t\t\t\t<li>\n\t\t\t\t\t\t\t\t\t<strong>Program<\/strong>\n\t\t\t\t\t\t\t\t\t<ul class=\"u-list-dash\">\n\t\t\t\t\t\t\t\t\t\t\t\t\t\t\t\t\t\t\t\t\t<li>Samh\u00e4llsvetenskapsprogrammet<\/li>\n\t\t\t\t\t\t\t\t\t\t\t\t\t\t\t\t\t\t\t<\/ul>\n\t\t\t\t\t\t\t\t<\/li>\n\t\t\t\t\t\t\t\n\t\t\t\t\t\t\t\t\t\t\t\t\t\t\t\t\t\t\t\t\t\t\t\t<li>\n\t\t\t\t\t\t\t\t\t\t<strong>Inriktning<\/strong>\n\t\t\t\t\t\t\t\t\t\t<ul class=\"u-list-dash\">\n\t\t\t\t\t\t\t\t\t\t\t\t\t\t\t\t\t\t\t\t\t\t\t<li>Beteendevetenskap<\/li>\n\t\t\t\t\t\t\t\t\t\t\t\t\t\t\t\t\t\t\t\t\t<\/ul>\n\t\t\t\t\t\t\t\t\t<\/li>\n\t\t\t\t\t\t\t\t\t\t\t\t\t\t\t\t\t\t\t\t\t<\/ul>\n\n\t\t\t\t\t\t<div class=\"c-card__icon c-card__icon--nl\">\n\t\t\t\t\t\t\t\t\t\t\t\t\t\t<svg class=\"ams-icon ams-icon--arrow-right\" width=\"32\" height=\"32\" viewbox=\"0 0 32 32\" fill=\"currentColor\" aria-hidden=\"true\" xmlns=\"http:\/\/www.w3.org\/2000\/svg\">\n\t\t\t\t\t\t\t\t\t\t\t\t\t\t\t\t<path d=\"M15.4617 0.252159L14.9567 0.75931C14.6219 1.09545 14.6219 1.64048 14.9567 1.97669L27.7062 14.7806H0.857144C0.383786 14.7806 0 15.166 0 15.6414V16.3587C0 16.8341 0.383786 17.2195 0.857144 17.2195H27.7062L14.9567 30.0234C14.6219 30.3595 14.6219 30.9045 14.9567 31.2407L15.4617 31.7479C15.7964 32.084 16.3392 32.084 16.6739 31.7479L31.749 16.6087C32.0837 16.2725 32.0837 15.7275 31.749 15.3913L16.6739 0.252159C16.3392 -0.084053 15.7964 -0.084053 15.4617 0.252159Z\"\/>\n\t\t\t\t\t\t\t\n\t\t\t\t\t\t\t<\/svg>\n\t\t\t\t\t\t<\/div>\n\t\t\t\t\t\t\t\t\t<\/div>\n\t\t\t\t<div class=\"c-card__media \" style=\" \">\n\t\t\t\t\t<img decoding=\"async\" width=\"400\" height=\"179\" src=\"https:\/\/klaragymnasium.se\/wp-content\/uploads\/sites\/12\/2023\/03\/sam-beteende-gymnasiet-e1771586428645-400x179.jpg\" class=\"attachment-sm size-sm wp-post-image\" alt=\"Elever studerar med sina datorer\" sizes=\"(min-width: 64em) 300px, (min-width: 48em) calc(.50 * (100vw - 240px)), calc(100vw - 160px)\" srcset=\"https:\/\/klaragymnasium.se\/wp-content\/uploads\/sites\/12\/2023\/03\/sam-beteende-gymnasiet-e1771586428645-400x179.jpg 400w, https:\/\/klaragymnasium.se\/wp-content\/uploads\/sites\/12\/2023\/03\/sam-beteende-gymnasiet-e1771586428645-300x134.jpg 300w, https:\/\/klaragymnasium.se\/wp-content\/uploads\/sites\/12\/2023\/03\/sam-beteende-gymnasiet-e1771586428645-600x269.jpg 600w, https:\/\/klaragymnasium.se\/wp-content\/uploads\/sites\/12\/2023\/03\/sam-beteende-gymnasiet-e1771586428645-800x358.jpg 800w, https:\/\/klaragymnasium.se\/wp-content\/uploads\/sites\/12\/2023\/03\/sam-beteende-gymnasiet-e1771586428645-1024x459.jpg 1024w, https:\/\/klaragymnasium.se\/wp-content\/uploads\/sites\/12\/2023\/03\/sam-beteende-gymnasiet-e1771586428645-1200x538.jpg 1200w, https:\/\/klaragymnasium.se\/wp-content\/uploads\/sites\/12\/2023\/03\/sam-beteende-gymnasiet-e1771586428645.jpg 1920w\" \/>\n\t\t\t\t<\/div>\n\t\t\t<\/article>\n\t\t<\/li>\n\t<\/ul>\n\t\n\n\t\t\t<\/div>\n\n\t\t\n\n<\/section>\n\n\n\n\t\n\t\n\t\n\n\t\n\t\n\t\t\n<section  class=\"c-block l-stacked  \" data-color-scheme=\"gra\">\n\t<div class=\"ams-fifty ams-fifty--container ams-fifty--right ams-fifty--top l-container u-pt-fluid-3xl-6xl u-pb-fluid-3xl-6xl\">\n\t\t<div class=\"ams-fifty__content l-stack l-stack-xl is-left is-left@lg\">\n\t\t\t<div class=\"ams-fifty__text l-stack l-stack-lg\">\n\t\t\t\t\t\n\t<h2\n\tclass=\"c-heading u-font-title-2 \"\n\tstyle=\"\">\n\t\t\n\t\t\t\t\tOm Samh\u00e4llsvetenskaps&shy;\u00adprogrammet \n\t\t\t\t\n\t<\/h2>\n\n\t\t\t\t\t\t\t\t\t<div class=\"text l-stack u-font-body\">\n\t\t\t\t\t\t<p>P\u00e5 Samh\u00e4llsvetenskapsprogrammet p\u00e5 <span style=\"font-weight: 400;\">Klara Teoretiska Gymnasium Stockholm S\u00f6dra<\/span> f\u00e5r du l\u00e4ra dig hur individen och samh\u00e4llet samspelar och hur m\u00e4nniskors livsvillkor har f\u00f6r\u00e4ndrats \u00f6ver tid. Programmet ger dig full beh\u00f6righet till universitet och h\u00f6gskola!<\/p>\n<p><strong>Bred utbildning med fokus p\u00e5 samh\u00e4llsfunktioner<\/strong><span style=\"font-weight: 400;\"><br \/>\n<\/span><span style=\"font-weight: 400;\">Programmet innefattar kunskaper om samh\u00e4llsf\u00f6rh\u00e5llanden i Sverige och v\u00e4rlden, individens relation till samh\u00e4llet och m\u00e4nniskors livsvillkor \u00f6ver tid och rum. Demokrati, kommunikation, etik, genus och milj\u00f6 \u00e4r exempel p\u00e5 fr\u00e5gor som behandlas, liksom makt ur ekonomiska, sociala och politiska aspekter.<\/span><\/p>\n<p><strong>K\u00e4llkritik och fr\u00e5gest\u00e4llningar<\/strong><span style=\"font-weight: 400;\"><br \/>\n<\/span><span style=\"font-weight: 400;\">Du kommer att utveckla ditt vetenskapliga och kritiska f\u00f6rh\u00e5llningss\u00e4tt genom att s\u00f6ka, gallra och bearbeta information med k\u00e4llkritisk medvetenhet. Du f\u00e5r \u00e4ven m\u00f6jlighet att utreda fr\u00e5gest\u00e4llningar och diskutera l\u00f6sningar p\u00e5 samh\u00e4llsvetenskapliga problem.<\/span><\/p>\n\n\t\t\t\t\t<\/div>\n\t\t\t\t\t\t\t<\/div>\n\n\t\t\t\t\t<\/div>\n\n\t\t <div class=\"ams-fifty__media u-ratio-square\">\n\t\t \t\t\t\t\t<img decoding=\"async\" width=\"600\" height=\"600\" src=\"https:\/\/klaragymnasium.se\/wp-content\/uploads\/sites\/12\/2023\/03\/lasa-samhallsvetenskapsprogrammet-pa-gymnasiet-e1680705694511-1536x1536-1-600x600.jpeg\" class=\"attachment-md size-md\" alt=\"L\u00e4rare hj\u00e4lper elever med en uppgift\" sizes=\"(min-width: 64em) 600px, calc(100vw - 160px)\" srcset=\"https:\/\/klaragymnasium.se\/wp-content\/uploads\/sites\/12\/2023\/03\/lasa-samhallsvetenskapsprogrammet-pa-gymnasiet-e1680705694511-1536x1536-1-600x600.jpeg 600w, https:\/\/klaragymnasium.se\/wp-content\/uploads\/sites\/12\/2023\/03\/lasa-samhallsvetenskapsprogrammet-pa-gymnasiet-e1680705694511-1536x1536-1-150x150.jpeg 150w, https:\/\/klaragymnasium.se\/wp-content\/uploads\/sites\/12\/2023\/03\/lasa-samhallsvetenskapsprogrammet-pa-gymnasiet-e1680705694511-1536x1536-1-300x300.jpeg 300w, https:\/\/klaragymnasium.se\/wp-content\/uploads\/sites\/12\/2023\/03\/lasa-samhallsvetenskapsprogrammet-pa-gymnasiet-e1680705694511-1536x1536-1-400x400.jpeg 400w, https:\/\/klaragymnasium.se\/wp-content\/uploads\/sites\/12\/2023\/03\/lasa-samhallsvetenskapsprogrammet-pa-gymnasiet-e1680705694511-1536x1536-1-800x800.jpeg 800w, https:\/\/klaragymnasium.se\/wp-content\/uploads\/sites\/12\/2023\/03\/lasa-samhallsvetenskapsprogrammet-pa-gymnasiet-e1680705694511-1536x1536-1-1024x1024.jpeg 1024w, https:\/\/klaragymnasium.se\/wp-content\/uploads\/sites\/12\/2023\/03\/lasa-samhallsvetenskapsprogrammet-pa-gymnasiet-e1680705694511-1536x1536-1-1200x1200.jpeg 1200w, https:\/\/klaragymnasium.se\/wp-content\/uploads\/sites\/12\/2023\/03\/lasa-samhallsvetenskapsprogrammet-pa-gymnasiet-e1680705694511-1536x1536-1.jpeg 1536w\" \/>\n\t\t\t\n\t\t\t\n\t\t\t\t\t<\/div>\n\t<\/div>\n\n\t\t\n\n<\/section>\n\n\n\n\n\n<section  class=\"ams-faq ams_event_module c-block l-stacked js-load-more\" data-color-scheme=\"poangplan\" data-count=\"5\" data-count-mobile=\"2\">\n\t<div class=\"l-container-narrow l-stack l-stack-fluid-2xl u-pt-fluid-3xl-6xl u-pb-fluid-3xl-6xl is-center is-center@md\">\n\t\t\t\t\t<div class=\"ams-faq__intro l-stack l-stack-lg\">\n\t\t\t\t\t\n\t<h2\n\tclass=\"c-heading u-font-title-2 \"\n\tstyle=\"\">\n\t\t\n\t\t\t\t\tVanliga fr\u00e5gor om Samh\u00e4llsvetenskaps&shy;\u00adprogrammet \n\t\t\t\t\n\t<\/h2>\n\n\t\t\t\t\t\t\t<\/div>\n\t\t\n\t\t\n\t\n\t    \n\t\n\t<ul\n\t\tid=\"ams-faq-list-69f5139b8c27d\"\n\t\tclass=\"ams-faq__ac ams-accordion_module c-accordion js-results \"\n\t\taria-label=\"Vanliga fr\u00e5gor\"\n\t\tdata-variant=\"border-between\"\n\t\tdata-ajax-action=\"log_faq_view\"\n\t\tdata-ajax-url=\"https:\/\/klaragymnasium.se\/sthlmsodra\/wp-admin\/admin-ajax.php\"\n\t\tdata-ajax-nonce=\"8c5f2a124f\"\n\t\tdata-filter-animation=\"off\">\n\n\t\t\n\t\t\t\t\t\t\t\t\t\t\t\t\t\t\t\n\t\t\t\n\t\t\t<li data-ajax-id=\"2680\" class=\"c-accordion__item \"\n\t\t\tdata-filter=\"individuella-val maj-2024\"\n\t\t\t>\n\t\t\t\t<h3 class=\"c-accordion__header\">\n\t\t\t\t\t\t\t\t\t\t<button class=\"c-accordion__trigger u-py-sm u-px-fluid-md-xl u-font-title-4\">\n\t\t\t\t\t\t<span>Vilka individuella val kan jag v\u00e4lja p\u00e5 KLARA Stockholm S\u00f6dra? <\/span>\n\t\t\t\t\t\t<svg class=\"ams-icon ams-icon__arrow-down\" width=\"24\" height=\"24\" viewbox=\"0 0 24 24\" fill=\"currentColor\" aria-hidden=\"true\" xmlns=\"http:\/\/www.w3.org\/2000\/svg\">\n\t\t\t\t\t\t\t\t\t\t\t\t\t<path d=\"m11.2033 18.4294-10.872894-10.67584c-.440539-.42594-.440539-1.1147 0-1.54065l.665495-.64345c.440539-.42595 1.152899-.42595 1.593439 0l9.41066 9.27114 9.4107-9.26207c.4405-.42595 1.1529-.42595 1.5934 0l.6655.64345c.4405.42594.4405 1.1147 0 1.54065l-10.8729 10.67587c-.4405.4168-1.1529.4168-1.5934-.0091z\"\/>\n\t\t\t\t\t\n\t\t\t\t\t\t<\/svg>\n\t\t\t\t\t<\/button>\n\t\t\t\t<\/h3>\n\t\t\t\t<div class=\"c-accordion__body l-stack u-font-body\">\n\t\t\t\t\t<div class=\"c-accordion__body__inner u-p-fluid-md-xl l-stack\">\n\t\t\t\t\t\t<p>P\u00e5 KLARA Stockholm S\u00f6dra kan du v\u00e4lja bland f\u00f6ljande individuella val:<\/p>\n<p>Engelska niv\u00e5 3, Matematik forts\u00e4ttning niv\u00e5 1b, 2c, 3c, Historia niv\u00e5 2b, Idrott och h\u00e4lsa niv\u00e5 2, Naturkunskap niv\u00e5 2, Filmvetenskap, H\u00e4lsa och v\u00e4lbefinnande Estetisk kommunikation, Programmering niv\u00e5 2, Retorik. Observera: alla program kan inte v\u00e4lja alla kurser och med reservation f\u00f6r \u00e4ndringar.<\/p>\n<p>Har du fler fr\u00e5gor om individuella val \u00e4r du varmt v\u00e4lkommen att st\u00e4lla dessa p\u00e5 <a href=\"https:\/\/klaragymnasium.se\/sthlmsodra\/oppet-hus\/\">\u00f6ppet hus<\/a>.<\/p>\n\n\t\t\t\t\t<\/div>\n\t\t\t\t<\/div>\n\t\t\t<\/li>\n\t\t\n\t\t\t\t\t\t\t\t\t\t\t\t\t\t\t\n\t\t\t\n\t\t\t<li data-ajax-id=\"2497\" class=\"c-accordion__item \"\n\t\t\tdata-filter=\"meritvarde-samhallsvetenskapsprogrammet december-2023\"\n\t\t\t>\n\t\t\t\t<h3 class=\"c-accordion__header\">\n\t\t\t\t\t\t\t\t\t\t<button class=\"c-accordion__trigger u-py-sm u-px-fluid-md-xl u-font-title-4\">\n\t\t\t\t\t\t<span>Vad \u00e4r det f\u00f6r meritv\u00e4rde\/antagningspo\u00e4ng p\u00e5 Samh\u00e4llsvetenskapsprogrammet?<\/span>\n\t\t\t\t\t\t<svg class=\"ams-icon ams-icon__arrow-down\" width=\"24\" height=\"24\" viewbox=\"0 0 24 24\" fill=\"currentColor\" aria-hidden=\"true\" xmlns=\"http:\/\/www.w3.org\/2000\/svg\">\n\t\t\t\t\t\t\t\t\t\t\t\t\t<path d=\"m11.2033 18.4294-10.872894-10.67584c-.440539-.42594-.440539-1.1147 0-1.54065l.665495-.64345c.440539-.42595 1.152899-.42595 1.593439 0l9.41066 9.27114 9.4107-9.26207c.4405-.42595 1.1529-.42595 1.5934 0l.6655.64345c.4405.42594.4405 1.1147 0 1.54065l-10.8729 10.67587c-.4405.4168-1.1529.4168-1.5934-.0091z\"\/>\n\t\t\t\t\t\n\t\t\t\t\t\t<\/svg>\n\t\t\t\t\t<\/button>\n\t\t\t\t<\/h3>\n\t\t\t\t<div class=\"c-accordion__body l-stack u-font-body\">\n\t\t\t\t\t<div class=\"c-accordion__body__inner u-p-fluid-md-xl l-stack\">\n\t\t\t\t\t\t<p class=\"p1\"><span data-sheets-root=\"1\" data-sheets-value=\"{&quot;1&quot;:2,&quot;2&quot;:&quot;Samh\u00e4llsvetenskapsprogrammet hade \u00e5r 2022 en medianpo\u00e4ng p\u00e5 272.5 och en antagningsgr\u00e4ns 255 po\u00e4ng. Kom ih\u00e5g att meritv\u00e4rdet kan \u00e4ndras fr\u00e5n \u00e5r till \u00e5r beroende p\u00e5 hur m\u00e5nga som s\u00f6ker programmet och vad f\u00f6r betyg de har!&quot;}\" data-sheets-userformat=\"{&quot;2&quot;:831,&quot;3&quot;:{&quot;1&quot;:0},&quot;4&quot;:{&quot;1&quot;:2,&quot;2&quot;:14281427},&quot;5&quot;:{&quot;1&quot;:[{&quot;1&quot;:2,&quot;2&quot;:0,&quot;5&quot;:{&quot;1&quot;:2,&quot;2&quot;:0}},{&quot;1&quot;:0,&quot;2&quot;:0,&quot;3&quot;:3},{&quot;1&quot;:1,&quot;2&quot;:0,&quot;4&quot;:1}]},&quot;6&quot;:{&quot;1&quot;:[{&quot;1&quot;:2,&quot;2&quot;:0,&quot;5&quot;:{&quot;1&quot;:2,&quot;2&quot;:0}},{&quot;1&quot;:0,&quot;2&quot;:0,&quot;3&quot;:3},{&quot;1&quot;:1,&quot;2&quot;:0,&quot;4&quot;:1}]},&quot;7&quot;:{&quot;1&quot;:[{&quot;1&quot;:2,&quot;2&quot;:0,&quot;5&quot;:{&quot;1&quot;:2,&quot;2&quot;:0}},{&quot;1&quot;:0,&quot;2&quot;:0,&quot;3&quot;:3},{&quot;1&quot;:1,&quot;2&quot;:0,&quot;4&quot;:1}]},&quot;8&quot;:{&quot;1&quot;:[{&quot;1&quot;:2,&quot;2&quot;:0,&quot;5&quot;:{&quot;1&quot;:2,&quot;2&quot;:0}},{&quot;1&quot;:0,&quot;2&quot;:0,&quot;3&quot;:3},{&quot;1&quot;:1,&quot;2&quot;:0,&quot;4&quot;:1}]},&quot;11&quot;:4,&quot;12&quot;:0}\">Samh\u00e4llsvetenskapsprogrammet<\/span> hade \u00e5r 2025 antagningspo\u00e4ng p\u00e5 255 po\u00e4ng och ett medelv\u00e4rde p\u00e5 265. Kom ih\u00e5g att meritv\u00e4rdet kan \u00e4ndras fr\u00e5n \u00e5r till \u00e5r beroende p\u00e5 hur m\u00e5nga som s\u00f6ker programmet och vilka betyg de har!<\/p>\n\n\t\t\t\t\t<\/div>\n\t\t\t\t<\/div>\n\t\t\t<\/li>\n\t\t\n\t\t\t\t\t\t\t\t\t\t\t\t\t\t\t\n\t\t\t\n\t\t\t<li data-ajax-id=\"3331\" class=\"c-accordion__item \"\n\t\t\tdata-filter=\"ansokan-merit december-2023\"\n\t\t\t>\n\t\t\t\t<h3 class=\"c-accordion__header\">\n\t\t\t\t\t\t\t\t\t\t<button class=\"c-accordion__trigger u-py-sm u-px-fluid-md-xl u-font-title-4\">\n\t\t\t\t\t\t<span>Hur r\u00e4knar jag ut mitt meritv\u00e4rde? <\/span>\n\t\t\t\t\t\t<svg class=\"ams-icon ams-icon__arrow-down\" width=\"24\" height=\"24\" viewbox=\"0 0 24 24\" fill=\"currentColor\" aria-hidden=\"true\" xmlns=\"http:\/\/www.w3.org\/2000\/svg\">\n\t\t\t\t\t\t\t\t\t\t\t\t\t<path d=\"m11.2033 18.4294-10.872894-10.67584c-.440539-.42594-.440539-1.1147 0-1.54065l.665495-.64345c.440539-.42595 1.152899-.42595 1.593439 0l9.41066 9.27114 9.4107-9.26207c.4405-.42595 1.1529-.42595 1.5934 0l.6655.64345c.4405.42594.4405 1.1147 0 1.54065l-10.8729 10.67587c-.4405.4168-1.1529.4168-1.5934-.0091z\"\/>\n\t\t\t\t\t\n\t\t\t\t\t\t<\/svg>\n\t\t\t\t\t<\/button>\n\t\t\t\t<\/h3>\n\t\t\t\t<div class=\"c-accordion__body l-stack u-font-body\">\n\t\t\t\t\t<div class=\"c-accordion__body__inner u-p-fluid-md-xl l-stack\">\n\t\t\t\t\t\t<p>P\u00e5 <a href=\"https:\/\/gymnasiekoll.se\/gymnasieval\/meritvarde\/\" target=\"_blank\" rel=\"noopener\">Gymnasiekoll.se<\/a> r\u00e4knar du enkelt ut ditt meritv\u00e4rde.<\/p>\n\n\t\t\t\t\t<\/div>\n\t\t\t\t<\/div>\n\t\t\t<\/li>\n\t\t\n\t\t\t\t\t\t\t\t\t\t\t\t\t\t\t\n\t\t\t\n\t\t\t<li data-ajax-id=\"3330\" class=\"c-accordion__item \"\n\t\t\tdata-filter=\"ansokan-merit december-2023\"\n\t\t\t>\n\t\t\t\t<h3 class=\"c-accordion__header\">\n\t\t\t\t\t\t\t\t\t\t<button class=\"c-accordion__trigger u-py-sm u-px-fluid-md-xl u-font-title-4\">\n\t\t\t\t\t\t<span>Vad betyder antagningsgr\u00e4ns?<\/span>\n\t\t\t\t\t\t<svg class=\"ams-icon ams-icon__arrow-down\" width=\"24\" height=\"24\" viewbox=\"0 0 24 24\" fill=\"currentColor\" aria-hidden=\"true\" xmlns=\"http:\/\/www.w3.org\/2000\/svg\">\n\t\t\t\t\t\t\t\t\t\t\t\t\t<path d=\"m11.2033 18.4294-10.872894-10.67584c-.440539-.42594-.440539-1.1147 0-1.54065l.665495-.64345c.440539-.42595 1.152899-.42595 1.593439 0l9.41066 9.27114 9.4107-9.26207c.4405-.42595 1.1529-.42595 1.5934 0l.6655.64345c.4405.42594.4405 1.1147 0 1.54065l-10.8729 10.67587c-.4405.4168-1.1529.4168-1.5934-.0091z\"\/>\n\t\t\t\t\t\n\t\t\t\t\t\t<\/svg>\n\t\t\t\t\t<\/button>\n\t\t\t\t<\/h3>\n\t\t\t\t<div class=\"c-accordion__body l-stack u-font-body\">\n\t\t\t\t\t<div class=\"c-accordion__body__inner u-p-fluid-md-xl l-stack\">\n\t\t\t\t\t\t<p><span data-sheets-root=\"1\" data-sheets-value=\"{&quot;1&quot;:2,&quot;2&quot;:&quot;F\u00f6rutom beh\u00f6righetskraven finns inga l\u00e4gsta krav p\u00e5 po\u00e4ng f\u00f6r programmen, utan det beror p\u00e5 vilka andra som s\u00f6ker det \u00e5ret. P\u00e5 en utbildning med t.ex. 30 platser kommer de 30 med h\u00f6gst po\u00e4ng in. MEDELPO\u00c4NGEN \u00e4r medelv\u00e4rdet av meritpo\u00e4ngen de 30 har. ANTAGNINGSGR\u00c4NS \u00e4r den l\u00e4gsta po\u00e4ng n\u00e5gon kom in p\u00e5 det \u00e5ret.&quot;}\" data-sheets-userformat=\"{&quot;2&quot;:831,&quot;3&quot;:{&quot;1&quot;:0},&quot;4&quot;:{&quot;1&quot;:2,&quot;2&quot;:14281427},&quot;5&quot;:{&quot;1&quot;:[{&quot;1&quot;:2,&quot;2&quot;:0,&quot;5&quot;:{&quot;1&quot;:2,&quot;2&quot;:0}},{&quot;1&quot;:0,&quot;2&quot;:0,&quot;3&quot;:3},{&quot;1&quot;:1,&quot;2&quot;:0,&quot;4&quot;:1}]},&quot;6&quot;:{&quot;1&quot;:[{&quot;1&quot;:2,&quot;2&quot;:0,&quot;5&quot;:{&quot;1&quot;:2,&quot;2&quot;:0}},{&quot;1&quot;:0,&quot;2&quot;:0,&quot;3&quot;:3},{&quot;1&quot;:1,&quot;2&quot;:0,&quot;4&quot;:1}]},&quot;7&quot;:{&quot;1&quot;:[{&quot;1&quot;:2,&quot;2&quot;:0,&quot;5&quot;:{&quot;1&quot;:2,&quot;2&quot;:0}},{&quot;1&quot;:0,&quot;2&quot;:0,&quot;3&quot;:3},{&quot;1&quot;:1,&quot;2&quot;:0,&quot;4&quot;:1}]},&quot;8&quot;:{&quot;1&quot;:[{&quot;1&quot;:2,&quot;2&quot;:0,&quot;5&quot;:{&quot;1&quot;:2,&quot;2&quot;:0}},{&quot;1&quot;:0,&quot;2&quot;:0,&quot;3&quot;:3},{&quot;1&quot;:1,&quot;2&quot;:0,&quot;4&quot;:1}]},&quot;11&quot;:4,&quot;12&quot;:0}\">F\u00f6rutom beh\u00f6righetskraven finns inga l\u00e4gsta krav p\u00e5 po\u00e4ng f\u00f6r programmen, utan det beror p\u00e5 vilka andra som s\u00f6ker det \u00e5ret. P\u00e5 en utbildning med t.ex. 30 platser kommer de 30 med h\u00f6gst po\u00e4ng in. Medelpo\u00e4ng \u00e4r medelv\u00e4rdet av meritpo\u00e4ngen de 30 har. Antagningsgr\u00e4ns \u00e4r den l\u00e4gsta po\u00e4ng n\u00e5gon kom in p\u00e5 det \u00e5ret.<\/span><\/p>\n\n\t\t\t\t\t<\/div>\n\t\t\t\t<\/div>\n\t\t\t<\/li>\n\t\t\n\t\t\t\t\t\t\t\t\t\t\t\t\t\t\t\n\t\t\t\n\t\t\t<li data-ajax-id=\"3323\" class=\"c-accordion__item \"\n\t\t\tdata-filter=\"meritvarde-samhallsvetenskapsprogrammet december-2023\"\n\t\t\t>\n\t\t\t\t<h3 class=\"c-accordion__header\">\n\t\t\t\t\t\t\t\t\t\t<button class=\"c-accordion__trigger u-py-sm u-px-fluid-md-xl u-font-title-4\">\n\t\t\t\t\t\t<span>Vad beh\u00f6ver jag f\u00f6r betyg f\u00f6r att l\u00e4sa Samh\u00e4llsvetenskapsprogrammet?<\/span>\n\t\t\t\t\t\t<svg class=\"ams-icon ams-icon__arrow-down\" width=\"24\" height=\"24\" viewbox=\"0 0 24 24\" fill=\"currentColor\" aria-hidden=\"true\" xmlns=\"http:\/\/www.w3.org\/2000\/svg\">\n\t\t\t\t\t\t\t\t\t\t\t\t\t<path d=\"m11.2033 18.4294-10.872894-10.67584c-.440539-.42594-.440539-1.1147 0-1.54065l.665495-.64345c.440539-.42595 1.152899-.42595 1.593439 0l9.41066 9.27114 9.4107-9.26207c.4405-.42595 1.1529-.42595 1.5934 0l.6655.64345c.4405.42594.4405 1.1147 0 1.54065l-10.8729 10.67587c-.4405.4168-1.1529.4168-1.5934-.0091z\"\/>\n\t\t\t\t\t\n\t\t\t\t\t\t<\/svg>\n\t\t\t\t\t<\/button>\n\t\t\t\t<\/h3>\n\t\t\t\t<div class=\"c-accordion__body l-stack u-font-body\">\n\t\t\t\t\t<div class=\"c-accordion__body__inner u-p-fluid-md-xl l-stack\">\n\t\t\t\t\t\t<p class=\"p1\">F\u00f6r att vara beh\u00f6rig till gymnasiet m\u00e5ste du ha godk\u00e4nt i Svenska eller Svenska som andraspr\u00e5k, Engelska och Matte. Om du vill l\u00e4sa ett h\u00f6gskolef\u00f6rberedande program m\u00e5ste du ha godk\u00e4nt i ytterligare 9 \u00e4mnen, allts\u00e5 totalt 12 \u00e4mnen. F\u00f6r Samh\u00e4llsvetenskapsprogrammet ska 4 av de 9 \u00f6vriga godk\u00e4nda \u00e4mnena vara geografi, historia, samh\u00e4llskunskap och religionskunskap.<\/p>\n\n\t\t\t\t\t<\/div>\n\t\t\t\t<\/div>\n\t\t\t<\/li>\n\t\t\t<\/ul>\n\n\t<div class=\"no-results u-mt-0 u-hide\" data-filter-fallback-id=\"ams-faq-list-69f5139b8c27d\">\n\t<p>Det finns inga resultat som matchar din filtrering.<\/p>\n<\/div>\n\n\t\n\n\t\t\n\t\t\t<\/div>\n\n\t\t\n\n<\/section>\n\n\n\n\n\n<section  class=\"ams-testimonial testimonial_module c-block l-stacked js-load-more\" data-color-scheme=\"cards\" data-count=\"2\" data-count-mobile=\"2\">\n\t<div class=\"l-container l-stack l-stack-fluid-2xl u-pt-fluid-md-xl u-pb-fluid-3xl-6xl is-center is-center@md\">\n\t\t\t\t\t<div class=\"ams-testimonial__intro l-stack l-stack-lg\">\n\t\t\t\t\t\n\t<h2\n\tclass=\"c-heading u-font-title-2 \"\n\tstyle=\"\">\n\t\t\n\t\t\t\t\tElevintervjuer\n\t\t\t\t\n\t<\/h2>\n\n\t\t\t\t\t\t\t<\/div>\n\t\t\n\t\t\n\t\n\t\t\n\t\t\t\n<ul\n\tid=\"ams-testimonial-list-69f5139ba3856\"\n\tclass=\"ams-testimonial__list  l-grid u-gap-fluid-2xl-4xl js-results \"\n\tdata-filter-animation=\"off\">\n\t\t\t\t\t\t\t\t\t\t\t\n\t\t\n\t\t\n\t\t<li class=\"l-col-6@md \" data-filter=\"samhallsvetenskapsprogrammet juni-2026\">\n\t\t\t<article class=\"c-card has-media-zoom \" data-variant=\"inside-half\" data-click-area>\n\t\t\t\t<div class=\"c-card__content l-stack l-stack-sm is-left is-left@md\">\n\t\t\t\t\t\t\t\t\t\t\t<blockquote class=\"c-card__title u-font-title-3\">\n\t\t\t\t\t\t\t\t\t\t\t\t\t\t\t<p class=\"u-quote-marks\"><a href=\"https:\/\/klaragymnasium.se\/sthlmsodra\/elevintervjuer\/lokal\/felix-basta-tips-infor-gymnasievalet\" class=\"link\">Det roligaste med mitt program \u00e4r de verklighetsrelaterade uppgifter som verkligen engagerar oss elever!&#8230;<\/a><\/p>\n\t\t\t\t\t\t\t\t\t\t\t\t\t<\/blockquote>\n\t\t\t\t\t\n\t\t\t\t\t\t\t\t\t\t\t<p class=\"c-card__text l-stack-grow u-divider-top u-font-body\">\n\t\t\t\t\t\t\t<span class=\"author u-mr-fluid-lg\">Felix<\/span>\n\t\t\t\t\t\t\t<span class=\"title u-mr-fluid-lg\">Samh\u00e4llsvetenskapsprogrammet<\/span>\n\t\t\t\t\t\t<\/p>\n\t\t\t\t\t\n\t\t\t\t\t<div class=\"c-card__icon\">\n\t\t\t\t\t\t<svg class=\"ams-icon ams-icon--arrow-right\" width=\"32\" height=\"32\" viewBox=\"0 0 32 32\" fill=\"currentColor\" aria-hidden=\"true\" xmlns=\"http:\/\/www.w3.org\/2000\/svg\">\n\t\t\t\t\t\t\t<path d=\"M15.4617 0.252159L14.9567 0.75931C14.6219 1.09545 14.6219 1.64048 14.9567 1.97669L27.7062 14.7806H0.857144C0.383786 14.7806 0 15.166 0 15.6414V16.3587C0 16.8341 0.383786 17.2195 0.857144 17.2195H27.7062L14.9567 30.0234C14.6219 30.3595 14.6219 30.9045 14.9567 31.2407L15.4617 31.7479C15.7964 32.084 16.3392 32.084 16.6739 31.7479L31.749 16.6087C32.0837 16.2725 32.0837 15.7275 31.749 15.3913L16.6739 0.252159C16.3392 -0.084053 15.7964 -0.084053 15.4617 0.252159Z\"\/>\n\t\t\t\t\t\t<\/svg>\n\t\t\t\t\t<\/div>\n\t\t\t\t<\/div>\n\t\t\t\t<div class=\"c-card__media\" style=\" \">\n\t\t\t\t\t<img decoding=\"async\" width=\"435\" height=\"376\" src=\"https:\/\/klaragymnasium.se\/wp-content\/uploads\/2023\/03\/felix-basta-tips-gymnasievalet.png\" class=\"attachment-md size-md\" alt=\"Portr\u00e4ttbild p\u00e5 elev.\" sizes=\"(min-width: 80em) 600px, (min-width: 48em) calc(.50 * (100vw - 240px)), calc(100vw - 160px)\" srcset=\"https:\/\/klaragymnasium.se\/wp-content\/uploads\/2023\/03\/felix-basta-tips-gymnasievalet.png 435w, https:\/\/klaragymnasium.se\/wp-content\/uploads\/2023\/03\/felix-basta-tips-gymnasievalet-300x259.png 300w, https:\/\/klaragymnasium.se\/wp-content\/uploads\/2023\/03\/felix-basta-tips-gymnasievalet-400x346.png 400w\" \/>\n\t\t\t\t<\/div>\n\t\t\t<\/article>\n\t\t<\/li>\n\t\t\t\t\t\t\t\t\t\t\t\n\t\t\n\t\t\n\t\t<li class=\"l-col-6@md \" data-filter=\"samhallsvetenskapsprogrammet juni-2026\">\n\t\t\t<article class=\"c-card has-media-zoom \" data-variant=\"inside-half\" data-click-area>\n\t\t\t\t<div class=\"c-card__content l-stack l-stack-sm is-left is-left@md\">\n\t\t\t\t\t\t\t\t\t\t\t<blockquote class=\"c-card__title u-font-title-3\">\n\t\t\t\t\t\t\t\t\t\t\t\t\t\t\t<p class=\"u-quote-marks\"><a href=\"https:\/\/klaragymnasium.se\/sthlmsodra\/elevintervjuer\/lokal\/oran-om-sam-beteende\" class=\"link\">Jag har l\u00e4nge velat bli psykolog, d\u00e4rf\u00f6r k\u00e4ndes Samh\u00e4llsvetenskapsprogrammet som det sj\u00e4lvklara valet f\u00f6r mig&#8230;<\/a><\/p>\n\t\t\t\t\t\t\t\t\t\t\t\t\t<\/blockquote>\n\t\t\t\t\t\n\t\t\t\t\t\t\t\t\t\t\t<p class=\"c-card__text l-stack-grow u-divider-top u-font-body\">\n\t\t\t\t\t\t\t<span class=\"author u-mr-fluid-lg\">Oran<\/span>\n\t\t\t\t\t\t\t<span class=\"title u-mr-fluid-lg\">Samh\u00e4llsvetenskapsprogrammet<\/span>\n\t\t\t\t\t\t<\/p>\n\t\t\t\t\t\n\t\t\t\t\t<div class=\"c-card__icon\">\n\t\t\t\t\t\t<svg class=\"ams-icon ams-icon--arrow-right\" width=\"32\" height=\"32\" viewBox=\"0 0 32 32\" fill=\"currentColor\" aria-hidden=\"true\" xmlns=\"http:\/\/www.w3.org\/2000\/svg\">\n\t\t\t\t\t\t\t<path d=\"M15.4617 0.252159L14.9567 0.75931C14.6219 1.09545 14.6219 1.64048 14.9567 1.97669L27.7062 14.7806H0.857144C0.383786 14.7806 0 15.166 0 15.6414V16.3587C0 16.8341 0.383786 17.2195 0.857144 17.2195H27.7062L14.9567 30.0234C14.6219 30.3595 14.6219 30.9045 14.9567 31.2407L15.4617 31.7479C15.7964 32.084 16.3392 32.084 16.6739 31.7479L31.749 16.6087C32.0837 16.2725 32.0837 15.7275 31.749 15.3913L16.6739 0.252159C16.3392 -0.084053 15.7964 -0.084053 15.4617 0.252159Z\"\/>\n\t\t\t\t\t\t<\/svg>\n\t\t\t\t\t<\/div>\n\t\t\t\t<\/div>\n\t\t\t\t<div class=\"c-card__media\" style=\" \">\n\t\t\t\t\t<img decoding=\"async\" width=\"600\" height=\"623\" src=\"https:\/\/klaragymnasium.se\/wp-content\/uploads\/2023\/03\/oran-klara-teoretiska-gymnasium-ostra-e1679909160205-600x623.jpeg\" class=\"attachment-md size-md\" alt=\"Portr\u00e4ttbild p\u00e5 elev.\" sizes=\"(min-width: 80em) 600px, (min-width: 48em) calc(.50 * (100vw - 240px)), calc(100vw - 160px)\" srcset=\"https:\/\/klaragymnasium.se\/wp-content\/uploads\/2023\/03\/oran-klara-teoretiska-gymnasium-ostra-e1679909160205-600x623.jpeg 600w, https:\/\/klaragymnasium.se\/wp-content\/uploads\/2023\/03\/oran-klara-teoretiska-gymnasium-ostra-e1679909160205-300x311.jpeg 300w, https:\/\/klaragymnasium.se\/wp-content\/uploads\/2023\/03\/oran-klara-teoretiska-gymnasium-ostra-e1679909160205-400x415.jpeg 400w, https:\/\/klaragymnasium.se\/wp-content\/uploads\/2023\/03\/oran-klara-teoretiska-gymnasium-ostra-e1679909160205-800x830.jpeg 800w, https:\/\/klaragymnasium.se\/wp-content\/uploads\/2023\/03\/oran-klara-teoretiska-gymnasium-ostra-e1679909160205-1024x1063.jpeg 1024w, https:\/\/klaragymnasium.se\/wp-content\/uploads\/2023\/03\/oran-klara-teoretiska-gymnasium-ostra-e1679909160205-1200x1246.jpeg 1200w, https:\/\/klaragymnasium.se\/wp-content\/uploads\/2023\/03\/oran-klara-teoretiska-gymnasium-ostra-e1679909160205.jpeg 1707w\" \/>\n\t\t\t\t<\/div>\n\t\t\t<\/article>\n\t\t<\/li>\n\t\t\t\t\t\t\t\t\t\t\t\n\t\t\n\t\t\n\t\t<li class=\"l-col-6@md \" data-filter=\"samhallsvetenskapsprogrammet juni-2026\">\n\t\t\t<article class=\"c-card has-media-zoom \" data-variant=\"inside-half\" data-click-area>\n\t\t\t\t<div class=\"c-card__content l-stack l-stack-sm is-left is-left@md\">\n\t\t\t\t\t\t\t\t\t\t\t<blockquote class=\"c-card__title u-font-title-3\">\n\t\t\t\t\t\t\t\t\t\t\t\t\t\t\t<p class=\"u-quote-marks\"><a href=\"https:\/\/klaragymnasium.se\/sthlmsodra\/elevintervjuer\/lokal\/vilda-om-samhallsvetenskapsprogrammet\" class=\"link\">Det k\u00e4nns bra att skolan engagerar sig i v\u00e4lg\u00f6renhetsprojekt&#8230;<\/a><\/p>\n\t\t\t\t\t\t\t\t\t\t\t\t\t<\/blockquote>\n\t\t\t\t\t\n\t\t\t\t\t\t\t\t\t\t\t<p class=\"c-card__text l-stack-grow u-divider-top u-font-body\">\n\t\t\t\t\t\t\t<span class=\"author u-mr-fluid-lg\">Vilda<\/span>\n\t\t\t\t\t\t\t<span class=\"title u-mr-fluid-lg\">Samh\u00e4llsvetenskapsprogrammet<\/span>\n\t\t\t\t\t\t<\/p>\n\t\t\t\t\t\n\t\t\t\t\t<div class=\"c-card__icon\">\n\t\t\t\t\t\t<svg class=\"ams-icon ams-icon--arrow-right\" width=\"32\" height=\"32\" viewBox=\"0 0 32 32\" fill=\"currentColor\" aria-hidden=\"true\" xmlns=\"http:\/\/www.w3.org\/2000\/svg\">\n\t\t\t\t\t\t\t<path d=\"M15.4617 0.252159L14.9567 0.75931C14.6219 1.09545 14.6219 1.64048 14.9567 1.97669L27.7062 14.7806H0.857144C0.383786 14.7806 0 15.166 0 15.6414V16.3587C0 16.8341 0.383786 17.2195 0.857144 17.2195H27.7062L14.9567 30.0234C14.6219 30.3595 14.6219 30.9045 14.9567 31.2407L15.4617 31.7479C15.7964 32.084 16.3392 32.084 16.6739 31.7479L31.749 16.6087C32.0837 16.2725 32.0837 15.7275 31.749 15.3913L16.6739 0.252159C16.3392 -0.084053 15.7964 -0.084053 15.4617 0.252159Z\"\/>\n\t\t\t\t\t\t<\/svg>\n\t\t\t\t\t<\/div>\n\t\t\t\t<\/div>\n\t\t\t\t<div class=\"c-card__media\" style=\" \">\n\t\t\t\t\t<img decoding=\"async\" width=\"600\" height=\"537\" src=\"https:\/\/klaragymnasium.se\/wp-content\/uploads\/2023\/03\/vilda-klara-teoretiska-gymnasium-600x537.png\" class=\"attachment-md size-md\" alt=\"Portr\u00e4ttbild p\u00e5 elev.\" sizes=\"(min-width: 80em) 600px, (min-width: 48em) calc(.50 * (100vw - 240px)), calc(100vw - 160px)\" srcset=\"https:\/\/klaragymnasium.se\/wp-content\/uploads\/2023\/03\/vilda-klara-teoretiska-gymnasium-600x537.png 600w, https:\/\/klaragymnasium.se\/wp-content\/uploads\/2023\/03\/vilda-klara-teoretiska-gymnasium-300x269.png 300w, https:\/\/klaragymnasium.se\/wp-content\/uploads\/2023\/03\/vilda-klara-teoretiska-gymnasium-400x358.png 400w, https:\/\/klaragymnasium.se\/wp-content\/uploads\/2023\/03\/vilda-klara-teoretiska-gymnasium.png 762w\" \/>\n\t\t\t\t<\/div>\n\t\t\t<\/article>\n\t\t<\/li>\n\t\t\t\t\t\t\t\t\t\t\t\n\t\t\n\t\t\n\t\t<li class=\"l-col-6@md \" data-filter=\"samhallsvetenskapsprogrammet mars-2026\">\n\t\t\t<article class=\"c-card has-media-zoom \" data-variant=\"inside-half\" data-click-area>\n\t\t\t\t<div class=\"c-card__content l-stack l-stack-sm is-left is-left@md\">\n\t\t\t\t\t\t\t\t\t\t\t<blockquote class=\"c-card__title u-font-title-3\">\n\t\t\t\t\t\t\t\t\t\t\t\t\t\t\t<p class=\"u-quote-marks\"><a href=\"https:\/\/klaragymnasium.se\/sthlmsodra\/elevintervjuer\/lokal\/internationella-projekt-pa-klara\" class=\"link\">Det b\u00e4sta med KLARA \u00e4r utlandsresorna!&#8230;<\/a><\/p>\n\t\t\t\t\t\t\t\t\t\t\t\t\t<\/blockquote>\n\t\t\t\t\t\n\t\t\t\t\t\t\t\t\t\t\t<p class=\"c-card__text l-stack-grow u-divider-top u-font-body\">\n\t\t\t\t\t\t\t<span class=\"author u-mr-fluid-lg\">Emma<\/span>\n\t\t\t\t\t\t\t<span class=\"title u-mr-fluid-lg\">Samh\u00e4llsvetenskapsprogrammet<\/span>\n\t\t\t\t\t\t<\/p>\n\t\t\t\t\t\n\t\t\t\t\t<div class=\"c-card__icon\">\n\t\t\t\t\t\t<svg class=\"ams-icon ams-icon--arrow-right\" width=\"32\" height=\"32\" viewBox=\"0 0 32 32\" fill=\"currentColor\" aria-hidden=\"true\" xmlns=\"http:\/\/www.w3.org\/2000\/svg\">\n\t\t\t\t\t\t\t<path d=\"M15.4617 0.252159L14.9567 0.75931C14.6219 1.09545 14.6219 1.64048 14.9567 1.97669L27.7062 14.7806H0.857144C0.383786 14.7806 0 15.166 0 15.6414V16.3587C0 16.8341 0.383786 17.2195 0.857144 17.2195H27.7062L14.9567 30.0234C14.6219 30.3595 14.6219 30.9045 14.9567 31.2407L15.4617 31.7479C15.7964 32.084 16.3392 32.084 16.6739 31.7479L31.749 16.6087C32.0837 16.2725 32.0837 15.7275 31.749 15.3913L16.6739 0.252159C16.3392 -0.084053 15.7964 -0.084053 15.4617 0.252159Z\"\/>\n\t\t\t\t\t\t<\/svg>\n\t\t\t\t\t<\/div>\n\t\t\t\t<\/div>\n\t\t\t\t<div class=\"c-card__media\" style=\" \">\n\t\t\t\t\t<img decoding=\"async\" width=\"600\" height=\"415\" src=\"https:\/\/klaragymnasium.se\/wp-content\/uploads\/2023\/05\/elev-emma-klara-sambet-vasteras-600x415.jpg\" class=\"attachment-md size-md\" alt=\"Elever i grupp p\u00e5 skolan.\" sizes=\"(min-width: 80em) 600px, (min-width: 48em) calc(.50 * (100vw - 240px)), calc(100vw - 160px)\" srcset=\"https:\/\/klaragymnasium.se\/wp-content\/uploads\/2023\/05\/elev-emma-klara-sambet-vasteras-600x415.jpg 600w, https:\/\/klaragymnasium.se\/wp-content\/uploads\/2023\/05\/elev-emma-klara-sambet-vasteras-300x208.jpg 300w, https:\/\/klaragymnasium.se\/wp-content\/uploads\/2023\/05\/elev-emma-klara-sambet-vasteras-400x277.jpg 400w, https:\/\/klaragymnasium.se\/wp-content\/uploads\/2023\/05\/elev-emma-klara-sambet-vasteras-800x554.jpg 800w, https:\/\/klaragymnasium.se\/wp-content\/uploads\/2023\/05\/elev-emma-klara-sambet-vasteras.jpg 864w\" \/>\n\t\t\t\t<\/div>\n\t\t\t<\/article>\n\t\t<\/li>\n\t\t\t\t\t\t\t\t\t\t\t\n\t\t\n\t\t\n\t\t<li class=\"l-col-6@md \" data-filter=\"samhallsvetenskapsprogrammet december-2020\">\n\t\t\t<article class=\"c-card has-media-zoom \" data-variant=\"inside-half\" data-click-area>\n\t\t\t\t<div class=\"c-card__content l-stack l-stack-sm is-left is-left@md\">\n\t\t\t\t\t\t\t\t\t\t\t<blockquote class=\"c-card__title u-font-title-3\">\n\t\t\t\t\t\t\t\t\t\t\t\t\t\t\t<p class=\"u-quote-marks\"><a href=\"https:\/\/klaragymnasium.se\/sthlmsodra\/elevintervjuer\/lokal\/elin-laser-beteendevetenskap-pa-klara-malmo\" class=\"link\">Efter gymnasiet vill jag studera vidare p\u00e5 Polish\u00f6gskolan, helst i Stockholm!&#8230;<\/a><\/p>\n\t\t\t\t\t\t\t\t\t\t\t\t\t<\/blockquote>\n\t\t\t\t\t\n\t\t\t\t\t\t\t\t\t\t\t<p class=\"c-card__text l-stack-grow u-divider-top u-font-body\">\n\t\t\t\t\t\t\t<span class=\"author u-mr-fluid-lg\">Elin<\/span>\n\t\t\t\t\t\t\t<span class=\"title u-mr-fluid-lg\">Samh\u00e4llsvetenskapsprogrammet<\/span>\n\t\t\t\t\t\t<\/p>\n\t\t\t\t\t\n\t\t\t\t\t<div class=\"c-card__icon\">\n\t\t\t\t\t\t<svg class=\"ams-icon ams-icon--arrow-right\" width=\"32\" height=\"32\" viewBox=\"0 0 32 32\" fill=\"currentColor\" aria-hidden=\"true\" xmlns=\"http:\/\/www.w3.org\/2000\/svg\">\n\t\t\t\t\t\t\t<path d=\"M15.4617 0.252159L14.9567 0.75931C14.6219 1.09545 14.6219 1.64048 14.9567 1.97669L27.7062 14.7806H0.857144C0.383786 14.7806 0 15.166 0 15.6414V16.3587C0 16.8341 0.383786 17.2195 0.857144 17.2195H27.7062L14.9567 30.0234C14.6219 30.3595 14.6219 30.9045 14.9567 31.2407L15.4617 31.7479C15.7964 32.084 16.3392 32.084 16.6739 31.7479L31.749 16.6087C32.0837 16.2725 32.0837 15.7275 31.749 15.3913L16.6739 0.252159C16.3392 -0.084053 15.7964 -0.084053 15.4617 0.252159Z\"\/>\n\t\t\t\t\t\t<\/svg>\n\t\t\t\t\t<\/div>\n\t\t\t\t<\/div>\n\t\t\t\t<div class=\"c-card__media\" style=\" \">\n\t\t\t\t\t<img decoding=\"async\" width=\"600\" height=\"446\" src=\"https:\/\/klaragymnasium.se\/wp-content\/uploads\/2023\/03\/elin-om-inriktningen-beteendevetenskap-600x446.png\" class=\"attachment-md size-md\" alt=\"Portr\u00e4ttbild p\u00e5 elev.\" sizes=\"(min-width: 80em) 600px, (min-width: 48em) calc(.50 * (100vw - 240px)), calc(100vw - 160px)\" srcset=\"https:\/\/klaragymnasium.se\/wp-content\/uploads\/2023\/03\/elin-om-inriktningen-beteendevetenskap-600x446.png 600w, https:\/\/klaragymnasium.se\/wp-content\/uploads\/2023\/03\/elin-om-inriktningen-beteendevetenskap-300x223.png 300w, https:\/\/klaragymnasium.se\/wp-content\/uploads\/2023\/03\/elin-om-inriktningen-beteendevetenskap-400x297.png 400w, https:\/\/klaragymnasium.se\/wp-content\/uploads\/2023\/03\/elin-om-inriktningen-beteendevetenskap.png 665w\" \/>\n\t\t\t\t<\/div>\n\t\t\t<\/article>\n\t\t<\/li>\n\t\t\t\t\t\t\t\t\t\t\t\n\t\t\n\t\t\n\t\t<li class=\"l-col-6@md \" data-filter=\"samhallsvetenskapsprogrammet september-2020\">\n\t\t\t<article class=\"c-card has-media-zoom \" data-variant=\"inside-half\" data-click-area>\n\t\t\t\t<div class=\"c-card__content l-stack l-stack-sm is-left is-left@md\">\n\t\t\t\t\t\t\t\t\t\t\t<blockquote class=\"c-card__title u-font-title-3\">\n\t\t\t\t\t\t\t\t\t\t\t\t\t\t\t<p class=\"u-quote-marks\"><a href=\"https:\/\/klaragymnasium.se\/sthlmsodra\/elevintervjuer\/lokal\/ida-om-klara\" class=\"link\">D\u00e4rf\u00f6r blev Samh\u00e4llsprogrammet ett sj\u00e4lvklart val f\u00f6r mig, jag f\u00e5r l\u00e4sa en bra kombination av kurser som jag gillar!&#8230;<\/a><\/p>\n\t\t\t\t\t\t\t\t\t\t\t\t\t<\/blockquote>\n\t\t\t\t\t\n\t\t\t\t\t\t\t\t\t\t\t<p class=\"c-card__text l-stack-grow u-divider-top u-font-body\">\n\t\t\t\t\t\t\t<span class=\"author u-mr-fluid-lg\">Ida<\/span>\n\t\t\t\t\t\t\t<span class=\"title u-mr-fluid-lg\">Samh\u00e4llsvetenskapsprogrammet<\/span>\n\t\t\t\t\t\t<\/p>\n\t\t\t\t\t\n\t\t\t\t\t<div class=\"c-card__icon\">\n\t\t\t\t\t\t<svg class=\"ams-icon ams-icon--arrow-right\" width=\"32\" height=\"32\" viewBox=\"0 0 32 32\" fill=\"currentColor\" aria-hidden=\"true\" xmlns=\"http:\/\/www.w3.org\/2000\/svg\">\n\t\t\t\t\t\t\t<path d=\"M15.4617 0.252159L14.9567 0.75931C14.6219 1.09545 14.6219 1.64048 14.9567 1.97669L27.7062 14.7806H0.857144C0.383786 14.7806 0 15.166 0 15.6414V16.3587C0 16.8341 0.383786 17.2195 0.857144 17.2195H27.7062L14.9567 30.0234C14.6219 30.3595 14.6219 30.9045 14.9567 31.2407L15.4617 31.7479C15.7964 32.084 16.3392 32.084 16.6739 31.7479L31.749 16.6087C32.0837 16.2725 32.0837 15.7275 31.749 15.3913L16.6739 0.252159C16.3392 -0.084053 15.7964 -0.084053 15.4617 0.252159Z\"\/>\n\t\t\t\t\t\t<\/svg>\n\t\t\t\t\t<\/div>\n\t\t\t\t<\/div>\n\t\t\t\t<div class=\"c-card__media\" style=\" \">\n\t\t\t\t\t<img decoding=\"async\" width=\"600\" height=\"396\" src=\"https:\/\/klaragymnasium.se\/wp-content\/uploads\/2023\/04\/samhallsvetenskapsprogrammet-pa-klara-600x396.png\" class=\"attachment-md size-md\" alt=\"N\u00e4rbild p\u00e5 en elev\" sizes=\"(min-width: 80em) 600px, (min-width: 48em) calc(.50 * (100vw - 240px)), calc(100vw - 160px)\" srcset=\"https:\/\/klaragymnasium.se\/wp-content\/uploads\/2023\/04\/samhallsvetenskapsprogrammet-pa-klara-600x396.png 600w, https:\/\/klaragymnasium.se\/wp-content\/uploads\/2023\/04\/samhallsvetenskapsprogrammet-pa-klara-300x198.png 300w, https:\/\/klaragymnasium.se\/wp-content\/uploads\/2023\/04\/samhallsvetenskapsprogrammet-pa-klara-400x264.png 400w, https:\/\/klaragymnasium.se\/wp-content\/uploads\/2023\/04\/samhallsvetenskapsprogrammet-pa-klara.png 749w\" \/>\n\t\t\t\t<\/div>\n\t\t\t<\/article>\n\t\t<\/li>\n\t<\/ul>\n\t\n\t<div class=\"no-results u-mt-0 u-hide\" data-filter-fallback-id=\"ams-testimonial-list-69f5139ba3856\">\n\t<p>Det finns inga resultat som matchar din filtrering.<\/p>\n<\/div>\n\n\t\n\n\t\t\n\t\t\t<\/div>\n\n\t\t\n\t\t\t\n\t\t\t\t\t\t\t\n\t\t\t\t<div class=\"c-bg c-bg--img\" data-settings=\"{&quot;desktop_settings&quot;:{&quot;size&quot;:&quot;auto&quot;,&quot;position&quot;:&quot;bottom-right&quot;},&quot;mobile_settings&quot;:{&quot;size&quot;:&quot;auto&quot;,&quot;position&quot;:&quot;bottom-right&quot;}}\" data-position=\"middle-center\" data-size=\"cover\">\n\t\t\t<img decoding=\"async\" width=\"300\" height=\"300\" src=\"https:\/\/klaragymnasium.se\/wp-content\/uploads\/sites\/12\/2023\/03\/klakvartscirkel300x300.png\" class=\"attachment-hero-lg size-hero-lg\" alt=\"Grafiskt element\" sizes=\"(max-width: 300px) 100vw, 300px\" srcset=\"https:\/\/klaragymnasium.se\/wp-content\/uploads\/sites\/12\/2023\/03\/klakvartscirkel300x300.png 300w, https:\/\/klaragymnasium.se\/wp-content\/uploads\/sites\/12\/2023\/03\/klakvartscirkel300x300-150x150.png 150w\" \/>\n\t\t<\/div>\n\t\n<\/section>\n\n\n\n\n<section  class=\"ams-cta ams-cta--stacked c-block l-stacked\" data-color-scheme=\"vit-2\">\n\t<div class=\"l-container-narrow l-stack l-stack-fluid-2xl u-pt-fluid-3xl-6xl u-pb-fluid-3xl-6xl is-center is-center@md\">\n\t\t\t\t\t<div class=\"ams-cta__intro l-stack l-stack-lg\">\n\t\t\t\t\t\n\t<h2\n\tclass=\"c-heading u-font-title-1 \"\n\tstyle=\"\">\n\t\t\n\t\t\t\t\tVar detta inte n\u00e5got f\u00f6r dig?\n\t\t\t\t\n\t<\/h2>\n\n\t\t\t\t\t\t\t\t\t<div class=\"c-text l-stack u-cs-xl u-font-body\">\n\t\t\t\t\t\t<p>D\u00e5 kanske du \u00e4r mer intresserad av n\u00e5got av v\u00e5ra andra program!<\/p>\n\n\t\t\t\t\t<\/div>\n\t\t\t\t\t\t\t<\/div>\n\t\t\n\t\t\n\t\t\t<div class=\"ams-cta__action u-inline-items\">\n\t\t\t\t\t\t\t\n\n\n<a href=\"https:\/\/klaragymnasium.se\/sthlmsodra\/gymnasieprogram\/\"\n\t\n\tclass=\"c-btn \"\n\tdata-style=\"round\"\n\tdata-size=\"md\"\n\tdata-width=\"full-mobile\"\n\tdata-variant=\"default\"\n\ttarget=\"_self\">\n\t\t\t<span class=\"label\"> Till v\u00e5ra program<\/span>\n\t\t\t<\/a>\n\t\t\t<\/div>\n\t<\/div>\n\n\t\t\n\t\t\t\n\t\t\t\t\t\t\t\n\t\t\t\t<div class=\"c-bg c-bg--img\" data-settings=\"{&quot;desktop_settings&quot;:{&quot;size&quot;:&quot;cover&quot;,&quot;position&quot;:&quot;middle-center&quot;},&quot;mobile_settings&quot;:{&quot;size&quot;:&quot;cover&quot;,&quot;position&quot;:&quot;middle-center&quot;}}\" data-position=\"middle-center\" data-size=\"cover\">\n\t\t\t<img decoding=\"async\" width=\"1920\" height=\"564\" src=\"https:\/\/klaragymnasium.se\/wp-content\/uploads\/sites\/12\/2023\/03\/klaragymnasiumskog-1920x564.jpg\" class=\"attachment-hero-lg size-hero-lg\" alt=\"Skog med h\u00f6ga tr\u00e4d\" sizes=\"(max-width: 1920px) 100vw, 1920px\" \/>\n\t\t<\/div>\n\t\n\t<div class=\"c-overlay\" style=\"--overlay-bg: rgba(0,0,0,0.5);\"><\/div>\n<\/section>\n","protected":false},"excerpt":{"rendered":"<p>Lockar tanken p\u00e5 att plugga vidare till socionom, statsvetare eller journalist?<\/p>\n","protected":false},"featured_media":946,"parent":0,"menu_order":0,"template":"","yoast_head":"<!-- This site is optimized with the Yoast SEO plugin v22.0 - https:\/\/yoast.com\/wordpress\/plugins\/seo\/ -->\n<title>L\u00e4s samh\u00e4llsvetenskapsprogrammet p\u00e5 Stockholm S\u00f6dra - KLARA<\/title>\n<meta name=\"description\" content=\"Programmet innefattar kunskaper om samh\u00e4llsf\u00f6rh\u00e5llanden i Sverige och v\u00e4rlden, individens relation till samh\u00e4llet och m\u00e4nniskors livsvillkor.\" \/>\n<meta name=\"robots\" content=\"index, follow, max-snippet:-1, max-image-preview:large, max-video-preview:-1\" \/>\n<link rel=\"canonical\" href=\"https:\/\/klaragymnasium.se\/sthlmsodra\/program\/samhallsvetenskapsprogrammet\/\" \/>\n<meta property=\"og:locale\" content=\"sv_SE\" \/>\n<meta property=\"og:type\" content=\"article\" \/>\n<meta property=\"og:title\" content=\"L\u00e4s samh\u00e4llsvetenskapsprogrammet p\u00e5 Stockholm S\u00f6dra - KLARA\" \/>\n<meta property=\"og:description\" content=\"Programmet innefattar kunskaper om samh\u00e4llsf\u00f6rh\u00e5llanden i Sverige och v\u00e4rlden, individens relation till samh\u00e4llet och m\u00e4nniskors livsvillkor.\" \/>\n<meta property=\"og:url\" content=\"https:\/\/klaragymnasium.se\/sthlmsodra\/program\/samhallsvetenskapsprogrammet\/\" \/>\n<meta property=\"og:site_name\" content=\"Stockholm S\u00f6dra\" \/>\n<meta property=\"article:modified_time\" content=\"2026-04-08T13:18:46+00:00\" \/>\n<meta property=\"og:image\" content=\"https:\/\/klaragymnasium.se\/wp-content\/uploads\/sites\/12\/2023\/03\/samhallsvetenskapsprogrammet-klara-teoretiska-gymnasium-1200x630.jpg\" \/>\n\t<meta property=\"og:image:width\" content=\"1200\" \/>\n\t<meta property=\"og:image:height\" content=\"630\" \/>\n\t<meta property=\"og:image:type\" content=\"image\/jpeg\" \/>\n<meta name=\"twitter:card\" content=\"summary_large_image\" \/>\n<meta name=\"twitter:title\" content=\"L\u00e4s samh\u00e4llsvetenskapsprogrammet p\u00e5 Stockholm S\u00f6dra - KLARA\" \/>\n<meta name=\"twitter:description\" content=\"Programmet innefattar kunskaper om samh\u00e4llsf\u00f6rh\u00e5llanden i Sverige och v\u00e4rlden, individens relation till samh\u00e4llet och m\u00e4nniskors livsvillkor.\" \/>\n<meta name=\"twitter:image\" content=\"https:\/\/klaragymnasium.se\/wp-content\/uploads\/sites\/12\/2023\/03\/samhallsvetenskapsprogrammet-klara-teoretiska-gymnasium-1200x630.jpg\" \/>\n<meta name=\"twitter:label1\" content=\"Est. reading time\" \/>\n\t<meta name=\"twitter:data1\" content=\"3 minuter\" \/>\n<script type=\"application\/ld+json\" class=\"yoast-schema-graph\">{\"@context\":\"https:\/\/schema.org\",\"@graph\":[{\"@type\":\"WebPage\",\"@id\":\"https:\/\/klaragymnasium.se\/sthlmsodra\/program\/samhallsvetenskapsprogrammet\/\",\"url\":\"https:\/\/klaragymnasium.se\/sthlmsodra\/program\/samhallsvetenskapsprogrammet\/\",\"name\":\"L\u00e4s samh\u00e4llsvetenskapsprogrammet p\u00e5 Stockholm S\u00f6dra - KLARA\",\"isPartOf\":{\"@id\":\"https:\/\/klaragymnasium.se\/sthlmsodra\/#website\"},\"datePublished\":\"2023-03-28T13:49:45+00:00\",\"dateModified\":\"2026-04-08T13:18:46+00:00\",\"description\":\"Programmet innefattar kunskaper om samh\u00e4llsf\u00f6rh\u00e5llanden i Sverige och v\u00e4rlden, individens relation till samh\u00e4llet och m\u00e4nniskors livsvillkor.\",\"breadcrumb\":{\"@id\":\"https:\/\/klaragymnasium.se\/sthlmsodra\/program\/samhallsvetenskapsprogrammet\/#breadcrumb\"},\"inLanguage\":\"sv-SE\",\"potentialAction\":[{\"@type\":\"ReadAction\",\"target\":[\"https:\/\/klaragymnasium.se\/sthlmsodra\/program\/samhallsvetenskapsprogrammet\/\"]}]},{\"@type\":\"BreadcrumbList\",\"@id\":\"https:\/\/klaragymnasium.se\/sthlmsodra\/program\/samhallsvetenskapsprogrammet\/#breadcrumb\",\"itemListElement\":[{\"@type\":\"ListItem\",\"position\":1,\"name\":\"Start\",\"item\":\"https:\/\/klaragymnasium.se\/sthlmsodra\"},{\"@type\":\"ListItem\",\"position\":2,\"name\":\"V\u00e5ra gymnasieprogram\"}]},{\"@type\":\"WebSite\",\"@id\":\"https:\/\/klaragymnasium.se\/sthlmsodra\/#website\",\"url\":\"https:\/\/klaragymnasium.se\/sthlmsodra\/\",\"name\":\"Stockholm S\u00f6dra\",\"description\":\"Just another WordPress site\",\"potentialAction\":[{\"@type\":\"SearchAction\",\"target\":{\"@type\":\"EntryPoint\",\"urlTemplate\":\"https:\/\/klaragymnasium.se\/sthlmsodra\/?s={search_term_string}\"},\"query-input\":\"required name=search_term_string\"}],\"inLanguage\":\"sv-SE\"}]}<\/script>\n<!-- \/ Yoast SEO plugin. -->","yoast_head_json":{"title":"L\u00e4s samh\u00e4llsvetenskapsprogrammet p\u00e5 Stockholm S\u00f6dra - KLARA","description":"Programmet innefattar kunskaper om samh\u00e4llsf\u00f6rh\u00e5llanden i Sverige och v\u00e4rlden, individens relation till samh\u00e4llet och m\u00e4nniskors livsvillkor.","robots":{"index":"index","follow":"follow","max-snippet":"max-snippet:-1","max-image-preview":"max-image-preview:large","max-video-preview":"max-video-preview:-1"},"canonical":"https:\/\/klaragymnasium.se\/sthlmsodra\/program\/samhallsvetenskapsprogrammet\/","og_locale":"sv_SE","og_type":"article","og_title":"L\u00e4s samh\u00e4llsvetenskapsprogrammet p\u00e5 Stockholm S\u00f6dra - KLARA","og_description":"Programmet innefattar kunskaper om samh\u00e4llsf\u00f6rh\u00e5llanden i Sverige och v\u00e4rlden, individens relation till samh\u00e4llet och m\u00e4nniskors livsvillkor.","og_url":"https:\/\/klaragymnasium.se\/sthlmsodra\/program\/samhallsvetenskapsprogrammet\/","og_site_name":"Stockholm S\u00f6dra","article_modified_time":"2026-04-08T13:18:46+00:00","og_image":[{"width":1200,"height":630,"url":"https:\/\/klaragymnasium.se\/wp-content\/uploads\/sites\/12\/2023\/03\/samhallsvetenskapsprogrammet-klara-teoretiska-gymnasium-1200x630.jpg","type":"image\/jpeg"}],"twitter_card":"summary_large_image","twitter_title":"L\u00e4s samh\u00e4llsvetenskapsprogrammet p\u00e5 Stockholm S\u00f6dra - KLARA","twitter_description":"Programmet innefattar kunskaper om samh\u00e4llsf\u00f6rh\u00e5llanden i Sverige och v\u00e4rlden, individens relation till samh\u00e4llet och m\u00e4nniskors livsvillkor.","twitter_image":"https:\/\/klaragymnasium.se\/wp-content\/uploads\/sites\/12\/2023\/03\/samhallsvetenskapsprogrammet-klara-teoretiska-gymnasium-1200x630.jpg","twitter_misc":{"Est. reading time":"3 minuter"},"schema":{"@context":"https:\/\/schema.org","@graph":[{"@type":"WebPage","@id":"https:\/\/klaragymnasium.se\/sthlmsodra\/program\/samhallsvetenskapsprogrammet\/","url":"https:\/\/klaragymnasium.se\/sthlmsodra\/program\/samhallsvetenskapsprogrammet\/","name":"L\u00e4s samh\u00e4llsvetenskapsprogrammet p\u00e5 Stockholm S\u00f6dra - KLARA","isPartOf":{"@id":"https:\/\/klaragymnasium.se\/sthlmsodra\/#website"},"datePublished":"2023-03-28T13:49:45+00:00","dateModified":"2026-04-08T13:18:46+00:00","description":"Programmet innefattar kunskaper om samh\u00e4llsf\u00f6rh\u00e5llanden i Sverige och v\u00e4rlden, individens relation till samh\u00e4llet och m\u00e4nniskors livsvillkor.","breadcrumb":{"@id":"https:\/\/klaragymnasium.se\/sthlmsodra\/program\/samhallsvetenskapsprogrammet\/#breadcrumb"},"inLanguage":"sv-SE","potentialAction":[{"@type":"ReadAction","target":["https:\/\/klaragymnasium.se\/sthlmsodra\/program\/samhallsvetenskapsprogrammet\/"]}]},{"@type":"BreadcrumbList","@id":"https:\/\/klaragymnasium.se\/sthlmsodra\/program\/samhallsvetenskapsprogrammet\/#breadcrumb","itemListElement":[{"@type":"ListItem","position":1,"name":"Start","item":"https:\/\/klaragymnasium.se\/sthlmsodra"},{"@type":"ListItem","position":2,"name":"V\u00e5ra gymnasieprogram"}]},{"@type":"WebSite","@id":"https:\/\/klaragymnasium.se\/sthlmsodra\/#website","url":"https:\/\/klaragymnasium.se\/sthlmsodra\/","name":"Stockholm S\u00f6dra","description":"Just another WordPress site","potentialAction":[{"@type":"SearchAction","target":{"@type":"EntryPoint","urlTemplate":"https:\/\/klaragymnasium.se\/sthlmsodra\/?s={search_term_string}"},"query-input":"required name=search_term_string"}],"inLanguage":"sv-SE"}]}},"_links":{"self":[{"href":"https:\/\/klaragymnasium.se\/sthlmsodra\/wp-json\/wp\/v2\/program_orientation\/947"}],"collection":[{"href":"https:\/\/klaragymnasium.se\/sthlmsodra\/wp-json\/wp\/v2\/program_orientation"}],"about":[{"href":"https:\/\/klaragymnasium.se\/sthlmsodra\/wp-json\/wp\/v2\/types\/program_orientation"}],"version-history":[{"count":10,"href":"https:\/\/klaragymnasium.se\/sthlmsodra\/wp-json\/wp\/v2\/program_orientation\/947\/revisions"}],"predecessor-version":[{"id":3304,"href":"https:\/\/klaragymnasium.se\/sthlmsodra\/wp-json\/wp\/v2\/program_orientation\/947\/revisions\/3304"}],"wp:featuredmedia":[{"embeddable":true,"href":"https:\/\/klaragymnasium.se\/sthlmsodra\/wp-json\/wp\/v2\/media\/946"}],"wp:attachment":[{"href":"https:\/\/klaragymnasium.se\/sthlmsodra\/wp-json\/wp\/v2\/media?parent=947"}],"curies":[{"name":"wp","href":"https:\/\/api.w.org\/{rel}","templated":true}]}}