{"id":412,"date":"2023-03-03T15:28:56","date_gmt":"2023-03-03T14:28:56","guid":{"rendered":"https:\/\/klaragymnasium.se\/sthlmsodra\/?page_id=412"},"modified":"2026-01-30T10:11:31","modified_gmt":"2026-01-30T09:11:31","slug":"var-skola","status":"publish","type":"page","link":"https:\/\/klaragymnasium.se\/sthlmsodra\/var-skola\/","title":{"rendered":"V\u00e5r skola"},"content":{"rendered":"\n\n<section  class=\"ams-cta ams-cta--stacked c-block l-stacked\" data-color-scheme=\"gra\">\n\t<div class=\"l-container-narrow l-stack l-stack-fluid-2xl u-pt-fluid-3xl-6xl u-pb-fluid-3xl-6xl is-center is-center@md\">\n\t\t\t\t\t<div class=\"ams-cta__intro l-stack l-stack-lg\">\n\t\t\t\t\t\n\t<h1\n\tclass=\"c-heading u-font-title-1 \"\n\tstyle=\"\">\n\t\t\n\t\t\t\t\t\t\t\t\tKlara Teoretiska Gymnasium Stockholm S\u00f6dra\n\t\t\t\t<span class=\"c-heading__sub is-below u-font-title-3\">\n\t\t\t\t\tv\u00e5rt gymnasium p\u00e5 S\u00f6dermalm \n\t\t\t\t<\/span>\n\t\t\t\t\t\t\t\n\t<\/h1>\n\n\t\t\t\t\t\t\t\t\t<div class=\"c-text l-stack u-cs-xl u-font-body\">\n\t\t\t\t\t\t<p>P\u00e5 <span style=\"font-weight: 400;\">KLARA Stockholm S\u00f6dra<\/span> f\u00e5r du m\u00f6jlighet att utmana dig sj\u00e4lv i en lugn och studiefokuserad milj\u00f6. Vi rustar dig f\u00f6r framtiden och g\u00f6r dig f\u00f6rberedd p\u00e5 h\u00f6gre studier efter gymnasiet.<\/p>\n\n\t\t\t\t\t<\/div>\n\t\t\t\t\t\t\t<\/div>\n\t\t\n\t\t\n\t\t\t<div class=\"ams-cta__action u-inline-items\">\n\t\t\t\t\t\t\t\n\n\n<a href=\"https:\/\/klaragymnasium.se\/sthlmsodra\/gymnasieprogram\/\"\n\t\n\tclass=\"c-btn \"\n\tdata-style=\"round\"\n\tdata-size=\"md\"\n\tdata-width=\"full-mobile\"\n\tdata-variant=\"default\"\n\ttarget=\"_self\">\n\t\t\t<span class=\"label\"> Till v\u00e5ra program<\/span>\n\t\t\t<\/a>\n\t\t\t<\/div>\n\t<\/div>\n\n\t\t\n\n<\/section>\n\n\n\n\t\n\t\n\t\n\n\t\n\t\n\t\t\n<section  class=\"c-block l-stacked  \" data-color-scheme=\"vit\">\n\t<div class=\"ams-fifty ams-fifty--container ams-fifty--left ams-fifty--top l-container u-pt-fluid-3xl-6xl u-pb-fluid-3xl-6xl\">\n\t\t<div class=\"ams-fifty__content l-stack l-stack-xl is-center is-left@lg\">\n\t\t\t<div class=\"ams-fifty__text l-stack l-stack-lg\">\n\t\t\t\t\t\n\t<h2\n\tclass=\"c-heading u-font-title-1 \"\n\tstyle=\"\">\n\t\t\n\t\t\t\t\tVi ger dig m\u00f6jligheter och utmaningar!\n\t\t\t\t\n\t<\/h2>\n\n\t\t\t\t\t\t\t\t\t<div class=\"text l-stack u-font-body\">\n\t\t\t\t\t\t<p style=\"text-align: left;\">P\u00e5 KLARA Stockholm S\u00f6dra f\u00e5r du m\u00f6jlighet att utmana dig sj\u00e4lv i en lugn och studiefokuserad milj\u00f6. Vi f\u00f6rbereder dig f\u00f6r framtida studier och yrkesliv genom att ge dig m\u00f6jligheter att utforska omv\u00e4rlden och ge dig nya perspektiv.<\/p>\n<p style=\"text-align: left;\">Vi finns i Campus S\u00f6dermalm &#8211; ett toppmodernt skolcampus som vi delar med tre andra gymnasieskolor. KLARA Stockholm S\u00f6dra har tv\u00e5 egna v\u00e5ningar med utsikt \u00f6ver Hammarby kanal. P\u00e5 Campus S\u00f6dermalm har skolorna gemensam matsal, kaf\u00e9, idrottslokaler och bibliotek.<\/p>\n<p>Hos oss \u00e4r det viktigt att skapa goda relationer &#8211; mellan alla p\u00e5 skolan. Vi \u00e4r en skola med h\u00f6g trivsel och trygghet vilket ger en solid grund f\u00f6r l\u00e4rande. Vi vill att du ska \u00e4ga ditt eget l\u00e4rande och bli mer sj\u00e4lvst\u00e4ndig. V\u00e5ra l\u00e4rare st\u00f6ttar dig i din utbildning och i din personliga utveckling s\u00e5 att du kan n\u00e5 dina m\u00e5l.<\/p>\n<p>Hos oss f\u00e5r du motivation och inspiration genom intressanta studiebes\u00f6k, f\u00f6rel\u00e4sare och temadagar. KLARA Stockholm S\u00f6dra har en aktiv elevk\u00e5r och elevf\u00f6reningar som anordnar aktiviteter under l\u00e4s\u00e5ret. Vi vet att gemenskap och engagemang g\u00f6r tiden under och efter skoltiden \u00e4nnu roligare. Vi \u00e4r en skola att l\u00e4ngta till!<\/p>\n\n\t\t\t\t\t<\/div>\n\t\t\t\t\t\t\t<\/div>\n\n\t\t\t\t\t<\/div>\n\n\t\t <div class=\"ams-fifty__media u-ratio-square\">\n\t\t \t\t\t\t\t<img decoding=\"async\" width=\"600\" height=\"600\" src=\"https:\/\/klaragymnasium.se\/wp-content\/uploads\/sites\/12\/2023\/04\/campus-sodermalm-klara-teoretiska-gymnasium-scaled-e1682496904496-600x600.jpg\" class=\"attachment-md size-md\" alt=\"L\u00e4rare hj\u00e4lper elever med en uppgift\" sizes=\"(min-width: 64em) 600px, calc(100vw - 160px)\" srcset=\"https:\/\/klaragymnasium.se\/wp-content\/uploads\/sites\/12\/2023\/04\/campus-sodermalm-klara-teoretiska-gymnasium-scaled-e1682496904496-600x600.jpg 600w, https:\/\/klaragymnasium.se\/wp-content\/uploads\/sites\/12\/2023\/04\/campus-sodermalm-klara-teoretiska-gymnasium-scaled-e1682496904496-150x150.jpg 150w, https:\/\/klaragymnasium.se\/wp-content\/uploads\/sites\/12\/2023\/04\/campus-sodermalm-klara-teoretiska-gymnasium-scaled-e1682496904496-300x300.jpg 300w, https:\/\/klaragymnasium.se\/wp-content\/uploads\/sites\/12\/2023\/04\/campus-sodermalm-klara-teoretiska-gymnasium-scaled-e1682496904496-400x400.jpg 400w, https:\/\/klaragymnasium.se\/wp-content\/uploads\/sites\/12\/2023\/04\/campus-sodermalm-klara-teoretiska-gymnasium-scaled-e1682496904496.jpg 667w\" \/>\n\t\t\t\n\t\t\t\n\t\t\t\t\t<\/div>\n\t<\/div>\n\n\t\t\n\n<\/section>\n\n\n\n\n\n<section  class=\"ams-faq ams_event_module c-block l-stacked js-load-more\" data-color-scheme=\"poangplan\" data-count=\"5\" data-count-mobile=\"5\">\n\t<div class=\"l-container l-stack l-stack-fluid-2xl u-pt-fluid-2xl-4xl u-pb-fluid-2xl-4xl is-center is-center@md\">\n\t\t\t\t\t<div class=\"ams-faq__intro l-stack l-stack-lg\">\n\t\t\t\t\t\n\t<h2\n\tclass=\"c-heading u-font-title-1 \"\n\tstyle=\"\">\n\t\t\n\t\t\t\t\tVanliga fr\u00e5gor\n\t\t\t\t\n\t<\/h2>\n\n\t\t\t\t\t\t\t<\/div>\n\t\t\n\t\t\n\t\n\t    \n\t\n\t<ul\n\t\tid=\"ams-faq-list-69f51399742a8\"\n\t\tclass=\"ams-faq__ac ams-accordion_module c-accordion js-results \"\n\t\taria-label=\"Vanliga fr\u00e5gor\"\n\t\tdata-variant=\"border-between\"\n\t\tdata-ajax-action=\"log_faq_view\"\n\t\tdata-ajax-url=\"https:\/\/klaragymnasium.se\/sthlmsodra\/wp-admin\/admin-ajax.php\"\n\t\tdata-ajax-nonce=\"8c5f2a124f\"\n\t\tdata-filter-animation=\"off\">\n\n\t\t\n\t\t\t\t\t\t\t\t\t\t\t\t\t\t\t\n\t\t\t\n\t\t\t<li data-ajax-id=\"2512\" class=\"c-accordion__item \"\n\t\t\tdata-filter=\"om-skolan december-2023\"\n\t\t\t>\n\t\t\t\t<h3 class=\"c-accordion__header\">\n\t\t\t\t\t\t\t\t\t\t<button class=\"c-accordion__trigger u-py-sm u-px-fluid-md-xl u-font-title-4\">\n\t\t\t\t\t\t<span>Varf\u00f6r ska jag v\u00e4lja KLARA Stockholm S\u00f6dra?<\/span>\n\t\t\t\t\t\t<svg class=\"ams-icon ams-icon__arrow-down\" width=\"24\" height=\"24\" viewbox=\"0 0 24 24\" fill=\"currentColor\" aria-hidden=\"true\" xmlns=\"http:\/\/www.w3.org\/2000\/svg\">\n\t\t\t\t\t\t\t\t\t\t\t\t\t<path d=\"m11.2033 18.4294-10.872894-10.67584c-.440539-.42594-.440539-1.1147 0-1.54065l.665495-.64345c.440539-.42595 1.152899-.42595 1.593439 0l9.41066 9.27114 9.4107-9.26207c.4405-.42595 1.1529-.42595 1.5934 0l.6655.64345c.4405.42594.4405 1.1147 0 1.54065l-10.8729 10.67587c-.4405.4168-1.1529.4168-1.5934-.0091z\"\/>\n\t\t\t\t\t\n\t\t\t\t\t\t<\/svg>\n\t\t\t\t\t<\/button>\n\t\t\t\t<\/h3>\n\t\t\t\t<div class=\"c-accordion__body l-stack u-font-body\">\n\t\t\t\t\t<div class=\"c-accordion__body__inner u-p-fluid-md-xl l-stack\">\n\t\t\t\t\t\t<p><span data-sheets-root=\"1\" data-sheets-value=\"{&quot;1&quot;:2,&quot;2&quot;:&quot;Det h\u00e4r \u00e4r en skola f\u00f6r dig med h\u00f6ga ambitioner. Alla v\u00e5ra program \u00e4r studief\u00f6rberedande inf\u00f6r universitet och h\u00f6gskola. Klara S\u00f6dra ger dig m\u00e5nga m\u00f6jligheter och utmaningar. V\u00e5ra l\u00e4rare samarbetar med dig f\u00f6r att du ska hitta ett arbetss\u00e4tt som g\u00f6r att du utvecklas s\u00e5 l\u00e5ngt som m\u00f6jligt.&quot;}\" data-sheets-userformat=\"{&quot;2&quot;:831,&quot;3&quot;:{&quot;1&quot;:0},&quot;4&quot;:{&quot;1&quot;:2,&quot;2&quot;:14281427},&quot;5&quot;:{&quot;1&quot;:[{&quot;1&quot;:2,&quot;2&quot;:0,&quot;5&quot;:{&quot;1&quot;:2,&quot;2&quot;:0}},{&quot;1&quot;:0,&quot;2&quot;:0,&quot;3&quot;:3},{&quot;1&quot;:1,&quot;2&quot;:0,&quot;4&quot;:1}]},&quot;6&quot;:{&quot;1&quot;:[{&quot;1&quot;:2,&quot;2&quot;:0,&quot;5&quot;:{&quot;1&quot;:2,&quot;2&quot;:0}},{&quot;1&quot;:0,&quot;2&quot;:0,&quot;3&quot;:3},{&quot;1&quot;:1,&quot;2&quot;:0,&quot;4&quot;:1}]},&quot;7&quot;:{&quot;1&quot;:[{&quot;1&quot;:2,&quot;2&quot;:0,&quot;5&quot;:{&quot;1&quot;:2,&quot;2&quot;:0}},{&quot;1&quot;:0,&quot;2&quot;:0,&quot;3&quot;:3},{&quot;1&quot;:1,&quot;2&quot;:0,&quot;4&quot;:1}]},&quot;8&quot;:{&quot;1&quot;:[{&quot;1&quot;:2,&quot;2&quot;:0,&quot;5&quot;:{&quot;1&quot;:2,&quot;2&quot;:0}},{&quot;1&quot;:0,&quot;2&quot;:0,&quot;3&quot;:3},{&quot;1&quot;:1,&quot;2&quot;:0,&quot;4&quot;:1}]},&quot;11&quot;:4,&quot;12&quot;:0}\">Det h\u00e4r \u00e4r en skola f\u00f6r dig med h\u00f6ga ambitioner. Alla v\u00e5ra program \u00e4r studief\u00f6rberedande inf\u00f6r universitet och h\u00f6gskola. KLARA Stockholm S\u00f6dra ger dig m\u00e5nga m\u00f6jligheter och utmaningar. V\u00e5ra l\u00e4rare samarbetar med dig f\u00f6r att du ska hitta ett arbetss\u00e4tt som g\u00f6r att du utvecklas s\u00e5 l\u00e5ngt som m\u00f6jligt.<\/span><\/p>\n\n\t\t\t\t\t<\/div>\n\t\t\t\t<\/div>\n\t\t\t<\/li>\n\t\t\n\t\t\t\t\t\t\t\t\t\t\t\t\t\t\t\n\t\t\t\n\t\t\t<li data-ajax-id=\"2511\" class=\"c-accordion__item \"\n\t\t\tdata-filter=\"om-skolan december-2023\"\n\t\t\t>\n\t\t\t\t<h3 class=\"c-accordion__header\">\n\t\t\t\t\t\t\t\t\t\t<button class=\"c-accordion__trigger u-py-sm u-px-fluid-md-xl u-font-title-4\">\n\t\t\t\t\t\t<span>Hur m\u00e5nga elever g\u00e5r p\u00e5 skolan?<\/span>\n\t\t\t\t\t\t<svg class=\"ams-icon ams-icon__arrow-down\" width=\"24\" height=\"24\" viewbox=\"0 0 24 24\" fill=\"currentColor\" aria-hidden=\"true\" xmlns=\"http:\/\/www.w3.org\/2000\/svg\">\n\t\t\t\t\t\t\t\t\t\t\t\t\t<path d=\"m11.2033 18.4294-10.872894-10.67584c-.440539-.42594-.440539-1.1147 0-1.54065l.665495-.64345c.440539-.42595 1.152899-.42595 1.593439 0l9.41066 9.27114 9.4107-9.26207c.4405-.42595 1.1529-.42595 1.5934 0l.6655.64345c.4405.42594.4405 1.1147 0 1.54065l-10.8729 10.67587c-.4405.4168-1.1529.4168-1.5934-.0091z\"\/>\n\t\t\t\t\t\n\t\t\t\t\t\t<\/svg>\n\t\t\t\t\t<\/button>\n\t\t\t\t<\/h3>\n\t\t\t\t<div class=\"c-accordion__body l-stack u-font-body\">\n\t\t\t\t\t<div class=\"c-accordion__body__inner u-p-fluid-md-xl l-stack\">\n\t\t\t\t\t\t<p>Det g\u00e5r 715 elever p\u00e5 skolan (2025).<\/p>\n\n\t\t\t\t\t<\/div>\n\t\t\t\t<\/div>\n\t\t\t<\/li>\n\t\t\n\t\t\t\t\t\t\t\t\t\t\t\t\t\t\t\n\t\t\t\n\t\t\t<li data-ajax-id=\"2507\" class=\"c-accordion__item \"\n\t\t\tdata-filter=\"att-ga-pa-skolan december-2023\"\n\t\t\t>\n\t\t\t\t<h3 class=\"c-accordion__header\">\n\t\t\t\t\t\t\t\t\t\t<button class=\"c-accordion__trigger u-py-sm u-px-fluid-md-xl u-font-title-4\">\n\t\t\t\t\t\t<span>Har skolan en elevk\u00e5r?<\/span>\n\t\t\t\t\t\t<svg class=\"ams-icon ams-icon__arrow-down\" width=\"24\" height=\"24\" viewbox=\"0 0 24 24\" fill=\"currentColor\" aria-hidden=\"true\" xmlns=\"http:\/\/www.w3.org\/2000\/svg\">\n\t\t\t\t\t\t\t\t\t\t\t\t\t<path d=\"m11.2033 18.4294-10.872894-10.67584c-.440539-.42594-.440539-1.1147 0-1.54065l.665495-.64345c.440539-.42595 1.152899-.42595 1.593439 0l9.41066 9.27114 9.4107-9.26207c.4405-.42595 1.1529-.42595 1.5934 0l.6655.64345c.4405.42594.4405 1.1147 0 1.54065l-10.8729 10.67587c-.4405.4168-1.1529.4168-1.5934-.0091z\"\/>\n\t\t\t\t\t\n\t\t\t\t\t\t<\/svg>\n\t\t\t\t\t<\/button>\n\t\t\t\t<\/h3>\n\t\t\t\t<div class=\"c-accordion__body l-stack u-font-body\">\n\t\t\t\t\t<div class=\"c-accordion__body__inner u-p-fluid-md-xl l-stack\">\n\t\t\t\t\t\t<p><span data-sheets-root=\"1\" data-sheets-value=\"{&quot;1&quot;:2,&quot;2&quot;:&quot;Skolan har flera elevf\u00f6reningar som jobbar aktivt f\u00f6r att skapa en bra st\u00e4mning p\u00e5 skolan. Vi vet att engagemang och gemenskap g\u00f6r din gymnasietid \u00e4nnu roligare. F\u00f6rutom elevk\u00e5ren kan du delta i v\u00e5rt fotbollslag, k\u00e4ka pizza med KLARA S\u00f6dra Social eller engagera dig i n\u00e5got av v\u00e5ra hj\u00e4lpande projekt under namnet \\&quot;after school matters\\&quot;. &quot;}\" data-sheets-userformat=\"{&quot;2&quot;:831,&quot;3&quot;:{&quot;1&quot;:0},&quot;4&quot;:{&quot;1&quot;:2,&quot;2&quot;:14281427},&quot;5&quot;:{&quot;1&quot;:[{&quot;1&quot;:2,&quot;2&quot;:0,&quot;5&quot;:{&quot;1&quot;:2,&quot;2&quot;:0}},{&quot;1&quot;:0,&quot;2&quot;:0,&quot;3&quot;:3},{&quot;1&quot;:1,&quot;2&quot;:0,&quot;4&quot;:1}]},&quot;6&quot;:{&quot;1&quot;:[{&quot;1&quot;:2,&quot;2&quot;:0,&quot;5&quot;:{&quot;1&quot;:2,&quot;2&quot;:0}},{&quot;1&quot;:0,&quot;2&quot;:0,&quot;3&quot;:3},{&quot;1&quot;:1,&quot;2&quot;:0,&quot;4&quot;:1}]},&quot;7&quot;:{&quot;1&quot;:[{&quot;1&quot;:2,&quot;2&quot;:0,&quot;5&quot;:{&quot;1&quot;:2,&quot;2&quot;:0}},{&quot;1&quot;:0,&quot;2&quot;:0,&quot;3&quot;:3},{&quot;1&quot;:1,&quot;2&quot;:0,&quot;4&quot;:1}]},&quot;8&quot;:{&quot;1&quot;:[{&quot;1&quot;:2,&quot;2&quot;:0,&quot;5&quot;:{&quot;1&quot;:2,&quot;2&quot;:0}},{&quot;1&quot;:0,&quot;2&quot;:0,&quot;3&quot;:3},{&quot;1&quot;:1,&quot;2&quot;:0,&quot;4&quot;:1}]},&quot;11&quot;:4,&quot;12&quot;:0}\">Skolan har flera elevf\u00f6reningar som jobbar aktivt f\u00f6r att skapa en bra st\u00e4mning p\u00e5 skolan. Vi vet att engagemang och gemenskap g\u00f6r din gymnasietid \u00e4nnu roligare. F\u00f6rutom elevk\u00e5ren kan du delta i v\u00e5rt fotbollslag, \u00e4ta pizza med KLARA Stockholm S\u00f6dra Social eller engagera dig i n\u00e5got av v\u00e5ra hj\u00e4lpande projekt under namnet &#8221;after school matters&#8221;. <\/span><\/p>\n\n\t\t\t\t\t<\/div>\n\t\t\t\t<\/div>\n\t\t\t<\/li>\n\t\t\n\t\t\t\t\t\t\t\t\t\t\t\t\t\t\t\n\t\t\t\n\t\t\t<li data-ajax-id=\"2502\" class=\"c-accordion__item \"\n\t\t\tdata-filter=\"att-ga-pa-skolan december-2023\"\n\t\t\t>\n\t\t\t\t<h3 class=\"c-accordion__header\">\n\t\t\t\t\t\t\t\t\t\t<button class=\"c-accordion__trigger u-py-sm u-px-fluid-md-xl u-font-title-4\">\n\t\t\t\t\t\t<span>Hur ser schemat ut?<\/span>\n\t\t\t\t\t\t<svg class=\"ams-icon ams-icon__arrow-down\" width=\"24\" height=\"24\" viewbox=\"0 0 24 24\" fill=\"currentColor\" aria-hidden=\"true\" xmlns=\"http:\/\/www.w3.org\/2000\/svg\">\n\t\t\t\t\t\t\t\t\t\t\t\t\t<path d=\"m11.2033 18.4294-10.872894-10.67584c-.440539-.42594-.440539-1.1147 0-1.54065l.665495-.64345c.440539-.42595 1.152899-.42595 1.593439 0l9.41066 9.27114 9.4107-9.26207c.4405-.42595 1.1529-.42595 1.5934 0l.6655.64345c.4405.42594.4405 1.1147 0 1.54065l-10.8729 10.67587c-.4405.4168-1.1529.4168-1.5934-.0091z\"\/>\n\t\t\t\t\t\n\t\t\t\t\t\t<\/svg>\n\t\t\t\t\t<\/button>\n\t\t\t\t<\/h3>\n\t\t\t\t<div class=\"c-accordion__body l-stack u-font-body\">\n\t\t\t\t\t<div class=\"c-accordion__body__inner u-p-fluid-md-xl l-stack\">\n\t\t\t\t\t\t<p><span data-sheets-root=\"1\" data-sheets-value=\"{&quot;1&quot;:2,&quot;2&quot;:&quot;Vi har schemalagda och l\u00e4rarledda lektioner varje dag. Lektionerna ligger mellan kl. 08:15 \u2013 16:00 men vissa dagar b\u00f6rjar du tidigt och slutar tidigt medan du andra dagar b\u00f6rjar och slutar lite senare. Vi har ett blockschema som ger dig l\u00e4ngre pass i vissa \u00e4mnen. Det ger d\u00e5 m\u00f6jlighet att hinna mer med som t ex studiebes\u00f6k, f\u00f6rel\u00e4sningar eller laborationer. \u00c4r det ett l\u00e4ngre lektionspass \u00e4r det alltid fler raster inbokade.&quot;}\" data-sheets-userformat=\"{&quot;2&quot;:831,&quot;3&quot;:{&quot;1&quot;:0},&quot;4&quot;:{&quot;1&quot;:2,&quot;2&quot;:14281427},&quot;5&quot;:{&quot;1&quot;:[{&quot;1&quot;:2,&quot;2&quot;:0,&quot;5&quot;:{&quot;1&quot;:2,&quot;2&quot;:0}},{&quot;1&quot;:0,&quot;2&quot;:0,&quot;3&quot;:3},{&quot;1&quot;:1,&quot;2&quot;:0,&quot;4&quot;:1}]},&quot;6&quot;:{&quot;1&quot;:[{&quot;1&quot;:2,&quot;2&quot;:0,&quot;5&quot;:{&quot;1&quot;:2,&quot;2&quot;:0}},{&quot;1&quot;:0,&quot;2&quot;:0,&quot;3&quot;:3},{&quot;1&quot;:1,&quot;2&quot;:0,&quot;4&quot;:1}]},&quot;7&quot;:{&quot;1&quot;:[{&quot;1&quot;:2,&quot;2&quot;:0,&quot;5&quot;:{&quot;1&quot;:2,&quot;2&quot;:0}},{&quot;1&quot;:0,&quot;2&quot;:0,&quot;3&quot;:3},{&quot;1&quot;:1,&quot;2&quot;:0,&quot;4&quot;:1}]},&quot;8&quot;:{&quot;1&quot;:[{&quot;1&quot;:2,&quot;2&quot;:0,&quot;5&quot;:{&quot;1&quot;:2,&quot;2&quot;:0}},{&quot;1&quot;:0,&quot;2&quot;:0,&quot;3&quot;:3},{&quot;1&quot;:1,&quot;2&quot;:0,&quot;4&quot;:1}]},&quot;11&quot;:4,&quot;12&quot;:0}\">Vi har schemalagda och l\u00e4rarledda lektioner varje dag. Lektionerna ligger mellan kl. 08:15 \u2013 16:00 men vissa dagar b\u00f6rjar du tidigt och slutar tidigt medan du andra dagar b\u00f6rjar och slutar lite senare. Vi har ett blockschema som ger dig l\u00e4ngre pass i vissa \u00e4mnen. Det ger d\u00e5 m\u00f6jlighet att hinna mer med som t ex studiebes\u00f6k, f\u00f6rel\u00e4sningar eller laborationer. \u00c4r det ett l\u00e4ngre lektionspass \u00e4r det alltid fler raster inbokade.<\/span><\/p>\n\n\t\t\t\t\t<\/div>\n\t\t\t\t<\/div>\n\t\t\t<\/li>\n\t\t\t<\/ul>\n\n\t<div class=\"no-results u-mt-0 u-hide\" data-filter-fallback-id=\"ams-faq-list-69f51399742a8\">\n\t<p>Det finns inga resultat som matchar din filtrering.<\/p>\n<\/div>\n\n\t    <div class=\"ams-faq__more u-inline-items js-load-more-btn\">\n        <button href=\"#\"\n                class=\"c-btn\"\n                data-style=\"round\"\n                data-size=\"md\"\n                data-width=\"full-mobile\"\n                data-variant=\"outline\">\n        \tVisa fler resultat\n        <\/button>\n    <\/div>\n\n\n\t\t\n\t\t\t<div class=\"ams-faq__action u-inline-items\">\n\t\t\t\t\t\t\t\n\n\n<a href=\"https:\/\/klaragymnasium.se\/sthlmsodra\/vanliga-fragor\"\n\t\n\tclass=\"c-btn \"\n\tdata-style=\"round\"\n\tdata-size=\"md\"\n\tdata-width=\"full-mobile\"\n\tdata-variant=\"outline\"\n\ttarget=\"_self\">\n\t\t\t<span class=\"label\"> Till vanliga fr\u00e5gor<\/span>\n\t\t\t<\/a>\n\t\t\t<\/div>\n\t<\/div>\n\n\t\t\n\n<\/section>\n\n\n\n\n<section  class=\"ams-usp c-block l-stacked\" data-color-scheme=\"usp-gra\">\n\t<div class=\"l-container l-stack l-stack-fluid-2xl u-pt-fluid-3xl-6xl u-pb-fluid-3xl-6xl is-center is-center@md\">\n\t\t\n\t\t\t<ul class=\"ams-usp__list l-grid u-justify-center u-gap-fluid-2xl-4xl\">\n\t\t\t\t\t<li class=\"l-col-6@md l-col-4@lg\">\n\t\t\t\t<article\n\t\t\t\t\tclass=\"\n\t\t\t\t\tc-card\n\t\t\t\t\thas-media-zoom\n\t\t\t\t\t\n\t\t\t\t\t\n\t\t\t\t\t\"\n\t\t\t\t\tdata-variant=\"neutral\"\n\t\t\t\t\tdata-style=\"square\"\n\t\t\t\t\t\n\t\t\t\t\t>\n\t\t\t\t\t\t\t\t\t\t\t<div class=\"c-card__content l-stack l-stack-sm u-text-center\">\n\t\t\t\t\t\t\t\t\t\t\t\t\t\t\t<h3 class=\"c-card__title u-font-title-3\">\n\t\t\t\t\t\t\t\t\t\t\t\t\t\t\t\t\t\t\t\t\t\t\t\t\t\t\t\t\t\tGODA RELATIONER\n\t\t\t\t\t\t\t\t\t\t\t\t\t\t\t\t\t\t\t\t\t\t\t\t\t\t\t<\/h3>\n\t\t\t\t\t\t\t\n\t\t\t\t\t\t\t\t\t\t\t\t\t\t\t<div class=\"c-card__text l-stack-xs u-font-body\">\n\t\t\t\t\t\t\t\t\t<p>Tillitsfulla relationer mellan l\u00e4rare och elever \u00f6kar elevernas trygghet och motivation.<\/p>\n\n\t\t\t\t\t\t\t\t<\/div>\n\t\t\t\t\t\t\t\t\t\t\t\t\t<\/div>\n\t\t\t\t\t\n\t\t\t\t\t<div class=\"c-card__media\">\n\t\t\t\t\t\t\t\t\t\t\t\t\t<img decoding=\"async\" width=\"200\" height=\"200\" src=\"https:\/\/klaragymnasium.se\/wp-content\/uploads\/sites\/12\/2023\/03\/klawebbikoner3-2.png\" class=\" u-ratio-landscape  ams_icon_size_usp-big\" alt=\"Grafiskt element\" srcset=\"https:\/\/klaragymnasium.se\/wp-content\/uploads\/sites\/12\/2023\/03\/klawebbikoner3-2.png 200w, https:\/\/klaragymnasium.se\/wp-content\/uploads\/sites\/12\/2023\/03\/klawebbikoner3-2-150x150.png 150w\" sizes=\"(max-width: 200px) 100vw, 200px\" \/>\n\t\t\t\t\t\t\t\t\t\t\t<\/div>\n\t\t\t\t<\/article>\n\t\t\t<\/li>\n\n\t\t\t\t\t<li class=\"l-col-6@md l-col-4@lg\">\n\t\t\t\t<article\n\t\t\t\t\tclass=\"\n\t\t\t\t\tc-card\n\t\t\t\t\thas-media-zoom\n\t\t\t\t\t\n\t\t\t\t\t\n\t\t\t\t\t\"\n\t\t\t\t\tdata-variant=\"neutral\"\n\t\t\t\t\tdata-style=\"square\"\n\t\t\t\t\t\n\t\t\t\t\t>\n\t\t\t\t\t\t\t\t\t\t\t<div class=\"c-card__content l-stack l-stack-sm u-text-center\">\n\t\t\t\t\t\t\t\t\t\t\t\t\t\t\t<h3 class=\"c-card__title u-font-title-3\">\n\t\t\t\t\t\t\t\t\t\t\t\t\t\t\t\t\t\t\t\t\t\t\t\t\t\t\t\t\t\tL\u00c4RARE MED UTVECKLINGSFOKUS\n\t\t\t\t\t\t\t\t\t\t\t\t\t\t\t\t\t\t\t\t\t\t\t\t\t\t\t<\/h3>\n\t\t\t\t\t\t\t\n\t\t\t\t\t\t\t\t\t\t\t\t\t\t\t<div class=\"c-card__text l-stack-xs u-font-body\">\n\t\t\t\t\t\t\t\t\t<p>V\u00e5ra l\u00e4rare utvecklar undervisningen tillsammans med kollegor, dig och din klass.<\/p>\n\n\t\t\t\t\t\t\t\t<\/div>\n\t\t\t\t\t\t\t\t\t\t\t\t\t<\/div>\n\t\t\t\t\t\n\t\t\t\t\t<div class=\"c-card__media\">\n\t\t\t\t\t\t\t\t\t\t\t\t\t<img decoding=\"async\" width=\"200\" height=\"200\" src=\"https:\/\/klaragymnasium.se\/wp-content\/uploads\/sites\/12\/2023\/04\/klawebbikoner2-2.png\" class=\" u-ratio-landscape  ams_icon_size_usp-big\" alt=\"Grafiskt element\" srcset=\"https:\/\/klaragymnasium.se\/wp-content\/uploads\/sites\/12\/2023\/04\/klawebbikoner2-2.png 200w, https:\/\/klaragymnasium.se\/wp-content\/uploads\/sites\/12\/2023\/04\/klawebbikoner2-2-150x150.png 150w\" sizes=\"(max-width: 200px) 100vw, 200px\" \/>\n\t\t\t\t\t\t\t\t\t\t\t<\/div>\n\t\t\t\t<\/article>\n\t\t\t<\/li>\n\n\t\t\t\t\t<li class=\"l-col-6@md l-col-4@lg\">\n\t\t\t\t<article\n\t\t\t\t\tclass=\"\n\t\t\t\t\tc-card\n\t\t\t\t\thas-media-zoom\n\t\t\t\t\t\n\t\t\t\t\t\n\t\t\t\t\t\"\n\t\t\t\t\tdata-variant=\"neutral\"\n\t\t\t\t\tdata-style=\"square\"\n\t\t\t\t\t\n\t\t\t\t\t>\n\t\t\t\t\t\t\t\t\t\t\t<div class=\"c-card__content l-stack l-stack-sm u-text-center\">\n\t\t\t\t\t\t\t\t\t\t\t\t\t\t\t<h3 class=\"c-card__title u-font-title-3\">\n\t\t\t\t\t\t\t\t\t\t\t\t\t\t\t\t\t\t\t\t\t\t\t\t\t\t\t\t\t\tSTUDIEFOKUS OCH STUDIETEKNIK\n\t\t\t\t\t\t\t\t\t\t\t\t\t\t\t\t\t\t\t\t\t\t\t\t\t\t\t<\/h3>\n\t\t\t\t\t\t\t\n\t\t\t\t\t\t\t\t\t\t\t\t\t\t\t<div class=\"c-card__text l-stack-xs u-font-body\">\n\t\t\t\t\t\t\t\t\t<p>Genom tydliga m\u00e5l, struktur och noggrann planering hj\u00e4lper vi dig att n\u00e5 din fulla<br \/>\npotential.<\/p>\n\n\t\t\t\t\t\t\t\t<\/div>\n\t\t\t\t\t\t\t\t\t\t\t\t\t<\/div>\n\t\t\t\t\t\n\t\t\t\t\t<div class=\"c-card__media\">\n\t\t\t\t\t\t\t\t\t\t\t\t\t<img decoding=\"async\" width=\"200\" height=\"200\" src=\"https:\/\/klaragymnasium.se\/wp-content\/uploads\/sites\/12\/2023\/03\/klawebbikoner1-2.png\" class=\" u-ratio-landscape  ams_icon_size_usp-big\" alt=\"Grafiskt element\" srcset=\"https:\/\/klaragymnasium.se\/wp-content\/uploads\/sites\/12\/2023\/03\/klawebbikoner1-2.png 200w, https:\/\/klaragymnasium.se\/wp-content\/uploads\/sites\/12\/2023\/03\/klawebbikoner1-2-150x150.png 150w\" sizes=\"(max-width: 200px) 100vw, 200px\" \/>\n\t\t\t\t\t\t\t\t\t\t\t<\/div>\n\t\t\t\t<\/article>\n\t\t\t<\/li>\n\n\t\t\t<\/ul>\n\n\t\t\t<\/div>\n\n\t\t\n\n<\/section>\n\n\n\n\t\n\t\n\t\n\n\t\n\t\n\t\t\n<section  class=\"c-block l-stacked  \" data-color-scheme=\"vit\">\n\t<div class=\"ams-fifty ams-fifty--container ams-fifty--right ams-fifty--top l-container u-pt-fluid-3xl-6xl u-pb-fluid-3xl-6xl\">\n\t\t<div class=\"ams-fifty__content l-stack l-stack-xl is-center is-left@lg\">\n\t\t\t<div class=\"ams-fifty__text l-stack l-stack-lg\">\n\t\t\t\t\t\n\t<h2\n\tclass=\"c-heading u-font-title-1 \"\n\tstyle=\"\">\n\t\t\n\t\t\t\t\tElevk\u00e5r\n\t\t\t\t\n\t<\/h2>\n\n\t\t\t\t\t\t\t\t\t<div class=\"text l-stack u-font-body\">\n\t\t\t\t\t\t<p style=\"text-align: left;\">Gymnasietiden p\u00e5 KLARA handlar om mer \u00e4n studier \u2013 h\u00e4r f\u00e5r du en chans att utvecklas socialt och personligt. V\u00e5ra elevk\u00e5rer arbetar aktivt f\u00f6r att skapa aktiviteter som st\u00e4rker sammanh\u00e5llningen och ger dig en upplevelse fylld av gemenskap och gl\u00e4dje.<\/p>\n\n\t\t\t\t\t<\/div>\n\t\t\t\t\t\t\t<\/div>\n\n\t\t\t\t<div class=\"ams-fifty__action u-inline-items\">\n\t\t\t\t\t\t\t\n\n\n<a href=\"https:\/\/www.instagram.com\/klarasodraelevkar\/\"\n\t\n\tclass=\"c-btn \"\n\tdata-style=\"round\"\n\tdata-size=\"md\"\n\tdata-width=\"full-mobile\"\n\tdata-variant=\"default\"\n\ttarget=\"_blank\">\n\t\t\t<span class=\"label\"> Instagram<\/span>\n\t\t\t<\/a>\n\t\t\t<\/div>\n\t\t<\/div>\n\n\t\t <div class=\"ams-fifty__media u-ratio-widescreen\">\n\t\t \t\t\t\t\t<img decoding=\"async\" width=\"600\" height=\"600\" src=\"https:\/\/klaragymnasium.se\/wp-content\/uploads\/sites\/12\/2023\/04\/stockholm-campus-sodermalm-600x600.jpg\" class=\"attachment-md size-md\" alt=\"Elever umg\u00e5s i skolans gemensamma lokaler\" sizes=\"(min-width: 64em) 600px, calc(100vw - 160px)\" srcset=\"https:\/\/klaragymnasium.se\/wp-content\/uploads\/sites\/12\/2023\/04\/stockholm-campus-sodermalm-600x600.jpg 600w, https:\/\/klaragymnasium.se\/wp-content\/uploads\/sites\/12\/2023\/04\/stockholm-campus-sodermalm-150x150.jpg 150w, https:\/\/klaragymnasium.se\/wp-content\/uploads\/sites\/12\/2023\/04\/stockholm-campus-sodermalm-300x300.jpg 300w, https:\/\/klaragymnasium.se\/wp-content\/uploads\/sites\/12\/2023\/04\/stockholm-campus-sodermalm-400x400.jpg 400w, https:\/\/klaragymnasium.se\/wp-content\/uploads\/sites\/12\/2023\/04\/stockholm-campus-sodermalm-800x800.jpg 800w, https:\/\/klaragymnasium.se\/wp-content\/uploads\/sites\/12\/2023\/04\/stockholm-campus-sodermalm-1024x1024.jpg 1024w, https:\/\/klaragymnasium.se\/wp-content\/uploads\/sites\/12\/2023\/04\/stockholm-campus-sodermalm.jpg 1080w\" \/>\n\t\t\t\n\t\t\t\n\t\t\t\t\t<\/div>\n\t<\/div>\n\n\t\t\n\n<\/section>\n\n\n\n\n<section  class=\"ams-info-card c-block l-stacked\" data-color-scheme=\"info-card\">\n\t<div class=\"l-container l-stack l-stack-fluid-2xl u-pt-fluid-3xl-6xl u-pb-fluid-3xl-6xl is-center is-center@md\">\n\t\t\t\t\t<div class=\"ams-info-card__intro l-stack l-stack-lg\">\n\t\t\t\t\t\n\t<h2\n\tclass=\"c-heading u-font-title-1 \"\n\tstyle=\"\">\n\t\t\n\t\t\t\t\tMer om KLARA Stockholm S\u00f6dra\n\t\t\t\t\n\t<\/h2>\n\n\t\t\t\t\t\t\t<\/div>\n\t\t\n\t\t\t\t\t\n<ul class=\"ams-info-card__list l-grid u-gap-2xl\">\n\t\t\t<li class=\"l-col-6@md l-col-4@lg\">\n\t\t\t<article\n\t\t\t\tclass=\"\n\t\t\t\tc-card\n\t\t\t\t\n\t\t\t\thas-media-zoom\n\t\t\t\t\n\t\t\t\t\"\n\t\t\t\tdata-variant=\"space\"\n\t\t\t\tdata-style=\"square\"\n\t\t\t\t data-click-area\n\t\t\t\t\n\t\t\t\t\n\t\t\t\t>\n\t\t\t\t<div class=\"c-card__content l-stack l-stack-sm is-left is-left@md\">\n\t\t\t\t\t\t\t\t\t\t\t<h3 class=\"c-card__title u-font-title-3\">\n\t\t\t\t\t\t\t\t\t\t\t\t\t\t\t<a class=\"c-card__link\" href=\"https:\/\/klaragymnasium.se\/sthlmsodra\/kontakta-oss\/\" target=\"_self\">\n\t\t\t\t\t\t\t\t\tKontakta oss\n\t\t\t\t\t\t\t\t<\/a>\n\t\t\t\t\t\t\t\t\t\t\t\t\t<\/h3>\n\t\t\t\t\t\n\t\t\t\t\t\t\t\t\t\t\t<div class=\"c-card__text l-stack-xs u-font-body\">\n\t\t\t\t\t\t\t<p>Har du n\u00e5gra fr\u00e5gor om v\u00e5ra verksamheter till v\u00e5r ledning? Klicka dig vidare f\u00f6r att kontakta oss.<\/p>\n\n\t\t\t\t\t\t<\/div>\n\t\t\t\t\t\n\t\t\t\t\t\t\t\t\t\t\t<div class=\"c-card__icon c-card__icon--nl\">\n\t\t\t\t\t\t\t\t\t\t\t\t\t\t<svg class=\"ams-icon ams-icon--arrow-right\" width=\"32\" height=\"32\" viewbox=\"0 0 32 32\" fill=\"currentColor\" aria-hidden=\"true\" xmlns=\"http:\/\/www.w3.org\/2000\/svg\">\n\t\t\t\t\t\t\t\t\t\t\t\t\t\t\t\t<path d=\"M15.4617 0.252159L14.9567 0.75931C14.6219 1.09545 14.6219 1.64048 14.9567 1.97669L27.7062 14.7806H0.857144C0.383786 14.7806 0 15.166 0 15.6414V16.3587C0 16.8341 0.383786 17.2195 0.857144 17.2195H27.7062L14.9567 30.0234C14.6219 30.3595 14.6219 30.9045 14.9567 31.2407L15.4617 31.7479C15.7964 32.084 16.3392 32.084 16.6739 31.7479L31.749 16.6087C32.0837 16.2725 32.0837 15.7275 31.749 15.3913L16.6739 0.252159C16.3392 -0.084053 15.7964 -0.084053 15.4617 0.252159Z\"\/>\n\t\t\t\t\t\t\t\n\t\t\t\t\t\t\t<\/svg>\n\t\t\t\t\t\t<\/div>\n\t\t\t\t\t\t\t\t\t<\/div>\n\n\t\t\t\t\t\t\t\t\t<div class=\"c-card__media \" style=\" \">\n\t\t\t\t\t\t<img decoding=\"async\" width=\"400\" height=\"400\" src=\"https:\/\/klaragymnasium.se\/wp-content\/uploads\/sites\/12\/2023\/04\/klasollentunalasarstider1080x10805-400x400.jpg\" class=\"\" alt=\"Elever utanf\u00f6r skolan\" sizes=\"(min-width: 64em) 300px, (min-width: 48em) calc(.50 * (100vw - 304px)), calc(100vw - 208px)\" srcset=\"https:\/\/klaragymnasium.se\/wp-content\/uploads\/sites\/12\/2023\/04\/klasollentunalasarstider1080x10805-400x400.jpg 400w, https:\/\/klaragymnasium.se\/wp-content\/uploads\/sites\/12\/2023\/04\/klasollentunalasarstider1080x10805-150x150.jpg 150w, https:\/\/klaragymnasium.se\/wp-content\/uploads\/sites\/12\/2023\/04\/klasollentunalasarstider1080x10805-300x300.jpg 300w, https:\/\/klaragymnasium.se\/wp-content\/uploads\/sites\/12\/2023\/04\/klasollentunalasarstider1080x10805-600x600.jpg 600w, https:\/\/klaragymnasium.se\/wp-content\/uploads\/sites\/12\/2023\/04\/klasollentunalasarstider1080x10805-800x800.jpg 800w, https:\/\/klaragymnasium.se\/wp-content\/uploads\/sites\/12\/2023\/04\/klasollentunalasarstider1080x10805-1024x1024.jpg 1024w, https:\/\/klaragymnasium.se\/wp-content\/uploads\/sites\/12\/2023\/04\/klasollentunalasarstider1080x10805.jpg 1080w\" \/>\n\t\t\t\t\t<\/div>\n\t\t\t\t\t\t\t<\/article>\n\t\t<\/li>\n\t\t\t<li class=\"l-col-6@md l-col-4@lg\">\n\t\t\t<article\n\t\t\t\tclass=\"\n\t\t\t\tc-card\n\t\t\t\t\n\t\t\t\thas-media-zoom\n\t\t\t\t\n\t\t\t\t\"\n\t\t\t\tdata-variant=\"space\"\n\t\t\t\tdata-style=\"square\"\n\t\t\t\t data-click-area\n\t\t\t\t\n\t\t\t\t\n\t\t\t\t>\n\t\t\t\t<div class=\"c-card__content l-stack l-stack-sm is-left is-left@md\">\n\t\t\t\t\t\t\t\t\t\t\t<h3 class=\"c-card__title u-font-title-3\">\n\t\t\t\t\t\t\t\t\t\t\t\t\t\t\t<a class=\"c-card__link\" href=\"https:\/\/klaragymnasium.se\/sthlmsodra\/var-skola\/elevhalsa\/\" target=\"_self\">\n\t\t\t\t\t\t\t\t\tElevh\u00e4lsa\n\t\t\t\t\t\t\t\t<\/a>\n\t\t\t\t\t\t\t\t\t\t\t\t\t<\/h3>\n\t\t\t\t\t\n\t\t\t\t\t\t\t\t\t\t\t<div class=\"c-card__text l-stack-xs u-font-body\">\n\t\t\t\t\t\t\t<p>Din h\u00e4lsa \u00e4r viktig! Beh\u00f6ver du komma i kontakt med elevh\u00e4lsoteamet? H\u00e4r kan du l\u00e4sa mer om v\u00e5rt elevh\u00e4lsoarbete.<\/p>\n\n\t\t\t\t\t\t<\/div>\n\t\t\t\t\t\n\t\t\t\t\t\t\t\t\t\t\t<div class=\"c-card__icon c-card__icon--nl\">\n\t\t\t\t\t\t\t\t\t\t\t\t\t\t<svg class=\"ams-icon ams-icon--arrow-right\" width=\"32\" height=\"32\" viewbox=\"0 0 32 32\" fill=\"currentColor\" aria-hidden=\"true\" xmlns=\"http:\/\/www.w3.org\/2000\/svg\">\n\t\t\t\t\t\t\t\t\t\t\t\t\t\t\t\t<path d=\"M15.4617 0.252159L14.9567 0.75931C14.6219 1.09545 14.6219 1.64048 14.9567 1.97669L27.7062 14.7806H0.857144C0.383786 14.7806 0 15.166 0 15.6414V16.3587C0 16.8341 0.383786 17.2195 0.857144 17.2195H27.7062L14.9567 30.0234C14.6219 30.3595 14.6219 30.9045 14.9567 31.2407L15.4617 31.7479C15.7964 32.084 16.3392 32.084 16.6739 31.7479L31.749 16.6087C32.0837 16.2725 32.0837 15.7275 31.749 15.3913L16.6739 0.252159C16.3392 -0.084053 15.7964 -0.084053 15.4617 0.252159Z\"\/>\n\t\t\t\t\t\t\t\n\t\t\t\t\t\t\t<\/svg>\n\t\t\t\t\t\t<\/div>\n\t\t\t\t\t\t\t\t\t<\/div>\n\n\t\t\t\t\t\t\t\t\t<div class=\"c-card__media \" style=\" \">\n\t\t\t\t\t\t<img decoding=\"async\" width=\"400\" height=\"400\" src=\"https:\/\/klaragymnasium.se\/wp-content\/uploads\/sites\/12\/2023\/03\/klakarlstadelevhalsa1080x1080-1-400x400.jpg\" class=\"\" alt=\"Elever umg\u00e5s i en korridor\" sizes=\"(min-width: 64em) 300px, (min-width: 48em) calc(.50 * (100vw - 304px)), calc(100vw - 208px)\" srcset=\"https:\/\/klaragymnasium.se\/wp-content\/uploads\/sites\/12\/2023\/03\/klakarlstadelevhalsa1080x1080-1-400x400.jpg 400w, https:\/\/klaragymnasium.se\/wp-content\/uploads\/sites\/12\/2023\/03\/klakarlstadelevhalsa1080x1080-1-150x150.jpg 150w, https:\/\/klaragymnasium.se\/wp-content\/uploads\/sites\/12\/2023\/03\/klakarlstadelevhalsa1080x1080-1-300x300.jpg 300w, https:\/\/klaragymnasium.se\/wp-content\/uploads\/sites\/12\/2023\/03\/klakarlstadelevhalsa1080x1080-1-600x600.jpg 600w, https:\/\/klaragymnasium.se\/wp-content\/uploads\/sites\/12\/2023\/03\/klakarlstadelevhalsa1080x1080-1-800x800.jpg 800w, https:\/\/klaragymnasium.se\/wp-content\/uploads\/sites\/12\/2023\/03\/klakarlstadelevhalsa1080x1080-1-1024x1024.jpg 1024w, https:\/\/klaragymnasium.se\/wp-content\/uploads\/sites\/12\/2023\/03\/klakarlstadelevhalsa1080x1080-1.jpg 1080w\" \/>\n\t\t\t\t\t<\/div>\n\t\t\t\t\t\t\t<\/article>\n\t\t<\/li>\n\t\t\t<li class=\"l-col-6@md l-col-4@lg\">\n\t\t\t<article\n\t\t\t\tclass=\"\n\t\t\t\tc-card\n\t\t\t\t\n\t\t\t\thas-media-zoom\n\t\t\t\t\n\t\t\t\t\"\n\t\t\t\tdata-variant=\"space\"\n\t\t\t\tdata-style=\"square\"\n\t\t\t\t data-click-area\n\t\t\t\t\n\t\t\t\t\n\t\t\t\t>\n\t\t\t\t<div class=\"c-card__content l-stack l-stack-sm is-left is-left@md\">\n\t\t\t\t\t\t\t\t\t\t\t<h3 class=\"c-card__title u-font-title-3\">\n\t\t\t\t\t\t\t\t\t\t\t\t\t\t\t<a class=\"c-card__link\" href=\"https:\/\/klaragymnasium.se\/sthlmsodra\/vart-kvalitetsarbete\/vara-kvalitetsresultat\/\" target=\"_self\">\n\t\t\t\t\t\t\t\t\tKvalitet\n\t\t\t\t\t\t\t\t<\/a>\n\t\t\t\t\t\t\t\t\t\t\t\t\t<\/h3>\n\t\t\t\t\t\n\t\t\t\t\t\t\t\t\t\t\t<div class=\"c-card__text l-stack-xs u-font-body\">\n\t\t\t\t\t\t\t<p>Ta del av v\u00e5ra kvalitetsrapporter fr\u00e5n skola och huvudman f\u00f6r insyn i v\u00e5rt arbete med utbildningskvaliteten p\u00e5 v\u00e5ra skolor.<\/p>\n\n\t\t\t\t\t\t<\/div>\n\t\t\t\t\t\n\t\t\t\t\t\t\t\t\t\t\t<div class=\"c-card__icon c-card__icon--nl\">\n\t\t\t\t\t\t\t\t\t\t\t\t\t\t<svg class=\"ams-icon ams-icon--arrow-right\" width=\"32\" height=\"32\" viewbox=\"0 0 32 32\" fill=\"currentColor\" aria-hidden=\"true\" xmlns=\"http:\/\/www.w3.org\/2000\/svg\">\n\t\t\t\t\t\t\t\t\t\t\t\t\t\t\t\t<path d=\"M15.4617 0.252159L14.9567 0.75931C14.6219 1.09545 14.6219 1.64048 14.9567 1.97669L27.7062 14.7806H0.857144C0.383786 14.7806 0 15.166 0 15.6414V16.3587C0 16.8341 0.383786 17.2195 0.857144 17.2195H27.7062L14.9567 30.0234C14.6219 30.3595 14.6219 30.9045 14.9567 31.2407L15.4617 31.7479C15.7964 32.084 16.3392 32.084 16.6739 31.7479L31.749 16.6087C32.0837 16.2725 32.0837 15.7275 31.749 15.3913L16.6739 0.252159C16.3392 -0.084053 15.7964 -0.084053 15.4617 0.252159Z\"\/>\n\t\t\t\t\t\t\t\n\t\t\t\t\t\t\t<\/svg>\n\t\t\t\t\t\t<\/div>\n\t\t\t\t\t\t\t\t\t<\/div>\n\n\t\t\t\t\t\t\t\t\t<div class=\"c-card__media \" style=\" \">\n\t\t\t\t\t\t<img decoding=\"async\" width=\"400\" height=\"400\" src=\"https:\/\/klaragymnasium.se\/wp-content\/uploads\/sites\/12\/2023\/03\/kvalitetsresultat-klara-gymnasium-400x400.jpg\" class=\"\" alt=\"Elever studerar med sina datorer\" sizes=\"(min-width: 64em) 300px, (min-width: 48em) calc(.50 * (100vw - 304px)), calc(100vw - 208px)\" srcset=\"https:\/\/klaragymnasium.se\/wp-content\/uploads\/sites\/12\/2023\/03\/kvalitetsresultat-klara-gymnasium-400x400.jpg 400w, https:\/\/klaragymnasium.se\/wp-content\/uploads\/sites\/12\/2023\/03\/kvalitetsresultat-klara-gymnasium-150x150.jpg 150w, https:\/\/klaragymnasium.se\/wp-content\/uploads\/sites\/12\/2023\/03\/kvalitetsresultat-klara-gymnasium-300x300.jpg 300w, https:\/\/klaragymnasium.se\/wp-content\/uploads\/sites\/12\/2023\/03\/kvalitetsresultat-klara-gymnasium-600x600.jpg 600w, https:\/\/klaragymnasium.se\/wp-content\/uploads\/sites\/12\/2023\/03\/kvalitetsresultat-klara-gymnasium-800x800.jpg 800w, https:\/\/klaragymnasium.se\/wp-content\/uploads\/sites\/12\/2023\/03\/kvalitetsresultat-klara-gymnasium-1024x1024.jpg 1024w, https:\/\/klaragymnasium.se\/wp-content\/uploads\/sites\/12\/2023\/03\/kvalitetsresultat-klara-gymnasium.jpg 1080w\" \/>\n\t\t\t\t\t<\/div>\n\t\t\t\t\t\t\t<\/article>\n\t\t<\/li>\n\t<\/ul>\n\t\n\t\t\t<\/div>\n\n\t\t\n\n<\/section>\n","protected":false},"excerpt":{"rendered":"","protected":false},"author":5,"featured_media":0,"parent":0,"menu_order":0,"comment_status":"closed","ping_status":"closed","template":"","meta":{"footnotes":""},"yoast_head":"<!-- This site is optimized with the Yoast SEO plugin v22.0 - https:\/\/yoast.com\/wordpress\/plugins\/seo\/ -->\n<title>V\u00e5r skola - Klara Gymnasium Stockholm S\u00f6dra<\/title>\n<meta name=\"description\" content=\"Starta din edyoucation p\u00e5 Klara Teoretiska Gymnasium Stockholm S\u00f6dra \u2013 d\u00e4r varje elev blir sedd och f\u00f6rberedd\" \/>\n<meta name=\"robots\" content=\"index, follow, max-snippet:-1, max-image-preview:large, max-video-preview:-1\" \/>\n<link rel=\"canonical\" href=\"https:\/\/klaragymnasium.se\/sthlmsodra\/var-skola\/\" \/>\n<meta property=\"og:locale\" content=\"sv_SE\" \/>\n<meta property=\"og:type\" content=\"article\" \/>\n<meta property=\"og:title\" content=\"V\u00e5r skola - Klara Gymnasium Stockholm S\u00f6dra\" \/>\n<meta property=\"og:description\" content=\"Starta din edyoucation p\u00e5 Klara Teoretiska Gymnasium Stockholm S\u00f6dra \u2013 d\u00e4r varje elev blir sedd och f\u00f6rberedd\" \/>\n<meta property=\"og:url\" content=\"https:\/\/klaragymnasium.se\/sthlmsodra\/var-skola\/\" \/>\n<meta property=\"og:site_name\" content=\"Stockholm S\u00f6dra\" \/>\n<meta property=\"article:modified_time\" content=\"2026-01-30T09:11:31+00:00\" \/>\n<meta name=\"twitter:card\" content=\"summary_large_image\" \/>\n<meta name=\"twitter:title\" content=\"V\u00e5r skola - Klara Gymnasium Stockholm S\u00f6dra\" \/>\n<meta name=\"twitter:description\" content=\"Starta din edyoucation p\u00e5 Klara Teoretiska Gymnasium Stockholm S\u00f6dra \u2013 d\u00e4r varje elev blir sedd och f\u00f6rberedd\" \/>\n<meta name=\"twitter:label1\" content=\"Est. reading time\" \/>\n\t<meta name=\"twitter:data1\" content=\"3 minuter\" \/>\n<script type=\"application\/ld+json\" class=\"yoast-schema-graph\">{\"@context\":\"https:\/\/schema.org\",\"@graph\":[{\"@type\":\"WebPage\",\"@id\":\"https:\/\/klaragymnasium.se\/sthlmsodra\/var-skola\/\",\"url\":\"https:\/\/klaragymnasium.se\/sthlmsodra\/var-skola\/\",\"name\":\"V\u00e5r skola - Klara Gymnasium Stockholm S\u00f6dra\",\"isPartOf\":{\"@id\":\"https:\/\/klaragymnasium.se\/sthlmsodra\/#website\"},\"datePublished\":\"2023-03-03T14:28:56+00:00\",\"dateModified\":\"2026-01-30T09:11:31+00:00\",\"description\":\"Starta din edyoucation p\u00e5 Klara Teoretiska Gymnasium Stockholm S\u00f6dra \u2013 d\u00e4r varje elev blir sedd och f\u00f6rberedd\",\"breadcrumb\":{\"@id\":\"https:\/\/klaragymnasium.se\/sthlmsodra\/var-skola\/#breadcrumb\"},\"inLanguage\":\"sv-SE\",\"potentialAction\":[{\"@type\":\"ReadAction\",\"target\":[\"https:\/\/klaragymnasium.se\/sthlmsodra\/var-skola\/\"]}]},{\"@type\":\"BreadcrumbList\",\"@id\":\"https:\/\/klaragymnasium.se\/sthlmsodra\/var-skola\/#breadcrumb\",\"itemListElement\":[{\"@type\":\"ListItem\",\"position\":1,\"name\":\"Start\",\"item\":\"https:\/\/klaragymnasium.se\/sthlmsodra\/\"},{\"@type\":\"ListItem\",\"position\":2,\"name\":\"V\u00e5r skola\"}]},{\"@type\":\"WebSite\",\"@id\":\"https:\/\/klaragymnasium.se\/sthlmsodra\/#website\",\"url\":\"https:\/\/klaragymnasium.se\/sthlmsodra\/\",\"name\":\"Stockholm S\u00f6dra\",\"description\":\"Just another WordPress site\",\"potentialAction\":[{\"@type\":\"SearchAction\",\"target\":{\"@type\":\"EntryPoint\",\"urlTemplate\":\"https:\/\/klaragymnasium.se\/sthlmsodra\/?s={search_term_string}\"},\"query-input\":\"required name=search_term_string\"}],\"inLanguage\":\"sv-SE\"}]}<\/script>\n<!-- \/ Yoast SEO plugin. -->","yoast_head_json":{"title":"V\u00e5r skola - Klara Gymnasium Stockholm S\u00f6dra","description":"Starta din edyoucation p\u00e5 Klara Teoretiska Gymnasium Stockholm S\u00f6dra \u2013 d\u00e4r varje elev blir sedd och f\u00f6rberedd","robots":{"index":"index","follow":"follow","max-snippet":"max-snippet:-1","max-image-preview":"max-image-preview:large","max-video-preview":"max-video-preview:-1"},"canonical":"https:\/\/klaragymnasium.se\/sthlmsodra\/var-skola\/","og_locale":"sv_SE","og_type":"article","og_title":"V\u00e5r skola - Klara Gymnasium Stockholm S\u00f6dra","og_description":"Starta din edyoucation p\u00e5 Klara Teoretiska Gymnasium Stockholm S\u00f6dra \u2013 d\u00e4r varje elev blir sedd och f\u00f6rberedd","og_url":"https:\/\/klaragymnasium.se\/sthlmsodra\/var-skola\/","og_site_name":"Stockholm S\u00f6dra","article_modified_time":"2026-01-30T09:11:31+00:00","twitter_card":"summary_large_image","twitter_title":"V\u00e5r skola - Klara Gymnasium Stockholm S\u00f6dra","twitter_description":"Starta din edyoucation p\u00e5 Klara Teoretiska Gymnasium Stockholm S\u00f6dra \u2013 d\u00e4r varje elev blir sedd och f\u00f6rberedd","twitter_misc":{"Est. reading time":"3 minuter"},"schema":{"@context":"https:\/\/schema.org","@graph":[{"@type":"WebPage","@id":"https:\/\/klaragymnasium.se\/sthlmsodra\/var-skola\/","url":"https:\/\/klaragymnasium.se\/sthlmsodra\/var-skola\/","name":"V\u00e5r skola - Klara Gymnasium Stockholm S\u00f6dra","isPartOf":{"@id":"https:\/\/klaragymnasium.se\/sthlmsodra\/#website"},"datePublished":"2023-03-03T14:28:56+00:00","dateModified":"2026-01-30T09:11:31+00:00","description":"Starta din edyoucation p\u00e5 Klara Teoretiska Gymnasium Stockholm S\u00f6dra \u2013 d\u00e4r varje elev blir sedd och f\u00f6rberedd","breadcrumb":{"@id":"https:\/\/klaragymnasium.se\/sthlmsodra\/var-skola\/#breadcrumb"},"inLanguage":"sv-SE","potentialAction":[{"@type":"ReadAction","target":["https:\/\/klaragymnasium.se\/sthlmsodra\/var-skola\/"]}]},{"@type":"BreadcrumbList","@id":"https:\/\/klaragymnasium.se\/sthlmsodra\/var-skola\/#breadcrumb","itemListElement":[{"@type":"ListItem","position":1,"name":"Start","item":"https:\/\/klaragymnasium.se\/sthlmsodra\/"},{"@type":"ListItem","position":2,"name":"V\u00e5r skola"}]},{"@type":"WebSite","@id":"https:\/\/klaragymnasium.se\/sthlmsodra\/#website","url":"https:\/\/klaragymnasium.se\/sthlmsodra\/","name":"Stockholm S\u00f6dra","description":"Just another WordPress site","potentialAction":[{"@type":"SearchAction","target":{"@type":"EntryPoint","urlTemplate":"https:\/\/klaragymnasium.se\/sthlmsodra\/?s={search_term_string}"},"query-input":"required name=search_term_string"}],"inLanguage":"sv-SE"}]}},"_links":{"self":[{"href":"https:\/\/klaragymnasium.se\/sthlmsodra\/wp-json\/wp\/v2\/pages\/412"}],"collection":[{"href":"https:\/\/klaragymnasium.se\/sthlmsodra\/wp-json\/wp\/v2\/pages"}],"about":[{"href":"https:\/\/klaragymnasium.se\/sthlmsodra\/wp-json\/wp\/v2\/types\/page"}],"author":[{"embeddable":true,"href":"https:\/\/klaragymnasium.se\/sthlmsodra\/wp-json\/wp\/v2\/users\/5"}],"replies":[{"embeddable":true,"href":"https:\/\/klaragymnasium.se\/sthlmsodra\/wp-json\/wp\/v2\/comments?post=412"}],"version-history":[{"count":10,"href":"https:\/\/klaragymnasium.se\/sthlmsodra\/wp-json\/wp\/v2\/pages\/412\/revisions"}],"predecessor-version":[{"id":3190,"href":"https:\/\/klaragymnasium.se\/sthlmsodra\/wp-json\/wp\/v2\/pages\/412\/revisions\/3190"}],"wp:attachment":[{"href":"https:\/\/klaragymnasium.se\/sthlmsodra\/wp-json\/wp\/v2\/media?parent=412"}],"curies":[{"name":"wp","href":"https:\/\/api.w.org\/{rel}","templated":true}]}}