{"id":963,"date":"2023-03-28T15:58:35","date_gmt":"2023-03-28T13:58:35","guid":{"rendered":"https:\/\/klaragymnasium.se\/sthlmostra\/?p=963"},"modified":"2026-04-08T15:04:35","modified_gmt":"2026-04-08T13:04:35","slug":"naturvetenskapsprogrammet","status":"publish","type":"program_orientation","link":"https:\/\/klaragymnasium.se\/sthlmostra\/program\/naturvetenskapsprogrammet\/","title":{"rendered":"Naturvetenskaps&shy;programmet"},"content":{"rendered":"\n\t\n\t\n\t\n\n\t\n\t\n\t\t\n<section  class=\"c-block l-stacked  \" data-color-scheme=\"gra\">\n\t<div class=\"ams-fifty ams-fifty--container ams-fifty--right ams-fifty--bottom l-container u-pt-fluid-2xl-4xl u-pb-fluid-2xl-4xl\">\n\t\t<div class=\"ams-fifty__content l-stack l-stack-xl is-left is-left@lg\">\n\t\t\t<div class=\"ams-fifty__text l-stack l-stack-lg\">\n\t\t\t\t\t\n\t<h1\n\tclass=\"c-heading u-font-title-1 \"\n\tstyle=\"\">\n\t\t\n\t\t\t\t\t\t\t\t\tNaturvetenskaps\u00ad\u00adprogrammet\n\t\t\t\t<span class=\"c-heading__sub is-below u-font-title-3\">\n\t\t\t\t\tp\u00e5 KLARA Stockholm \u00d6stra\n\t\t\t\t<\/span>\n\t\t\t\t\t\t\t\n\t<\/h1>\n\n\t\t\t\t\t\t\t\t\t<div class=\"text l-stack u-font-body\">\n\t\t\t\t\t\t<p>\u00c4r du nyfiken och vill vara med och hitta nya l\u00f6sningar f\u00f6r framtiden? Ser du en framtid som l\u00e4kare, veterin\u00e4r, biolog eller kanske forskare? D\u00e5 \u00e4r Naturvetenskapsprogrammet p\u00e5 Klara Teoretiska Gymnasium Stockholm \u00d6stra n\u00e5got f\u00f6r dig. V\u00e5r gymnasieskola ligger p\u00e5 G\u00e4rdet i Stockholm.<\/p>\n\n\t\t\t\t\t<\/div>\n\t\t\t\t\t\t\t<\/div>\n\n\t\t\t\t<div class=\"ams-fifty__action u-inline-items\">\n\t\t\t\t\t\t\t\n\n\n<a href=\"https:\/\/klaragymnasium.se\/sthlmostra\/oppet-hus\/\"\n\t\n\tclass=\"c-btn \"\n\tdata-style=\"round\"\n\tdata-size=\"md\"\n\tdata-width=\"full-mobile\"\n\tdata-variant=\"default\"\n\ttarget=\"_self\">\n\t\t\t<span class=\"label\"> Bes\u00f6k \u00d6ppet hus <\/span>\n\t\t\t<\/a>\n\t\t\t<\/div>\n\t\t<\/div>\n\n\t\t <div class=\"ams-fifty__media u-ratio-landscape\">\n\t\t \t\t\t\t\t<img decoding=\"async\" width=\"600\" height=\"400\" src=\"https:\/\/klaragymnasium.se\/wp-content\/uploads\/sites\/5\/2025\/07\/klaostra202505-202905webb86-600x400.jpg\" class=\"attachment-md size-md\" alt=\"Tv\u00e5 elever l\u00e4ser en bok i vita labbrockar.\" sizes=\"(min-width: 64em) 600px, calc(100vw - 160px)\" srcset=\"https:\/\/klaragymnasium.se\/wp-content\/uploads\/sites\/5\/2025\/07\/klaostra202505-202905webb86-600x400.jpg 600w, https:\/\/klaragymnasium.se\/wp-content\/uploads\/sites\/5\/2025\/07\/klaostra202505-202905webb86-300x200.jpg 300w, https:\/\/klaragymnasium.se\/wp-content\/uploads\/sites\/5\/2025\/07\/klaostra202505-202905webb86-400x267.jpg 400w, https:\/\/klaragymnasium.se\/wp-content\/uploads\/sites\/5\/2025\/07\/klaostra202505-202905webb86-800x533.jpg 800w, https:\/\/klaragymnasium.se\/wp-content\/uploads\/sites\/5\/2025\/07\/klaostra202505-202905webb86-1024x683.jpg 1024w, https:\/\/klaragymnasium.se\/wp-content\/uploads\/sites\/5\/2025\/07\/klaostra202505-202905webb86-1200x800.jpg 1200w, https:\/\/klaragymnasium.se\/wp-content\/uploads\/sites\/5\/2025\/07\/klaostra202505-202905webb86.jpg 2048w\" \/>\n\t\t\t\n\t\t\t\n\t\t\t\t\t<\/div>\n\t<\/div>\n\n\t\t\n\n<\/section>\n\n\n\n\n<section  class=\"ams-courses-list c-block l-stacked\" data-color-scheme=\"kurslistning\">\n\t<div class=\"l-container l-stack l-stack-fluid-2xl u-pt-fluid-2xl-4xl u-pb-fluid-2xl-4xl is-center is-center@md\">\n\t\t\t\t\t<div class=\"ams-courses-list__intro l-stack l-stack-lg\">\n\t\t\t\t\t\n\t<h2\n\tclass=\"c-heading u-font-title-1 \"\n\tstyle=\"\">\n\t\t\n\t\t\t\t\tV\u00e5ra inriktningar\n\t\t\t\t\n\t<\/h2>\n\n\t\t\t\t\t\t\t\t\t<div class=\"c-text l-stack u-cs-xl u-font-body\">\n\t\t\t\t\t\t<p>P\u00e5 KLARA Stockholm \u00d6stras Naturvetenskapliga program kan du v\u00e4lja inriktningarna Naturvetenskap eller Naturvetenskap och samh\u00e4lle.<\/p>\n\n\t\t\t\t\t<\/div>\n\t\t\t\t\t\t\t<\/div>\n\t\t\n\t\t\n\t\t\t\n<ul class=\"ams-courses-list__list l-grid u-gap-fluid-2xl-4xl u-justify-center\">\n\t\t\t<li class=\"l-col-6@md l-col-4@lg\">\n\t\t\t<article class=\"c-card has-media-zoom  \"\n\t\t\t\t\t\tdata-variant=\"\"\n\t\t\t\t\t\tdata-style=\"square\"\n\t\t\t\t\t\tdata-click-area>\n\t\t\t\t<div class=\"c-card__content l-stack l-stack-sm\">\n\t\t\t\t\t\t\t\t\t\t\t<h3 class=\"c-card__title u-font-title-3\">\n\t\t\t\t\t\t\t\t\t\t\t\t\t\t\t<a class=\"c-card__title-link\" href=\"https:\/\/klaragymnasium.se\/sthlmostra\/program\/naturvetenskapsprogrammet\/naturvetenskap\/\">\n\t\t\t\t\t\t\t\t\tNaturvetenskap\n\t\t\t\t\t\t\t\t<\/a>\n\t\t\t\t\t\t\t\t\t\t\t\t\t<\/h3>\n\t\t\t\t\t\n\t\t\t\t\t\t\t\t\t\t\t<p class=\"c-card__text l-stack-xs u-font-body \">\n\t\t\t\t\t\t\t\u00c4r du nyfiken och vill vara med och hitta nya l\u00f6sningar f\u00f6r en b\u00e4ttre framtid?\n\t\t\t\t\t\t<\/p>\n\t\t\t\t\t\n\t\t\t\t\t\t\t\t\t\t\t\t\t\t\t\t<ul class=\"c-card__list u-list-none l-stack-grow u-divider-top u-font-body\">\n\t\t\t\t\t\t\t\t\t\t\t\t\t\t\t<li>\n\t\t\t\t\t\t\t\t\t<strong>Program<\/strong>\n\t\t\t\t\t\t\t\t\t<ul class=\"u-list-dash\">\n\t\t\t\t\t\t\t\t\t\t\t\t\t\t\t\t\t\t\t\t\t<li>Naturvetenskapsprogrammet<\/li>\n\t\t\t\t\t\t\t\t\t\t\t\t\t\t\t\t\t\t\t<\/ul>\n\t\t\t\t\t\t\t\t<\/li>\n\t\t\t\t\t\t\t\n\t\t\t\t\t\t\t\t\t\t\t\t\t\t\t\t\t\t\t\t\t\t\t\t<li>\n\t\t\t\t\t\t\t\t\t\t<strong>Inriktning<\/strong>\n\t\t\t\t\t\t\t\t\t\t<ul class=\"u-list-dash\">\n\t\t\t\t\t\t\t\t\t\t\t\t\t\t\t\t\t\t\t\t\t\t\t<li>Naturvetenskap<\/li>\n\t\t\t\t\t\t\t\t\t\t\t\t\t\t\t\t\t\t\t\t\t<\/ul>\n\t\t\t\t\t\t\t\t\t<\/li>\n\t\t\t\t\t\t\t\t\t\t\t\t\t\t\t\t\t\t\t\t\t<\/ul>\n\n\t\t\t\t\t\t<div class=\"c-card__icon c-card__icon--nl\">\n\t\t\t\t\t\t\t\t\t\t\t\t\t\t<svg class=\"ams-icon ams-icon--arrow-right\" width=\"32\" height=\"32\" viewbox=\"0 0 32 32\" fill=\"currentColor\" aria-hidden=\"true\" xmlns=\"http:\/\/www.w3.org\/2000\/svg\">\n\t\t\t\t\t\t\t\t\t\t\t\t\t\t\t\t<path d=\"M15.4617 0.252159L14.9567 0.75931C14.6219 1.09545 14.6219 1.64048 14.9567 1.97669L27.7062 14.7806H0.857144C0.383786 14.7806 0 15.166 0 15.6414V16.3587C0 16.8341 0.383786 17.2195 0.857144 17.2195H27.7062L14.9567 30.0234C14.6219 30.3595 14.6219 30.9045 14.9567 31.2407L15.4617 31.7479C15.7964 32.084 16.3392 32.084 16.6739 31.7479L31.749 16.6087C32.0837 16.2725 32.0837 15.7275 31.749 15.3913L16.6739 0.252159C16.3392 -0.084053 15.7964 -0.084053 15.4617 0.252159Z\"\/>\n\t\t\t\t\t\t\t\n\t\t\t\t\t\t\t<\/svg>\n\t\t\t\t\t\t<\/div>\n\t\t\t\t\t\t\t\t\t<\/div>\n\t\t\t\t<div class=\"c-card__media \" style=\" \">\n\t\t\t\t\t<img decoding=\"async\" width=\"400\" height=\"454\" src=\"https:\/\/klaragymnasium.se\/wp-content\/uploads\/sites\/5\/2025\/07\/klaostra202505-202905webb95-e1751964708469-400x454.jpg\" class=\"attachment-sm size-sm wp-post-image\" alt=\"Elever genomf\u00f6r laboration.\" sizes=\"(min-width: 64em) 300px, (min-width: 48em) calc(.50 * (100vw - 240px)), calc(100vw - 160px)\" srcset=\"https:\/\/klaragymnasium.se\/wp-content\/uploads\/sites\/5\/2025\/07\/klaostra202505-202905webb95-e1751964708469-400x454.jpg 400w, https:\/\/klaragymnasium.se\/wp-content\/uploads\/sites\/5\/2025\/07\/klaostra202505-202905webb95-e1751964708469-300x340.jpg 300w, https:\/\/klaragymnasium.se\/wp-content\/uploads\/sites\/5\/2025\/07\/klaostra202505-202905webb95-e1751964708469-600x681.jpg 600w, https:\/\/klaragymnasium.se\/wp-content\/uploads\/sites\/5\/2025\/07\/klaostra202505-202905webb95-e1751964708469-800x908.jpg 800w, https:\/\/klaragymnasium.se\/wp-content\/uploads\/sites\/5\/2025\/07\/klaostra202505-202905webb95-e1751964708469-1024x1162.jpg 1024w, https:\/\/klaragymnasium.se\/wp-content\/uploads\/sites\/5\/2025\/07\/klaostra202505-202905webb95-e1751964708469-1200x1362.jpg 1200w, https:\/\/klaragymnasium.se\/wp-content\/uploads\/sites\/5\/2025\/07\/klaostra202505-202905webb95-e1751964708469.jpg 1365w\" \/>\n\t\t\t\t<\/div>\n\t\t\t<\/article>\n\t\t<\/li>\n\t\t\t<li class=\"l-col-6@md l-col-4@lg\">\n\t\t\t<article class=\"c-card has-media-zoom  \"\n\t\t\t\t\t\tdata-variant=\"\"\n\t\t\t\t\t\tdata-style=\"square\"\n\t\t\t\t\t\tdata-click-area>\n\t\t\t\t<div class=\"c-card__content l-stack l-stack-sm\">\n\t\t\t\t\t\t\t\t\t\t\t<h3 class=\"c-card__title u-font-title-3\">\n\t\t\t\t\t\t\t\t\t\t\t\t\t\t\t<a class=\"c-card__title-link\" href=\"https:\/\/klaragymnasium.se\/sthlmostra\/program\/naturvetenskapsprogrammet\/natur-och-samhalle\/\">\n\t\t\t\t\t\t\t\t\tNaturvetenskap och samh\u00e4lle\n\t\t\t\t\t\t\t\t<\/a>\n\t\t\t\t\t\t\t\t\t\t\t\t\t<\/h3>\n\t\t\t\t\t\n\t\t\t\t\t\t\t\t\t\t\t<p class=\"c-card__text l-stack-xs u-font-body \">\n\t\t\t\t\t\t\t\u00c4r du nyfiken p\u00e5 samspelet mellan milj\u00f6, samh\u00e4lle och vetenskap?\n\t\t\t\t\t\t<\/p>\n\t\t\t\t\t\n\t\t\t\t\t\t\t\t\t\t\t\t\t\t\t\t<ul class=\"c-card__list u-list-none l-stack-grow u-divider-top u-font-body\">\n\t\t\t\t\t\t\t\t\t\t\t\t\t\t\t<li>\n\t\t\t\t\t\t\t\t\t<strong>Program<\/strong>\n\t\t\t\t\t\t\t\t\t<ul class=\"u-list-dash\">\n\t\t\t\t\t\t\t\t\t\t\t\t\t\t\t\t\t\t\t\t\t<li>Naturvetenskapsprogrammet<\/li>\n\t\t\t\t\t\t\t\t\t\t\t\t\t\t\t\t\t\t\t<\/ul>\n\t\t\t\t\t\t\t\t<\/li>\n\t\t\t\t\t\t\t\n\t\t\t\t\t\t\t\t\t\t\t\t\t\t\t\t\t\t\t\t\t\t\t\t<li>\n\t\t\t\t\t\t\t\t\t\t<strong>Inriktning<\/strong>\n\t\t\t\t\t\t\t\t\t\t<ul class=\"u-list-dash\">\n\t\t\t\t\t\t\t\t\t\t\t\t\t\t\t\t\t\t\t\t\t\t\t<li>Naturvetenskap och samh\u00e4lle<\/li>\n\t\t\t\t\t\t\t\t\t\t\t\t\t\t\t\t\t\t\t\t\t<\/ul>\n\t\t\t\t\t\t\t\t\t<\/li>\n\t\t\t\t\t\t\t\t\t\t\t\t\t\t\t\t\t\t\t\t\t<\/ul>\n\n\t\t\t\t\t\t<div class=\"c-card__icon c-card__icon--nl\">\n\t\t\t\t\t\t\t\t\t\t\t\t\t\t<svg class=\"ams-icon ams-icon--arrow-right\" width=\"32\" height=\"32\" viewbox=\"0 0 32 32\" fill=\"currentColor\" aria-hidden=\"true\" xmlns=\"http:\/\/www.w3.org\/2000\/svg\">\n\t\t\t\t\t\t\t\t\t\t\t\t\t\t\t\t<path d=\"M15.4617 0.252159L14.9567 0.75931C14.6219 1.09545 14.6219 1.64048 14.9567 1.97669L27.7062 14.7806H0.857144C0.383786 14.7806 0 15.166 0 15.6414V16.3587C0 16.8341 0.383786 17.2195 0.857144 17.2195H27.7062L14.9567 30.0234C14.6219 30.3595 14.6219 30.9045 14.9567 31.2407L15.4617 31.7479C15.7964 32.084 16.3392 32.084 16.6739 31.7479L31.749 16.6087C32.0837 16.2725 32.0837 15.7275 31.749 15.3913L16.6739 0.252159C16.3392 -0.084053 15.7964 -0.084053 15.4617 0.252159Z\"\/>\n\t\t\t\t\t\t\t\n\t\t\t\t\t\t\t<\/svg>\n\t\t\t\t\t\t<\/div>\n\t\t\t\t\t\t\t\t\t<\/div>\n\t\t\t\t<div class=\"c-card__media \" style=\" \">\n\t\t\t\t\t<img decoding=\"async\" width=\"400\" height=\"487\" src=\"https:\/\/klaragymnasium.se\/wp-content\/uploads\/sites\/5\/2023\/03\/klasollentuna202505-202905webb51-e1751964677239-400x487.jpg\" class=\"attachment-sm size-sm wp-post-image\" alt=\"Elev har naturkunskap och tittar in i kameran.\" sizes=\"(min-width: 64em) 300px, (min-width: 48em) calc(.50 * (100vw - 240px)), calc(100vw - 160px)\" srcset=\"https:\/\/klaragymnasium.se\/wp-content\/uploads\/sites\/5\/2023\/03\/klasollentuna202505-202905webb51-e1751964677239-400x487.jpg 400w, https:\/\/klaragymnasium.se\/wp-content\/uploads\/sites\/5\/2023\/03\/klasollentuna202505-202905webb51-e1751964677239-300x365.jpg 300w, https:\/\/klaragymnasium.se\/wp-content\/uploads\/sites\/5\/2023\/03\/klasollentuna202505-202905webb51-e1751964677239-600x731.jpg 600w, https:\/\/klaragymnasium.se\/wp-content\/uploads\/sites\/5\/2023\/03\/klasollentuna202505-202905webb51-e1751964677239-800x974.jpg 800w, https:\/\/klaragymnasium.se\/wp-content\/uploads\/sites\/5\/2023\/03\/klasollentuna202505-202905webb51-e1751964677239-1024x1247.jpg 1024w, https:\/\/klaragymnasium.se\/wp-content\/uploads\/sites\/5\/2023\/03\/klasollentuna202505-202905webb51-e1751964677239-1200x1461.jpg 1200w, https:\/\/klaragymnasium.se\/wp-content\/uploads\/sites\/5\/2023\/03\/klasollentuna202505-202905webb51-e1751964677239.jpg 1365w\" \/>\n\t\t\t\t<\/div>\n\t\t\t<\/article>\n\t\t<\/li>\n\t<\/ul>\n\t\n\n\t\t\t<\/div>\n\n\t\t\n\n<\/section>\n\n\n\n\t\n\t\n\t\n\n\t\n\t\n\t\t\n<section  class=\"c-block l-stacked  \" data-color-scheme=\"gra\">\n\t<div class=\"ams-fifty ams-fifty--container ams-fifty--right ams-fifty--bottom l-container u-pt-fluid-2xl-4xl u-pb-fluid-2xl-4xl\">\n\t\t<div class=\"ams-fifty__content l-stack l-stack-xl is-left is-left@lg\">\n\t\t\t<div class=\"ams-fifty__text l-stack l-stack-lg\">\n\t\t\t\t\t\n\t<h2\n\tclass=\"c-heading u-font-title-1 \"\n\tstyle=\"\">\n\t\t\n\t\t\t\t\tOm Naturvetenskaps\u00ad\u00adprogrammet \n\t\t\t\t\n\t<\/h2>\n\n\t\t\t\t\t\t\t\t\t<div class=\"text l-stack u-font-body\">\n\t\t\t\t\t\t<h3><strong>En bred utbildning f\u00f6r framtiden<\/strong><\/h3>\n<p>Naturvetenskapsprogrammet p\u00e5 KLARA Stockholm \u00d6stra ger dig en gedigen grund f\u00f6r h\u00f6gre studier inom naturvetenskap och matematik. H\u00e4r f\u00f6rdjupar du ditt analytiska t\u00e4nkande, probleml\u00f6sningsf\u00f6rm\u00e5ga och nyfikenhet f\u00f6r att vara med och <strong>skapa framtidens l\u00f6sningar.<\/strong><\/p>\n<h3><strong>Praktik och kritiskt t\u00e4nkande<\/strong><\/h3>\n<p>Att kombinera teori med praktiska moment \u00e4r en central del av Naturvetenskapsprogrammet. Genom att delta i:<\/p>\n<ul>\n<li><strong>Experiment<\/strong><\/li>\n<li><strong>Laborationer<\/strong><\/li>\n<li><strong>F\u00e4ltstudier<\/strong><\/li>\n<\/ul>\n<p>f\u00e5r du en djupare f\u00f6rst\u00e5else f\u00f6r naturvetenskapens metoder och utvecklar din f\u00f6rm\u00e5ga att t\u00e4nka kritiskt och kreativt.<\/p>\n<h3><strong>Teori m\u00f6ter verklighet<\/strong><\/h3>\n<p>F\u00f6rst\u00e5elsen f\u00f6r naturvetenskapens id\u00e9er och teorier st\u00e4rks genom kopplingen till samh\u00e4llet och dess behov. Genom aktuell forskning f\u00e5r du insikter om hur vetenskapen p\u00e5verkar vardagen och bidrar till samh\u00e4llet.<\/p>\n\n\t\t\t\t\t<\/div>\n\t\t\t\t\t\t\t<\/div>\n\n\t\t\t\t\t<\/div>\n\n\t\t <div class=\"ams-fifty__media u-ratio-square\">\n\t\t \t\t\t\t\t<img decoding=\"async\" width=\"600\" height=\"900\" src=\"https:\/\/klaragymnasium.se\/wp-content\/uploads\/sites\/5\/2023\/03\/klasollentuna202505-202905webb57-600x900.jpg\" class=\"attachment-md size-md\" alt=\"Elev tittar i mikroskop.\" sizes=\"(min-width: 64em) 600px, calc(100vw - 160px)\" srcset=\"https:\/\/klaragymnasium.se\/wp-content\/uploads\/sites\/5\/2023\/03\/klasollentuna202505-202905webb57-600x900.jpg 600w, https:\/\/klaragymnasium.se\/wp-content\/uploads\/sites\/5\/2023\/03\/klasollentuna202505-202905webb57-300x450.jpg 300w, https:\/\/klaragymnasium.se\/wp-content\/uploads\/sites\/5\/2023\/03\/klasollentuna202505-202905webb57-400x600.jpg 400w, https:\/\/klaragymnasium.se\/wp-content\/uploads\/sites\/5\/2023\/03\/klasollentuna202505-202905webb57-800x1200.jpg 800w, https:\/\/klaragymnasium.se\/wp-content\/uploads\/sites\/5\/2023\/03\/klasollentuna202505-202905webb57-1024x1536.jpg 1024w, https:\/\/klaragymnasium.se\/wp-content\/uploads\/sites\/5\/2023\/03\/klasollentuna202505-202905webb57-1200x1800.jpg 1200w, https:\/\/klaragymnasium.se\/wp-content\/uploads\/sites\/5\/2023\/03\/klasollentuna202505-202905webb57.jpg 1365w\" \/>\n\t\t\t\n\t\t\t\n\t\t\t\t\t<\/div>\n\t<\/div>\n\n\t\t\n\n<\/section>\n\n\n\n\n\n<section  class=\"ams-faq ams_event_module c-block l-stacked js-load-more\" data-color-scheme=\"poangplan\" data-count=\"4\" data-count-mobile=\"2\">\n\t<div class=\"l-container l-stack l-stack-fluid-2xl u-pt-fluid-3xl-6xl u-pb-fluid-3xl-6xl is-center is-center@md\">\n\t\t\t\t\t<div class=\"ams-faq__intro l-stack l-stack-lg\">\n\t\t\t\t\t\n\t<h2\n\tclass=\"c-heading u-font-title-1 \"\n\tstyle=\"\">\n\t\t\n\t\t\t\t\tVanliga fr\u00e5gor om Naturvetenskaps&shy;programmet \n\t\t\t\t\n\t<\/h2>\n\n\t\t\t\t\t\t\t<\/div>\n\t\t\n\t\t\n\t\n\t    \n\t\n\t<ul\n\t\tid=\"ams-faq-list-69f5c651a1d02\"\n\t\tclass=\"ams-faq__ac ams-accordion_module c-accordion js-results \"\n\t\taria-label=\"Vanliga fr\u00e5gor\"\n\t\tdata-variant=\"border-between\"\n\t\tdata-ajax-action=\"log_faq_view\"\n\t\tdata-ajax-url=\"https:\/\/klaragymnasium.se\/sthlmostra\/wp-admin\/admin-ajax.php\"\n\t\tdata-ajax-nonce=\"31bae87eb8\"\n\t\tdata-filter-animation=\"off\">\n\n\t\t\n\t\t\t\t\t\t\t\t\t\t\t\t\t\t\t\n\t\t\t\n\t\t\t<li data-ajax-id=\"2426\" class=\"c-accordion__item \"\n\t\t\tdata-filter=\"meritvarde-naturvetenskapsprogrammet december-2023\"\n\t\t\t>\n\t\t\t\t<h3 class=\"c-accordion__header\">\n\t\t\t\t\t\t\t\t\t\t<button class=\"c-accordion__trigger u-py-sm u-px-fluid-md-xl u-font-title-4\">\n\t\t\t\t\t\t<span>Vad \u00e4r det f\u00f6r meritv\u00e4rde\/antagningspo\u00e4ng p\u00e5 Naturvetenskapsprogrammet?<\/span>\n\t\t\t\t\t\t<svg class=\"ams-icon ams-icon__arrow-down\" width=\"24\" height=\"24\" viewbox=\"0 0 24 24\" fill=\"currentColor\" aria-hidden=\"true\" xmlns=\"http:\/\/www.w3.org\/2000\/svg\">\n\t\t\t\t\t\t\t\t\t\t\t\t\t<path d=\"m11.2033 18.4294-10.872894-10.67584c-.440539-.42594-.440539-1.1147 0-1.54065l.665495-.64345c.440539-.42595 1.152899-.42595 1.593439 0l9.41066 9.27114 9.4107-9.26207c.4405-.42595 1.1529-.42595 1.5934 0l.6655.64345c.4405.42594.4405 1.1147 0 1.54065l-10.8729 10.67587c-.4405.4168-1.1529.4168-1.5934-.0091z\"\/>\n\t\t\t\t\t\n\t\t\t\t\t\t<\/svg>\n\t\t\t\t\t<\/button>\n\t\t\t\t<\/h3>\n\t\t\t\t<div class=\"c-accordion__body l-stack u-font-body\">\n\t\t\t\t\t<div class=\"c-accordion__body__inner u-p-fluid-md-xl l-stack\">\n\t\t\t\t\t\t<p class=\"p1\">Naturvetenskapsprogrammet med inriktning Naturvetenskap hade \u00e5r 2025 antagningspo\u00e4ng p\u00e5 242.5 po\u00e4ng och ett medelv\u00e4rde p\u00e5 250. Naturvetenskapsprogrammet med inriktning Naturvetenskap och Samh\u00e4lle hade \u00e5r 2025 ett medelv\u00e4rde p\u00e5 235 po\u00e4ng. Kom ih\u00e5g att meritv\u00e4rdet kan \u00e4ndras fr\u00e5n \u00e5r till \u00e5r beroende p\u00e5 hur m\u00e5nga som s\u00f6ker programmet och vilka betyg de har!<\/p>\n\n\t\t\t\t\t<\/div>\n\t\t\t\t<\/div>\n\t\t\t<\/li>\n\t\t\n\t\t\t\t\t\t\t\t\t\t\t\t\t\t\t\n\t\t\t\n\t\t\t<li data-ajax-id=\"3331\" class=\"c-accordion__item \"\n\t\t\tdata-filter=\"ansokan-merit december-2023\"\n\t\t\t>\n\t\t\t\t<h3 class=\"c-accordion__header\">\n\t\t\t\t\t\t\t\t\t\t<button class=\"c-accordion__trigger u-py-sm u-px-fluid-md-xl u-font-title-4\">\n\t\t\t\t\t\t<span>Hur r\u00e4knar jag ut mitt meritv\u00e4rde? <\/span>\n\t\t\t\t\t\t<svg class=\"ams-icon ams-icon__arrow-down\" width=\"24\" height=\"24\" viewbox=\"0 0 24 24\" fill=\"currentColor\" aria-hidden=\"true\" xmlns=\"http:\/\/www.w3.org\/2000\/svg\">\n\t\t\t\t\t\t\t\t\t\t\t\t\t<path d=\"m11.2033 18.4294-10.872894-10.67584c-.440539-.42594-.440539-1.1147 0-1.54065l.665495-.64345c.440539-.42595 1.152899-.42595 1.593439 0l9.41066 9.27114 9.4107-9.26207c.4405-.42595 1.1529-.42595 1.5934 0l.6655.64345c.4405.42594.4405 1.1147 0 1.54065l-10.8729 10.67587c-.4405.4168-1.1529.4168-1.5934-.0091z\"\/>\n\t\t\t\t\t\n\t\t\t\t\t\t<\/svg>\n\t\t\t\t\t<\/button>\n\t\t\t\t<\/h3>\n\t\t\t\t<div class=\"c-accordion__body l-stack u-font-body\">\n\t\t\t\t\t<div class=\"c-accordion__body__inner u-p-fluid-md-xl l-stack\">\n\t\t\t\t\t\t<p>P\u00e5 <a href=\"https:\/\/gymnasiekoll.se\/gymnasieval\/meritvarde\/\" target=\"_blank\" rel=\"noopener\">Gymnasiekoll.se<\/a> r\u00e4knar du enkelt ut ditt meritv\u00e4rde.<\/p>\n\n\t\t\t\t\t<\/div>\n\t\t\t\t<\/div>\n\t\t\t<\/li>\n\t\t\n\t\t\t\t\t\t\t\t\t\t\t\t\t\t\t\n\t\t\t\n\t\t\t<li data-ajax-id=\"3330\" class=\"c-accordion__item \"\n\t\t\tdata-filter=\"ansokan-merit december-2023\"\n\t\t\t>\n\t\t\t\t<h3 class=\"c-accordion__header\">\n\t\t\t\t\t\t\t\t\t\t<button class=\"c-accordion__trigger u-py-sm u-px-fluid-md-xl u-font-title-4\">\n\t\t\t\t\t\t<span>Vad betyder antagningsgr\u00e4ns?<\/span>\n\t\t\t\t\t\t<svg class=\"ams-icon ams-icon__arrow-down\" width=\"24\" height=\"24\" viewbox=\"0 0 24 24\" fill=\"currentColor\" aria-hidden=\"true\" xmlns=\"http:\/\/www.w3.org\/2000\/svg\">\n\t\t\t\t\t\t\t\t\t\t\t\t\t<path d=\"m11.2033 18.4294-10.872894-10.67584c-.440539-.42594-.440539-1.1147 0-1.54065l.665495-.64345c.440539-.42595 1.152899-.42595 1.593439 0l9.41066 9.27114 9.4107-9.26207c.4405-.42595 1.1529-.42595 1.5934 0l.6655.64345c.4405.42594.4405 1.1147 0 1.54065l-10.8729 10.67587c-.4405.4168-1.1529.4168-1.5934-.0091z\"\/>\n\t\t\t\t\t\n\t\t\t\t\t\t<\/svg>\n\t\t\t\t\t<\/button>\n\t\t\t\t<\/h3>\n\t\t\t\t<div class=\"c-accordion__body l-stack u-font-body\">\n\t\t\t\t\t<div class=\"c-accordion__body__inner u-p-fluid-md-xl l-stack\">\n\t\t\t\t\t\t<p><span data-sheets-root=\"1\" data-sheets-value=\"{&quot;1&quot;:2,&quot;2&quot;:&quot;F\u00f6rutom beh\u00f6righetskraven finns inga l\u00e4gsta krav p\u00e5 po\u00e4ng f\u00f6r programmen, utan det beror p\u00e5 vilka andra som s\u00f6ker det \u00e5ret. P\u00e5 en utbildning med t.ex. 30 platser kommer de 30 med h\u00f6gst po\u00e4ng in. MEDELPO\u00c4NGEN \u00e4r medelv\u00e4rdet av meritpo\u00e4ngen de 30 har. ANTAGNINGSGR\u00c4NS \u00e4r den l\u00e4gsta po\u00e4ng n\u00e5gon kom in p\u00e5 det \u00e5ret.&quot;}\" data-sheets-userformat=\"{&quot;2&quot;:831,&quot;3&quot;:{&quot;1&quot;:0},&quot;4&quot;:{&quot;1&quot;:2,&quot;2&quot;:14281427},&quot;5&quot;:{&quot;1&quot;:[{&quot;1&quot;:2,&quot;2&quot;:0,&quot;5&quot;:{&quot;1&quot;:2,&quot;2&quot;:0}},{&quot;1&quot;:0,&quot;2&quot;:0,&quot;3&quot;:3},{&quot;1&quot;:1,&quot;2&quot;:0,&quot;4&quot;:1}]},&quot;6&quot;:{&quot;1&quot;:[{&quot;1&quot;:2,&quot;2&quot;:0,&quot;5&quot;:{&quot;1&quot;:2,&quot;2&quot;:0}},{&quot;1&quot;:0,&quot;2&quot;:0,&quot;3&quot;:3},{&quot;1&quot;:1,&quot;2&quot;:0,&quot;4&quot;:1}]},&quot;7&quot;:{&quot;1&quot;:[{&quot;1&quot;:2,&quot;2&quot;:0,&quot;5&quot;:{&quot;1&quot;:2,&quot;2&quot;:0}},{&quot;1&quot;:0,&quot;2&quot;:0,&quot;3&quot;:3},{&quot;1&quot;:1,&quot;2&quot;:0,&quot;4&quot;:1}]},&quot;8&quot;:{&quot;1&quot;:[{&quot;1&quot;:2,&quot;2&quot;:0,&quot;5&quot;:{&quot;1&quot;:2,&quot;2&quot;:0}},{&quot;1&quot;:0,&quot;2&quot;:0,&quot;3&quot;:3},{&quot;1&quot;:1,&quot;2&quot;:0,&quot;4&quot;:1}]},&quot;11&quot;:4,&quot;12&quot;:0}\">F\u00f6rutom beh\u00f6righetskraven finns inga l\u00e4gsta krav p\u00e5 po\u00e4ng f\u00f6r programmen, utan det beror p\u00e5 vilka andra som s\u00f6ker det \u00e5ret. P\u00e5 en utbildning med t.ex. 30 platser kommer de 30 med h\u00f6gst po\u00e4ng in. Medelpo\u00e4ng \u00e4r medelv\u00e4rdet av meritpo\u00e4ngen de 30 har. Antagningsgr\u00e4ns \u00e4r den l\u00e4gsta po\u00e4ng n\u00e5gon kom in p\u00e5 det \u00e5ret.<\/span><\/p>\n\n\t\t\t\t\t<\/div>\n\t\t\t\t<\/div>\n\t\t\t<\/li>\n\t\t\n\t\t\t\t\t\t\t\t\t\t\t\t\t\t\t\n\t\t\t\n\t\t\t<li data-ajax-id=\"3324\" class=\"c-accordion__item \"\n\t\t\tdata-filter=\"meritvarde-naturvetenskapsprogrammet december-2023\"\n\t\t\t>\n\t\t\t\t<h3 class=\"c-accordion__header\">\n\t\t\t\t\t\t\t\t\t\t<button class=\"c-accordion__trigger u-py-sm u-px-fluid-md-xl u-font-title-4\">\n\t\t\t\t\t\t<span>Vad beh\u00f6ver jag f\u00f6r betyg f\u00f6r att l\u00e4sa Naturvetenskapsprogrammet?<\/span>\n\t\t\t\t\t\t<svg class=\"ams-icon ams-icon__arrow-down\" width=\"24\" height=\"24\" viewbox=\"0 0 24 24\" fill=\"currentColor\" aria-hidden=\"true\" xmlns=\"http:\/\/www.w3.org\/2000\/svg\">\n\t\t\t\t\t\t\t\t\t\t\t\t\t<path d=\"m11.2033 18.4294-10.872894-10.67584c-.440539-.42594-.440539-1.1147 0-1.54065l.665495-.64345c.440539-.42595 1.152899-.42595 1.593439 0l9.41066 9.27114 9.4107-9.26207c.4405-.42595 1.1529-.42595 1.5934 0l.6655.64345c.4405.42594.4405 1.1147 0 1.54065l-10.8729 10.67587c-.4405.4168-1.1529.4168-1.5934-.0091z\"\/>\n\t\t\t\t\t\n\t\t\t\t\t\t<\/svg>\n\t\t\t\t\t<\/button>\n\t\t\t\t<\/h3>\n\t\t\t\t<div class=\"c-accordion__body l-stack u-font-body\">\n\t\t\t\t\t<div class=\"c-accordion__body__inner u-p-fluid-md-xl l-stack\">\n\t\t\t\t\t\t<p class=\"p1\">F\u00f6r att vara beh\u00f6rig till gymnasiet m\u00e5ste du ha godk\u00e4nt i Svenska eller Svenska som andraspr\u00e5k, Engelska och Matte. Om du vill l\u00e4sa ett h\u00f6gskolef\u00f6rberedande program m\u00e5ste du ha godk\u00e4nt i ytterligare 9 \u00e4mnen, allts\u00e5 totalt 12 \u00e4mnen. F\u00f6r Naturvetenskapsprogrammet <span data-sheets-root=\"1\" data-sheets-value=\"{&quot;1&quot;:2,&quot;2&quot;:&quot;F\u00f6r att vara beh\u00f6rig till gymnasiet m\u00e5ste du ha godk\u00e4nt i svenska eller svenska som andraspr\u00e5k, engelska och matte. Om du vill l\u00e4sa ett H\u00d6GSKOLEF\u00d6RBEREDANDE PROGRAM m\u00e5ste du ha godk\u00e4nt i ytterligare 9 \u00e4mnen, allts\u00e5 totalt 12 \u00e4mnen. F\u00f6r EKONOMIPROGRAMMET och SAMH\u00c4LLSVETENSKAPSPROGRAMMET ska 4 av de 9 \u00f6vriga godk\u00e4nda \u00e4mnena vara geografi, historia, samh\u00e4llskunskap och religionskunskap. F\u00f6r TEKNIKPROGRAMMET och NATURVETENSKAPSPROGRAMMET ska 3 av de 9 \u00f6vriga godk\u00e4nda \u00e4mnena vara biologi, fysik och kemi.&quot;}\" data-sheets-userformat=\"{&quot;2&quot;:831,&quot;3&quot;:{&quot;1&quot;:0},&quot;4&quot;:{&quot;1&quot;:2,&quot;2&quot;:14281427},&quot;5&quot;:{&quot;1&quot;:[{&quot;1&quot;:2,&quot;2&quot;:0,&quot;5&quot;:{&quot;1&quot;:2,&quot;2&quot;:0}},{&quot;1&quot;:0,&quot;2&quot;:0,&quot;3&quot;:3},{&quot;1&quot;:1,&quot;2&quot;:0,&quot;4&quot;:1}]},&quot;6&quot;:{&quot;1&quot;:[{&quot;1&quot;:2,&quot;2&quot;:0,&quot;5&quot;:{&quot;1&quot;:2,&quot;2&quot;:0}},{&quot;1&quot;:0,&quot;2&quot;:0,&quot;3&quot;:3},{&quot;1&quot;:1,&quot;2&quot;:0,&quot;4&quot;:1}]},&quot;7&quot;:{&quot;1&quot;:[{&quot;1&quot;:2,&quot;2&quot;:0,&quot;5&quot;:{&quot;1&quot;:2,&quot;2&quot;:0}},{&quot;1&quot;:0,&quot;2&quot;:0,&quot;3&quot;:3},{&quot;1&quot;:1,&quot;2&quot;:0,&quot;4&quot;:1}]},&quot;8&quot;:{&quot;1&quot;:[{&quot;1&quot;:2,&quot;2&quot;:0,&quot;5&quot;:{&quot;1&quot;:2,&quot;2&quot;:0}},{&quot;1&quot;:0,&quot;2&quot;:0,&quot;3&quot;:3},{&quot;1&quot;:1,&quot;2&quot;:0,&quot;4&quot;:1}]},&quot;11&quot;:4,&quot;12&quot;:0}\">ska 3 av de 9 \u00f6vriga godk\u00e4nda \u00e4mnena vara biologi, fysik och kemi.<\/span><\/p>\n\n\t\t\t\t\t<\/div>\n\t\t\t\t<\/div>\n\t\t\t<\/li>\n\t\t\t<\/ul>\n\n\t<div class=\"no-results u-mt-0 u-hide\" data-filter-fallback-id=\"ams-faq-list-69f5c651a1d02\">\n\t<p>Det finns inga resultat som matchar din filtrering.<\/p>\n<\/div>\n\n\t\n\n\t\t\n\t\t\t<\/div>\n\n\t\t\n\n<\/section>\n\n\n\n\n\n<section  class=\"ams-testimonial testimonial_module c-block l-stacked js-load-more\" data-color-scheme=\"cards\" data-count=\"2\" data-count-mobile=\"2\">\n\t<div class=\"l-container l-stack l-stack-fluid-2xl u-pt-fluid-md-xl u-pb-fluid-3xl-6xl is-center is-center@md\">\n\t\t\t\t\t<div class=\"ams-testimonial__intro l-stack l-stack-lg\">\n\t\t\t\t\t\n\t<h2\n\tclass=\"c-heading u-font-title-1 \"\n\tstyle=\"\">\n\t\t\n\t\t\t\t\tElevintervjuer\n\t\t\t\t\n\t<\/h2>\n\n\t\t\t\t\t\t\t<\/div>\n\t\t\n\t\t\n\t\n\t\t\n\t\t\t\n<ul\n\tid=\"ams-testimonial-list-69f5c651bb3c2\"\n\tclass=\"ams-testimonial__list  l-grid u-gap-fluid-2xl-4xl js-results \"\n\tdata-filter-animation=\"off\">\n\t\t\t\t\t\t\t\t\t\t\t\n\t\t\n\t\t\n\t\t<li class=\"l-col-6@md \" data-filter=\"klara-linkoping naturvetenskapsprogrammet juni-2026\">\n\t\t\t<article class=\"c-card has-media-zoom \" data-variant=\"inside-half\" data-click-area>\n\t\t\t\t<div class=\"c-card__content l-stack l-stack-sm is-left is-left@md\">\n\t\t\t\t\t\t\t\t\t\t\t<blockquote class=\"c-card__title u-font-title-3\">\n\t\t\t\t\t\t\t\t\t\t\t\t\t\t\t<p class=\"u-quote-marks\"><a href=\"https:\/\/klaragymnasium.se\/sthlmostra\/elevintervjuer\/lokal\/daniel-om-klara-teoretiska-gymnasium\" class=\"link\">Natur passar verkligen mig d\u00e5 jag har \u201csiffert\u00e4nk\u201d och diggar probleml\u00f6sning&#8230;<\/a><\/p>\n\t\t\t\t\t\t\t\t\t\t\t\t\t<\/blockquote>\n\t\t\t\t\t\n\t\t\t\t\t\t\t\t\t\t\t<p class=\"c-card__text l-stack-grow u-divider-top u-font-body\">\n\t\t\t\t\t\t\t<span class=\"author u-mr-fluid-lg\">Daniel<\/span>\n\t\t\t\t\t\t\t<span class=\"title u-mr-fluid-lg\">Naturvetenskapsprogrammet<\/span>\n\t\t\t\t\t\t<\/p>\n\t\t\t\t\t\n\t\t\t\t\t<div class=\"c-card__icon\">\n\t\t\t\t\t\t<svg class=\"ams-icon ams-icon--arrow-right\" width=\"32\" height=\"32\" viewBox=\"0 0 32 32\" fill=\"currentColor\" aria-hidden=\"true\" xmlns=\"http:\/\/www.w3.org\/2000\/svg\">\n\t\t\t\t\t\t\t<path d=\"M15.4617 0.252159L14.9567 0.75931C14.6219 1.09545 14.6219 1.64048 14.9567 1.97669L27.7062 14.7806H0.857144C0.383786 14.7806 0 15.166 0 15.6414V16.3587C0 16.8341 0.383786 17.2195 0.857144 17.2195H27.7062L14.9567 30.0234C14.6219 30.3595 14.6219 30.9045 14.9567 31.2407L15.4617 31.7479C15.7964 32.084 16.3392 32.084 16.6739 31.7479L31.749 16.6087C32.0837 16.2725 32.0837 15.7275 31.749 15.3913L16.6739 0.252159C16.3392 -0.084053 15.7964 -0.084053 15.4617 0.252159Z\"\/>\n\t\t\t\t\t\t<\/svg>\n\t\t\t\t\t<\/div>\n\t\t\t\t<\/div>\n\t\t\t\t<div class=\"c-card__media\" style=\" \">\n\t\t\t\t\t<img decoding=\"async\" width=\"600\" height=\"459\" src=\"https:\/\/klaragymnasium.se\/wp-content\/uploads\/2023\/03\/daniel-klara-teoretiska-gymnasium-600x459.png\" class=\"attachment-md size-md\" alt=\"Portr\u00e4ttbild p\u00e5 elev.\" sizes=\"(min-width: 80em) 600px, (min-width: 48em) calc(.50 * (100vw - 240px)), calc(100vw - 160px)\" srcset=\"https:\/\/klaragymnasium.se\/wp-content\/uploads\/2023\/03\/daniel-klara-teoretiska-gymnasium-600x459.png 600w, https:\/\/klaragymnasium.se\/wp-content\/uploads\/2023\/03\/daniel-klara-teoretiska-gymnasium-300x230.png 300w, https:\/\/klaragymnasium.se\/wp-content\/uploads\/2023\/03\/daniel-klara-teoretiska-gymnasium-400x306.png 400w, https:\/\/klaragymnasium.se\/wp-content\/uploads\/2023\/03\/daniel-klara-teoretiska-gymnasium-800x612.png 800w, https:\/\/klaragymnasium.se\/wp-content\/uploads\/2023\/03\/daniel-klara-teoretiska-gymnasium-1024x784.png 1024w, https:\/\/klaragymnasium.se\/wp-content\/uploads\/2023\/03\/daniel-klara-teoretiska-gymnasium-1200x919.png 1200w, https:\/\/klaragymnasium.se\/wp-content\/uploads\/2023\/03\/daniel-klara-teoretiska-gymnasium.png 1518w\" \/>\n\t\t\t\t<\/div>\n\t\t\t<\/article>\n\t\t<\/li>\n\t\t\t\t\t\t\t\t\t\t\t\n\t\t\n\t\t\n\t\t<li class=\"l-col-6@md \" data-filter=\"naturvetenskapsprogrammet maj-2026\">\n\t\t\t<article class=\"c-card has-media-zoom \" data-variant=\"inside-half\" data-click-area>\n\t\t\t\t<div class=\"c-card__content l-stack l-stack-sm is-left is-left@md\">\n\t\t\t\t\t\t\t\t\t\t\t<blockquote class=\"c-card__title u-font-title-3\">\n\t\t\t\t\t\t\t\t\t\t\t\t\t\t\t<p class=\"u-quote-marks\"><a href=\"https:\/\/klaragymnasium.se\/sthlmostra\/elevintervjuer\/lokal\/majken-om-klara-sundsvall\" class=\"link\">Det b\u00e4sta med Naturprogrammet \u00e4r att det ger stora m\u00f6jligheter efter gymnasiet&#8230;<\/a><\/p>\n\t\t\t\t\t\t\t\t\t\t\t\t\t<\/blockquote>\n\t\t\t\t\t\n\t\t\t\t\t\t\t\t\t\t\t<p class=\"c-card__text l-stack-grow u-divider-top u-font-body\">\n\t\t\t\t\t\t\t<span class=\"author u-mr-fluid-lg\">Majken<\/span>\n\t\t\t\t\t\t\t<span class=\"title u-mr-fluid-lg\">Naturvetenskapsprogrammet<\/span>\n\t\t\t\t\t\t<\/p>\n\t\t\t\t\t\n\t\t\t\t\t<div class=\"c-card__icon\">\n\t\t\t\t\t\t<svg class=\"ams-icon ams-icon--arrow-right\" width=\"32\" height=\"32\" viewBox=\"0 0 32 32\" fill=\"currentColor\" aria-hidden=\"true\" xmlns=\"http:\/\/www.w3.org\/2000\/svg\">\n\t\t\t\t\t\t\t<path d=\"M15.4617 0.252159L14.9567 0.75931C14.6219 1.09545 14.6219 1.64048 14.9567 1.97669L27.7062 14.7806H0.857144C0.383786 14.7806 0 15.166 0 15.6414V16.3587C0 16.8341 0.383786 17.2195 0.857144 17.2195H27.7062L14.9567 30.0234C14.6219 30.3595 14.6219 30.9045 14.9567 31.2407L15.4617 31.7479C15.7964 32.084 16.3392 32.084 16.6739 31.7479L31.749 16.6087C32.0837 16.2725 32.0837 15.7275 31.749 15.3913L16.6739 0.252159C16.3392 -0.084053 15.7964 -0.084053 15.4617 0.252159Z\"\/>\n\t\t\t\t\t\t<\/svg>\n\t\t\t\t\t<\/div>\n\t\t\t\t<\/div>\n\t\t\t\t<div class=\"c-card__media\" style=\" \">\n\t\t\t\t\t<img decoding=\"async\" width=\"600\" height=\"520\" src=\"https:\/\/klaragymnasium.se\/wp-content\/uploads\/2023\/04\/naturprogrammet-pa-klara-sundsvall-600x520.jpeg\" class=\"attachment-md size-md\" alt=\"Portr\u00e4ttbild p\u00e5 elev.\" sizes=\"(min-width: 80em) 600px, (min-width: 48em) calc(.50 * (100vw - 240px)), calc(100vw - 160px)\" srcset=\"https:\/\/klaragymnasium.se\/wp-content\/uploads\/2023\/04\/naturprogrammet-pa-klara-sundsvall-600x520.jpeg 600w, https:\/\/klaragymnasium.se\/wp-content\/uploads\/2023\/04\/naturprogrammet-pa-klara-sundsvall-300x260.jpeg 300w, https:\/\/klaragymnasium.se\/wp-content\/uploads\/2023\/04\/naturprogrammet-pa-klara-sundsvall-400x346.jpeg 400w, https:\/\/klaragymnasium.se\/wp-content\/uploads\/2023\/04\/naturprogrammet-pa-klara-sundsvall-800x693.jpeg 800w, https:\/\/klaragymnasium.se\/wp-content\/uploads\/2023\/04\/naturprogrammet-pa-klara-sundsvall-1024x887.jpeg 1024w, https:\/\/klaragymnasium.se\/wp-content\/uploads\/2023\/04\/naturprogrammet-pa-klara-sundsvall-1200x1039.jpeg 1200w, https:\/\/klaragymnasium.se\/wp-content\/uploads\/2023\/04\/naturprogrammet-pa-klara-sundsvall.jpeg 1707w\" \/>\n\t\t\t\t<\/div>\n\t\t\t<\/article>\n\t\t<\/li>\n\t\t\t\t\t\t\t\t\t\t\t\n\t\t\n\t\t\n\t\t<li class=\"l-col-6@md \" data-filter=\"naturvetenskapsprogrammet december-2020\">\n\t\t\t<article class=\"c-card has-media-zoom \" data-variant=\"inside-half\" data-click-area>\n\t\t\t\t<div class=\"c-card__content l-stack l-stack-sm is-left is-left@md\">\n\t\t\t\t\t\t\t\t\t\t\t<blockquote class=\"c-card__title u-font-title-3\">\n\t\t\t\t\t\t\t\t\t\t\t\t\t\t\t<p class=\"u-quote-marks\"><a href=\"https:\/\/klaragymnasium.se\/sthlmostra\/elevintervjuer\/lokal\/nils-laser-natur-sam\" class=\"link\">I sluta\u0308ndan a\u0308r det viktigaste att du sj\u00e4lv ka\u0308nner att det a\u0308r ra\u0308tt val fo\u0308r just dig!&#8230;<\/a><\/p>\n\t\t\t\t\t\t\t\t\t\t\t\t\t<\/blockquote>\n\t\t\t\t\t\n\t\t\t\t\t\t\t\t\t\t\t<p class=\"c-card__text l-stack-grow u-divider-top u-font-body\">\n\t\t\t\t\t\t\t<span class=\"author u-mr-fluid-lg\">Nils<\/span>\n\t\t\t\t\t\t\t<span class=\"title u-mr-fluid-lg\">Naturvetenskapsprogrammet<\/span>\n\t\t\t\t\t\t<\/p>\n\t\t\t\t\t\n\t\t\t\t\t<div class=\"c-card__icon\">\n\t\t\t\t\t\t<svg class=\"ams-icon ams-icon--arrow-right\" width=\"32\" height=\"32\" viewBox=\"0 0 32 32\" fill=\"currentColor\" aria-hidden=\"true\" xmlns=\"http:\/\/www.w3.org\/2000\/svg\">\n\t\t\t\t\t\t\t<path d=\"M15.4617 0.252159L14.9567 0.75931C14.6219 1.09545 14.6219 1.64048 14.9567 1.97669L27.7062 14.7806H0.857144C0.383786 14.7806 0 15.166 0 15.6414V16.3587C0 16.8341 0.383786 17.2195 0.857144 17.2195H27.7062L14.9567 30.0234C14.6219 30.3595 14.6219 30.9045 14.9567 31.2407L15.4617 31.7479C15.7964 32.084 16.3392 32.084 16.6739 31.7479L31.749 16.6087C32.0837 16.2725 32.0837 15.7275 31.749 15.3913L16.6739 0.252159C16.3392 -0.084053 15.7964 -0.084053 15.4617 0.252159Z\"\/>\n\t\t\t\t\t\t<\/svg>\n\t\t\t\t\t<\/div>\n\t\t\t\t<\/div>\n\t\t\t\t<div class=\"c-card__media\" style=\" \">\n\t\t\t\t\t<img decoding=\"async\" width=\"480\" height=\"371\" src=\"https:\/\/klaragymnasium.se\/wp-content\/uploads\/2023\/04\/samnatur-pa-klara-e1681288331450.jpeg\" class=\"attachment-md size-md\" alt=\"Portr\u00e4ttbild p\u00e5 elev.\" sizes=\"(min-width: 80em) 600px, (min-width: 48em) calc(.50 * (100vw - 240px)), calc(100vw - 160px)\" srcset=\"https:\/\/klaragymnasium.se\/wp-content\/uploads\/2023\/04\/samnatur-pa-klara-e1681288331450.jpeg 480w, https:\/\/klaragymnasium.se\/wp-content\/uploads\/2023\/04\/samnatur-pa-klara-e1681288331450-300x232.jpeg 300w, https:\/\/klaragymnasium.se\/wp-content\/uploads\/2023\/04\/samnatur-pa-klara-e1681288331450-400x309.jpeg 400w\" \/>\n\t\t\t\t<\/div>\n\t\t\t<\/article>\n\t\t<\/li>\n\t\t\t\t\t\t\t\t\t\t\t\n\t\t\n\t\t\n\t\t<li class=\"l-col-6@md \" data-filter=\"naturvetenskapsprogrammet april-2020\">\n\t\t\t<article class=\"c-card has-media-zoom \" data-variant=\"inside-half\" data-click-area>\n\t\t\t\t<div class=\"c-card__content l-stack l-stack-sm is-left is-left@md\">\n\t\t\t\t\t\t\t\t\t\t\t<blockquote class=\"c-card__title u-font-title-3\">\n\t\t\t\t\t\t\t\t\t\t\t\t\t\t\t<p class=\"u-quote-marks\"><a href=\"https:\/\/klaragymnasium.se\/sthlmostra\/elevintervjuer\/lokal\/lilly-om-naturprogrammet-pa-klara\" class=\"link\">Det \u00e4r en tuff linje men det k\u00e4nns bra att l\u00e4rarna finns f\u00f6r en och st\u00f6ttar en&#8230;<\/a><\/p>\n\t\t\t\t\t\t\t\t\t\t\t\t\t<\/blockquote>\n\t\t\t\t\t\n\t\t\t\t\t\t\t\t\t\t\t<p class=\"c-card__text l-stack-grow u-divider-top u-font-body\">\n\t\t\t\t\t\t\t<span class=\"author u-mr-fluid-lg\">Lilly<\/span>\n\t\t\t\t\t\t\t<span class=\"title u-mr-fluid-lg\">Naturvetenskapsprogrammet <\/span>\n\t\t\t\t\t\t<\/p>\n\t\t\t\t\t\n\t\t\t\t\t<div class=\"c-card__icon\">\n\t\t\t\t\t\t<svg class=\"ams-icon ams-icon--arrow-right\" width=\"32\" height=\"32\" viewBox=\"0 0 32 32\" fill=\"currentColor\" aria-hidden=\"true\" xmlns=\"http:\/\/www.w3.org\/2000\/svg\">\n\t\t\t\t\t\t\t<path d=\"M15.4617 0.252159L14.9567 0.75931C14.6219 1.09545 14.6219 1.64048 14.9567 1.97669L27.7062 14.7806H0.857144C0.383786 14.7806 0 15.166 0 15.6414V16.3587C0 16.8341 0.383786 17.2195 0.857144 17.2195H27.7062L14.9567 30.0234C14.6219 30.3595 14.6219 30.9045 14.9567 31.2407L15.4617 31.7479C15.7964 32.084 16.3392 32.084 16.6739 31.7479L31.749 16.6087C32.0837 16.2725 32.0837 15.7275 31.749 15.3913L16.6739 0.252159C16.3392 -0.084053 15.7964 -0.084053 15.4617 0.252159Z\"\/>\n\t\t\t\t\t\t<\/svg>\n\t\t\t\t\t<\/div>\n\t\t\t\t<\/div>\n\t\t\t\t<div class=\"c-card__media\" style=\" \">\n\t\t\t\t\t<img decoding=\"async\" width=\"600\" height=\"398\" src=\"https:\/\/klaragymnasium.se\/wp-content\/uploads\/2023\/03\/naturprogrammet-klara-teoretiska-gymnasium-600x398.png\" class=\"attachment-md size-md\" alt=\"Elever sitter i skolan och pluggar tillsammans.\" sizes=\"(min-width: 80em) 600px, (min-width: 48em) calc(.50 * (100vw - 240px)), calc(100vw - 160px)\" srcset=\"https:\/\/klaragymnasium.se\/wp-content\/uploads\/2023\/03\/naturprogrammet-klara-teoretiska-gymnasium-600x398.png 600w, https:\/\/klaragymnasium.se\/wp-content\/uploads\/2023\/03\/naturprogrammet-klara-teoretiska-gymnasium-300x199.png 300w, https:\/\/klaragymnasium.se\/wp-content\/uploads\/2023\/03\/naturprogrammet-klara-teoretiska-gymnasium-400x265.png 400w, https:\/\/klaragymnasium.se\/wp-content\/uploads\/2023\/03\/naturprogrammet-klara-teoretiska-gymnasium.png 756w\" \/>\n\t\t\t\t<\/div>\n\t\t\t<\/article>\n\t\t<\/li>\n\t\t\t\t\t\t\t\t\t\t\t\n\t\t\n\t\t\n\t\t<li class=\"l-col-6@md \" data-filter=\"naturvetenskapsprogrammet april-2020\">\n\t\t\t<article class=\"c-card has-media-zoom \" data-variant=\"inside-half\" data-click-area>\n\t\t\t\t<div class=\"c-card__content l-stack l-stack-sm is-left is-left@md\">\n\t\t\t\t\t\t\t\t\t\t\t<blockquote class=\"c-card__title u-font-title-3\">\n\t\t\t\t\t\t\t\t\t\t\t\t\t\t\t<p class=\"u-quote-marks\"><a href=\"https:\/\/klaragymnasium.se\/sthlmostra\/elevintervjuer\/lokal\/hugo-om-att-lasa-natur-pa-klara\" class=\"link\">Min biologil\u00e4rare har inspirerat mig och f\u00e5tt mig \u00e4nnu mer intresserad av att bli marinbiolog!&#8230;<\/a><\/p>\n\t\t\t\t\t\t\t\t\t\t\t\t\t<\/blockquote>\n\t\t\t\t\t\n\t\t\t\t\t\t\t\t\t\t\t<p class=\"c-card__text l-stack-grow u-divider-top u-font-body\">\n\t\t\t\t\t\t\t<span class=\"author u-mr-fluid-lg\">Hugo<\/span>\n\t\t\t\t\t\t\t<span class=\"title u-mr-fluid-lg\">Naturvetenskapsprogrammet<\/span>\n\t\t\t\t\t\t<\/p>\n\t\t\t\t\t\n\t\t\t\t\t<div class=\"c-card__icon\">\n\t\t\t\t\t\t<svg class=\"ams-icon ams-icon--arrow-right\" width=\"32\" height=\"32\" viewBox=\"0 0 32 32\" fill=\"currentColor\" aria-hidden=\"true\" xmlns=\"http:\/\/www.w3.org\/2000\/svg\">\n\t\t\t\t\t\t\t<path d=\"M15.4617 0.252159L14.9567 0.75931C14.6219 1.09545 14.6219 1.64048 14.9567 1.97669L27.7062 14.7806H0.857144C0.383786 14.7806 0 15.166 0 15.6414V16.3587C0 16.8341 0.383786 17.2195 0.857144 17.2195H27.7062L14.9567 30.0234C14.6219 30.3595 14.6219 30.9045 14.9567 31.2407L15.4617 31.7479C15.7964 32.084 16.3392 32.084 16.6739 31.7479L31.749 16.6087C32.0837 16.2725 32.0837 15.7275 31.749 15.3913L16.6739 0.252159C16.3392 -0.084053 15.7964 -0.084053 15.4617 0.252159Z\"\/>\n\t\t\t\t\t\t<\/svg>\n\t\t\t\t\t<\/div>\n\t\t\t\t<\/div>\n\t\t\t\t<div class=\"c-card__media\" style=\" \">\n\t\t\t\t\t<img decoding=\"async\" width=\"600\" height=\"624\" src=\"https:\/\/klaragymnasium.se\/wp-content\/uploads\/2023\/03\/hugo-naturvetenskapsprogrammet-klara-gymnasium-600x624.png\" class=\"attachment-md size-md\" alt=\"Portr\u00e4ttbild p\u00e5 elev.\" sizes=\"(min-width: 80em) 600px, (min-width: 48em) calc(.50 * (100vw - 240px)), calc(100vw - 160px)\" srcset=\"https:\/\/klaragymnasium.se\/wp-content\/uploads\/2023\/03\/hugo-naturvetenskapsprogrammet-klara-gymnasium-600x624.png 600w, https:\/\/klaragymnasium.se\/wp-content\/uploads\/2023\/03\/hugo-naturvetenskapsprogrammet-klara-gymnasium-300x312.png 300w, https:\/\/klaragymnasium.se\/wp-content\/uploads\/2023\/03\/hugo-naturvetenskapsprogrammet-klara-gymnasium-400x416.png 400w, https:\/\/klaragymnasium.se\/wp-content\/uploads\/2023\/03\/hugo-naturvetenskapsprogrammet-klara-gymnasium.png 763w\" \/>\n\t\t\t\t<\/div>\n\t\t\t<\/article>\n\t\t<\/li>\n\t<\/ul>\n\t\n\t<div class=\"no-results u-mt-0 u-hide\" data-filter-fallback-id=\"ams-testimonial-list-69f5c651bb3c2\">\n\t<p>Det finns inga resultat som matchar din filtrering.<\/p>\n<\/div>\n\n\t\n\n\t\t\n\t\t\t<\/div>\n\n\t\t\n\t\t\t\n\t\t\t\t\t\t\t\n\t\t\t\t<div class=\"c-bg c-bg--img\" data-settings=\"{&quot;desktop_settings&quot;:{&quot;size&quot;:&quot;auto&quot;,&quot;position&quot;:&quot;bottom-right&quot;},&quot;mobile_settings&quot;:{&quot;size&quot;:&quot;auto&quot;,&quot;position&quot;:&quot;bottom-right&quot;}}\" data-position=\"middle-center\" data-size=\"cover\">\n\t\t\t<picture><source media=\"(min-width: 48em)\" srcset=\"https:\/\/klaragymnasium.se\/wp-content\/uploads\/sites\/5\/2023\/03\/klakvartscirkel300x300.png 300w, https:\/\/klaragymnasium.se\/wp-content\/uploads\/sites\/5\/2023\/03\/klakvartscirkel300x300-150x150.png 150w\" sizes=\"(max-width: 300px) 100vw, 300px\" \/><source srcset=\"https:\/\/klaragymnasium.se\/wp-content\/uploads\/sites\/5\/2024\/03\/klacirkelrosa150x150px-1.png\" sizes=\"(max-width: 150px) 100vw, 150px\" \/><img decoding=\"async\" width=\"300\" height=\"300\" src=\"https:\/\/klaragymnasium.se\/wp-content\/uploads\/sites\/5\/2023\/03\/klakvartscirkel300x300.png\" class=\"attachment-hero-lg size-hero-lg\" alt=\"Grafiskt element\" sizes=\"(max-width: 300px) 100vw, 300px\" srcset=\"https:\/\/klaragymnasium.se\/wp-content\/uploads\/sites\/5\/2023\/03\/klakvartscirkel300x300.png 300w, https:\/\/klaragymnasium.se\/wp-content\/uploads\/sites\/5\/2023\/03\/klakvartscirkel300x300-150x150.png 150w\" \/><\/picture>\n\t\t<\/div>\n\t\n<\/section>\n\n\n\n\n<section  class=\"ams-cta ams-cta--stacked c-block l-stacked\" data-color-scheme=\"vit-2\">\n\t<div class=\"l-container-narrow l-stack l-stack-fluid-2xl u-pt-fluid-3xl-6xl u-pb-fluid-3xl-6xl is-center is-center@md\">\n\t\t\t\t\t<div class=\"ams-cta__intro l-stack l-stack-lg\">\n\t\t\t\t\t\n\t<h2\n\tclass=\"c-heading u-font-title-1 \"\n\tstyle=\"\">\n\t\t\n\t\t\t\t\tVar detta inte n\u00e5got f\u00f6r dig?\n\t\t\t\t\n\t<\/h2>\n\n\t\t\t\t\t\t\t\t\t<div class=\"c-text l-stack u-cs-xl u-font-body\">\n\t\t\t\t\t\t<p>D\u00e5 kanske du \u00e4r mer intresserad av n\u00e5got av v\u00e5ra andra program!<\/p>\n\n\t\t\t\t\t<\/div>\n\t\t\t\t\t\t\t<\/div>\n\t\t\n\t\t\n\t\t\t<div class=\"ams-cta__action u-inline-items\">\n\t\t\t\t\t\t\t\n\n\n<a href=\"https:\/\/klaragymnasium.se\/sthlmostra\/gymnasieprogram\/\"\n\t\n\tclass=\"c-btn \"\n\tdata-style=\"round\"\n\tdata-size=\"md\"\n\tdata-width=\"full-mobile\"\n\tdata-variant=\"default\"\n\ttarget=\"_self\">\n\t\t\t<span class=\"label\"> Till v\u00e5ra program<\/span>\n\t\t\t<\/a>\n\t\t\t<\/div>\n\t<\/div>\n\n\t\t\n\t\t\t\n\t\t\t\t\t\t\t\n\t\t\t\t<div class=\"c-bg c-bg--img\" data-settings=\"{&quot;desktop_settings&quot;:{&quot;size&quot;:&quot;cover&quot;,&quot;position&quot;:&quot;middle-center&quot;},&quot;mobile_settings&quot;:{&quot;size&quot;:&quot;cover&quot;,&quot;position&quot;:&quot;middle-center&quot;}}\" data-position=\"middle-center\" data-size=\"cover\">\n\t\t\t<img decoding=\"async\" width=\"1920\" height=\"564\" src=\"https:\/\/klaragymnasium.se\/wp-content\/uploads\/sites\/5\/2023\/03\/klaragymnasiumskog-1920x564.jpg\" class=\"attachment-hero-lg size-hero-lg\" alt=\"Skog med h\u00f6ga tr\u00e4d\" sizes=\"(max-width: 1920px) 100vw, 1920px\" \/>\n\t\t<\/div>\n\t\n\t<div class=\"c-overlay\" style=\"--overlay-bg: rgba(0,0,0,0.5);\"><\/div>\n<\/section>\n","protected":false},"excerpt":{"rendered":"<p>Ser du en framtid som l\u00e4kare, veterin\u00e4r, biolog eller kanske forskare? <\/p>\n","protected":false},"featured_media":3144,"parent":0,"menu_order":0,"template":"","yoast_head":"<!-- This site is optimized with the Yoast SEO plugin v22.0 - https:\/\/yoast.com\/wordpress\/plugins\/seo\/ -->\n<title>L\u00e4s naturvetenskapsprogrammet p\u00e5 Stockholm \u00d6stra - KLARA<\/title>\n<meta name=\"description\" content=\"Naturvetenskapsprogrammet \u00e4r ett brett universitetsf\u00f6rberedande program med fokus p\u00e5 naturvetenskap och matematik.\" \/>\n<meta name=\"robots\" content=\"index, follow, max-snippet:-1, max-image-preview:large, max-video-preview:-1\" \/>\n<link rel=\"canonical\" href=\"https:\/\/klaragymnasium.se\/sthlmostra\/program\/naturvetenskapsprogrammet\/\" \/>\n<meta property=\"og:locale\" content=\"sv_SE\" \/>\n<meta property=\"og:type\" content=\"article\" \/>\n<meta property=\"og:title\" content=\"L\u00e4s naturvetenskapsprogrammet p\u00e5 Stockholm \u00d6stra - KLARA\" \/>\n<meta property=\"og:description\" content=\"Naturvetenskapsprogrammet \u00e4r ett brett universitetsf\u00f6rberedande program med fokus p\u00e5 naturvetenskap och matematik.\" \/>\n<meta property=\"og:url\" content=\"https:\/\/klaragymnasium.se\/sthlmostra\/program\/naturvetenskapsprogrammet\/\" \/>\n<meta property=\"og:site_name\" content=\"Stockholm \u00d6stra\" \/>\n<meta property=\"article:modified_time\" content=\"2026-04-08T13:04:35+00:00\" \/>\n<meta property=\"og:image\" content=\"https:\/\/klaragymnasium.se\/wp-content\/uploads\/sites\/5\/2023\/03\/klasollentuna202505-202905webb57-1200x630.jpg\" \/>\n\t<meta property=\"og:image:width\" content=\"1200\" \/>\n\t<meta property=\"og:image:height\" content=\"630\" \/>\n\t<meta property=\"og:image:type\" content=\"image\/jpeg\" \/>\n<meta name=\"twitter:card\" content=\"summary_large_image\" \/>\n<meta name=\"twitter:title\" content=\"L\u00e4s naturvetenskapsprogrammet p\u00e5 Stockholm \u00d6stra - KLARA\" \/>\n<meta name=\"twitter:description\" content=\"Naturvetenskapsprogrammet \u00e4r ett brett universitetsf\u00f6rberedande program med fokus p\u00e5 naturvetenskap och matematik.\" \/>\n<meta name=\"twitter:image\" content=\"https:\/\/klaragymnasium.se\/wp-content\/uploads\/sites\/5\/2023\/03\/klasollentuna202505-202905webb57-1200x630.jpg\" \/>\n<meta name=\"twitter:label1\" content=\"Est. reading time\" \/>\n\t<meta name=\"twitter:data1\" content=\"3 minuter\" \/>\n<script type=\"application\/ld+json\" class=\"yoast-schema-graph\">{\"@context\":\"https:\/\/schema.org\",\"@graph\":[{\"@type\":\"WebPage\",\"@id\":\"https:\/\/klaragymnasium.se\/sthlmostra\/program\/naturvetenskapsprogrammet\/\",\"url\":\"https:\/\/klaragymnasium.se\/sthlmostra\/program\/naturvetenskapsprogrammet\/\",\"name\":\"L\u00e4s naturvetenskapsprogrammet p\u00e5 Stockholm \u00d6stra - KLARA\",\"isPartOf\":{\"@id\":\"https:\/\/klaragymnasium.se\/sthlmostra\/#website\"},\"datePublished\":\"2023-03-28T13:58:35+00:00\",\"dateModified\":\"2026-04-08T13:04:35+00:00\",\"description\":\"Naturvetenskapsprogrammet \u00e4r ett brett universitetsf\u00f6rberedande program med fokus p\u00e5 naturvetenskap och matematik.\",\"breadcrumb\":{\"@id\":\"https:\/\/klaragymnasium.se\/sthlmostra\/program\/naturvetenskapsprogrammet\/#breadcrumb\"},\"inLanguage\":\"sv-SE\",\"potentialAction\":[{\"@type\":\"ReadAction\",\"target\":[\"https:\/\/klaragymnasium.se\/sthlmostra\/program\/naturvetenskapsprogrammet\/\"]}]},{\"@type\":\"BreadcrumbList\",\"@id\":\"https:\/\/klaragymnasium.se\/sthlmostra\/program\/naturvetenskapsprogrammet\/#breadcrumb\",\"itemListElement\":[{\"@type\":\"ListItem\",\"position\":1,\"name\":\"Start\",\"item\":\"https:\/\/klaragymnasium.se\/sthlmostra\"},{\"@type\":\"ListItem\",\"position\":2,\"name\":\"V\u00e5ra gymnasieprogram\"}]},{\"@type\":\"WebSite\",\"@id\":\"https:\/\/klaragymnasium.se\/sthlmostra\/#website\",\"url\":\"https:\/\/klaragymnasium.se\/sthlmostra\/\",\"name\":\"Stockholm \u00d6stra\",\"description\":\"Just another WordPress site\",\"potentialAction\":[{\"@type\":\"SearchAction\",\"target\":{\"@type\":\"EntryPoint\",\"urlTemplate\":\"https:\/\/klaragymnasium.se\/sthlmostra\/?s={search_term_string}\"},\"query-input\":\"required name=search_term_string\"}],\"inLanguage\":\"sv-SE\"}]}<\/script>\n<!-- \/ Yoast SEO plugin. -->","yoast_head_json":{"title":"L\u00e4s naturvetenskapsprogrammet p\u00e5 Stockholm \u00d6stra - KLARA","description":"Naturvetenskapsprogrammet \u00e4r ett brett universitetsf\u00f6rberedande program med fokus p\u00e5 naturvetenskap och matematik.","robots":{"index":"index","follow":"follow","max-snippet":"max-snippet:-1","max-image-preview":"max-image-preview:large","max-video-preview":"max-video-preview:-1"},"canonical":"https:\/\/klaragymnasium.se\/sthlmostra\/program\/naturvetenskapsprogrammet\/","og_locale":"sv_SE","og_type":"article","og_title":"L\u00e4s naturvetenskapsprogrammet p\u00e5 Stockholm \u00d6stra - KLARA","og_description":"Naturvetenskapsprogrammet \u00e4r ett brett universitetsf\u00f6rberedande program med fokus p\u00e5 naturvetenskap och matematik.","og_url":"https:\/\/klaragymnasium.se\/sthlmostra\/program\/naturvetenskapsprogrammet\/","og_site_name":"Stockholm \u00d6stra","article_modified_time":"2026-04-08T13:04:35+00:00","og_image":[{"width":1200,"height":630,"url":"https:\/\/klaragymnasium.se\/wp-content\/uploads\/sites\/5\/2023\/03\/klasollentuna202505-202905webb57-1200x630.jpg","type":"image\/jpeg"}],"twitter_card":"summary_large_image","twitter_title":"L\u00e4s naturvetenskapsprogrammet p\u00e5 Stockholm \u00d6stra - KLARA","twitter_description":"Naturvetenskapsprogrammet \u00e4r ett brett universitetsf\u00f6rberedande program med fokus p\u00e5 naturvetenskap och matematik.","twitter_image":"https:\/\/klaragymnasium.se\/wp-content\/uploads\/sites\/5\/2023\/03\/klasollentuna202505-202905webb57-1200x630.jpg","twitter_misc":{"Est. reading time":"3 minuter"},"schema":{"@context":"https:\/\/schema.org","@graph":[{"@type":"WebPage","@id":"https:\/\/klaragymnasium.se\/sthlmostra\/program\/naturvetenskapsprogrammet\/","url":"https:\/\/klaragymnasium.se\/sthlmostra\/program\/naturvetenskapsprogrammet\/","name":"L\u00e4s naturvetenskapsprogrammet p\u00e5 Stockholm \u00d6stra - KLARA","isPartOf":{"@id":"https:\/\/klaragymnasium.se\/sthlmostra\/#website"},"datePublished":"2023-03-28T13:58:35+00:00","dateModified":"2026-04-08T13:04:35+00:00","description":"Naturvetenskapsprogrammet \u00e4r ett brett universitetsf\u00f6rberedande program med fokus p\u00e5 naturvetenskap och matematik.","breadcrumb":{"@id":"https:\/\/klaragymnasium.se\/sthlmostra\/program\/naturvetenskapsprogrammet\/#breadcrumb"},"inLanguage":"sv-SE","potentialAction":[{"@type":"ReadAction","target":["https:\/\/klaragymnasium.se\/sthlmostra\/program\/naturvetenskapsprogrammet\/"]}]},{"@type":"BreadcrumbList","@id":"https:\/\/klaragymnasium.se\/sthlmostra\/program\/naturvetenskapsprogrammet\/#breadcrumb","itemListElement":[{"@type":"ListItem","position":1,"name":"Start","item":"https:\/\/klaragymnasium.se\/sthlmostra"},{"@type":"ListItem","position":2,"name":"V\u00e5ra gymnasieprogram"}]},{"@type":"WebSite","@id":"https:\/\/klaragymnasium.se\/sthlmostra\/#website","url":"https:\/\/klaragymnasium.se\/sthlmostra\/","name":"Stockholm \u00d6stra","description":"Just another WordPress site","potentialAction":[{"@type":"SearchAction","target":{"@type":"EntryPoint","urlTemplate":"https:\/\/klaragymnasium.se\/sthlmostra\/?s={search_term_string}"},"query-input":"required name=search_term_string"}],"inLanguage":"sv-SE"}]}},"_links":{"self":[{"href":"https:\/\/klaragymnasium.se\/sthlmostra\/wp-json\/wp\/v2\/program_orientation\/963"}],"collection":[{"href":"https:\/\/klaragymnasium.se\/sthlmostra\/wp-json\/wp\/v2\/program_orientation"}],"about":[{"href":"https:\/\/klaragymnasium.se\/sthlmostra\/wp-json\/wp\/v2\/types\/program_orientation"}],"version-history":[{"count":10,"href":"https:\/\/klaragymnasium.se\/sthlmostra\/wp-json\/wp\/v2\/program_orientation\/963\/revisions"}],"predecessor-version":[{"id":3394,"href":"https:\/\/klaragymnasium.se\/sthlmostra\/wp-json\/wp\/v2\/program_orientation\/963\/revisions\/3394"}],"wp:featuredmedia":[{"embeddable":true,"href":"https:\/\/klaragymnasium.se\/sthlmostra\/wp-json\/wp\/v2\/media\/3144"}],"wp:attachment":[{"href":"https:\/\/klaragymnasium.se\/sthlmostra\/wp-json\/wp\/v2\/media?parent=963"}],"curies":[{"name":"wp","href":"https:\/\/api.w.org\/{rel}","templated":true}]}}