{"id":412,"date":"2023-03-03T15:28:56","date_gmt":"2023-03-03T14:28:56","guid":{"rendered":"https:\/\/klaragymnasium.se\/sthlmostra\/?page_id=412"},"modified":"2026-01-30T10:55:08","modified_gmt":"2026-01-30T09:55:08","slug":"var-skola","status":"publish","type":"page","link":"https:\/\/klaragymnasium.se\/sthlmostra\/var-skola\/","title":{"rendered":"V\u00e5r skola"},"content":{"rendered":"\n\n<section  class=\"ams-cta ams-cta--stacked c-block l-stacked\" data-color-scheme=\"gra\">\n\t<div class=\"l-container-narrow l-stack l-stack-fluid-2xl u-pt-fluid-3xl-6xl u-pb-fluid-3xl-6xl is-center is-center@md\">\n\t\t\t\t\t<div class=\"ams-cta__intro l-stack l-stack-lg\">\n\t\t\t\t\t\n\t<h1\n\tclass=\"c-heading u-font-title-1 \"\n\tstyle=\"\">\n\t\t\n\t\t\t\t\t\t\t\t\tKlara Teoretiska Gymnasium Stockholm \u00d6stra\n\t\t\t\t<span class=\"c-heading__sub is-below u-font-title-3\">\n\t\t\t\t\tv\u00e5rt gymnasium p\u00e5 G\u00e4rdet \n\t\t\t\t<\/span>\n\t\t\t\t\t\t\t\n\t<\/h1>\n\n\t\t\t\t\t\t\t\t\t<div class=\"c-text l-stack u-cs-xl u-font-body\">\n\t\t\t\t\t\t<p style=\"text-align: left;\"><span style=\"font-weight: 400;\">KLARA Stockholm \u00d6stra \u00e4r gymnasieskolan med fokus p\u00e5 dig och dina m\u00e5l. V\u00e5r trivsamma skola ligger centralt p\u00e5 G\u00e4rdet med n\u00e4rhet till tunnelbanan. Vi \u00e4r en gymnasieskola med bra gemenskap d\u00e4r alla k\u00e4nner varandra, vilket ger en sk\u00f6n st\u00e4mning p\u00e5 skolan.<\/span><\/p>\n\n\t\t\t\t\t<\/div>\n\t\t\t\t\t\t\t<\/div>\n\t\t\n\t\t\n\t\t\t<div class=\"ams-cta__action u-inline-items\">\n\t\t\t\t\t\t\t\n\n\n<a href=\"https:\/\/klaragymnasium.se\/sthlmostra\/gymnasieprogram\/\"\n\t\n\tclass=\"c-btn \"\n\tdata-style=\"round\"\n\tdata-size=\"md\"\n\tdata-width=\"full-mobile\"\n\tdata-variant=\"default\"\n\ttarget=\"_self\">\n\t\t\t<span class=\"label\"> Till v\u00e5ra program<\/span>\n\t\t\t<\/a>\n\t\t\t<\/div>\n\t<\/div>\n\n\t\t\n\n<\/section>\n\n\n\n\t\n\t\n\t\n\n\t\n\t\n\t\t\n<section  class=\"c-block l-stacked  \" data-color-scheme=\"vit\">\n\t<div class=\"ams-fifty ams-fifty--container ams-fifty--left ams-fifty--top l-container u-pt-fluid-3xl-6xl u-pb-fluid-3xl-6xl\">\n\t\t<div class=\"ams-fifty__content l-stack l-stack-xl is-center is-left@lg\">\n\t\t\t<div class=\"ams-fifty__text l-stack l-stack-lg\">\n\t\t\t\t\t\n\t<h2\n\tclass=\"c-heading u-font-title-1 \"\n\tstyle=\"\">\n\t\t\n\t\t\t\t\tDin resa b\u00f6rjar h\u00e4r\n\t\t\t\t\n\t<\/h2>\n\n\t\t\t\t\t\t\t\t\t<div class=\"text l-stack u-font-body\">\n\t\t\t\t\t\t<p>KLARA Stockholm \u00d6stra \u00e4r gymnasieskolan med fokus p\u00e5 dig och dina m\u00e5l. V\u00e5r trivsamma skola ligger centralt p\u00e5 G\u00e4rdet med n\u00e4rhet till tunnelbanan. Vi \u00e4r en skola med bra gemenskap, vilket ger en trevlig st\u00e4mning p\u00e5 skolan.<\/p>\n<p>Alla elever ska ha samma f\u00f6ruts\u00e4ttningar f\u00f6r att lyckas och vi jobbar varje dag med att du ska k\u00e4nna gl\u00e4dje och inspiration hos oss. Vi tror p\u00e5 att du kan l\u00e4ra f\u00f6r att \u00f6vertr\u00e4ffa dina m\u00e5l och utvecklas som person. Oavsett om du redan nu vet vad du vill g\u00f6ra efter studenten eller inte, hj\u00e4lper vi dig att utvecklas. D\u00e4rf\u00f6r ser vi till att du f\u00e5r tydlig struktur i dina studier och n\u00e4rhet till dina l\u00e4rare, mentorer, elevh\u00e4lsa och andra duktiga pedagoger som finns d\u00e4r f\u00f6r att motivera dig.<\/p>\n<p>Vi har samarbete med f\u00f6retag, entrepren\u00f6rer och organisationer, eftersom vi tycker att det \u00e4r viktigt att du f\u00e5r l\u00e4ra dig andra f\u00e4rdigheter och inspireras av vad som kommer efter gymnasiet. En del i detta \u00e4r ocks\u00e5 studieresor utomlands och studiebes\u00f6k utanf\u00f6r skolan. P\u00e5 KLARA Stockholm \u00d6stra vill vi ge dig en sp\u00e4nnande, rolig och framf\u00f6rallt en l\u00e4rorik gymnasietid.<\/p>\n<p>V\u00e4lkommen till oss p\u00e5 KLARA Stockholm \u00d6stra!<\/p>\n\n\t\t\t\t\t<\/div>\n\t\t\t\t\t\t\t<\/div>\n\n\t\t\t\t\t<\/div>\n\n\t\t <div class=\"ams-fifty__media u-ratio-square\">\n\t\t \t\t\t\t\t<img decoding=\"async\" width=\"600\" height=\"400\" src=\"https:\/\/klaragymnasium.se\/wp-content\/uploads\/sites\/5\/2025\/07\/klaostra202505-202905webb86-600x400.jpg\" class=\"attachment-md size-md\" alt=\"Tv\u00e5 elever l\u00e4ser en bok i vita labbrockar.\" sizes=\"(min-width: 64em) 600px, calc(100vw - 160px)\" srcset=\"https:\/\/klaragymnasium.se\/wp-content\/uploads\/sites\/5\/2025\/07\/klaostra202505-202905webb86-600x400.jpg 600w, https:\/\/klaragymnasium.se\/wp-content\/uploads\/sites\/5\/2025\/07\/klaostra202505-202905webb86-300x200.jpg 300w, https:\/\/klaragymnasium.se\/wp-content\/uploads\/sites\/5\/2025\/07\/klaostra202505-202905webb86-400x267.jpg 400w, https:\/\/klaragymnasium.se\/wp-content\/uploads\/sites\/5\/2025\/07\/klaostra202505-202905webb86-800x533.jpg 800w, https:\/\/klaragymnasium.se\/wp-content\/uploads\/sites\/5\/2025\/07\/klaostra202505-202905webb86-1024x683.jpg 1024w, https:\/\/klaragymnasium.se\/wp-content\/uploads\/sites\/5\/2025\/07\/klaostra202505-202905webb86-1200x800.jpg 1200w, https:\/\/klaragymnasium.se\/wp-content\/uploads\/sites\/5\/2025\/07\/klaostra202505-202905webb86.jpg 2048w\" \/>\n\t\t\t\n\t\t\t\n\t\t\t\t\t<\/div>\n\t<\/div>\n\n\t\t\n\n<\/section>\n\n\n\n\n\n<section  class=\"ams-faq ams_event_module c-block l-stacked js-load-more\" data-color-scheme=\"poangplan\" data-count=\"5\" data-count-mobile=\"8\">\n\t<div class=\"l-container l-stack l-stack-fluid-2xl u-pt-fluid-2xl-4xl u-pb-fluid-2xl-4xl is-center is-center@md\">\n\t\t\t\t\t<div class=\"ams-faq__intro l-stack l-stack-lg\">\n\t\t\t\t\t\n\t<h2\n\tclass=\"c-heading u-font-title-1 \"\n\tstyle=\"\">\n\t\t\n\t\t\t\t\tVanliga fr\u00e5gor\n\t\t\t\t\n\t<\/h2>\n\n\t\t\t\t\t\t\t<\/div>\n\t\t\n\t\t\n\t\n\t    \n\t\n\t<ul\n\t\tid=\"ams-faq-list-69f5c8d261e73\"\n\t\tclass=\"ams-faq__ac ams-accordion_module c-accordion js-results \"\n\t\taria-label=\"Vanliga fr\u00e5gor\"\n\t\tdata-variant=\"border-between\"\n\t\tdata-ajax-action=\"log_faq_view\"\n\t\tdata-ajax-url=\"https:\/\/klaragymnasium.se\/sthlmostra\/wp-admin\/admin-ajax.php\"\n\t\tdata-ajax-nonce=\"31bae87eb8\"\n\t\tdata-filter-animation=\"off\">\n\n\t\t\n\t\t\t\t\t\t\t\t\t\t\t\t\t\t\t\n\t\t\t\n\t\t\t<li data-ajax-id=\"2441\" class=\"c-accordion__item \"\n\t\t\tdata-filter=\"om-skolan december-2023\"\n\t\t\t>\n\t\t\t\t<h3 class=\"c-accordion__header\">\n\t\t\t\t\t\t\t\t\t\t<button class=\"c-accordion__trigger u-py-sm u-px-fluid-md-xl u-font-title-4\">\n\t\t\t\t\t\t<span>Varf\u00f6r ska jag v\u00e4lja KLARA Stockholm \u00d6stra?<\/span>\n\t\t\t\t\t\t<svg class=\"ams-icon ams-icon__arrow-down\" width=\"24\" height=\"24\" viewbox=\"0 0 24 24\" fill=\"currentColor\" aria-hidden=\"true\" xmlns=\"http:\/\/www.w3.org\/2000\/svg\">\n\t\t\t\t\t\t\t\t\t\t\t\t\t<path d=\"m11.2033 18.4294-10.872894-10.67584c-.440539-.42594-.440539-1.1147 0-1.54065l.665495-.64345c.440539-.42595 1.152899-.42595 1.593439 0l9.41066 9.27114 9.4107-9.26207c.4405-.42595 1.1529-.42595 1.5934 0l.6655.64345c.4405.42594.4405 1.1147 0 1.54065l-10.8729 10.67587c-.4405.4168-1.1529.4168-1.5934-.0091z\"\/>\n\t\t\t\t\t\n\t\t\t\t\t\t<\/svg>\n\t\t\t\t\t<\/button>\n\t\t\t\t<\/h3>\n\t\t\t\t<div class=\"c-accordion__body l-stack u-font-body\">\n\t\t\t\t\t<div class=\"c-accordion__body__inner u-p-fluid-md-xl l-stack\">\n\t\t\t\t\t\t<p><span data-sheets-root=\"1\" data-sheets-value=\"{&quot;1&quot;:2,&quot;2&quot;:&quot;Det \u00e4r en modern kvalitetsskola i Stockholms innerstad. Hit s\u00f6ker du som tar din utbildning p\u00e5 allvar och som uppskattar en skola med bra l\u00e4rare, stark gemenskap och en inspirerande milj\u00f6.&quot;}\" data-sheets-userformat=\"{&quot;2&quot;:831,&quot;3&quot;:{&quot;1&quot;:0},&quot;4&quot;:{&quot;1&quot;:2,&quot;2&quot;:14281427},&quot;5&quot;:{&quot;1&quot;:[{&quot;1&quot;:2,&quot;2&quot;:0,&quot;5&quot;:{&quot;1&quot;:2,&quot;2&quot;:0}},{&quot;1&quot;:0,&quot;2&quot;:0,&quot;3&quot;:3},{&quot;1&quot;:1,&quot;2&quot;:0,&quot;4&quot;:1}]},&quot;6&quot;:{&quot;1&quot;:[{&quot;1&quot;:2,&quot;2&quot;:0,&quot;5&quot;:{&quot;1&quot;:2,&quot;2&quot;:0}},{&quot;1&quot;:0,&quot;2&quot;:0,&quot;3&quot;:3},{&quot;1&quot;:1,&quot;2&quot;:0,&quot;4&quot;:1}]},&quot;7&quot;:{&quot;1&quot;:[{&quot;1&quot;:2,&quot;2&quot;:0,&quot;5&quot;:{&quot;1&quot;:2,&quot;2&quot;:0}},{&quot;1&quot;:0,&quot;2&quot;:0,&quot;3&quot;:3},{&quot;1&quot;:1,&quot;2&quot;:0,&quot;4&quot;:1}]},&quot;8&quot;:{&quot;1&quot;:[{&quot;1&quot;:2,&quot;2&quot;:0,&quot;5&quot;:{&quot;1&quot;:2,&quot;2&quot;:0}},{&quot;1&quot;:0,&quot;2&quot;:0,&quot;3&quot;:3},{&quot;1&quot;:1,&quot;2&quot;:0,&quot;4&quot;:1}]},&quot;11&quot;:4,&quot;12&quot;:0}\">Det \u00e4r en modern kvalitetsskola i Stockholms innerstad. Hit s\u00f6ker du som tar din utbildning p\u00e5 allvar och som uppskattar en skola med bra l\u00e4rare, stark gemenskap och en inspirerande milj\u00f6.<\/span><\/p>\n\n\t\t\t\t\t<\/div>\n\t\t\t\t<\/div>\n\t\t\t<\/li>\n\t\t\n\t\t\t\t\t\t\t\t\t\t\t\t\t\t\t\n\t\t\t\n\t\t\t<li data-ajax-id=\"2440\" class=\"c-accordion__item \"\n\t\t\tdata-filter=\"om-skolan december-2023\"\n\t\t\t>\n\t\t\t\t<h3 class=\"c-accordion__header\">\n\t\t\t\t\t\t\t\t\t\t<button class=\"c-accordion__trigger u-py-sm u-px-fluid-md-xl u-font-title-4\">\n\t\t\t\t\t\t<span>Hur m\u00e5nga elever g\u00e5r p\u00e5 skolan?<\/span>\n\t\t\t\t\t\t<svg class=\"ams-icon ams-icon__arrow-down\" width=\"24\" height=\"24\" viewbox=\"0 0 24 24\" fill=\"currentColor\" aria-hidden=\"true\" xmlns=\"http:\/\/www.w3.org\/2000\/svg\">\n\t\t\t\t\t\t\t\t\t\t\t\t\t<path d=\"m11.2033 18.4294-10.872894-10.67584c-.440539-.42594-.440539-1.1147 0-1.54065l.665495-.64345c.440539-.42595 1.152899-.42595 1.593439 0l9.41066 9.27114 9.4107-9.26207c.4405-.42595 1.1529-.42595 1.5934 0l.6655.64345c.4405.42594.4405 1.1147 0 1.54065l-10.8729 10.67587c-.4405.4168-1.1529.4168-1.5934-.0091z\"\/>\n\t\t\t\t\t\n\t\t\t\t\t\t<\/svg>\n\t\t\t\t\t<\/button>\n\t\t\t\t<\/h3>\n\t\t\t\t<div class=\"c-accordion__body l-stack u-font-body\">\n\t\t\t\t\t<div class=\"c-accordion__body__inner u-p-fluid-md-xl l-stack\">\n\t\t\t\t\t\t<p><span data-sheets-root=\"1\" data-sheets-value=\"{&quot;1&quot;:2,&quot;2&quot;:&quot;Det g\u00e5r ca 550elever p\u00e5 skolan och ca 30 elever i varje klass.&quot;}\" data-sheets-userformat=\"{&quot;2&quot;:831,&quot;3&quot;:{&quot;1&quot;:0},&quot;4&quot;:{&quot;1&quot;:2,&quot;2&quot;:14281427},&quot;5&quot;:{&quot;1&quot;:[{&quot;1&quot;:2,&quot;2&quot;:0,&quot;5&quot;:{&quot;1&quot;:2,&quot;2&quot;:0}},{&quot;1&quot;:0,&quot;2&quot;:0,&quot;3&quot;:3},{&quot;1&quot;:1,&quot;2&quot;:0,&quot;4&quot;:1}]},&quot;6&quot;:{&quot;1&quot;:[{&quot;1&quot;:2,&quot;2&quot;:0,&quot;5&quot;:{&quot;1&quot;:2,&quot;2&quot;:0}},{&quot;1&quot;:0,&quot;2&quot;:0,&quot;3&quot;:3},{&quot;1&quot;:1,&quot;2&quot;:0,&quot;4&quot;:1}]},&quot;7&quot;:{&quot;1&quot;:[{&quot;1&quot;:2,&quot;2&quot;:0,&quot;5&quot;:{&quot;1&quot;:2,&quot;2&quot;:0}},{&quot;1&quot;:0,&quot;2&quot;:0,&quot;3&quot;:3},{&quot;1&quot;:1,&quot;2&quot;:0,&quot;4&quot;:1}]},&quot;8&quot;:{&quot;1&quot;:[{&quot;1&quot;:2,&quot;2&quot;:0,&quot;5&quot;:{&quot;1&quot;:2,&quot;2&quot;:0}},{&quot;1&quot;:0,&quot;2&quot;:0,&quot;3&quot;:3},{&quot;1&quot;:1,&quot;2&quot;:0,&quot;4&quot;:1}]},&quot;11&quot;:4,&quot;12&quot;:0}\">Det g\u00e5r ca 550elever p\u00e5 skolan och ca 30 elever i varje klass.<\/span><\/p>\n\n\t\t\t\t\t<\/div>\n\t\t\t\t<\/div>\n\t\t\t<\/li>\n\t\t\n\t\t\t\t\t\t\t\t\t\t\t\t\t\t\t\n\t\t\t\n\t\t\t<li data-ajax-id=\"2432\" class=\"c-accordion__item \"\n\t\t\tdata-filter=\"att-ga-pa-skolan december-2023\"\n\t\t\t>\n\t\t\t\t<h3 class=\"c-accordion__header\">\n\t\t\t\t\t\t\t\t\t\t<button class=\"c-accordion__trigger u-py-sm u-px-fluid-md-xl u-font-title-4\">\n\t\t\t\t\t\t<span>Hur ser schemat ut?<\/span>\n\t\t\t\t\t\t<svg class=\"ams-icon ams-icon__arrow-down\" width=\"24\" height=\"24\" viewbox=\"0 0 24 24\" fill=\"currentColor\" aria-hidden=\"true\" xmlns=\"http:\/\/www.w3.org\/2000\/svg\">\n\t\t\t\t\t\t\t\t\t\t\t\t\t<path d=\"m11.2033 18.4294-10.872894-10.67584c-.440539-.42594-.440539-1.1147 0-1.54065l.665495-.64345c.440539-.42595 1.152899-.42595 1.593439 0l9.41066 9.27114 9.4107-9.26207c.4405-.42595 1.1529-.42595 1.5934 0l.6655.64345c.4405.42594.4405 1.1147 0 1.54065l-10.8729 10.67587c-.4405.4168-1.1529.4168-1.5934-.0091z\"\/>\n\t\t\t\t\t\n\t\t\t\t\t\t<\/svg>\n\t\t\t\t\t<\/button>\n\t\t\t\t<\/h3>\n\t\t\t\t<div class=\"c-accordion__body l-stack u-font-body\">\n\t\t\t\t\t<div class=\"c-accordion__body__inner u-p-fluid-md-xl l-stack\">\n\t\t\t\t\t\t<p><span data-sheets-root=\"1\" data-sheets-value=\"{&quot;1&quot;:2,&quot;2&quot;:&quot;De flesta lektioner startar mellan 8.30 och 9.00 och skoldagen \u00e4r slut mellan 14 och 16. Men det kan s\u00e5klart variera beroende p\u00e5 vilka kurser man l\u00e4ser.&quot;}\" data-sheets-userformat=\"{&quot;2&quot;:831,&quot;3&quot;:{&quot;1&quot;:0},&quot;4&quot;:{&quot;1&quot;:2,&quot;2&quot;:14281427},&quot;5&quot;:{&quot;1&quot;:[{&quot;1&quot;:2,&quot;2&quot;:0,&quot;5&quot;:{&quot;1&quot;:2,&quot;2&quot;:0}},{&quot;1&quot;:0,&quot;2&quot;:0,&quot;3&quot;:3},{&quot;1&quot;:1,&quot;2&quot;:0,&quot;4&quot;:1}]},&quot;6&quot;:{&quot;1&quot;:[{&quot;1&quot;:2,&quot;2&quot;:0,&quot;5&quot;:{&quot;1&quot;:2,&quot;2&quot;:0}},{&quot;1&quot;:0,&quot;2&quot;:0,&quot;3&quot;:3},{&quot;1&quot;:1,&quot;2&quot;:0,&quot;4&quot;:1}]},&quot;7&quot;:{&quot;1&quot;:[{&quot;1&quot;:2,&quot;2&quot;:0,&quot;5&quot;:{&quot;1&quot;:2,&quot;2&quot;:0}},{&quot;1&quot;:0,&quot;2&quot;:0,&quot;3&quot;:3},{&quot;1&quot;:1,&quot;2&quot;:0,&quot;4&quot;:1}]},&quot;8&quot;:{&quot;1&quot;:[{&quot;1&quot;:2,&quot;2&quot;:0,&quot;5&quot;:{&quot;1&quot;:2,&quot;2&quot;:0}},{&quot;1&quot;:0,&quot;2&quot;:0,&quot;3&quot;:3},{&quot;1&quot;:1,&quot;2&quot;:0,&quot;4&quot;:1}]},&quot;11&quot;:4,&quot;12&quot;:0}\">De flesta lektioner startar mellan 8.30 och 9.00 och skoldagen \u00e4r slut mellan 14 och 16. Men det kan s\u00e5klart variera beroende p\u00e5 vilka kurser man l\u00e4ser.<\/span><\/p>\n\n\t\t\t\t\t<\/div>\n\t\t\t\t<\/div>\n\t\t\t<\/li>\n\t\t\n\t\t\t\t\t\t\t\t\t\t\t\t\t\t\t\n\t\t\t\n\t\t\t<li data-ajax-id=\"2423\" class=\"c-accordion__item \"\n\t\t\tdata-filter=\"program-inriktningar december-2023\"\n\t\t\t>\n\t\t\t\t<h3 class=\"c-accordion__header\">\n\t\t\t\t\t\t\t\t\t\t<button class=\"c-accordion__trigger u-py-sm u-px-fluid-md-xl u-font-title-4\">\n\t\t\t\t\t\t<span>Vilka program finns det p\u00e5 skolan?<\/span>\n\t\t\t\t\t\t<svg class=\"ams-icon ams-icon__arrow-down\" width=\"24\" height=\"24\" viewbox=\"0 0 24 24\" fill=\"currentColor\" aria-hidden=\"true\" xmlns=\"http:\/\/www.w3.org\/2000\/svg\">\n\t\t\t\t\t\t\t\t\t\t\t\t\t<path d=\"m11.2033 18.4294-10.872894-10.67584c-.440539-.42594-.440539-1.1147 0-1.54065l.665495-.64345c.440539-.42595 1.152899-.42595 1.593439 0l9.41066 9.27114 9.4107-9.26207c.4405-.42595 1.1529-.42595 1.5934 0l.6655.64345c.4405.42594.4405 1.1147 0 1.54065l-10.8729 10.67587c-.4405.4168-1.1529.4168-1.5934-.0091z\"\/>\n\t\t\t\t\t\n\t\t\t\t\t\t<\/svg>\n\t\t\t\t\t<\/button>\n\t\t\t\t<\/h3>\n\t\t\t\t<div class=\"c-accordion__body l-stack u-font-body\">\n\t\t\t\t\t<div class=\"c-accordion__body__inner u-p-fluid-md-xl l-stack\">\n\t\t\t\t\t\t<p><span data-sheets-root=\"1\" data-sheets-value=\"{&quot;1&quot;:2,&quot;2&quot;:&quot;P\u00e5 Klara gymnasium Stockholm \u00d6stra finns dessa program: - Ekonomiprogrammet - Naturvetenskapsprogrammet - Samh\u00e4llsvetenskapsprogrammet Du kan l\u00e4sa mer om alla programmen h\u00e4r [https:\/\/klaragymnasium.se\/sthlmostra\/program\/].&quot;}\" data-sheets-userformat=\"{&quot;2&quot;:831,&quot;3&quot;:{&quot;1&quot;:0},&quot;4&quot;:{&quot;1&quot;:2,&quot;2&quot;:14281427},&quot;5&quot;:{&quot;1&quot;:[{&quot;1&quot;:2,&quot;2&quot;:0,&quot;5&quot;:{&quot;1&quot;:2,&quot;2&quot;:0}},{&quot;1&quot;:0,&quot;2&quot;:0,&quot;3&quot;:3},{&quot;1&quot;:1,&quot;2&quot;:0,&quot;4&quot;:1}]},&quot;6&quot;:{&quot;1&quot;:[{&quot;1&quot;:2,&quot;2&quot;:0,&quot;5&quot;:{&quot;1&quot;:2,&quot;2&quot;:0}},{&quot;1&quot;:0,&quot;2&quot;:0,&quot;3&quot;:3},{&quot;1&quot;:1,&quot;2&quot;:0,&quot;4&quot;:1}]},&quot;7&quot;:{&quot;1&quot;:[{&quot;1&quot;:2,&quot;2&quot;:0,&quot;5&quot;:{&quot;1&quot;:2,&quot;2&quot;:0}},{&quot;1&quot;:0,&quot;2&quot;:0,&quot;3&quot;:3},{&quot;1&quot;:1,&quot;2&quot;:0,&quot;4&quot;:1}]},&quot;8&quot;:{&quot;1&quot;:[{&quot;1&quot;:2,&quot;2&quot;:0,&quot;5&quot;:{&quot;1&quot;:2,&quot;2&quot;:0}},{&quot;1&quot;:0,&quot;2&quot;:0,&quot;3&quot;:3},{&quot;1&quot;:1,&quot;2&quot;:0,&quot;4&quot;:1}]},&quot;11&quot;:4,&quot;12&quot;:0}\">P\u00e5 KLARA Stockholm \u00d6stra finns dessa program: &#8211; Ekonomiprogrammet &#8211; Naturvetenskapsprogrammet &#8211; Samh\u00e4llsvetenskapsprogrammet. <a href=\"https:\/\/klaragymnasium.se\/sthlmostra\/gymnasieprogram\/\">Du kan l\u00e4sa mer om alla programmen h\u00e4r<\/a>.<\/span><\/p>\n\n\t\t\t\t\t<\/div>\n\t\t\t\t<\/div>\n\t\t\t<\/li>\n\t\t\t<\/ul>\n\n\t<div class=\"no-results u-mt-0 u-hide\" data-filter-fallback-id=\"ams-faq-list-69f5c8d261e73\">\n\t<p>Det finns inga resultat som matchar din filtrering.<\/p>\n<\/div>\n\n\t    <div class=\"ams-faq__more u-inline-items js-load-more-btn\">\n        <button href=\"#\"\n                class=\"c-btn\"\n                data-style=\"round\"\n                data-size=\"md\"\n                data-width=\"full-mobile\"\n                data-variant=\"outline\">\n        \tVisa fler resultat\n        <\/button>\n    <\/div>\n\n\n\t\t\n\t\t\t<div class=\"ams-faq__action u-inline-items\">\n\t\t\t\t\t\t\t\n\n\n<a href=\"https:\/\/klaragymnasium.se\/sthlmostra\/vanliga-fragor\"\n\t\n\tclass=\"c-btn \"\n\tdata-style=\"round\"\n\tdata-size=\"md\"\n\tdata-width=\"full-mobile\"\n\tdata-variant=\"outline\"\n\ttarget=\"_self\">\n\t\t\t<span class=\"label\"> Till vanliga fr\u00e5gor<\/span>\n\t\t\t<\/a>\n\t\t\t<\/div>\n\t<\/div>\n\n\t\t\n\n<\/section>\n\n\n\n\n<section  class=\"ams-usp c-block l-stacked\" data-color-scheme=\"usp-gra\">\n\t<div class=\"l-container l-stack l-stack-fluid-2xl u-pt-fluid-3xl-6xl u-pb-fluid-3xl-6xl is-center is-center@md\">\n\t\t\n\t\t\t<ul class=\"ams-usp__list l-grid u-justify-center u-gap-fluid-2xl-4xl\">\n\t\t\t\t\t<li class=\"l-col-6@md l-col-4@lg\">\n\t\t\t\t<article\n\t\t\t\t\tclass=\"\n\t\t\t\t\tc-card\n\t\t\t\t\thas-media-zoom\n\t\t\t\t\t\n\t\t\t\t\t\n\t\t\t\t\t\"\n\t\t\t\t\tdata-variant=\"neutral\"\n\t\t\t\t\tdata-style=\"square\"\n\t\t\t\t\t\n\t\t\t\t\t>\n\t\t\t\t\t\t\t\t\t\t\t<div class=\"c-card__content l-stack l-stack-sm u-text-center\">\n\t\t\t\t\t\t\t\t\t\t\t\t\t\t\t<h3 class=\"c-card__title u-font-title-3\">\n\t\t\t\t\t\t\t\t\t\t\t\t\t\t\t\t\t\t\t\t\t\t\t\t\t\t\t\t\t\tMENTORSKAP\n\t\t\t\t\t\t\t\t\t\t\t\t\t\t\t\t\t\t\t\t\t\t\t\t\t\t\t<\/h3>\n\t\t\t\t\t\t\t\n\t\t\t\t\t\t\t\t\t\t\t\t\t\t\t<div class=\"c-card__text l-stack-xs u-font-body\">\n\t\t\t\t\t\t\t\t\t<p>Vi genomf\u00f6r m\u00e5l- och dr\u00f6msamtal med dig f\u00f6r att kartl\u00e4gga dina m\u00e5l och dr\u00f6mmar.<\/p>\n\n\t\t\t\t\t\t\t\t<\/div>\n\t\t\t\t\t\t\t\t\t\t\t\t\t<\/div>\n\t\t\t\t\t\n\t\t\t\t\t<div class=\"c-card__media\">\n\t\t\t\t\t\t\t\t\t\t\t\t\t<img decoding=\"async\" width=\"200\" height=\"200\" src=\"https:\/\/klaragymnasium.se\/wp-content\/uploads\/sites\/5\/2023\/04\/klawebbikoner2-8.png\" class=\" u-ratio-landscape  ams_icon_size_usp-big\" alt=\"Grafiskt element\" srcset=\"https:\/\/klaragymnasium.se\/wp-content\/uploads\/sites\/5\/2023\/04\/klawebbikoner2-8.png 200w, https:\/\/klaragymnasium.se\/wp-content\/uploads\/sites\/5\/2023\/04\/klawebbikoner2-8-150x150.png 150w\" sizes=\"(max-width: 200px) 100vw, 200px\" \/>\n\t\t\t\t\t\t\t\t\t\t\t<\/div>\n\t\t\t\t<\/article>\n\t\t\t<\/li>\n\n\t\t\t\t\t<li class=\"l-col-6@md l-col-4@lg\">\n\t\t\t\t<article\n\t\t\t\t\tclass=\"\n\t\t\t\t\tc-card\n\t\t\t\t\thas-media-zoom\n\t\t\t\t\t\n\t\t\t\t\t\n\t\t\t\t\t\"\n\t\t\t\t\tdata-variant=\"neutral\"\n\t\t\t\t\tdata-style=\"square\"\n\t\t\t\t\t\n\t\t\t\t\t>\n\t\t\t\t\t\t\t\t\t\t\t<div class=\"c-card__content l-stack l-stack-sm u-text-center\">\n\t\t\t\t\t\t\t\t\t\t\t\t\t\t\t<h3 class=\"c-card__title u-font-title-3\">\n\t\t\t\t\t\t\t\t\t\t\t\t\t\t\t\t\t\t\t\t\t\t\t\t\t\t\t\t\t\tCENTRALT L\u00c4GE\n\t\t\t\t\t\t\t\t\t\t\t\t\t\t\t\t\t\t\t\t\t\t\t\t\t\t\t<\/h3>\n\t\t\t\t\t\t\t\n\t\t\t\t\t\t\t\t\t\t\t\t\t\t\t<div class=\"c-card__text l-stack-xs u-font-body\">\n\t\t\t\t\t\t\t\t\t<p>V\u00e5rt centrala l\u00e4ge g\u00f6r det enkelt att pendla till skolan.<\/p>\n\n\t\t\t\t\t\t\t\t<\/div>\n\t\t\t\t\t\t\t\t\t\t\t\t\t<\/div>\n\t\t\t\t\t\n\t\t\t\t\t<div class=\"c-card__media\">\n\t\t\t\t\t\t\t\t\t\t\t\t\t<img decoding=\"async\" width=\"200\" height=\"200\" src=\"https:\/\/klaragymnasium.se\/wp-content\/uploads\/sites\/5\/2023\/04\/klawebbikoner1-7.png\" class=\" u-ratio-landscape  ams_icon_size_usp-big\" alt=\"Grafiskt element\" srcset=\"https:\/\/klaragymnasium.se\/wp-content\/uploads\/sites\/5\/2023\/04\/klawebbikoner1-7.png 200w, https:\/\/klaragymnasium.se\/wp-content\/uploads\/sites\/5\/2023\/04\/klawebbikoner1-7-150x150.png 150w\" sizes=\"(max-width: 200px) 100vw, 200px\" \/>\n\t\t\t\t\t\t\t\t\t\t\t<\/div>\n\t\t\t\t<\/article>\n\t\t\t<\/li>\n\n\t\t\t\t\t<li class=\"l-col-6@md l-col-4@lg\">\n\t\t\t\t<article\n\t\t\t\t\tclass=\"\n\t\t\t\t\tc-card\n\t\t\t\t\thas-media-zoom\n\t\t\t\t\t\n\t\t\t\t\t\n\t\t\t\t\t\"\n\t\t\t\t\tdata-variant=\"neutral\"\n\t\t\t\t\tdata-style=\"square\"\n\t\t\t\t\t\n\t\t\t\t\t>\n\t\t\t\t\t\t\t\t\t\t\t<div class=\"c-card__content l-stack l-stack-sm u-text-center\">\n\t\t\t\t\t\t\t\t\t\t\t\t\t\t\t<h3 class=\"c-card__title u-font-title-3\">\n\t\t\t\t\t\t\t\t\t\t\t\t\t\t\t\t\t\t\t\t\t\t\t\t\t\t\t\t\t\tPERSONAL SOM BRYR SIG!\n\t\t\t\t\t\t\t\t\t\t\t\t\t\t\t\t\t\t\t\t\t\t\t\t\t\t\t<\/h3>\n\t\t\t\t\t\t\t\n\t\t\t\t\t\t\t\t\t\t\t\t\t\t\t<div class=\"c-card__text l-stack-xs u-font-body\">\n\t\t\t\t\t\t\t\t\t<p>All personal finns h\u00e4r f\u00f6r att st\u00f6tta dig till att n\u00e5 dina m\u00e5l.<\/p>\n\n\t\t\t\t\t\t\t\t<\/div>\n\t\t\t\t\t\t\t\t\t\t\t\t\t<\/div>\n\t\t\t\t\t\n\t\t\t\t\t<div class=\"c-card__media\">\n\t\t\t\t\t\t\t\t\t\t\t\t\t<img decoding=\"async\" width=\"200\" height=\"200\" src=\"https:\/\/klaragymnasium.se\/wp-content\/uploads\/sites\/5\/2023\/04\/klawebbikoner3-7.png\" class=\" u-ratio-landscape  ams_icon_size_usp-big\" alt=\"Grafiskt element\" srcset=\"https:\/\/klaragymnasium.se\/wp-content\/uploads\/sites\/5\/2023\/04\/klawebbikoner3-7.png 200w, https:\/\/klaragymnasium.se\/wp-content\/uploads\/sites\/5\/2023\/04\/klawebbikoner3-7-150x150.png 150w\" sizes=\"(max-width: 200px) 100vw, 200px\" \/>\n\t\t\t\t\t\t\t\t\t\t\t<\/div>\n\t\t\t\t<\/article>\n\t\t\t<\/li>\n\n\t\t\t<\/ul>\n\n\t\t\t<\/div>\n\n\t\t\n\n<\/section>\n\n\n\n\t\n\t\n\t\n\n\t\n\t\n\t\t\n<section  class=\"c-block l-stacked  \" data-color-scheme=\"vit\">\n\t<div class=\"ams-fifty ams-fifty--container ams-fifty--right ams-fifty--top l-container u-pt-fluid-3xl-6xl u-pb-fluid-3xl-6xl\">\n\t\t<div class=\"ams-fifty__content l-stack l-stack-xl is-center is-left@lg\">\n\t\t\t<div class=\"ams-fifty__text l-stack l-stack-lg\">\n\t\t\t\t\t\n\t<h2\n\tclass=\"c-heading u-font-title-1 \"\n\tstyle=\"\">\n\t\t\n\t\t\t\t\tRektorn har ordet\n\t\t\t\t\n\t<\/h2>\n\n\t\t\t\t\t\t\t\t\t<div class=\"text l-stack u-font-body\">\n\t\t\t\t\t\t<p>P\u00e5 KLARA Stockholm \u00d6stra kommer du att bli utmanad att f\u00f6rverkliga dina dr\u00f6mmar, men inte innan vi gett dig r\u00e4tt f\u00f6ruts\u00e4ttningar. En viktig del av din utbildning hos oss \u00e4r att du ska vara f\u00f6rberedd inf\u00f6r vidare studier. Det \u00e4r f\u00f6rst n\u00e4r du \u00e4r trygg i dig sj\u00e4lv och i skolan som du har m\u00f6jlighet att v\u00e4xa \u2013 vi hj\u00e4lper dig att n\u00e5 dit.<\/p>\n<p style=\"text-align: left;\"><strong>Oliver Ylvenius<br \/>\nrektor, KLARA Stockholm \u00d6stra<\/strong><\/p>\n\n\t\t\t\t\t<\/div>\n\t\t\t\t\t\t\t<\/div>\n\n\t\t\t\t\t<\/div>\n\n\t\t <div class=\"ams-fifty__media u-ratio-square\">\n\t\t \t\t\t\t\t<img decoding=\"async\" width=\"600\" height=\"750\" src=\"https:\/\/klaragymnasium.se\/wp-content\/uploads\/sites\/5\/2025\/07\/klaostra202505-202905webb38-600x750.jpg\" class=\"attachment-md size-md\" alt=\"Portr\u00e4ttbild Oliver.\" sizes=\"(min-width: 64em) 600px, calc(100vw - 160px)\" srcset=\"https:\/\/klaragymnasium.se\/wp-content\/uploads\/sites\/5\/2025\/07\/klaostra202505-202905webb38-600x750.jpg 600w, https:\/\/klaragymnasium.se\/wp-content\/uploads\/sites\/5\/2025\/07\/klaostra202505-202905webb38-300x375.jpg 300w, https:\/\/klaragymnasium.se\/wp-content\/uploads\/sites\/5\/2025\/07\/klaostra202505-202905webb38-400x500.jpg 400w, https:\/\/klaragymnasium.se\/wp-content\/uploads\/sites\/5\/2025\/07\/klaostra202505-202905webb38-800x1000.jpg 800w, https:\/\/klaragymnasium.se\/wp-content\/uploads\/sites\/5\/2025\/07\/klaostra202505-202905webb38-1024x1280.jpg 1024w, https:\/\/klaragymnasium.se\/wp-content\/uploads\/sites\/5\/2025\/07\/klaostra202505-202905webb38-1200x1500.jpg 1200w, https:\/\/klaragymnasium.se\/wp-content\/uploads\/sites\/5\/2025\/07\/klaostra202505-202905webb38.jpg 1638w\" \/>\n\t\t\t\n\t\t\t\n\t\t\t\t\t<\/div>\n\t<\/div>\n\n\t\t\n\n<\/section>\n\n\n\n\t\n\t\n\t\n\n\t\n\t\n\t\t\n<section  class=\"c-block l-stacked  \" data-color-scheme=\"gra\">\n\t<div class=\"ams-fifty ams-fifty--container ams-fifty--left ams-fifty--top l-container u-pt-fluid-3xl-6xl u-pb-fluid-3xl-6xl\">\n\t\t<div class=\"ams-fifty__content l-stack l-stack-xl is-center is-left@lg\">\n\t\t\t<div class=\"ams-fifty__text l-stack l-stack-lg\">\n\t\t\t\t\t\n\t<h2\n\tclass=\"c-heading u-font-title-1 \"\n\tstyle=\"\">\n\t\t\n\t\t\t\t\tElevk\u00e5r\n\t\t\t\t\n\t<\/h2>\n\n\t\t\t\t\t\t\t\t\t<div class=\"text l-stack u-font-body\">\n\t\t\t\t\t\t<p style=\"text-align: left;\">Hos oss p\u00e5 KLARA \u00e4r gemenskapen lika viktig som utbildningen. Elevk\u00e5rerna bidrar till att skapa en levande skolmilj\u00f6 d\u00e4r du f\u00e5r chansen att tr\u00e4ffa nya v\u00e4nner, delta i sp\u00e4nnande aktiviteter och forma minnen som du b\u00e4r med dig l\u00e5ngt efter gymnasietiden.<\/p>\n\n\t\t\t\t\t<\/div>\n\t\t\t\t\t\t\t<\/div>\n\n\t\t\t\t<div class=\"ams-fifty__action u-inline-items\">\n\t\t\t\t\t\t\t\n\n\n<a href=\"https:\/\/www.instagram.com\/klaraostraelevkar\/\"\n\t\n\tclass=\"c-btn \"\n\tdata-style=\"round\"\n\tdata-size=\"md\"\n\tdata-width=\"full-mobile\"\n\tdata-variant=\"default\"\n\ttarget=\"_blank\">\n\t\t\t<span class=\"label\"> Instagram<\/span>\n\t\t\t<\/a>\n\t\t\t<\/div>\n\t\t<\/div>\n\n\t\t <div class=\"ams-fifty__media u-ratio-widescreen\">\n\t\t \t\t\t\t\t<img decoding=\"async\" width=\"600\" height=\"400\" src=\"https:\/\/klaragymnasium.se\/wp-content\/uploads\/sites\/5\/2025\/07\/klaostra202505-202905webb107-600x400.jpg\" class=\"attachment-md size-md\" alt=\"Elever sitter utomhus och pratar.\" sizes=\"(min-width: 64em) 600px, calc(100vw - 160px)\" srcset=\"https:\/\/klaragymnasium.se\/wp-content\/uploads\/sites\/5\/2025\/07\/klaostra202505-202905webb107-600x400.jpg 600w, https:\/\/klaragymnasium.se\/wp-content\/uploads\/sites\/5\/2025\/07\/klaostra202505-202905webb107-300x200.jpg 300w, https:\/\/klaragymnasium.se\/wp-content\/uploads\/sites\/5\/2025\/07\/klaostra202505-202905webb107-400x267.jpg 400w, https:\/\/klaragymnasium.se\/wp-content\/uploads\/sites\/5\/2025\/07\/klaostra202505-202905webb107-800x533.jpg 800w, https:\/\/klaragymnasium.se\/wp-content\/uploads\/sites\/5\/2025\/07\/klaostra202505-202905webb107-1024x683.jpg 1024w, https:\/\/klaragymnasium.se\/wp-content\/uploads\/sites\/5\/2025\/07\/klaostra202505-202905webb107-1200x800.jpg 1200w, https:\/\/klaragymnasium.se\/wp-content\/uploads\/sites\/5\/2025\/07\/klaostra202505-202905webb107.jpg 2048w\" \/>\n\t\t\t\n\t\t\t\n\t\t\t\t\t<\/div>\n\t<\/div>\n\n\t\t\n\n<\/section>\n\n\n\n\n<section  class=\"ams-info-card c-block l-stacked\" data-color-scheme=\"info-card\">\n\t<div class=\"l-container l-stack l-stack-fluid-2xl u-pt-fluid-3xl-6xl u-pb-fluid-3xl-6xl is-center is-center@md\">\n\t\t\t\t\t<div class=\"ams-info-card__intro l-stack l-stack-lg\">\n\t\t\t\t\t\n\t<h2\n\tclass=\"c-heading u-font-title-1 \"\n\tstyle=\"\">\n\t\t\n\t\t\t\t\tMer om KLARA \u00d6stra\n\t\t\t\t\n\t<\/h2>\n\n\t\t\t\t\t\t\t<\/div>\n\t\t\n\t\t\t\t\t\n<ul class=\"ams-info-card__list l-grid u-gap-2xl\">\n\t\t\t<li class=\"l-col-6@md l-col-4@lg\">\n\t\t\t<article\n\t\t\t\tclass=\"\n\t\t\t\tc-card\n\t\t\t\t\n\t\t\t\thas-media-zoom\n\t\t\t\t\n\t\t\t\t\"\n\t\t\t\tdata-variant=\"space\"\n\t\t\t\tdata-style=\"square\"\n\t\t\t\t data-click-area\n\t\t\t\t\n\t\t\t\t\n\t\t\t\t>\n\t\t\t\t<div class=\"c-card__content l-stack l-stack-sm is-left is-left@md\">\n\t\t\t\t\t\t\t\t\t\t\t<h3 class=\"c-card__title u-font-title-3\">\n\t\t\t\t\t\t\t\t\t\t\t\t\t\t\t<a class=\"c-card__link\" href=\"https:\/\/klaragymnasium.se\/sthlmostra\/kontakta-oss\/\" target=\"_self\">\n\t\t\t\t\t\t\t\t\tKontakta oss\n\t\t\t\t\t\t\t\t<\/a>\n\t\t\t\t\t\t\t\t\t\t\t\t\t<\/h3>\n\t\t\t\t\t\n\t\t\t\t\t\t\t\t\t\t\t<div class=\"c-card__text l-stack-xs u-font-body\">\n\t\t\t\t\t\t\t<p>Har du n\u00e5gra fr\u00e5gor om v\u00e5ra verksamheter till v\u00e5r ledning? Klicka dig vidare f\u00f6r att kontakta oss.<\/p>\n\n\t\t\t\t\t\t<\/div>\n\t\t\t\t\t\n\t\t\t\t\t\t\t\t\t\t\t<div class=\"c-card__icon c-card__icon--nl\">\n\t\t\t\t\t\t\t\t\t\t\t\t\t\t<svg class=\"ams-icon ams-icon--arrow-right\" width=\"32\" height=\"32\" viewbox=\"0 0 32 32\" fill=\"currentColor\" aria-hidden=\"true\" xmlns=\"http:\/\/www.w3.org\/2000\/svg\">\n\t\t\t\t\t\t\t\t\t\t\t\t\t\t\t\t<path d=\"M15.4617 0.252159L14.9567 0.75931C14.6219 1.09545 14.6219 1.64048 14.9567 1.97669L27.7062 14.7806H0.857144C0.383786 14.7806 0 15.166 0 15.6414V16.3587C0 16.8341 0.383786 17.2195 0.857144 17.2195H27.7062L14.9567 30.0234C14.6219 30.3595 14.6219 30.9045 14.9567 31.2407L15.4617 31.7479C15.7964 32.084 16.3392 32.084 16.6739 31.7479L31.749 16.6087C32.0837 16.2725 32.0837 15.7275 31.749 15.3913L16.6739 0.252159C16.3392 -0.084053 15.7964 -0.084053 15.4617 0.252159Z\"\/>\n\t\t\t\t\t\t\t\n\t\t\t\t\t\t\t<\/svg>\n\t\t\t\t\t\t<\/div>\n\t\t\t\t\t\t\t\t\t<\/div>\n\n\t\t\t\t\t\t\t\t\t<div class=\"c-card__media \" style=\" \">\n\t\t\t\t\t\t<img decoding=\"async\" width=\"400\" height=\"600\" src=\"https:\/\/klaragymnasium.se\/wp-content\/uploads\/sites\/5\/2025\/07\/klaostra202505-202905webb103-400x600.jpg\" class=\"\" alt=\"En glad tjej sitter utomhus och pratar med sina kompisar.\" sizes=\"(min-width: 64em) 300px, (min-width: 48em) calc(.50 * (100vw - 304px)), calc(100vw - 208px)\" srcset=\"https:\/\/klaragymnasium.se\/wp-content\/uploads\/sites\/5\/2025\/07\/klaostra202505-202905webb103-400x600.jpg 400w, https:\/\/klaragymnasium.se\/wp-content\/uploads\/sites\/5\/2025\/07\/klaostra202505-202905webb103-300x450.jpg 300w, https:\/\/klaragymnasium.se\/wp-content\/uploads\/sites\/5\/2025\/07\/klaostra202505-202905webb103-600x900.jpg 600w, https:\/\/klaragymnasium.se\/wp-content\/uploads\/sites\/5\/2025\/07\/klaostra202505-202905webb103-800x1200.jpg 800w, https:\/\/klaragymnasium.se\/wp-content\/uploads\/sites\/5\/2025\/07\/klaostra202505-202905webb103-1024x1536.jpg 1024w, https:\/\/klaragymnasium.se\/wp-content\/uploads\/sites\/5\/2025\/07\/klaostra202505-202905webb103-1200x1800.jpg 1200w, https:\/\/klaragymnasium.se\/wp-content\/uploads\/sites\/5\/2025\/07\/klaostra202505-202905webb103.jpg 1365w\" \/>\n\t\t\t\t\t<\/div>\n\t\t\t\t\t\t\t<\/article>\n\t\t<\/li>\n\t\t\t<li class=\"l-col-6@md l-col-4@lg\">\n\t\t\t<article\n\t\t\t\tclass=\"\n\t\t\t\tc-card\n\t\t\t\t\n\t\t\t\thas-media-zoom\n\t\t\t\t\n\t\t\t\t\"\n\t\t\t\tdata-variant=\"space\"\n\t\t\t\tdata-style=\"square\"\n\t\t\t\t data-click-area\n\t\t\t\t\n\t\t\t\t\n\t\t\t\t>\n\t\t\t\t<div class=\"c-card__content l-stack l-stack-sm is-left is-left@md\">\n\t\t\t\t\t\t\t\t\t\t\t<h3 class=\"c-card__title u-font-title-3\">\n\t\t\t\t\t\t\t\t\t\t\t\t\t\t\t<a class=\"c-card__link\" href=\"https:\/\/klaragymnasium.se\/sthlmostra\/var-skola\/elevhalsa\/\" target=\"_self\">\n\t\t\t\t\t\t\t\t\tElevh\u00e4lsa\n\t\t\t\t\t\t\t\t<\/a>\n\t\t\t\t\t\t\t\t\t\t\t\t\t<\/h3>\n\t\t\t\t\t\n\t\t\t\t\t\t\t\t\t\t\t<div class=\"c-card__text l-stack-xs u-font-body\">\n\t\t\t\t\t\t\t<p>Din h\u00e4lsa \u00e4r viktig! Beh\u00f6ver du komma i kontakt med elevh\u00e4lsoteamet? H\u00e4r kan du l\u00e4sa mer om v\u00e5rt elevh\u00e4lsoarbete.<\/p>\n\n\t\t\t\t\t\t<\/div>\n\t\t\t\t\t\n\t\t\t\t\t\t\t\t\t\t\t<div class=\"c-card__icon c-card__icon--nl\">\n\t\t\t\t\t\t\t\t\t\t\t\t\t\t<svg class=\"ams-icon ams-icon--arrow-right\" width=\"32\" height=\"32\" viewbox=\"0 0 32 32\" fill=\"currentColor\" aria-hidden=\"true\" xmlns=\"http:\/\/www.w3.org\/2000\/svg\">\n\t\t\t\t\t\t\t\t\t\t\t\t\t\t\t\t<path d=\"M15.4617 0.252159L14.9567 0.75931C14.6219 1.09545 14.6219 1.64048 14.9567 1.97669L27.7062 14.7806H0.857144C0.383786 14.7806 0 15.166 0 15.6414V16.3587C0 16.8341 0.383786 17.2195 0.857144 17.2195H27.7062L14.9567 30.0234C14.6219 30.3595 14.6219 30.9045 14.9567 31.2407L15.4617 31.7479C15.7964 32.084 16.3392 32.084 16.6739 31.7479L31.749 16.6087C32.0837 16.2725 32.0837 15.7275 31.749 15.3913L16.6739 0.252159C16.3392 -0.084053 15.7964 -0.084053 15.4617 0.252159Z\"\/>\n\t\t\t\t\t\t\t\n\t\t\t\t\t\t\t<\/svg>\n\t\t\t\t\t\t<\/div>\n\t\t\t\t\t\t\t\t\t<\/div>\n\n\t\t\t\t\t\t\t\t\t<div class=\"c-card__media \" style=\" \">\n\t\t\t\t\t\t<img decoding=\"async\" width=\"400\" height=\"267\" src=\"https:\/\/klaragymnasium.se\/wp-content\/uploads\/sites\/5\/2025\/07\/klasollentuna202505-202905webb29-400x267.jpg\" class=\"\" alt=\"L\u00e4rare som st\u00e5r l\u00e4ngst fram vid tavlan.\" sizes=\"(min-width: 64em) 300px, (min-width: 48em) calc(.50 * (100vw - 304px)), calc(100vw - 208px)\" srcset=\"https:\/\/klaragymnasium.se\/wp-content\/uploads\/sites\/5\/2025\/07\/klasollentuna202505-202905webb29-400x267.jpg 400w, https:\/\/klaragymnasium.se\/wp-content\/uploads\/sites\/5\/2025\/07\/klasollentuna202505-202905webb29-300x200.jpg 300w, https:\/\/klaragymnasium.se\/wp-content\/uploads\/sites\/5\/2025\/07\/klasollentuna202505-202905webb29-600x400.jpg 600w, https:\/\/klaragymnasium.se\/wp-content\/uploads\/sites\/5\/2025\/07\/klasollentuna202505-202905webb29-800x533.jpg 800w, https:\/\/klaragymnasium.se\/wp-content\/uploads\/sites\/5\/2025\/07\/klasollentuna202505-202905webb29-1024x683.jpg 1024w, https:\/\/klaragymnasium.se\/wp-content\/uploads\/sites\/5\/2025\/07\/klasollentuna202505-202905webb29-1200x800.jpg 1200w, https:\/\/klaragymnasium.se\/wp-content\/uploads\/sites\/5\/2025\/07\/klasollentuna202505-202905webb29.jpg 2048w\" \/>\n\t\t\t\t\t<\/div>\n\t\t\t\t\t\t\t<\/article>\n\t\t<\/li>\n\t\t\t<li class=\"l-col-6@md l-col-4@lg\">\n\t\t\t<article\n\t\t\t\tclass=\"\n\t\t\t\tc-card\n\t\t\t\t\n\t\t\t\thas-media-zoom\n\t\t\t\t\n\t\t\t\t\"\n\t\t\t\tdata-variant=\"space\"\n\t\t\t\tdata-style=\"square\"\n\t\t\t\t data-click-area\n\t\t\t\t\n\t\t\t\t\n\t\t\t\t>\n\t\t\t\t<div class=\"c-card__content l-stack l-stack-sm is-left is-left@md\">\n\t\t\t\t\t\t\t\t\t\t\t<h3 class=\"c-card__title u-font-title-3\">\n\t\t\t\t\t\t\t\t\t\t\t\t\t\t\t<a class=\"c-card__link\" href=\"https:\/\/klaragymnasium.se\/sthlmostra\/vart-kvalitetsarbete\/vara-kvalitetsresultat\/\" target=\"_self\">\n\t\t\t\t\t\t\t\t\tKvalitet\n\t\t\t\t\t\t\t\t<\/a>\n\t\t\t\t\t\t\t\t\t\t\t\t\t<\/h3>\n\t\t\t\t\t\n\t\t\t\t\t\t\t\t\t\t\t<div class=\"c-card__text l-stack-xs u-font-body\">\n\t\t\t\t\t\t\t<p>Ta del av v\u00e5ra kvalitetsrapporter fr\u00e5n skola och huvudman f\u00f6r insyn i v\u00e5rt arbete med utbildningskvaliteten p\u00e5 v\u00e5ra skolor.<\/p>\n\n\t\t\t\t\t\t<\/div>\n\t\t\t\t\t\n\t\t\t\t\t\t\t\t\t\t\t<div class=\"c-card__icon c-card__icon--nl\">\n\t\t\t\t\t\t\t\t\t\t\t\t\t\t<svg class=\"ams-icon ams-icon--arrow-right\" width=\"32\" height=\"32\" viewbox=\"0 0 32 32\" fill=\"currentColor\" aria-hidden=\"true\" xmlns=\"http:\/\/www.w3.org\/2000\/svg\">\n\t\t\t\t\t\t\t\t\t\t\t\t\t\t\t\t<path d=\"M15.4617 0.252159L14.9567 0.75931C14.6219 1.09545 14.6219 1.64048 14.9567 1.97669L27.7062 14.7806H0.857144C0.383786 14.7806 0 15.166 0 15.6414V16.3587C0 16.8341 0.383786 17.2195 0.857144 17.2195H27.7062L14.9567 30.0234C14.6219 30.3595 14.6219 30.9045 14.9567 31.2407L15.4617 31.7479C15.7964 32.084 16.3392 32.084 16.6739 31.7479L31.749 16.6087C32.0837 16.2725 32.0837 15.7275 31.749 15.3913L16.6739 0.252159C16.3392 -0.084053 15.7964 -0.084053 15.4617 0.252159Z\"\/>\n\t\t\t\t\t\t\t\n\t\t\t\t\t\t\t<\/svg>\n\t\t\t\t\t\t<\/div>\n\t\t\t\t\t\t\t\t\t<\/div>\n\n\t\t\t\t\t\t\t\t\t<div class=\"c-card__media \" style=\" \">\n\t\t\t\t\t\t<img decoding=\"async\" width=\"400\" height=\"267\" src=\"https:\/\/klaragymnasium.se\/wp-content\/uploads\/sites\/5\/2025\/07\/klaostra202505-202905webb92-400x267.jpg\" class=\"\" alt=\"En kille tittar rakt in i kameran i vit labbrock.\" sizes=\"(min-width: 64em) 300px, (min-width: 48em) calc(.50 * (100vw - 304px)), calc(100vw - 208px)\" srcset=\"https:\/\/klaragymnasium.se\/wp-content\/uploads\/sites\/5\/2025\/07\/klaostra202505-202905webb92-400x267.jpg 400w, https:\/\/klaragymnasium.se\/wp-content\/uploads\/sites\/5\/2025\/07\/klaostra202505-202905webb92-300x200.jpg 300w, https:\/\/klaragymnasium.se\/wp-content\/uploads\/sites\/5\/2025\/07\/klaostra202505-202905webb92-600x400.jpg 600w, https:\/\/klaragymnasium.se\/wp-content\/uploads\/sites\/5\/2025\/07\/klaostra202505-202905webb92-800x533.jpg 800w, https:\/\/klaragymnasium.se\/wp-content\/uploads\/sites\/5\/2025\/07\/klaostra202505-202905webb92-1024x683.jpg 1024w, https:\/\/klaragymnasium.se\/wp-content\/uploads\/sites\/5\/2025\/07\/klaostra202505-202905webb92-1200x800.jpg 1200w, https:\/\/klaragymnasium.se\/wp-content\/uploads\/sites\/5\/2025\/07\/klaostra202505-202905webb92.jpg 2048w\" \/>\n\t\t\t\t\t<\/div>\n\t\t\t\t\t\t\t<\/article>\n\t\t<\/li>\n\t<\/ul>\n\t\n\t\t\t<\/div>\n\n\t\t\n\n<\/section>\n","protected":false},"excerpt":{"rendered":"","protected":false},"author":5,"featured_media":0,"parent":0,"menu_order":0,"comment_status":"closed","ping_status":"closed","template":"","meta":{"footnotes":""},"yoast_head":"<!-- This site is optimized with the Yoast SEO plugin v22.0 - https:\/\/yoast.com\/wordpress\/plugins\/seo\/ -->\n<title>V\u00e5r skola - Klara Gymnasium Stockholm \u00d6stra<\/title>\n<meta name=\"description\" content=\"Starta din edyoucation p\u00e5 Klara Teoretiska Gymnasium Stockholm \u00d6stra \u2013 d\u00e4r vi ser varje elev och f\u00f6rbereder f\u00f6r framtiden\" \/>\n<meta name=\"robots\" content=\"index, follow, max-snippet:-1, max-image-preview:large, max-video-preview:-1\" \/>\n<link rel=\"canonical\" href=\"https:\/\/klaragymnasium.se\/sthlmostra\/var-skola\/\" \/>\n<meta property=\"og:locale\" content=\"sv_SE\" \/>\n<meta property=\"og:type\" content=\"article\" \/>\n<meta property=\"og:title\" content=\"V\u00e5r skola - Klara Gymnasium Stockholm \u00d6stra\" \/>\n<meta property=\"og:description\" content=\"Starta din edyoucation p\u00e5 Klara Teoretiska Gymnasium Stockholm \u00d6stra \u2013 d\u00e4r vi ser varje elev och f\u00f6rbereder f\u00f6r framtiden\" \/>\n<meta property=\"og:url\" content=\"https:\/\/klaragymnasium.se\/sthlmostra\/var-skola\/\" \/>\n<meta property=\"og:site_name\" content=\"Stockholm \u00d6stra\" \/>\n<meta property=\"article:modified_time\" content=\"2026-01-30T09:55:08+00:00\" \/>\n<meta name=\"twitter:card\" content=\"summary_large_image\" \/>\n<meta name=\"twitter:title\" content=\"V\u00e5r skola - Klara Gymnasium Stockholm \u00d6stra\" \/>\n<meta name=\"twitter:description\" content=\"Starta din edyoucation p\u00e5 Klara Teoretiska Gymnasium Stockholm \u00d6stra \u2013 d\u00e4r vi ser varje elev och f\u00f6rbereder f\u00f6r framtiden\" \/>\n<meta name=\"twitter:label1\" content=\"Est. reading time\" \/>\n\t<meta name=\"twitter:data1\" content=\"4 minuter\" \/>\n<script type=\"application\/ld+json\" class=\"yoast-schema-graph\">{\"@context\":\"https:\/\/schema.org\",\"@graph\":[{\"@type\":\"WebPage\",\"@id\":\"https:\/\/klaragymnasium.se\/sthlmostra\/var-skola\/\",\"url\":\"https:\/\/klaragymnasium.se\/sthlmostra\/var-skola\/\",\"name\":\"V\u00e5r skola - Klara Gymnasium Stockholm \u00d6stra\",\"isPartOf\":{\"@id\":\"https:\/\/klaragymnasium.se\/sthlmostra\/#website\"},\"datePublished\":\"2023-03-03T14:28:56+00:00\",\"dateModified\":\"2026-01-30T09:55:08+00:00\",\"description\":\"Starta din edyoucation p\u00e5 Klara Teoretiska Gymnasium Stockholm \u00d6stra \u2013 d\u00e4r vi ser varje elev och f\u00f6rbereder f\u00f6r framtiden\",\"breadcrumb\":{\"@id\":\"https:\/\/klaragymnasium.se\/sthlmostra\/var-skola\/#breadcrumb\"},\"inLanguage\":\"sv-SE\",\"potentialAction\":[{\"@type\":\"ReadAction\",\"target\":[\"https:\/\/klaragymnasium.se\/sthlmostra\/var-skola\/\"]}]},{\"@type\":\"BreadcrumbList\",\"@id\":\"https:\/\/klaragymnasium.se\/sthlmostra\/var-skola\/#breadcrumb\",\"itemListElement\":[{\"@type\":\"ListItem\",\"position\":1,\"name\":\"Start\",\"item\":\"https:\/\/klaragymnasium.se\/sthlmostra\/\"},{\"@type\":\"ListItem\",\"position\":2,\"name\":\"V\u00e5r skola\"}]},{\"@type\":\"WebSite\",\"@id\":\"https:\/\/klaragymnasium.se\/sthlmostra\/#website\",\"url\":\"https:\/\/klaragymnasium.se\/sthlmostra\/\",\"name\":\"Stockholm \u00d6stra\",\"description\":\"Just another WordPress site\",\"potentialAction\":[{\"@type\":\"SearchAction\",\"target\":{\"@type\":\"EntryPoint\",\"urlTemplate\":\"https:\/\/klaragymnasium.se\/sthlmostra\/?s={search_term_string}\"},\"query-input\":\"required name=search_term_string\"}],\"inLanguage\":\"sv-SE\"}]}<\/script>\n<!-- \/ Yoast SEO plugin. -->","yoast_head_json":{"title":"V\u00e5r skola - Klara Gymnasium Stockholm \u00d6stra","description":"Starta din edyoucation p\u00e5 Klara Teoretiska Gymnasium Stockholm \u00d6stra \u2013 d\u00e4r vi ser varje elev och f\u00f6rbereder f\u00f6r framtiden","robots":{"index":"index","follow":"follow","max-snippet":"max-snippet:-1","max-image-preview":"max-image-preview:large","max-video-preview":"max-video-preview:-1"},"canonical":"https:\/\/klaragymnasium.se\/sthlmostra\/var-skola\/","og_locale":"sv_SE","og_type":"article","og_title":"V\u00e5r skola - Klara Gymnasium Stockholm \u00d6stra","og_description":"Starta din edyoucation p\u00e5 Klara Teoretiska Gymnasium Stockholm \u00d6stra \u2013 d\u00e4r vi ser varje elev och f\u00f6rbereder f\u00f6r framtiden","og_url":"https:\/\/klaragymnasium.se\/sthlmostra\/var-skola\/","og_site_name":"Stockholm \u00d6stra","article_modified_time":"2026-01-30T09:55:08+00:00","twitter_card":"summary_large_image","twitter_title":"V\u00e5r skola - Klara Gymnasium Stockholm \u00d6stra","twitter_description":"Starta din edyoucation p\u00e5 Klara Teoretiska Gymnasium Stockholm \u00d6stra \u2013 d\u00e4r vi ser varje elev och f\u00f6rbereder f\u00f6r framtiden","twitter_misc":{"Est. reading time":"4 minuter"},"schema":{"@context":"https:\/\/schema.org","@graph":[{"@type":"WebPage","@id":"https:\/\/klaragymnasium.se\/sthlmostra\/var-skola\/","url":"https:\/\/klaragymnasium.se\/sthlmostra\/var-skola\/","name":"V\u00e5r skola - Klara Gymnasium Stockholm \u00d6stra","isPartOf":{"@id":"https:\/\/klaragymnasium.se\/sthlmostra\/#website"},"datePublished":"2023-03-03T14:28:56+00:00","dateModified":"2026-01-30T09:55:08+00:00","description":"Starta din edyoucation p\u00e5 Klara Teoretiska Gymnasium Stockholm \u00d6stra \u2013 d\u00e4r vi ser varje elev och f\u00f6rbereder f\u00f6r framtiden","breadcrumb":{"@id":"https:\/\/klaragymnasium.se\/sthlmostra\/var-skola\/#breadcrumb"},"inLanguage":"sv-SE","potentialAction":[{"@type":"ReadAction","target":["https:\/\/klaragymnasium.se\/sthlmostra\/var-skola\/"]}]},{"@type":"BreadcrumbList","@id":"https:\/\/klaragymnasium.se\/sthlmostra\/var-skola\/#breadcrumb","itemListElement":[{"@type":"ListItem","position":1,"name":"Start","item":"https:\/\/klaragymnasium.se\/sthlmostra\/"},{"@type":"ListItem","position":2,"name":"V\u00e5r skola"}]},{"@type":"WebSite","@id":"https:\/\/klaragymnasium.se\/sthlmostra\/#website","url":"https:\/\/klaragymnasium.se\/sthlmostra\/","name":"Stockholm \u00d6stra","description":"Just another WordPress site","potentialAction":[{"@type":"SearchAction","target":{"@type":"EntryPoint","urlTemplate":"https:\/\/klaragymnasium.se\/sthlmostra\/?s={search_term_string}"},"query-input":"required name=search_term_string"}],"inLanguage":"sv-SE"}]}},"_links":{"self":[{"href":"https:\/\/klaragymnasium.se\/sthlmostra\/wp-json\/wp\/v2\/pages\/412"}],"collection":[{"href":"https:\/\/klaragymnasium.se\/sthlmostra\/wp-json\/wp\/v2\/pages"}],"about":[{"href":"https:\/\/klaragymnasium.se\/sthlmostra\/wp-json\/wp\/v2\/types\/page"}],"author":[{"embeddable":true,"href":"https:\/\/klaragymnasium.se\/sthlmostra\/wp-json\/wp\/v2\/users\/5"}],"replies":[{"embeddable":true,"href":"https:\/\/klaragymnasium.se\/sthlmostra\/wp-json\/wp\/v2\/comments?post=412"}],"version-history":[{"count":10,"href":"https:\/\/klaragymnasium.se\/sthlmostra\/wp-json\/wp\/v2\/pages\/412\/revisions"}],"predecessor-version":[{"id":3314,"href":"https:\/\/klaragymnasium.se\/sthlmostra\/wp-json\/wp\/v2\/pages\/412\/revisions\/3314"}],"wp:attachment":[{"href":"https:\/\/klaragymnasium.se\/sthlmostra\/wp-json\/wp\/v2\/media?parent=412"}],"curies":[{"name":"wp","href":"https:\/\/api.w.org\/{rel}","templated":true}]}}