{"id":200,"date":"2023-02-14T13:19:37","date_gmt":"2023-02-14T12:19:37","guid":{"rendered":"https:\/\/klaragymnasium.se\/sthlmostra\/?page_id=200"},"modified":"2026-04-08T15:09:53","modified_gmt":"2026-04-08T13:09:53","slug":"byta-till-klara","status":"publish","type":"page","link":"https:\/\/klaragymnasium.se\/sthlmostra\/byta-till-klara\/","title":{"rendered":"Byta till KLARA Stockholm \u00d6stra"},"content":{"rendered":"\n\t\n\t\n\t\n\n\t\n\t\n\t\t\n<section  class=\"c-block l-stacked  \" data-color-scheme=\"bakgrund-card-primar1-light-hover-standard_faq\">\n\t<div class=\"ams-fifty ams-fifty--container ams-fifty--right ams-fifty--bottom l-container u-pt-fluid-3xl-6xl u-pb-fluid-3xl-6xl\">\n\t\t<div class=\"ams-fifty__content l-stack l-stack-xl is-left is-left@lg\">\n\t\t\t<div class=\"ams-fifty__text l-stack l-stack-lg\">\n\t\t\t\t\t\n\t<h1\n\tclass=\"c-heading u-font-title-1 \"\n\tstyle=\"\">\n\t\t\n\t\t\t\t\tVill du byta till oss? \n\t\t\t\t\n\t<\/h1>\n\n\t\t\t\t\t\t\t\t\t<div class=\"text l-stack u-font-body\">\n\t\t\t\t\t\t<p style=\"text-align: left;\" data-pm-slice=\"1 1 []\">G\u00e5r du redan p\u00e5 gymnasiet men \u00e4r intresserad av att byta till v\u00e5r skola?<\/p>\n<p style=\"text-align: left;\" data-pm-slice=\"1 1 []\">Vi tar emot elever i m\u00e5n av plats och beroende p\u00e5 vilket program och vilken inriktning du l\u00e4ser idag. Detta g\u00e4ller oavsett om du \u00f6nskar byta skola i \u00e5rskurs ett, tv\u00e5 eller tre. Vi vill g\u00e4rna hj\u00e4lpa dig, men vi kan inte garantera att vi har en ledig plats eller att ett byte \u00e4r m\u00f6jligt.<\/p>\n<p style=\"text-align: left;\"><strong>Fyll g\u00e4rna i en intresseanm\u00e4lan om du \u00e4r intresserad av ett byte. Vi kontaktar dig om vi har m\u00f6jlighet att erbjuda en plats.<\/strong><\/p>\n<p data-pm-slice=\"1 1 []\">Det \u00e4r stort intresse f\u00f6r <a href=\"https:\/\/klaragymnasium.se\/sthlmostra\/program\/naturvetenskapsprogrammet\/\">Naturvetenskapsprogrammet<\/a> och vi planerar f\u00f6r att eventuellt \u00f6ppna en extra klass i \u00e5rskurs 2. Vi erbjuder inriktningarna Naturvetenskap och Naturvetenskap och samh\u00e4lle. \u00c4r du intresserad &#8211; anm\u00e4l ditt intresse via formul\u00e4ret s\u00e5 blir du kontaktad inom kort med mer information! V\u00e4lkommen p\u00e5 <a href=\"https:\/\/klaragymnasium.se\/sthlmostra\/oppet-hus\/\">\u00d6ppet hus<\/a> d\u00e4r du kan st\u00e4lla alla dina fr\u00e5gor.<\/p>\n\n\t\t\t\t\t<\/div>\n\t\t\t\t\t\t\t<\/div>\n\n\t\t\t\t<div class=\"ams-fifty__action u-inline-items\">\n\t\t\t\t\t\t\t\n\n\n<a href=\"https:\/\/docs.google.com\/forms\/d\/12t4A4MMy1mC9_2aL5Ukt2cjwI4SwpjtA-ud9lJNPhYg\/viewform?edit_requested=true\"\n\t\n\tclass=\"c-btn \"\n\tdata-style=\"round\"\n\tdata-size=\"md\"\n\tdata-width=\"full-mobile\"\n\tdata-variant=\"default\"\n\ttarget=\"_blank\">\n\t\t\t<span class=\"label\"> L\u00e4mna ditt intresse nu<\/span>\n\t\t\t<\/a>\n\t\t\t<\/div>\n\t\t<\/div>\n\n\t\t <div class=\"ams-fifty__media u-ratio-landscape\">\n\t\t \t\t\t\t\t<img decoding=\"async\" width=\"600\" height=\"400\" src=\"https:\/\/klaragymnasium.se\/wp-content\/uploads\/sites\/5\/2025\/07\/klaostra202505-202905webb27-600x400.jpg\" class=\"attachment-md size-md\" alt=\"Glad kille v\u00e4nder sig om mot sin klasskompis under en lektion.\" sizes=\"(min-width: 64em) 600px, calc(100vw - 160px)\" srcset=\"https:\/\/klaragymnasium.se\/wp-content\/uploads\/sites\/5\/2025\/07\/klaostra202505-202905webb27-600x400.jpg 600w, https:\/\/klaragymnasium.se\/wp-content\/uploads\/sites\/5\/2025\/07\/klaostra202505-202905webb27-300x200.jpg 300w, https:\/\/klaragymnasium.se\/wp-content\/uploads\/sites\/5\/2025\/07\/klaostra202505-202905webb27-400x267.jpg 400w, https:\/\/klaragymnasium.se\/wp-content\/uploads\/sites\/5\/2025\/07\/klaostra202505-202905webb27-800x533.jpg 800w, https:\/\/klaragymnasium.se\/wp-content\/uploads\/sites\/5\/2025\/07\/klaostra202505-202905webb27-1024x683.jpg 1024w, https:\/\/klaragymnasium.se\/wp-content\/uploads\/sites\/5\/2025\/07\/klaostra202505-202905webb27-1200x800.jpg 1200w, https:\/\/klaragymnasium.se\/wp-content\/uploads\/sites\/5\/2025\/07\/klaostra202505-202905webb27.jpg 2048w\" \/>\n\t\t\t\n\t\t\t\n\t\t\t\t\t<\/div>\n\t<\/div>\n\n\t\t\n\n\t<div class=\"c-overlay\" style=\"--overlay-bg: #F0F0F0;\"><\/div>\n<\/section>\n","protected":false},"excerpt":{"rendered":"","protected":false},"author":1,"featured_media":1895,"parent":0,"menu_order":0,"comment_status":"closed","ping_status":"closed","template":"","meta":{"footnotes":""},"yoast_head":"<!-- This site is optimized with the Yoast SEO plugin v22.0 - https:\/\/yoast.com\/wordpress\/plugins\/seo\/ -->\n<title>Byta till KLARA Stockholm \u00d6stra - Klara Gymnasium Stockholm \u00d6stra<\/title>\n<meta name=\"description\" content=\"Om du vill st\u00e4lla dig p\u00e5 intresselistan s\u00e5 kan du fylla i formul\u00e4ret via knappen nedan s\u00e5 tar vi kontakt med dig om vi kan erbjuda en plats.\" \/>\n<meta name=\"robots\" content=\"index, follow, max-snippet:-1, max-image-preview:large, max-video-preview:-1\" \/>\n<link rel=\"canonical\" href=\"https:\/\/klaragymnasium.se\/sthlmostra\/byta-till-klara\/\" \/>\n<meta property=\"og:locale\" content=\"sv_SE\" \/>\n<meta property=\"og:type\" content=\"article\" \/>\n<meta property=\"og:title\" content=\"Byta till KLARA Stockholm \u00d6stra - Klara Gymnasium Stockholm \u00d6stra\" \/>\n<meta property=\"og:description\" content=\"Om du vill st\u00e4lla dig p\u00e5 intresselistan s\u00e5 kan du fylla i formul\u00e4ret via knappen nedan s\u00e5 tar vi kontakt med dig om vi kan erbjuda en plats.\" \/>\n<meta property=\"og:url\" content=\"https:\/\/klaragymnasium.se\/sthlmostra\/byta-till-klara\/\" \/>\n<meta property=\"og:site_name\" content=\"Stockholm \u00d6stra\" \/>\n<meta property=\"article:modified_time\" content=\"2026-04-08T13:09:53+00:00\" \/>\n<meta property=\"og:image\" content=\"https:\/\/klaragymnasium.se\/wp-content\/uploads\/sites\/5\/2023\/04\/klara-teoretiska-gymnasium-sthlm-ostra-1080x630.jpg\" \/>\n\t<meta property=\"og:image:width\" content=\"1080\" \/>\n\t<meta property=\"og:image:height\" content=\"630\" \/>\n\t<meta property=\"og:image:type\" content=\"image\/jpeg\" \/>\n<meta name=\"twitter:card\" content=\"summary_large_image\" \/>\n<meta name=\"twitter:title\" content=\"Byta till KLARA Stockholm \u00d6stra - Klara Gymnasium Stockholm \u00d6stra\" \/>\n<meta name=\"twitter:description\" content=\"Om du vill st\u00e4lla dig p\u00e5 intresselistan s\u00e5 kan du fylla i formul\u00e4ret via knappen nedan s\u00e5 tar vi kontakt med dig om vi kan erbjuda en plats.\" \/>\n<meta name=\"twitter:image\" content=\"https:\/\/klaragymnasium.se\/wp-content\/uploads\/sites\/5\/2023\/04\/klara-teoretiska-gymnasium-sthlm-ostra-1080x630.jpg\" \/>\n<meta name=\"twitter:label1\" content=\"Est. reading time\" \/>\n\t<meta name=\"twitter:data1\" content=\"2 minuter\" \/>\n<script type=\"application\/ld+json\" class=\"yoast-schema-graph\">{\"@context\":\"https:\/\/schema.org\",\"@graph\":[{\"@type\":\"WebPage\",\"@id\":\"https:\/\/klaragymnasium.se\/sthlmostra\/byta-till-klara\/\",\"url\":\"https:\/\/klaragymnasium.se\/sthlmostra\/byta-till-klara\/\",\"name\":\"Byta till KLARA Stockholm \u00d6stra - Klara Gymnasium Stockholm \u00d6stra\",\"isPartOf\":{\"@id\":\"https:\/\/klaragymnasium.se\/sthlmostra\/#website\"},\"datePublished\":\"2023-02-14T12:19:37+00:00\",\"dateModified\":\"2026-04-08T13:09:53+00:00\",\"description\":\"Om du vill st\u00e4lla dig p\u00e5 intresselistan s\u00e5 kan du fylla i formul\u00e4ret via knappen nedan s\u00e5 tar vi kontakt med dig om vi kan erbjuda en plats.\",\"breadcrumb\":{\"@id\":\"https:\/\/klaragymnasium.se\/sthlmostra\/byta-till-klara\/#breadcrumb\"},\"inLanguage\":\"sv-SE\",\"potentialAction\":[{\"@type\":\"ReadAction\",\"target\":[\"https:\/\/klaragymnasium.se\/sthlmostra\/byta-till-klara\/\"]}]},{\"@type\":\"BreadcrumbList\",\"@id\":\"https:\/\/klaragymnasium.se\/sthlmostra\/byta-till-klara\/#breadcrumb\",\"itemListElement\":[{\"@type\":\"ListItem\",\"position\":1,\"name\":\"Start\",\"item\":\"https:\/\/klaragymnasium.se\/sthlmostra\/\"},{\"@type\":\"ListItem\",\"position\":2,\"name\":\"Byta till KLARA Stockholm \u00d6stra\"}]},{\"@type\":\"WebSite\",\"@id\":\"https:\/\/klaragymnasium.se\/sthlmostra\/#website\",\"url\":\"https:\/\/klaragymnasium.se\/sthlmostra\/\",\"name\":\"Stockholm \u00d6stra\",\"description\":\"Just another WordPress site\",\"potentialAction\":[{\"@type\":\"SearchAction\",\"target\":{\"@type\":\"EntryPoint\",\"urlTemplate\":\"https:\/\/klaragymnasium.se\/sthlmostra\/?s={search_term_string}\"},\"query-input\":\"required name=search_term_string\"}],\"inLanguage\":\"sv-SE\"}]}<\/script>\n<!-- \/ Yoast SEO plugin. -->","yoast_head_json":{"title":"Byta till KLARA Stockholm \u00d6stra - Klara Gymnasium Stockholm \u00d6stra","description":"Om du vill st\u00e4lla dig p\u00e5 intresselistan s\u00e5 kan du fylla i formul\u00e4ret via knappen nedan s\u00e5 tar vi kontakt med dig om vi kan erbjuda en plats.","robots":{"index":"index","follow":"follow","max-snippet":"max-snippet:-1","max-image-preview":"max-image-preview:large","max-video-preview":"max-video-preview:-1"},"canonical":"https:\/\/klaragymnasium.se\/sthlmostra\/byta-till-klara\/","og_locale":"sv_SE","og_type":"article","og_title":"Byta till KLARA Stockholm \u00d6stra - Klara Gymnasium Stockholm \u00d6stra","og_description":"Om du vill st\u00e4lla dig p\u00e5 intresselistan s\u00e5 kan du fylla i formul\u00e4ret via knappen nedan s\u00e5 tar vi kontakt med dig om vi kan erbjuda en plats.","og_url":"https:\/\/klaragymnasium.se\/sthlmostra\/byta-till-klara\/","og_site_name":"Stockholm \u00d6stra","article_modified_time":"2026-04-08T13:09:53+00:00","og_image":[{"width":1080,"height":630,"url":"https:\/\/klaragymnasium.se\/wp-content\/uploads\/sites\/5\/2023\/04\/klara-teoretiska-gymnasium-sthlm-ostra-1080x630.jpg","type":"image\/jpeg"}],"twitter_card":"summary_large_image","twitter_title":"Byta till KLARA Stockholm \u00d6stra - Klara Gymnasium Stockholm \u00d6stra","twitter_description":"Om du vill st\u00e4lla dig p\u00e5 intresselistan s\u00e5 kan du fylla i formul\u00e4ret via knappen nedan s\u00e5 tar vi kontakt med dig om vi kan erbjuda en plats.","twitter_image":"https:\/\/klaragymnasium.se\/wp-content\/uploads\/sites\/5\/2023\/04\/klara-teoretiska-gymnasium-sthlm-ostra-1080x630.jpg","twitter_misc":{"Est. reading time":"2 minuter"},"schema":{"@context":"https:\/\/schema.org","@graph":[{"@type":"WebPage","@id":"https:\/\/klaragymnasium.se\/sthlmostra\/byta-till-klara\/","url":"https:\/\/klaragymnasium.se\/sthlmostra\/byta-till-klara\/","name":"Byta till KLARA Stockholm \u00d6stra - Klara Gymnasium Stockholm \u00d6stra","isPartOf":{"@id":"https:\/\/klaragymnasium.se\/sthlmostra\/#website"},"datePublished":"2023-02-14T12:19:37+00:00","dateModified":"2026-04-08T13:09:53+00:00","description":"Om du vill st\u00e4lla dig p\u00e5 intresselistan s\u00e5 kan du fylla i formul\u00e4ret via knappen nedan s\u00e5 tar vi kontakt med dig om vi kan erbjuda en plats.","breadcrumb":{"@id":"https:\/\/klaragymnasium.se\/sthlmostra\/byta-till-klara\/#breadcrumb"},"inLanguage":"sv-SE","potentialAction":[{"@type":"ReadAction","target":["https:\/\/klaragymnasium.se\/sthlmostra\/byta-till-klara\/"]}]},{"@type":"BreadcrumbList","@id":"https:\/\/klaragymnasium.se\/sthlmostra\/byta-till-klara\/#breadcrumb","itemListElement":[{"@type":"ListItem","position":1,"name":"Start","item":"https:\/\/klaragymnasium.se\/sthlmostra\/"},{"@type":"ListItem","position":2,"name":"Byta till KLARA Stockholm \u00d6stra"}]},{"@type":"WebSite","@id":"https:\/\/klaragymnasium.se\/sthlmostra\/#website","url":"https:\/\/klaragymnasium.se\/sthlmostra\/","name":"Stockholm \u00d6stra","description":"Just another WordPress site","potentialAction":[{"@type":"SearchAction","target":{"@type":"EntryPoint","urlTemplate":"https:\/\/klaragymnasium.se\/sthlmostra\/?s={search_term_string}"},"query-input":"required name=search_term_string"}],"inLanguage":"sv-SE"}]}},"_links":{"self":[{"href":"https:\/\/klaragymnasium.se\/sthlmostra\/wp-json\/wp\/v2\/pages\/200"}],"collection":[{"href":"https:\/\/klaragymnasium.se\/sthlmostra\/wp-json\/wp\/v2\/pages"}],"about":[{"href":"https:\/\/klaragymnasium.se\/sthlmostra\/wp-json\/wp\/v2\/types\/page"}],"author":[{"embeddable":true,"href":"https:\/\/klaragymnasium.se\/sthlmostra\/wp-json\/wp\/v2\/users\/1"}],"replies":[{"embeddable":true,"href":"https:\/\/klaragymnasium.se\/sthlmostra\/wp-json\/wp\/v2\/comments?post=200"}],"version-history":[{"count":10,"href":"https:\/\/klaragymnasium.se\/sthlmostra\/wp-json\/wp\/v2\/pages\/200\/revisions"}],"predecessor-version":[{"id":3406,"href":"https:\/\/klaragymnasium.se\/sthlmostra\/wp-json\/wp\/v2\/pages\/200\/revisions\/3406"}],"wp:featuredmedia":[{"embeddable":true,"href":"https:\/\/klaragymnasium.se\/sthlmostra\/wp-json\/wp\/v2\/media\/1895"}],"wp:attachment":[{"href":"https:\/\/klaragymnasium.se\/sthlmostra\/wp-json\/wp\/v2\/media?parent=200"}],"curies":[{"name":"wp","href":"https:\/\/api.w.org\/{rel}","templated":true}]}}