{"id":2103,"date":"2023-06-09T10:32:26","date_gmt":"2023-06-09T08:32:26","guid":{"rendered":"https:\/\/klaragymnasium.se\/sollentuna\/?post_type=testimonial&#038;p=2103"},"modified":"2023-09-30T17:00:45","modified_gmt":"2023-09-30T15:00:45","slug":"ahmed-laser-natur-pa-klara","status":"publish","type":"testimonial","link":"https:\/\/klaragymnasium.se\/sollentuna\/elevintervjuer\/ahmed-laser-natur-pa-klara\/","title":{"rendered":"Ahmed l\u00e4ser natur p\u00e5 KLARA"},"content":{"rendered":"\n<div class=\"wp-block-columns is-layout-flex wp-container-core-columns-layout-1 wp-block-columns-is-layout-flex\">\n<div class=\"wp-block-column is-layout-flow wp-block-column-is-layout-flow\" style=\"flex-basis:15%\"><\/div>\n\n\n\n<div class=\"wp-block-column is-layout-flow wp-block-column-is-layout-flow\" style=\"flex-basis:70%\">\t<div\n\t\t class=\"module_wrapper container-fluid images-module\" >\n\t\t<div class=\"row\">\n\t\t\t<div\n\t\t\t\t\tclass=\"col-12 m-0 p-0 position-relative images_module__slideshow images_module__slideshow-container module-expand \">\n\n\t\t\t\t<div class=\"images_module__slide \" data-slide=\"\"\n\t\t\t\t\t data-duration=\"\"><\/div>\n\t\t\t\t\t\t\t\t\t<div\n\t\t\t\t\t\t class=\"images_module__slides \">\n\n\n\t\t\t\t\t\t<div class=\"images__wrapper\"\n\t\t\t\t\t\t\t style=\"aspect-ratio: 851 \/ 531;\">\n\t\t\t\t\t\t\t<img decoding=\"async\" width=\"833\" height=\"695\" src=\"https:\/\/klaragymnasium.se\/wp-content\/uploads\/sites\/4\/2023\/06\/klarasollentuna1994-e1686299511796.jpg\" class=\"images__image_ratio  \" alt=\"Tre elever st\u00e5r tillsammans utomhus och kollar in i kameran och ler.\" style=\"aspect-ratio: 851 \/ 531;object-position: center top;\" srcset=\"https:\/\/klaragymnasium.se\/wp-content\/uploads\/sites\/4\/2023\/06\/klarasollentuna1994-e1686299511796.jpg 833w, https:\/\/klaragymnasium.se\/wp-content\/uploads\/sites\/4\/2023\/06\/klarasollentuna1994-e1686299511796-300x250.jpg 300w, https:\/\/klaragymnasium.se\/wp-content\/uploads\/sites\/4\/2023\/06\/klarasollentuna1994-e1686299511796-400x334.jpg 400w, https:\/\/klaragymnasium.se\/wp-content\/uploads\/sites\/4\/2023\/06\/klarasollentuna1994-e1686299511796-600x501.jpg 600w, https:\/\/klaragymnasium.se\/wp-content\/uploads\/sites\/4\/2023\/06\/klarasollentuna1994-e1686299511796-800x667.jpg 800w\" sizes=\"(max-width: 833px) 100vw, 833px\" \/>\t\t\t\t\t\t<\/div>\n\n\t\t\t\t\t\t\n\t\t\t\t\t\t\t\t\t\t\t<\/div>\n\t\t\t\t\n\t\t\t\t<div class=\"images_module__container_dot \">\n\t\t\t\t\t<div style=\"text-align:center\">\n\t\t\t\t\t\t\t\t\t\t\t\t\t<span   data-i=\"0\"\n\t\t\t\t\t\t\t\t  class=\"images_module__dot\n\t\t\t\t\t\t\t\t\t\t\t\t\t  \"><\/span>\n\t\t\t\t\t\t\t\t\t\t\t<\/div>\n\t\t\t\t<\/div>\n\n\t\t\t<\/div>\n\t\t<\/div>\n\t<\/div>\n\n\n\t\n\n\n<script>\n\tvar images_display_descriptive_text = \"\";\n<\/script>\n\n\n\n<p><meta charset=\"utf-8\"><\/p>\n\n\n\n<h1 class=\"wp-block-heading\">Ahmed l\u00e4ser natur p\u00e5 KLARA<\/h1>\n\n\n\n<p   class=\"site__ingress container text-left  site__text-color--dark  site__free_text--ingress p-0\">\n\tAhmed g\u00e5r p\u00e5 Klara Teoretiska Gymnasium i Sollentuna och delar sina tankar kring vad som \u00e4r roligast med att l\u00e4sa natur p\u00e5 gymnasiet. Han ber\u00e4ttar om varf\u00f6r man ska v\u00e4lja KLARA och vad man b\u00f6r t\u00e4nka p\u00e5 inf\u00f6r gymnasievalet. L\u00e4s vidare f\u00f6r att ta del av Ahmeds ber\u00e4ttelse och f\u00e5 en inblick i hur det \u00e4r att g\u00e5 p\u00e5 Klara Teoretiska Gymnasium i Sollentuna.\r\n<\/p>\n\n\n\n\n\n<p><strong>Varf\u00f6r ska man v\u00e4lja KLARA Sollentuna?<\/strong><strong><br><\/strong>Man ska v\u00e4lja KLARA Sollentuna f\u00f6r att det \u00e4r litet och familj\u00e4rt. St\u00e4mningen \u00e4r fin i skolan, det \u00e4r l\u00e4tt att kontakta varandra och trevliga elever i korridoren.&nbsp;<\/p>\n\n\n\n<p><strong>Ber\u00e4tta om ditt program! Varf\u00f6r valde du det?<\/strong><strong><br><\/strong>Jag valde Naturvetenskapsprogrammet f\u00f6r att det \u00f6ppnar m\u00e5nga d\u00f6rrar f\u00f6r vidare studier efter gymnasiet.<strong> <\/strong>Det roligaste med mitt program \u00e4r den praktiska delen inom fysik och kemi. Matematikundervisning med r\u00e4tt l\u00e4rare \u00e4r den roligaste, speciellt n\u00e4r matematik och fysik kopplas till vardagliga till\u00e4mpningar.<\/p>\n\n\n\n<p><strong>Hur \u00e4r l\u00e4rarna p\u00e5 skolan?<\/strong><strong><br><\/strong>L\u00e4rarna \u00e4r trevliga och hj\u00e4lpsamma. Personligen tycker jag att min matematik -och fysikl\u00e4rare Adel Taherifard \u00e4r en v\u00e4ldigt kompetent och erfaren l\u00e4rare som verkligen bryr sig om att elever ska lyckas. Tack vare honom v\u00e4cktes mitt intresse f\u00f6r matematik och fysik.<\/p>\n\n\n\n<p><strong>Ber\u00e4tta om dina framtidsdr\u00f6mmar!<br><\/strong>Jag t\u00e4nker plugga till h\u00f6gre studier inom fysik och matematik. <\/p>\n\n\n\n<p><strong>Vad \u00e4r dina b\u00e4sta tips inf\u00f6r gymnasievalet?<br><\/strong>L\u00e5t inte betygen best\u00e4mma vad du ska v\u00e4lja, lyssna p\u00e5 din magk\u00e4nsla och g\u00f6r din egen research om det program du \u00e4r intresserad av. Bes\u00f6k \u00f6ppet hus p\u00e5 den eller de gymnasieskolorna du vill b\u00f6rja p\u00e5. Ta kontakt med elever som g\u00e5r\/gick i gymnasiet och fr\u00e5ga dem hur det \u00e4r!<\/p>\n\n\n\n<p><\/p>\n<\/div>\n\n\n\n<div class=\"wp-block-column is-layout-flow wp-block-column-is-layout-flow\" style=\"flex-basis:15%\"><\/div>\n<\/div>\n\n\n\n\n\n<section  class=\"ams-testimonial testimonial_module c-block l-stacked\" data-color-scheme=\"bakgrund-card-primar1-light-hover-standard_standard\">\n\t<div class=\"l-container l-stack l-stack-fluid-2xl u-pt-fluid-3xl-6xl u-pb-fluid-3xl-6xl is-center is-center@md\">\n\t\t\t\t\t<div class=\"ams-testimonial__intro l-stack l-stack-lg\">\n\t\t\t\t\t\n\t<h2\n\tclass=\"c-heading u-font-title-1 \"\n\tstyle=\"\">\n\t\t\n\t\t\t\t\tElevintervjuer\n\t\t\t\t\n\t<\/h2>\n\n\t\t\t\t\t\t\t<\/div>\n\t\t\n\t\t\n\t\n\t\t\n\t\t\t\n<ul\n\tid=\"ams-testimonial-list-69f23f5e30d0a\"\n\tclass=\"ams-testimonial__list  l-grid u-gap-fluid-2xl-4xl js-results \"\n\tdata-filter-animation=\"off\">\n\t\t\t\t\t\t\t\t\t\t\t\n\t\t\n\t\t\n\t\t<li class=\"l-col-6@md \" data-filter=\"naturvetenskapsprogrammet juni-2026\">\n\t\t\t<article class=\"c-card has-media-zoom \" data-variant=\"inside-half\" data-click-area>\n\t\t\t\t<div class=\"c-card__content l-stack l-stack-sm is-left is-left@md\">\n\t\t\t\t\t\t\t\t\t\t\t<blockquote class=\"c-card__title u-font-title-3\">\n\t\t\t\t\t\t\t\t\t\t\t\t\t\t\t<p class=\"u-quote-marks\"><a href=\"https:\/\/klaragymnasium.se\/sollentuna\/elevintervjuer\/ahmed-laser-natur-pa-klara\/\" class=\"link\">Man ska v\u00e4lja KLARA Sollentuna f\u00f6r att det \u00e4r litet och familj\u00e4rt&#8230;.<\/a><\/p>\n\t\t\t\t\t\t\t\t\t\t\t\t\t<\/blockquote>\n\t\t\t\t\t\n\t\t\t\t\t\t\t\t\t\t\t<p class=\"c-card__text l-stack-grow u-divider-top u-font-body\">\n\t\t\t\t\t\t\t<span class=\"author u-mr-fluid-lg\">Ahmed Abu Shaar<\/span>\n\t\t\t\t\t\t\t<span class=\"title u-mr-fluid-lg\">Naturvetenskapsprogrammet<\/span>\n\t\t\t\t\t\t<\/p>\n\t\t\t\t\t\n\t\t\t\t\t<div class=\"c-card__icon\">\n\t\t\t\t\t\t<svg class=\"ams-icon ams-icon--arrow-right\" width=\"32\" height=\"32\" viewBox=\"0 0 32 32\" fill=\"currentColor\" aria-hidden=\"true\" xmlns=\"http:\/\/www.w3.org\/2000\/svg\">\n\t\t\t\t\t\t\t<path d=\"M15.4617 0.252159L14.9567 0.75931C14.6219 1.09545 14.6219 1.64048 14.9567 1.97669L27.7062 14.7806H0.857144C0.383786 14.7806 0 15.166 0 15.6414V16.3587C0 16.8341 0.383786 17.2195 0.857144 17.2195H27.7062L14.9567 30.0234C14.6219 30.3595 14.6219 30.9045 14.9567 31.2407L15.4617 31.7479C15.7964 32.084 16.3392 32.084 16.6739 31.7479L31.749 16.6087C32.0837 16.2725 32.0837 15.7275 31.749 15.3913L16.6739 0.252159C16.3392 -0.084053 15.7964 -0.084053 15.4617 0.252159Z\"\/>\n\t\t\t\t\t\t<\/svg>\n\t\t\t\t\t<\/div>\n\t\t\t\t<\/div>\n\t\t\t\t<div class=\"c-card__media\" style=\" \">\n\t\t\t\t\t<img decoding=\"async\" width=\"600\" height=\"501\" src=\"https:\/\/klaragymnasium.se\/wp-content\/uploads\/sites\/4\/2023\/06\/klarasollentuna1994-e1686299511796-600x501.jpg\" class=\"attachment-md size-md\" alt=\"Tre elever st\u00e5r tillsammans utomhus och kollar in i kameran och ler.\" sizes=\"(min-width: 80em) 600px, (min-width: 48em) calc(.50 * (100vw - 240px)), calc(100vw - 160px)\" srcset=\"https:\/\/klaragymnasium.se\/wp-content\/uploads\/sites\/4\/2023\/06\/klarasollentuna1994-e1686299511796-600x501.jpg 600w, https:\/\/klaragymnasium.se\/wp-content\/uploads\/sites\/4\/2023\/06\/klarasollentuna1994-e1686299511796-300x250.jpg 300w, https:\/\/klaragymnasium.se\/wp-content\/uploads\/sites\/4\/2023\/06\/klarasollentuna1994-e1686299511796-400x334.jpg 400w, https:\/\/klaragymnasium.se\/wp-content\/uploads\/sites\/4\/2023\/06\/klarasollentuna1994-e1686299511796-800x667.jpg 800w, https:\/\/klaragymnasium.se\/wp-content\/uploads\/sites\/4\/2023\/06\/klarasollentuna1994-e1686299511796.jpg 833w\" \/>\n\t\t\t\t<\/div>\n\t\t\t<\/article>\n\t\t<\/li>\n\t\t\t\t\t\t\t\t\t\t\t\n\t\t\n\t\t\n\t\t<li class=\"l-col-6@md \" data-filter=\"klara-linkoping naturvetenskapsprogrammet juni-2026\">\n\t\t\t<article class=\"c-card has-media-zoom \" data-variant=\"inside-half\" data-click-area>\n\t\t\t\t<div class=\"c-card__content l-stack l-stack-sm is-left is-left@md\">\n\t\t\t\t\t\t\t\t\t\t\t<blockquote class=\"c-card__title u-font-title-3\">\n\t\t\t\t\t\t\t\t\t\t\t\t\t\t\t<p class=\"u-quote-marks\"><a href=\"https:\/\/klaragymnasium.se\/sollentuna\/elevintervjuer\/lokal\/daniel-om-klara-teoretiska-gymnasium\" class=\"link\">Natur passar verkligen mig d\u00e5 jag har \u201csiffert\u00e4nk\u201d och diggar probleml\u00f6sning&#8230;<\/a><\/p>\n\t\t\t\t\t\t\t\t\t\t\t\t\t<\/blockquote>\n\t\t\t\t\t\n\t\t\t\t\t\t\t\t\t\t\t<p class=\"c-card__text l-stack-grow u-divider-top u-font-body\">\n\t\t\t\t\t\t\t<span class=\"author u-mr-fluid-lg\">Daniel<\/span>\n\t\t\t\t\t\t\t<span class=\"title u-mr-fluid-lg\">Naturvetenskapsprogrammet<\/span>\n\t\t\t\t\t\t<\/p>\n\t\t\t\t\t\n\t\t\t\t\t<div class=\"c-card__icon\">\n\t\t\t\t\t\t<svg class=\"ams-icon ams-icon--arrow-right\" width=\"32\" height=\"32\" viewBox=\"0 0 32 32\" fill=\"currentColor\" aria-hidden=\"true\" xmlns=\"http:\/\/www.w3.org\/2000\/svg\">\n\t\t\t\t\t\t\t<path d=\"M15.4617 0.252159L14.9567 0.75931C14.6219 1.09545 14.6219 1.64048 14.9567 1.97669L27.7062 14.7806H0.857144C0.383786 14.7806 0 15.166 0 15.6414V16.3587C0 16.8341 0.383786 17.2195 0.857144 17.2195H27.7062L14.9567 30.0234C14.6219 30.3595 14.6219 30.9045 14.9567 31.2407L15.4617 31.7479C15.7964 32.084 16.3392 32.084 16.6739 31.7479L31.749 16.6087C32.0837 16.2725 32.0837 15.7275 31.749 15.3913L16.6739 0.252159C16.3392 -0.084053 15.7964 -0.084053 15.4617 0.252159Z\"\/>\n\t\t\t\t\t\t<\/svg>\n\t\t\t\t\t<\/div>\n\t\t\t\t<\/div>\n\t\t\t\t<div class=\"c-card__media\" style=\" \">\n\t\t\t\t\t<img decoding=\"async\" width=\"600\" height=\"459\" src=\"https:\/\/klaragymnasium.se\/wp-content\/uploads\/2023\/03\/daniel-klara-teoretiska-gymnasium-600x459.png\" class=\"attachment-md size-md\" alt=\"Portr\u00e4ttbild p\u00e5 elev.\" sizes=\"(min-width: 80em) 600px, (min-width: 48em) calc(.50 * (100vw - 240px)), calc(100vw - 160px)\" srcset=\"https:\/\/klaragymnasium.se\/wp-content\/uploads\/2023\/03\/daniel-klara-teoretiska-gymnasium-600x459.png 600w, https:\/\/klaragymnasium.se\/wp-content\/uploads\/2023\/03\/daniel-klara-teoretiska-gymnasium-300x230.png 300w, https:\/\/klaragymnasium.se\/wp-content\/uploads\/2023\/03\/daniel-klara-teoretiska-gymnasium-400x306.png 400w, https:\/\/klaragymnasium.se\/wp-content\/uploads\/2023\/03\/daniel-klara-teoretiska-gymnasium-800x612.png 800w, https:\/\/klaragymnasium.se\/wp-content\/uploads\/2023\/03\/daniel-klara-teoretiska-gymnasium-1024x784.png 1024w, https:\/\/klaragymnasium.se\/wp-content\/uploads\/2023\/03\/daniel-klara-teoretiska-gymnasium-1200x919.png 1200w, https:\/\/klaragymnasium.se\/wp-content\/uploads\/2023\/03\/daniel-klara-teoretiska-gymnasium.png 1518w\" \/>\n\t\t\t\t<\/div>\n\t\t\t<\/article>\n\t\t<\/li>\n\t\t\t\t\t\t\t\t\t\t\t\n\t\t\n\t\t\n\t\t<li class=\"l-col-6@md \" data-filter=\"naturvetenskapsprogrammet april-2026\">\n\t\t\t<article class=\"c-card has-media-zoom \" data-variant=\"inside-half\" data-click-area>\n\t\t\t\t<div class=\"c-card__content l-stack l-stack-sm is-left is-left@md\">\n\t\t\t\t\t\t\t\t\t\t\t<blockquote class=\"c-card__title u-font-title-3\">\n\t\t\t\t\t\t\t\t\t\t\t\t\t\t\t<p class=\"u-quote-marks\"><a href=\"https:\/\/klaragymnasium.se\/sollentuna\/elevintervjuer\/lokal\/majken-om-klara-sundsvall\" class=\"link\">Det b\u00e4sta med Naturprogrammet \u00e4r att det ger stora m\u00f6jligheter efter gymnasiet&#8230;<\/a><\/p>\n\t\t\t\t\t\t\t\t\t\t\t\t\t<\/blockquote>\n\t\t\t\t\t\n\t\t\t\t\t\t\t\t\t\t\t<p class=\"c-card__text l-stack-grow u-divider-top u-font-body\">\n\t\t\t\t\t\t\t<span class=\"author u-mr-fluid-lg\">Majken<\/span>\n\t\t\t\t\t\t\t<span class=\"title u-mr-fluid-lg\">Naturvetenskapsprogrammet<\/span>\n\t\t\t\t\t\t<\/p>\n\t\t\t\t\t\n\t\t\t\t\t<div class=\"c-card__icon\">\n\t\t\t\t\t\t<svg class=\"ams-icon ams-icon--arrow-right\" width=\"32\" height=\"32\" viewBox=\"0 0 32 32\" fill=\"currentColor\" aria-hidden=\"true\" xmlns=\"http:\/\/www.w3.org\/2000\/svg\">\n\t\t\t\t\t\t\t<path d=\"M15.4617 0.252159L14.9567 0.75931C14.6219 1.09545 14.6219 1.64048 14.9567 1.97669L27.7062 14.7806H0.857144C0.383786 14.7806 0 15.166 0 15.6414V16.3587C0 16.8341 0.383786 17.2195 0.857144 17.2195H27.7062L14.9567 30.0234C14.6219 30.3595 14.6219 30.9045 14.9567 31.2407L15.4617 31.7479C15.7964 32.084 16.3392 32.084 16.6739 31.7479L31.749 16.6087C32.0837 16.2725 32.0837 15.7275 31.749 15.3913L16.6739 0.252159C16.3392 -0.084053 15.7964 -0.084053 15.4617 0.252159Z\"\/>\n\t\t\t\t\t\t<\/svg>\n\t\t\t\t\t<\/div>\n\t\t\t\t<\/div>\n\t\t\t\t<div class=\"c-card__media\" style=\" \">\n\t\t\t\t\t<img decoding=\"async\" width=\"600\" height=\"520\" src=\"https:\/\/klaragymnasium.se\/wp-content\/uploads\/2023\/04\/naturprogrammet-pa-klara-sundsvall-600x520.jpeg\" class=\"attachment-md size-md\" alt=\"Portr\u00e4ttbild p\u00e5 elev.\" sizes=\"(min-width: 80em) 600px, (min-width: 48em) calc(.50 * (100vw - 240px)), calc(100vw - 160px)\" srcset=\"https:\/\/klaragymnasium.se\/wp-content\/uploads\/2023\/04\/naturprogrammet-pa-klara-sundsvall-600x520.jpeg 600w, https:\/\/klaragymnasium.se\/wp-content\/uploads\/2023\/04\/naturprogrammet-pa-klara-sundsvall-300x260.jpeg 300w, https:\/\/klaragymnasium.se\/wp-content\/uploads\/2023\/04\/naturprogrammet-pa-klara-sundsvall-400x346.jpeg 400w, https:\/\/klaragymnasium.se\/wp-content\/uploads\/2023\/04\/naturprogrammet-pa-klara-sundsvall-800x693.jpeg 800w, https:\/\/klaragymnasium.se\/wp-content\/uploads\/2023\/04\/naturprogrammet-pa-klara-sundsvall-1024x887.jpeg 1024w, https:\/\/klaragymnasium.se\/wp-content\/uploads\/2023\/04\/naturprogrammet-pa-klara-sundsvall-1200x1039.jpeg 1200w, https:\/\/klaragymnasium.se\/wp-content\/uploads\/2023\/04\/naturprogrammet-pa-klara-sundsvall.jpeg 1707w\" \/>\n\t\t\t\t<\/div>\n\t\t\t<\/article>\n\t\t<\/li>\n\t\t\t\t\t\t\t\t\t\t\t\n\t\t\n\t\t\n\t\t<li class=\"l-col-6@md \" data-filter=\"naturvetenskapsprogrammet december-2020\">\n\t\t\t<article class=\"c-card has-media-zoom \" data-variant=\"inside-half\" data-click-area>\n\t\t\t\t<div class=\"c-card__content l-stack l-stack-sm is-left is-left@md\">\n\t\t\t\t\t\t\t\t\t\t\t<blockquote class=\"c-card__title u-font-title-3\">\n\t\t\t\t\t\t\t\t\t\t\t\t\t\t\t<p class=\"u-quote-marks\"><a href=\"https:\/\/klaragymnasium.se\/sollentuna\/elevintervjuer\/lokal\/nils-laser-natur-sam\" class=\"link\">I sluta\u0308ndan a\u0308r det viktigaste att du sj\u00e4lv ka\u0308nner att det a\u0308r ra\u0308tt val fo\u0308r just dig!&#8230;<\/a><\/p>\n\t\t\t\t\t\t\t\t\t\t\t\t\t<\/blockquote>\n\t\t\t\t\t\n\t\t\t\t\t\t\t\t\t\t\t<p class=\"c-card__text l-stack-grow u-divider-top u-font-body\">\n\t\t\t\t\t\t\t<span class=\"author u-mr-fluid-lg\">Nils<\/span>\n\t\t\t\t\t\t\t<span class=\"title u-mr-fluid-lg\">Naturvetenskapsprogrammet<\/span>\n\t\t\t\t\t\t<\/p>\n\t\t\t\t\t\n\t\t\t\t\t<div class=\"c-card__icon\">\n\t\t\t\t\t\t<svg class=\"ams-icon ams-icon--arrow-right\" width=\"32\" height=\"32\" viewBox=\"0 0 32 32\" fill=\"currentColor\" aria-hidden=\"true\" xmlns=\"http:\/\/www.w3.org\/2000\/svg\">\n\t\t\t\t\t\t\t<path d=\"M15.4617 0.252159L14.9567 0.75931C14.6219 1.09545 14.6219 1.64048 14.9567 1.97669L27.7062 14.7806H0.857144C0.383786 14.7806 0 15.166 0 15.6414V16.3587C0 16.8341 0.383786 17.2195 0.857144 17.2195H27.7062L14.9567 30.0234C14.6219 30.3595 14.6219 30.9045 14.9567 31.2407L15.4617 31.7479C15.7964 32.084 16.3392 32.084 16.6739 31.7479L31.749 16.6087C32.0837 16.2725 32.0837 15.7275 31.749 15.3913L16.6739 0.252159C16.3392 -0.084053 15.7964 -0.084053 15.4617 0.252159Z\"\/>\n\t\t\t\t\t\t<\/svg>\n\t\t\t\t\t<\/div>\n\t\t\t\t<\/div>\n\t\t\t\t<div class=\"c-card__media\" style=\" \">\n\t\t\t\t\t<img decoding=\"async\" width=\"480\" height=\"371\" src=\"https:\/\/klaragymnasium.se\/wp-content\/uploads\/2023\/04\/samnatur-pa-klara-e1681288331450.jpeg\" class=\"attachment-md size-md\" alt=\"Portr\u00e4ttbild p\u00e5 elev.\" sizes=\"(min-width: 80em) 600px, (min-width: 48em) calc(.50 * (100vw - 240px)), calc(100vw - 160px)\" srcset=\"https:\/\/klaragymnasium.se\/wp-content\/uploads\/2023\/04\/samnatur-pa-klara-e1681288331450.jpeg 480w, https:\/\/klaragymnasium.se\/wp-content\/uploads\/2023\/04\/samnatur-pa-klara-e1681288331450-300x232.jpeg 300w, https:\/\/klaragymnasium.se\/wp-content\/uploads\/2023\/04\/samnatur-pa-klara-e1681288331450-400x309.jpeg 400w\" \/>\n\t\t\t\t<\/div>\n\t\t\t<\/article>\n\t\t<\/li>\n\t\t\t\t\t\t\t\t\t\t\t\n\t\t\n\t\t\n\t\t<li class=\"l-col-6@md \" data-filter=\"naturvetenskapsprogrammet april-2020\">\n\t\t\t<article class=\"c-card has-media-zoom \" data-variant=\"inside-half\" data-click-area>\n\t\t\t\t<div class=\"c-card__content l-stack l-stack-sm is-left is-left@md\">\n\t\t\t\t\t\t\t\t\t\t\t<blockquote class=\"c-card__title u-font-title-3\">\n\t\t\t\t\t\t\t\t\t\t\t\t\t\t\t<p class=\"u-quote-marks\"><a href=\"https:\/\/klaragymnasium.se\/sollentuna\/elevintervjuer\/lokal\/lilly-om-naturprogrammet-pa-klara\" class=\"link\">Det \u00e4r en tuff linje men det k\u00e4nns bra att l\u00e4rarna finns f\u00f6r en och st\u00f6ttar en&#8230;<\/a><\/p>\n\t\t\t\t\t\t\t\t\t\t\t\t\t<\/blockquote>\n\t\t\t\t\t\n\t\t\t\t\t\t\t\t\t\t\t<p class=\"c-card__text l-stack-grow u-divider-top u-font-body\">\n\t\t\t\t\t\t\t<span class=\"author u-mr-fluid-lg\">Lilly<\/span>\n\t\t\t\t\t\t\t<span class=\"title u-mr-fluid-lg\">Naturvetenskapsprogrammet <\/span>\n\t\t\t\t\t\t<\/p>\n\t\t\t\t\t\n\t\t\t\t\t<div class=\"c-card__icon\">\n\t\t\t\t\t\t<svg class=\"ams-icon ams-icon--arrow-right\" width=\"32\" height=\"32\" viewBox=\"0 0 32 32\" fill=\"currentColor\" aria-hidden=\"true\" xmlns=\"http:\/\/www.w3.org\/2000\/svg\">\n\t\t\t\t\t\t\t<path d=\"M15.4617 0.252159L14.9567 0.75931C14.6219 1.09545 14.6219 1.64048 14.9567 1.97669L27.7062 14.7806H0.857144C0.383786 14.7806 0 15.166 0 15.6414V16.3587C0 16.8341 0.383786 17.2195 0.857144 17.2195H27.7062L14.9567 30.0234C14.6219 30.3595 14.6219 30.9045 14.9567 31.2407L15.4617 31.7479C15.7964 32.084 16.3392 32.084 16.6739 31.7479L31.749 16.6087C32.0837 16.2725 32.0837 15.7275 31.749 15.3913L16.6739 0.252159C16.3392 -0.084053 15.7964 -0.084053 15.4617 0.252159Z\"\/>\n\t\t\t\t\t\t<\/svg>\n\t\t\t\t\t<\/div>\n\t\t\t\t<\/div>\n\t\t\t\t<div class=\"c-card__media\" style=\" \">\n\t\t\t\t\t<img decoding=\"async\" width=\"600\" height=\"398\" src=\"https:\/\/klaragymnasium.se\/wp-content\/uploads\/2023\/03\/naturprogrammet-klara-teoretiska-gymnasium-600x398.png\" class=\"attachment-md size-md\" alt=\"Elever sitter i skolan och pluggar tillsammans.\" sizes=\"(min-width: 80em) 600px, (min-width: 48em) calc(.50 * (100vw - 240px)), calc(100vw - 160px)\" srcset=\"https:\/\/klaragymnasium.se\/wp-content\/uploads\/2023\/03\/naturprogrammet-klara-teoretiska-gymnasium-600x398.png 600w, https:\/\/klaragymnasium.se\/wp-content\/uploads\/2023\/03\/naturprogrammet-klara-teoretiska-gymnasium-300x199.png 300w, https:\/\/klaragymnasium.se\/wp-content\/uploads\/2023\/03\/naturprogrammet-klara-teoretiska-gymnasium-400x265.png 400w, https:\/\/klaragymnasium.se\/wp-content\/uploads\/2023\/03\/naturprogrammet-klara-teoretiska-gymnasium.png 756w\" \/>\n\t\t\t\t<\/div>\n\t\t\t<\/article>\n\t\t<\/li>\n\t\t\t\t\t\t\t\t\t\t\t\n\t\t\n\t\t\n\t\t<li class=\"l-col-6@md \" data-filter=\"naturvetenskapsprogrammet april-2020\">\n\t\t\t<article class=\"c-card has-media-zoom \" data-variant=\"inside-half\" data-click-area>\n\t\t\t\t<div class=\"c-card__content l-stack l-stack-sm is-left is-left@md\">\n\t\t\t\t\t\t\t\t\t\t\t<blockquote class=\"c-card__title u-font-title-3\">\n\t\t\t\t\t\t\t\t\t\t\t\t\t\t\t<p class=\"u-quote-marks\"><a href=\"https:\/\/klaragymnasium.se\/sollentuna\/elevintervjuer\/lokal\/hugo-om-att-lasa-natur-pa-klara\" class=\"link\">Min biologil\u00e4rare har inspirerat mig och f\u00e5tt mig \u00e4nnu mer intresserad av att bli marinbiolog!&#8230;<\/a><\/p>\n\t\t\t\t\t\t\t\t\t\t\t\t\t<\/blockquote>\n\t\t\t\t\t\n\t\t\t\t\t\t\t\t\t\t\t<p class=\"c-card__text l-stack-grow u-divider-top u-font-body\">\n\t\t\t\t\t\t\t<span class=\"author u-mr-fluid-lg\">Hugo<\/span>\n\t\t\t\t\t\t\t<span class=\"title u-mr-fluid-lg\">Naturvetenskapsprogrammet<\/span>\n\t\t\t\t\t\t<\/p>\n\t\t\t\t\t\n\t\t\t\t\t<div class=\"c-card__icon\">\n\t\t\t\t\t\t<svg class=\"ams-icon ams-icon--arrow-right\" width=\"32\" height=\"32\" viewBox=\"0 0 32 32\" fill=\"currentColor\" aria-hidden=\"true\" xmlns=\"http:\/\/www.w3.org\/2000\/svg\">\n\t\t\t\t\t\t\t<path d=\"M15.4617 0.252159L14.9567 0.75931C14.6219 1.09545 14.6219 1.64048 14.9567 1.97669L27.7062 14.7806H0.857144C0.383786 14.7806 0 15.166 0 15.6414V16.3587C0 16.8341 0.383786 17.2195 0.857144 17.2195H27.7062L14.9567 30.0234C14.6219 30.3595 14.6219 30.9045 14.9567 31.2407L15.4617 31.7479C15.7964 32.084 16.3392 32.084 16.6739 31.7479L31.749 16.6087C32.0837 16.2725 32.0837 15.7275 31.749 15.3913L16.6739 0.252159C16.3392 -0.084053 15.7964 -0.084053 15.4617 0.252159Z\"\/>\n\t\t\t\t\t\t<\/svg>\n\t\t\t\t\t<\/div>\n\t\t\t\t<\/div>\n\t\t\t\t<div class=\"c-card__media\" style=\" \">\n\t\t\t\t\t<img decoding=\"async\" width=\"600\" height=\"624\" src=\"https:\/\/klaragymnasium.se\/wp-content\/uploads\/2023\/03\/hugo-naturvetenskapsprogrammet-klara-gymnasium-600x624.png\" class=\"attachment-md size-md\" alt=\"Portr\u00e4ttbild p\u00e5 elev.\" sizes=\"(min-width: 80em) 600px, (min-width: 48em) calc(.50 * (100vw - 240px)), calc(100vw - 160px)\" srcset=\"https:\/\/klaragymnasium.se\/wp-content\/uploads\/2023\/03\/hugo-naturvetenskapsprogrammet-klara-gymnasium-600x624.png 600w, https:\/\/klaragymnasium.se\/wp-content\/uploads\/2023\/03\/hugo-naturvetenskapsprogrammet-klara-gymnasium-300x312.png 300w, https:\/\/klaragymnasium.se\/wp-content\/uploads\/2023\/03\/hugo-naturvetenskapsprogrammet-klara-gymnasium-400x416.png 400w, https:\/\/klaragymnasium.se\/wp-content\/uploads\/2023\/03\/hugo-naturvetenskapsprogrammet-klara-gymnasium.png 763w\" \/>\n\t\t\t\t<\/div>\n\t\t\t<\/article>\n\t\t<\/li>\n\t<\/ul>\n\t\n\t<div class=\"no-results u-mt-0 u-hide\" data-filter-fallback-id=\"ams-testimonial-list-69f23f5e30d0a\">\n\t<p>Det finns inga resultat som matchar din filtrering.<\/p>\n<\/div>\n\n\t\n\n\t\t\n\t\t\t<\/div>\n\n\t\t\n\n<\/section>\n","protected":false},"featured_media":2104,"template":"","testimonial_category":[15],"yoast_head":"<!-- This site is optimized with the Yoast SEO plugin v22.0 - https:\/\/yoast.com\/wordpress\/plugins\/seo\/ -->\n<title>Ahmed l\u00e4ser natur p\u00e5 KLARA - Klara Gymnasium Sollentuna<\/title>\n<meta name=\"description\" content=\"Ahmed g\u00e5r p\u00e5 Klara Teoretiska Gymnasium i Sollentuna och delar sina tankar kring vad som \u00e4r roligast med att l\u00e4sa natur p\u00e5 gymnasiet.\" \/>\n<meta name=\"robots\" content=\"index, follow, max-snippet:-1, max-image-preview:large, max-video-preview:-1\" \/>\n<link rel=\"canonical\" href=\"https:\/\/klaragymnasium.se\/sollentuna\/elevintervjuer\/ahmed-laser-natur-pa-klara\/\" \/>\n<meta property=\"og:locale\" content=\"sv_SE\" \/>\n<meta property=\"og:type\" content=\"article\" \/>\n<meta property=\"og:title\" content=\"Ahmed l\u00e4ser natur p\u00e5 KLARA - Klara Gymnasium Sollentuna\" \/>\n<meta property=\"og:description\" content=\"Ahmed g\u00e5r p\u00e5 Klara Teoretiska Gymnasium i Sollentuna och delar sina tankar kring vad som \u00e4r roligast med att l\u00e4sa natur p\u00e5 gymnasiet.\" \/>\n<meta property=\"og:url\" content=\"https:\/\/klaragymnasium.se\/sollentuna\/elevintervjuer\/ahmed-laser-natur-pa-klara\/\" \/>\n<meta property=\"og:site_name\" content=\"Sollentuna\" \/>\n<meta property=\"article:modified_time\" content=\"2023-09-30T15:00:45+00:00\" \/>\n<meta property=\"og:image\" content=\"https:\/\/klaragymnasium.se\/wp-content\/uploads\/sites\/4\/2023\/06\/klarasollentuna1994-e1686299511796-833x630.jpg\" \/>\n\t<meta property=\"og:image:width\" content=\"833\" \/>\n\t<meta property=\"og:image:height\" content=\"630\" \/>\n\t<meta property=\"og:image:type\" content=\"image\/jpeg\" \/>\n<meta name=\"twitter:card\" content=\"summary_large_image\" \/>\n<meta name=\"twitter:title\" content=\"Ahmed l\u00e4ser natur p\u00e5 KLARA - Klara Gymnasium Sollentuna\" \/>\n<meta name=\"twitter:description\" content=\"Ahmed g\u00e5r p\u00e5 Klara Teoretiska Gymnasium i Sollentuna och delar sina tankar kring vad som \u00e4r roligast med att l\u00e4sa natur p\u00e5 gymnasiet.\" \/>\n<meta name=\"twitter:image\" content=\"https:\/\/klaragymnasium.se\/wp-content\/uploads\/sites\/4\/2023\/06\/klarasollentuna1994-e1686299511796-833x630.jpg\" \/>\n<meta name=\"twitter:label1\" content=\"Est. reading time\" \/>\n\t<meta name=\"twitter:data1\" content=\"2 minuter\" \/>\n<script type=\"application\/ld+json\" class=\"yoast-schema-graph\">{\"@context\":\"https:\/\/schema.org\",\"@graph\":[{\"@type\":\"WebPage\",\"@id\":\"https:\/\/klaragymnasium.se\/sollentuna\/elevintervjuer\/ahmed-laser-natur-pa-klara\/\",\"url\":\"https:\/\/klaragymnasium.se\/sollentuna\/elevintervjuer\/ahmed-laser-natur-pa-klara\/\",\"name\":\"Ahmed l\u00e4ser natur p\u00e5 KLARA - Klara Gymnasium Sollentuna\",\"isPartOf\":{\"@id\":\"https:\/\/klaragymnasium.se\/sollentuna\/#website\"},\"datePublished\":\"2023-06-09T08:32:26+00:00\",\"dateModified\":\"2023-09-30T15:00:45+00:00\",\"description\":\"Ahmed g\u00e5r p\u00e5 Klara Teoretiska Gymnasium i Sollentuna och delar sina tankar kring vad som \u00e4r roligast med att l\u00e4sa natur p\u00e5 gymnasiet.\",\"breadcrumb\":{\"@id\":\"https:\/\/klaragymnasium.se\/sollentuna\/elevintervjuer\/ahmed-laser-natur-pa-klara\/#breadcrumb\"},\"inLanguage\":\"sv-SE\",\"potentialAction\":[{\"@type\":\"ReadAction\",\"target\":[\"https:\/\/klaragymnasium.se\/sollentuna\/elevintervjuer\/ahmed-laser-natur-pa-klara\/\"]}]},{\"@type\":\"BreadcrumbList\",\"@id\":\"https:\/\/klaragymnasium.se\/sollentuna\/elevintervjuer\/ahmed-laser-natur-pa-klara\/#breadcrumb\",\"itemListElement\":[{\"@type\":\"ListItem\",\"position\":1,\"name\":\"Start\",\"item\":\"https:\/\/klaragymnasium.se\/sollentuna\"},{\"@type\":\"ListItem\",\"position\":2,\"name\":\"Elevintervjuer\"}]},{\"@type\":\"WebSite\",\"@id\":\"https:\/\/klaragymnasium.se\/sollentuna\/#website\",\"url\":\"https:\/\/klaragymnasium.se\/sollentuna\/\",\"name\":\"Sollentuna\",\"description\":\"Just another WordPress site\",\"potentialAction\":[{\"@type\":\"SearchAction\",\"target\":{\"@type\":\"EntryPoint\",\"urlTemplate\":\"https:\/\/klaragymnasium.se\/sollentuna\/?s={search_term_string}\"},\"query-input\":\"required name=search_term_string\"}],\"inLanguage\":\"sv-SE\"}]}<\/script>\n<!-- \/ Yoast SEO plugin. -->","yoast_head_json":{"title":"Ahmed l\u00e4ser natur p\u00e5 KLARA - Klara Gymnasium Sollentuna","description":"Ahmed g\u00e5r p\u00e5 Klara Teoretiska Gymnasium i Sollentuna och delar sina tankar kring vad som \u00e4r roligast med att l\u00e4sa natur p\u00e5 gymnasiet.","robots":{"index":"index","follow":"follow","max-snippet":"max-snippet:-1","max-image-preview":"max-image-preview:large","max-video-preview":"max-video-preview:-1"},"canonical":"https:\/\/klaragymnasium.se\/sollentuna\/elevintervjuer\/ahmed-laser-natur-pa-klara\/","og_locale":"sv_SE","og_type":"article","og_title":"Ahmed l\u00e4ser natur p\u00e5 KLARA - Klara Gymnasium Sollentuna","og_description":"Ahmed g\u00e5r p\u00e5 Klara Teoretiska Gymnasium i Sollentuna och delar sina tankar kring vad som \u00e4r roligast med att l\u00e4sa natur p\u00e5 gymnasiet.","og_url":"https:\/\/klaragymnasium.se\/sollentuna\/elevintervjuer\/ahmed-laser-natur-pa-klara\/","og_site_name":"Sollentuna","article_modified_time":"2023-09-30T15:00:45+00:00","og_image":[{"width":833,"height":630,"url":"https:\/\/klaragymnasium.se\/wp-content\/uploads\/sites\/4\/2023\/06\/klarasollentuna1994-e1686299511796-833x630.jpg","type":"image\/jpeg"}],"twitter_card":"summary_large_image","twitter_title":"Ahmed l\u00e4ser natur p\u00e5 KLARA - Klara Gymnasium Sollentuna","twitter_description":"Ahmed g\u00e5r p\u00e5 Klara Teoretiska Gymnasium i Sollentuna och delar sina tankar kring vad som \u00e4r roligast med att l\u00e4sa natur p\u00e5 gymnasiet.","twitter_image":"https:\/\/klaragymnasium.se\/wp-content\/uploads\/sites\/4\/2023\/06\/klarasollentuna1994-e1686299511796-833x630.jpg","twitter_misc":{"Est. reading time":"2 minuter"},"schema":{"@context":"https:\/\/schema.org","@graph":[{"@type":"WebPage","@id":"https:\/\/klaragymnasium.se\/sollentuna\/elevintervjuer\/ahmed-laser-natur-pa-klara\/","url":"https:\/\/klaragymnasium.se\/sollentuna\/elevintervjuer\/ahmed-laser-natur-pa-klara\/","name":"Ahmed l\u00e4ser natur p\u00e5 KLARA - Klara Gymnasium Sollentuna","isPartOf":{"@id":"https:\/\/klaragymnasium.se\/sollentuna\/#website"},"datePublished":"2023-06-09T08:32:26+00:00","dateModified":"2023-09-30T15:00:45+00:00","description":"Ahmed g\u00e5r p\u00e5 Klara Teoretiska Gymnasium i Sollentuna och delar sina tankar kring vad som \u00e4r roligast med att l\u00e4sa natur p\u00e5 gymnasiet.","breadcrumb":{"@id":"https:\/\/klaragymnasium.se\/sollentuna\/elevintervjuer\/ahmed-laser-natur-pa-klara\/#breadcrumb"},"inLanguage":"sv-SE","potentialAction":[{"@type":"ReadAction","target":["https:\/\/klaragymnasium.se\/sollentuna\/elevintervjuer\/ahmed-laser-natur-pa-klara\/"]}]},{"@type":"BreadcrumbList","@id":"https:\/\/klaragymnasium.se\/sollentuna\/elevintervjuer\/ahmed-laser-natur-pa-klara\/#breadcrumb","itemListElement":[{"@type":"ListItem","position":1,"name":"Start","item":"https:\/\/klaragymnasium.se\/sollentuna"},{"@type":"ListItem","position":2,"name":"Elevintervjuer"}]},{"@type":"WebSite","@id":"https:\/\/klaragymnasium.se\/sollentuna\/#website","url":"https:\/\/klaragymnasium.se\/sollentuna\/","name":"Sollentuna","description":"Just another WordPress site","potentialAction":[{"@type":"SearchAction","target":{"@type":"EntryPoint","urlTemplate":"https:\/\/klaragymnasium.se\/sollentuna\/?s={search_term_string}"},"query-input":"required name=search_term_string"}],"inLanguage":"sv-SE"}]}},"_links":{"self":[{"href":"https:\/\/klaragymnasium.se\/sollentuna\/wp-json\/wp\/v2\/testimonial\/2103"}],"collection":[{"href":"https:\/\/klaragymnasium.se\/sollentuna\/wp-json\/wp\/v2\/testimonial"}],"about":[{"href":"https:\/\/klaragymnasium.se\/sollentuna\/wp-json\/wp\/v2\/types\/testimonial"}],"wp:featuredmedia":[{"embeddable":true,"href":"https:\/\/klaragymnasium.se\/sollentuna\/wp-json\/wp\/v2\/media\/2104"}],"wp:attachment":[{"href":"https:\/\/klaragymnasium.se\/sollentuna\/wp-json\/wp\/v2\/media?parent=2103"}],"wp:term":[{"taxonomy":"testimonial_category","embeddable":true,"href":"https:\/\/klaragymnasium.se\/sollentuna\/wp-json\/wp\/v2\/testimonial_category?post=2103"}],"curies":[{"name":"wp","href":"https:\/\/api.w.org\/{rel}","templated":true}]}}