{"id":952,"date":"2023-03-28T15:50:12","date_gmt":"2023-03-28T13:50:12","guid":{"rendered":"https:\/\/klaragymnasium.se\/sollentuna\/?p=952"},"modified":"2026-04-08T14:41:15","modified_gmt":"2026-04-08T12:41:15","slug":"samhallsvetenskap","status":"publish","type":"program_orientation","link":"https:\/\/klaragymnasium.se\/sollentuna\/program\/samhallsvetenskapsprogrammet\/samhallsvetenskap\/","title":{"rendered":"Samh\u00e4llsvetenskap"},"content":{"rendered":"\n\t\n\t\n\t\n\t\n\t\n\n<section \n\tclass=\"ams-hero ams-hero--classic ams-hero--75 c-block l-stacked  \"\n\tdata-color-scheme=\"vit-2\"\n\tstyle=\"\">\n\t<div class=\"ams-hero__container u-items-center u-justify-center\">\n\t\t<div\n\t\t\tclass=\"ams-hero__content l-stack l-stack-xl is-center is-center@md\" >\n\t\t\t<div class=\"l-stack l-stack-lg\">\n\t\t\t\t\t\n\t<h1\n\tclass=\"c-heading u-font-title-1 \"\n\tstyle=\"\">\n\t\t\n\t\t\t\t\t\t\t\t\tSamh\u00e4lls\u00advetenskap p\u00e5 KLARA Sollentuna\n\t\t\t\t<span class=\"c-heading__sub is-below u-font-title-3\">\n\t\t\t\t\tSamh\u00e4llsvetenskaps\u00adprogrammet \n\t\t\t\t<\/span>\n\t\t\t\t\t\t\t\n\t<\/h1>\n\n\t\t\t\t\t\t\t<\/div>\n\n\t\t\t\t<div class=\"ams-hero__action u-inline-items\">\n\t\t\t\t\t\t\t\n\n\n<a href=\"https:\/\/klaragymnasium.se\/sollentuna\/oppet-hus\/\"\n\t\n\tclass=\"c-btn \"\n\tdata-style=\"round\"\n\tdata-size=\"md\"\n\tdata-width=\"full-mobile\"\n\tdata-variant=\"default\"\n\ttarget=\"_self\">\n\t\t\t<span class=\"label\"> Bes\u00f6k \u00d6ppet hus <\/span>\n\t\t\t<\/a>\n\t\t\t<\/div>\n\t\t<\/div>\n\t<\/div>\n\n\t\n\t\t\t\n\t\t\t\t\t\t\t\n\t\t\t\t<div class=\"c-bg c-bg--img\" data-settings=\"{&quot;desktop_settings&quot;:{&quot;size&quot;:&quot;cover&quot;,&quot;position&quot;:&quot;middle-center&quot;},&quot;mobile_settings&quot;:{&quot;size&quot;:&quot;cover&quot;,&quot;position&quot;:&quot;middle-center&quot;}}\" data-position=\"middle-center\" data-size=\"cover\">\n\t\t\t<img decoding=\"async\" width=\"1870\" height=\"1080\" src=\"https:\/\/klaragymnasium.se\/wp-content\/uploads\/sites\/4\/2025\/07\/klasollentuna202505-202905webb41-e1776330669585-1870x1080.jpg\" class=\"attachment-hero-lg size-hero-lg\" alt=\"Elever skrattar tillsammans med l\u00e4rare.\" sizes=\"(max-width: 1870px) 100vw, 1870px\" \/>\n\t\t<\/div>\n\t\n\t<div class=\"c-overlay\" style=\"--overlay-bg: rgba(0,0,0,0.2);\"><\/div>\n<\/section>\n\n\n\n<div class=\"wp-block-columns is-layout-flex wp-container-core-columns-layout-1 wp-block-columns-is-layout-flex\">\n<div class=\"wp-block-column is-layout-flow wp-block-column-is-layout-flow\" style=\"flex-basis:66.66%\">\n<h2 class=\"wp-block-heading\">Vill du veta hur v\u00e5rt samh\u00e4lle \u00e4r konstruerat och hur det styrs? S\u00f6k till Samh\u00e4llsvetenskaps-<br>programmet p\u00e5 KLARA Sollentuna! <\/h2>\n\n\n\n<p   class=\"site__ingress container text-left  site__text-color--dark  site__free_text--ingress p-0\">\n\tLockar tanken p\u00e5 att plugga vidare till socionom, statsvetare eller journalist? Samh\u00e4llsvetenskapsprogrammet med inriktning Samh\u00e4llsvetenskap p\u00e5 Klara Teoretiska Gymnasium Sollentuna ger dig m\u00f6jligheten att reflektera \u00f6ver fr\u00e5gor som r\u00f6r demokrati, kommunikation, etik, genus, milj\u00f6 och makt \u2013 ur ekonomiska, sociala och politiska perspektiv.<\/p>\n\n\n\n\n\n<h3 class=\"wp-block-heading\"><strong>Passar dig som:<\/strong><\/h3>\n\n\n\n<ul>\n<li>Gillar att diskutera och analysera aktuella h\u00e4ndelser och samh\u00e4llsproblem.<\/li>\n\n\n\n<li>Vill f\u00f6rdjupa dig i \u00e4mnen som&nbsp;<strong>historia, samh\u00e4llskunskap, geografi och religion.<\/strong><\/li>\n\n\n\n<li>Vill arbeta som exempelvis&nbsp;<strong>socionom, arkitekt, forskare eller journalist.<\/strong><\/li>\n<\/ul>\n\n\n\n<h3 class=\"wp-block-heading\"><strong>Utforska samh\u00e4llets strukturer och politik<\/strong><\/h3>\n\n\n\n<p>N\u00e4r du l\u00e4ser Samh\u00e4llsvetenskapsprogrammet med inriktning Samh\u00e4llsvetenskap p\u00e5 KLARA Sollentuna f\u00e5r du l\u00e4ra dig om strukturer, politik och&nbsp;<strong>m\u00e4nniskors livsvillkor<\/strong>. Du tr\u00e4nar upp ditt analytiska t\u00e4nkande och utvecklar din f\u00f6rm\u00e5ga att tolka och f\u00f6rklara olika fenomen med hj\u00e4lp av samh\u00e4llsvetenskapliga metoder.<\/p>\n\n\n\n<h3 class=\"wp-block-heading\"><strong>Hur samh\u00e4llets strukturer formar v\u00e5ra liv<\/strong><\/h3>\n\n\n\n<p>Du kommer ocks\u00e5 att f\u00e5&nbsp;<strong>insikt i politik och samh\u00e4lleliga strukturer<\/strong>&nbsp;och l\u00e4ra dig om hur m\u00e4nniskors livsvillkor f\u00f6r\u00e4ndras \u00f6ver tid, beroende p\u00e5 hur vi utformar dessa strukturer. Men framf\u00f6r allt kommer du att l\u00e4ra dig om hur individen och samh\u00e4llet samspelar och vad vi m\u00e4nniskor och v\u00e5rt samh\u00e4lle beh\u00f6ver.<\/p>\n<\/div>\n\n\n\n<div class=\"wp-block-column is-layout-flow wp-block-column-is-layout-flow\" style=\"flex-basis:33.33%\">\n\t<div class=\"module_wrapper ams_remote_pages_module \">\n\t\t\n\n<section  class=\"ams-cta ams-cta--stacked c-block l-stacked\" data-color-scheme=\"gra\">\n\t<div class=\"l-container l-stack l-stack-fluid-2xl u-pt-fluid-3xl-6xl u-pb-fluid-3xl-6xl is-left is-left@md\">\n\t\t\t\t\t<div class=\"ams-cta__intro l-stack l-stack-lg\">\n\t\t\t\t\t\n\t<h3\n\tclass=\"c-heading u-font-title-3 \"\n\tstyle=\"\">\n\t\t\n\t\t\t\t\tKort info\n\t\t\t\t\n\t<\/h3>\n\n\t\t\t\t\t\t\t\t\t<div class=\"c-text l-stack u-cs-xl u-font-body\">\n\t\t\t\t\t\t<p>Program: <strong>Samh\u00e4llsvetenskapsprogrammet<\/strong><span class=\"ams-fragor__strong\"><br \/>\n<\/span>Inriktning: <strong>Samh\u00e4llsvetenskap<\/strong><span class=\"ams-fragor__strong\"><br \/>\n<\/span>Programkod: <strong>SASAP<\/strong><\/p>\n\n\t\t\t\t\t<\/div>\n\t\t\t\t\t\t\t<\/div>\n\t\t\n\t\t\n\t\t\t<\/div>\n\n\t\t\n\n<\/section>\n\t<\/div>\n\n\t<\/div>\n<\/div>\n\n\n\n\n<section  class=\"ams-quote c-block l-stacked\" data-color-scheme=\"usp-gra\">\n\t<div class=\"l-container l-stack l-stack-fluid-2xl u-pt-fluid-3xl-6xl u-pb-fluid-3xl-6xl is-center is-center@md\">\n\t\t\n\t\t\t\t\t<ul class=\"ams-quote__list l-grid u-gap-fluid-2xl-4xl u-justify-center\" aria-label=\"Citat\">\n\t\t\t<li class=\"l-col-12@md\">\n\t\t\t<article class=\"c-card\" data-variant=\"inline\" >\n\t\t\t\t<div class=\"c-card__content l-stack u-text-left\">\n\t\t\t\t\t\t\t\t\t\t\t<blockquote class=\"c-card__title u-font-title-1\">\n\t\t\t\t\t\t\t\t\t\t\t\t\t\t\t<p>&#8221;Jag valde sam-sam f\u00f6r att jag \u00e4r intresserad av att l\u00e4ra mig om hur samh\u00e4llet fungerar och \u00e4r uppbyggt!&#8221;<\/p>\n\t\t\t\t\t\t\t\t\t\t\t\t\t<\/blockquote>\n\t\t\t\t\t\n\t\t\t\t\t\t\t\t\t\t\t<p class=\"c-card__text\">\n\t\t\t\t\t\t\t<span class=\"author u-font-body\">Natalie, elev Samh\u00e4llsvetenskapsprogrammet<\/span>\n\t\t\t\t\t\t\t<span class=\"title u-font-body\"><\/span>\n\t\t\t\t\t\t<\/p>\n\t\t\t\t\t\t\t\t\t<\/div>\n\n\t\t\t\t\t\t\t\t\t<div class=\"c-card__media\">\n\t\t\t\t\t\t<img decoding=\"async\" width=\"400\" height=\"369\" src=\"https:\/\/klaragymnasium.se\/wp-content\/uploads\/sites\/4\/2023\/03\/klara-postgatan-natalie-samsam-202305-202805-e1685105870859-400x369.png\" class=\"u-radius-round\" alt=\"Portr\u00e4ttbild p\u00e5 elev.\" srcset=\"https:\/\/klaragymnasium.se\/wp-content\/uploads\/sites\/4\/2023\/03\/klara-postgatan-natalie-samsam-202305-202805-e1685105870859-400x369.png 400w, https:\/\/klaragymnasium.se\/wp-content\/uploads\/sites\/4\/2023\/03\/klara-postgatan-natalie-samsam-202305-202805-e1685105870859-300x277.png 300w, https:\/\/klaragymnasium.se\/wp-content\/uploads\/sites\/4\/2023\/03\/klara-postgatan-natalie-samsam-202305-202805-e1685105870859.png 532w\" sizes=\"(max-width: 400px) 100vw, 400px\" \/>\n\t\t\t\t\t<\/div>\n\t\t\t\t\t\t\t<\/article>\n\t\t<\/li>\n\t<\/ul>\n\t\n\t\t\t<\/div>\n\n\t\t\n\n<\/section>\n\n\n\n\n\n<section  class=\"ams-faq ams_event_module c-block l-stacked js-load-more\" data-color-scheme=\"poangplan\" data-count=\"4\" data-count-mobile=\"2\">\n\t<div class=\"l-container l-stack l-stack-fluid-2xl u-pt-fluid-3xl-6xl u-pb-fluid-3xl-6xl is-center is-center@md\">\n\t\t\t\t\t<div class=\"ams-faq__intro l-stack l-stack-lg\">\n\t\t\t\t\t\n\t<h2\n\tclass=\"c-heading u-font-title-2 \"\n\tstyle=\"\">\n\t\t\n\t\t\t\t\tVanliga fr\u00e5gor om Samh\u00e4llsvetenskaps&shy;programmet \n\t\t\t\t\n\t<\/h2>\n\n\t\t\t\t\t\t\t<\/div>\n\t\t\n\t\t\n\t\n\t    \n\t\n\t<ul\n\t\tid=\"ams-faq-list-69f228f321dbf\"\n\t\tclass=\"ams-faq__ac ams-accordion_module c-accordion js-results \"\n\t\taria-label=\"Vanliga fr\u00e5gor\"\n\t\tdata-variant=\"border-between\"\n\t\tdata-ajax-action=\"log_faq_view\"\n\t\tdata-ajax-url=\"https:\/\/klaragymnasium.se\/sollentuna\/wp-admin\/admin-ajax.php\"\n\t\tdata-ajax-nonce=\"33fc6764b5\"\n\t\tdata-filter-animation=\"off\">\n\n\t\t\n\t\t\t\t\t\t\t\t\t\t\t\t\t\t\t\n\t\t\t\n\t\t\t<li data-ajax-id=\"3331\" class=\"c-accordion__item \"\n\t\t\tdata-filter=\"ansokan-merit december-2023\"\n\t\t\t>\n\t\t\t\t<h3 class=\"c-accordion__header\">\n\t\t\t\t\t\t\t\t\t\t<button class=\"c-accordion__trigger u-py-sm u-px-fluid-md-xl u-font-title-4\">\n\t\t\t\t\t\t<span>Hur r\u00e4knar jag ut mitt meritv\u00e4rde? <\/span>\n\t\t\t\t\t\t<svg class=\"ams-icon ams-icon__arrow-down\" width=\"24\" height=\"24\" viewbox=\"0 0 24 24\" fill=\"currentColor\" aria-hidden=\"true\" xmlns=\"http:\/\/www.w3.org\/2000\/svg\">\n\t\t\t\t\t\t\t\t\t\t\t\t\t<path d=\"m11.2033 18.4294-10.872894-10.67584c-.440539-.42594-.440539-1.1147 0-1.54065l.665495-.64345c.440539-.42595 1.152899-.42595 1.593439 0l9.41066 9.27114 9.4107-9.26207c.4405-.42595 1.1529-.42595 1.5934 0l.6655.64345c.4405.42594.4405 1.1147 0 1.54065l-10.8729 10.67587c-.4405.4168-1.1529.4168-1.5934-.0091z\"\/>\n\t\t\t\t\t\n\t\t\t\t\t\t<\/svg>\n\t\t\t\t\t<\/button>\n\t\t\t\t<\/h3>\n\t\t\t\t<div class=\"c-accordion__body l-stack u-font-body\">\n\t\t\t\t\t<div class=\"c-accordion__body__inner u-p-fluid-md-xl l-stack\">\n\t\t\t\t\t\t<p>P\u00e5 <a href=\"https:\/\/gymnasiekoll.se\/gymnasieval\/meritvarde\/\" target=\"_blank\" rel=\"noopener\">Gymnasiekoll.se<\/a> r\u00e4knar du enkelt ut ditt meritv\u00e4rde.<\/p>\n\n\t\t\t\t\t<\/div>\n\t\t\t\t<\/div>\n\t\t\t<\/li>\n\t\t\n\t\t\t\t\t\t\t\t\t\t\t\t\t\t\t\n\t\t\t\n\t\t\t<li data-ajax-id=\"3330\" class=\"c-accordion__item \"\n\t\t\tdata-filter=\"ansokan-merit december-2023\"\n\t\t\t>\n\t\t\t\t<h3 class=\"c-accordion__header\">\n\t\t\t\t\t\t\t\t\t\t<button class=\"c-accordion__trigger u-py-sm u-px-fluid-md-xl u-font-title-4\">\n\t\t\t\t\t\t<span>Vad betyder antagningsgr\u00e4ns?<\/span>\n\t\t\t\t\t\t<svg class=\"ams-icon ams-icon__arrow-down\" width=\"24\" height=\"24\" viewbox=\"0 0 24 24\" fill=\"currentColor\" aria-hidden=\"true\" xmlns=\"http:\/\/www.w3.org\/2000\/svg\">\n\t\t\t\t\t\t\t\t\t\t\t\t\t<path d=\"m11.2033 18.4294-10.872894-10.67584c-.440539-.42594-.440539-1.1147 0-1.54065l.665495-.64345c.440539-.42595 1.152899-.42595 1.593439 0l9.41066 9.27114 9.4107-9.26207c.4405-.42595 1.1529-.42595 1.5934 0l.6655.64345c.4405.42594.4405 1.1147 0 1.54065l-10.8729 10.67587c-.4405.4168-1.1529.4168-1.5934-.0091z\"\/>\n\t\t\t\t\t\n\t\t\t\t\t\t<\/svg>\n\t\t\t\t\t<\/button>\n\t\t\t\t<\/h3>\n\t\t\t\t<div class=\"c-accordion__body l-stack u-font-body\">\n\t\t\t\t\t<div class=\"c-accordion__body__inner u-p-fluid-md-xl l-stack\">\n\t\t\t\t\t\t<p><span data-sheets-root=\"1\" data-sheets-value=\"{&quot;1&quot;:2,&quot;2&quot;:&quot;F\u00f6rutom beh\u00f6righetskraven finns inga l\u00e4gsta krav p\u00e5 po\u00e4ng f\u00f6r programmen, utan det beror p\u00e5 vilka andra som s\u00f6ker det \u00e5ret. P\u00e5 en utbildning med t.ex. 30 platser kommer de 30 med h\u00f6gst po\u00e4ng in. MEDELPO\u00c4NGEN \u00e4r medelv\u00e4rdet av meritpo\u00e4ngen de 30 har. ANTAGNINGSGR\u00c4NS \u00e4r den l\u00e4gsta po\u00e4ng n\u00e5gon kom in p\u00e5 det \u00e5ret.&quot;}\" data-sheets-userformat=\"{&quot;2&quot;:831,&quot;3&quot;:{&quot;1&quot;:0},&quot;4&quot;:{&quot;1&quot;:2,&quot;2&quot;:14281427},&quot;5&quot;:{&quot;1&quot;:[{&quot;1&quot;:2,&quot;2&quot;:0,&quot;5&quot;:{&quot;1&quot;:2,&quot;2&quot;:0}},{&quot;1&quot;:0,&quot;2&quot;:0,&quot;3&quot;:3},{&quot;1&quot;:1,&quot;2&quot;:0,&quot;4&quot;:1}]},&quot;6&quot;:{&quot;1&quot;:[{&quot;1&quot;:2,&quot;2&quot;:0,&quot;5&quot;:{&quot;1&quot;:2,&quot;2&quot;:0}},{&quot;1&quot;:0,&quot;2&quot;:0,&quot;3&quot;:3},{&quot;1&quot;:1,&quot;2&quot;:0,&quot;4&quot;:1}]},&quot;7&quot;:{&quot;1&quot;:[{&quot;1&quot;:2,&quot;2&quot;:0,&quot;5&quot;:{&quot;1&quot;:2,&quot;2&quot;:0}},{&quot;1&quot;:0,&quot;2&quot;:0,&quot;3&quot;:3},{&quot;1&quot;:1,&quot;2&quot;:0,&quot;4&quot;:1}]},&quot;8&quot;:{&quot;1&quot;:[{&quot;1&quot;:2,&quot;2&quot;:0,&quot;5&quot;:{&quot;1&quot;:2,&quot;2&quot;:0}},{&quot;1&quot;:0,&quot;2&quot;:0,&quot;3&quot;:3},{&quot;1&quot;:1,&quot;2&quot;:0,&quot;4&quot;:1}]},&quot;11&quot;:4,&quot;12&quot;:0}\">F\u00f6rutom beh\u00f6righetskraven finns inga l\u00e4gsta krav p\u00e5 po\u00e4ng f\u00f6r programmen, utan det beror p\u00e5 vilka andra som s\u00f6ker det \u00e5ret. P\u00e5 en utbildning med t.ex. 30 platser kommer de 30 med h\u00f6gst po\u00e4ng in. Medelpo\u00e4ng \u00e4r medelv\u00e4rdet av meritpo\u00e4ngen de 30 har. Antagningsgr\u00e4ns \u00e4r den l\u00e4gsta po\u00e4ng n\u00e5gon kom in p\u00e5 det \u00e5ret.<\/span><\/p>\n\n\t\t\t\t\t<\/div>\n\t\t\t\t<\/div>\n\t\t\t<\/li>\n\t\t\n\t\t\t\t\t\t\t\t\t\t\t\t\t\t\t\n\t\t\t\n\t\t\t<li data-ajax-id=\"3323\" class=\"c-accordion__item \"\n\t\t\tdata-filter=\"meritvarde-samhallsvetenskapsprogrammet december-2023\"\n\t\t\t>\n\t\t\t\t<h3 class=\"c-accordion__header\">\n\t\t\t\t\t\t\t\t\t\t<button class=\"c-accordion__trigger u-py-sm u-px-fluid-md-xl u-font-title-4\">\n\t\t\t\t\t\t<span>Vad beh\u00f6ver jag f\u00f6r betyg f\u00f6r att l\u00e4sa Samh\u00e4llsvetenskapsprogrammet?<\/span>\n\t\t\t\t\t\t<svg class=\"ams-icon ams-icon__arrow-down\" width=\"24\" height=\"24\" viewbox=\"0 0 24 24\" fill=\"currentColor\" aria-hidden=\"true\" xmlns=\"http:\/\/www.w3.org\/2000\/svg\">\n\t\t\t\t\t\t\t\t\t\t\t\t\t<path d=\"m11.2033 18.4294-10.872894-10.67584c-.440539-.42594-.440539-1.1147 0-1.54065l.665495-.64345c.440539-.42595 1.152899-.42595 1.593439 0l9.41066 9.27114 9.4107-9.26207c.4405-.42595 1.1529-.42595 1.5934 0l.6655.64345c.4405.42594.4405 1.1147 0 1.54065l-10.8729 10.67587c-.4405.4168-1.1529.4168-1.5934-.0091z\"\/>\n\t\t\t\t\t\n\t\t\t\t\t\t<\/svg>\n\t\t\t\t\t<\/button>\n\t\t\t\t<\/h3>\n\t\t\t\t<div class=\"c-accordion__body l-stack u-font-body\">\n\t\t\t\t\t<div class=\"c-accordion__body__inner u-p-fluid-md-xl l-stack\">\n\t\t\t\t\t\t<p class=\"p1\">F\u00f6r att vara beh\u00f6rig till gymnasiet m\u00e5ste du ha godk\u00e4nt i Svenska eller Svenska som andraspr\u00e5k, Engelska och Matte. Om du vill l\u00e4sa ett h\u00f6gskolef\u00f6rberedande program m\u00e5ste du ha godk\u00e4nt i ytterligare 9 \u00e4mnen, allts\u00e5 totalt 12 \u00e4mnen. F\u00f6r Samh\u00e4llsvetenskapsprogrammet ska 4 av de 9 \u00f6vriga godk\u00e4nda \u00e4mnena vara geografi, historia, samh\u00e4llskunskap och religionskunskap.<\/p>\n\n\t\t\t\t\t<\/div>\n\t\t\t\t<\/div>\n\t\t\t<\/li>\n\t\t\n\t\t\t\t\t\t\t\t\t\t\t\t\t\t\t\n\t\t\t\n\t\t\t<li data-ajax-id=\"2474\" class=\"c-accordion__item \"\n\t\t\tdata-filter=\"meritvarde-samhallsvetenskapsprogrammet december-2023\"\n\t\t\t>\n\t\t\t\t<h3 class=\"c-accordion__header\">\n\t\t\t\t\t\t\t\t\t\t<button class=\"c-accordion__trigger u-py-sm u-px-fluid-md-xl u-font-title-4\">\n\t\t\t\t\t\t<span>Vad \u00e4r det f\u00f6r meritv\u00e4rde\/antagningspo\u00e4ng p\u00e5 Samh\u00e4llsvetenskapsprogrammet?<\/span>\n\t\t\t\t\t\t<svg class=\"ams-icon ams-icon__arrow-down\" width=\"24\" height=\"24\" viewbox=\"0 0 24 24\" fill=\"currentColor\" aria-hidden=\"true\" xmlns=\"http:\/\/www.w3.org\/2000\/svg\">\n\t\t\t\t\t\t\t\t\t\t\t\t\t<path d=\"m11.2033 18.4294-10.872894-10.67584c-.440539-.42594-.440539-1.1147 0-1.54065l.665495-.64345c.440539-.42595 1.152899-.42595 1.593439 0l9.41066 9.27114 9.4107-9.26207c.4405-.42595 1.1529-.42595 1.5934 0l.6655.64345c.4405.42594.4405 1.1147 0 1.54065l-10.8729 10.67587c-.4405.4168-1.1529.4168-1.5934-.0091z\"\/>\n\t\t\t\t\t\n\t\t\t\t\t\t<\/svg>\n\t\t\t\t\t<\/button>\n\t\t\t\t<\/h3>\n\t\t\t\t<div class=\"c-accordion__body l-stack u-font-body\">\n\t\t\t\t\t<div class=\"c-accordion__body__inner u-p-fluid-md-xl l-stack\">\n\t\t\t\t\t\t<p class=\"p1\"><span data-sheets-root=\"1\" data-sheets-value=\"{&quot;1&quot;:2,&quot;2&quot;:&quot;Samh\u00e4llsvetenskapsprogrammet med inriktning SAMH\u00c4LLSVETENSKAP hade \u00e5r 2022 en medianpo\u00e4ng p\u00e5 217.5 och en antagningsgr\u00e4ns 195 po\u00e4ng. Samh\u00e4llsvetenskapsprogrammet med inriktning BETEENDEVETENSKAP hade \u00e5r 2022 en medianpo\u00e4ng p\u00e5 225 och en antagningsgr\u00e4ns 207.5 po\u00e4ng. ----- Samh\u00e4llsvetenskapsprogrammet med inriktning SAMH\u00c4LLSVETENSKAP hade \u00e5r 2021 en medianpo\u00e4ng p\u00e5 170. Samh\u00e4llsvetenskapsprogrammet med inriktning BETEENDEVETENSKAP hade \u00e5r 2021 en medianpo\u00e4ng p\u00e5 205 och en antagningsgr\u00e4ns 195 po\u00e4ng. Kom ih\u00e5g att meritv\u00e4rdet kan \u00e4ndras fr\u00e5n \u00e5r till \u00e5r beroende p\u00e5 hur m\u00e5nga som s\u00f6ker programmet och vad f\u00f6r betyg de har!&quot;}\" data-sheets-userformat=\"{&quot;2&quot;:831,&quot;3&quot;:{&quot;1&quot;:0},&quot;4&quot;:{&quot;1&quot;:2,&quot;2&quot;:14281427},&quot;5&quot;:{&quot;1&quot;:[{&quot;1&quot;:2,&quot;2&quot;:0,&quot;5&quot;:{&quot;1&quot;:2,&quot;2&quot;:0}},{&quot;1&quot;:0,&quot;2&quot;:0,&quot;3&quot;:3},{&quot;1&quot;:1,&quot;2&quot;:0,&quot;4&quot;:1}]},&quot;6&quot;:{&quot;1&quot;:[{&quot;1&quot;:2,&quot;2&quot;:0,&quot;5&quot;:{&quot;1&quot;:2,&quot;2&quot;:0}},{&quot;1&quot;:0,&quot;2&quot;:0,&quot;3&quot;:3},{&quot;1&quot;:1,&quot;2&quot;:0,&quot;4&quot;:1}]},&quot;7&quot;:{&quot;1&quot;:[{&quot;1&quot;:2,&quot;2&quot;:0,&quot;5&quot;:{&quot;1&quot;:2,&quot;2&quot;:0}},{&quot;1&quot;:0,&quot;2&quot;:0,&quot;3&quot;:3},{&quot;1&quot;:1,&quot;2&quot;:0,&quot;4&quot;:1}]},&quot;8&quot;:{&quot;1&quot;:[{&quot;1&quot;:2,&quot;2&quot;:0,&quot;5&quot;:{&quot;1&quot;:2,&quot;2&quot;:0}},{&quot;1&quot;:0,&quot;2&quot;:0,&quot;3&quot;:3},{&quot;1&quot;:1,&quot;2&quot;:0,&quot;4&quot;:1}]},&quot;11&quot;:4,&quot;12&quot;:0}\">Samh\u00e4llsvetenskapsprogrammet med inriktning Samh\u00e4llsvetenskap<\/span> hade \u00e5r 2025 antagningspo\u00e4ng p\u00e5 192.5 po\u00e4ng och ett medelv\u00e4rde p\u00e5 205. <span data-sheets-root=\"1\" data-sheets-value=\"{&quot;1&quot;:2,&quot;2&quot;:&quot;Samh\u00e4llsvetenskapsprogrammet med inriktning SAMH\u00c4LLSVETENSKAP hade \u00e5r 2022 en medianpo\u00e4ng p\u00e5 217.5 och en antagningsgr\u00e4ns 195 po\u00e4ng. Samh\u00e4llsvetenskapsprogrammet med inriktning BETEENDEVETENSKAP hade \u00e5r 2022 en medianpo\u00e4ng p\u00e5 225 och en antagningsgr\u00e4ns 207.5 po\u00e4ng. ----- Samh\u00e4llsvetenskapsprogrammet med inriktning SAMH\u00c4LLSVETENSKAP hade \u00e5r 2021 en medianpo\u00e4ng p\u00e5 170. Samh\u00e4llsvetenskapsprogrammet med inriktning BETEENDEVETENSKAP hade \u00e5r 2021 en medianpo\u00e4ng p\u00e5 205 och en antagningsgr\u00e4ns 195 po\u00e4ng. Kom ih\u00e5g att meritv\u00e4rdet kan \u00e4ndras fr\u00e5n \u00e5r till \u00e5r beroende p\u00e5 hur m\u00e5nga som s\u00f6ker programmet och vad f\u00f6r betyg de har!&quot;}\" data-sheets-userformat=\"{&quot;2&quot;:831,&quot;3&quot;:{&quot;1&quot;:0},&quot;4&quot;:{&quot;1&quot;:2,&quot;2&quot;:14281427},&quot;5&quot;:{&quot;1&quot;:[{&quot;1&quot;:2,&quot;2&quot;:0,&quot;5&quot;:{&quot;1&quot;:2,&quot;2&quot;:0}},{&quot;1&quot;:0,&quot;2&quot;:0,&quot;3&quot;:3},{&quot;1&quot;:1,&quot;2&quot;:0,&quot;4&quot;:1}]},&quot;6&quot;:{&quot;1&quot;:[{&quot;1&quot;:2,&quot;2&quot;:0,&quot;5&quot;:{&quot;1&quot;:2,&quot;2&quot;:0}},{&quot;1&quot;:0,&quot;2&quot;:0,&quot;3&quot;:3},{&quot;1&quot;:1,&quot;2&quot;:0,&quot;4&quot;:1}]},&quot;7&quot;:{&quot;1&quot;:[{&quot;1&quot;:2,&quot;2&quot;:0,&quot;5&quot;:{&quot;1&quot;:2,&quot;2&quot;:0}},{&quot;1&quot;:0,&quot;2&quot;:0,&quot;3&quot;:3},{&quot;1&quot;:1,&quot;2&quot;:0,&quot;4&quot;:1}]},&quot;8&quot;:{&quot;1&quot;:[{&quot;1&quot;:2,&quot;2&quot;:0,&quot;5&quot;:{&quot;1&quot;:2,&quot;2&quot;:0}},{&quot;1&quot;:0,&quot;2&quot;:0,&quot;3&quot;:3},{&quot;1&quot;:1,&quot;2&quot;:0,&quot;4&quot;:1}]},&quot;11&quot;:4,&quot;12&quot;:0}\">Samh\u00e4llsvetenskapsprogrammet med inriktning Beteendevetenskap hade \u00e5r 2025 antagningspo\u00e4ng p\u00e5 205 po\u00e4ng och ett medelv\u00e4rde p\u00e5 237.5. <\/span>Kom ih\u00e5g att meritv\u00e4rdet kan \u00e4ndras fr\u00e5n \u00e5r till \u00e5r beroende p\u00e5 hur m\u00e5nga som s\u00f6ker programmet och vilka betyg de har!<\/p>\n\n\t\t\t\t\t<\/div>\n\t\t\t\t<\/div>\n\t\t\t<\/li>\n\t\t\t<\/ul>\n\n\t<div class=\"no-results u-mt-0 u-hide\" data-filter-fallback-id=\"ams-faq-list-69f228f321dbf\">\n\t<p>Det finns inga resultat som matchar din filtrering.<\/p>\n<\/div>\n\n\t\n\n\t\t\n\t\t\t<\/div>\n\n\t\t\n\n<\/section>\n\n\n\n\n<section  class=\"ams-point-plan c-block l-stacked\" data-color-scheme=\"poangplan\">\n\t<div class=\"l-container-narrow l-stack l-stack-fluid-2xl u-pt-fluid-3xl-6xl u-pb-fluid-3xl-6xl is-center is-center@md\">\n\t\t\t\t\t<div class=\"ams-point-plan__intro l-stack l-stack-lg\">\n\t\t\t\t\t\n\t<h2\n\tclass=\"c-heading u-font-title-1 \"\n\tstyle=\"\">\n\t\t\n\t\t\t\t\tPo\u00e4ngplan\n\t\t\t\t\n\t<\/h2>\n\n\t\t\t\t\t\t\t<\/div>\n\t\t\n\t\t\t<ul class=\"ams-point-plan__ac c-accordion\" aria-label=\"Po\u00e4ngplan\" data-variant=\"space-between\">\n\t\t<li class=\"ams-point-plan__tp u-font-title-4 u-py-sm u-px-fluid-md-xl\">\n\t\t\t<span class=\"title\">Totala po\u00e4ng<\/span>\n\t\t\t<span class=\"points\">2500p<\/span>\n\t\t<\/li>\n\t\t\t\t\t<li class=\"c-accordion__item\">\n\t\t\t\t<h3 class=\"c-accordion__header \">\n\t\t\t\t\t\t\t\t\t\t<button class=\"c-accordion__trigger u-py-sm u-px-fluid-md-xl u-font-title-4\">\n\t\t\t\t\t\t<span>Gymnasiegemensamma \u00e4mnen <\/span>\n\t\t\t\t\t\t<svg class=\"ams-icon ams-icon__arrow-down\" width=\"24\" height=\"24\" viewbox=\"0 0 24 24\" fill=\"currentColor\" aria-hidden=\"true\" xmlns=\"http:\/\/www.w3.org\/2000\/svg\">\n\t\t\t\t\t\t\t\t\t\t\t\t\t<path d=\"m11.2033 18.4294-10.872894-10.67584c-.440539-.42594-.440539-1.1147 0-1.54065l.665495-.64345c.440539-.42595 1.152899-.42595 1.593439 0l9.41066 9.27114 9.4107-9.26207c.4405-.42595 1.1529-.42595 1.5934 0l.6655.64345c.4405.42594.4405 1.1147 0 1.54065l-10.8729 10.67587c-.4405.4168-1.1529.4168-1.5934-.0091z\"\/>\n\t\t\t\t\t\n\t\t\t\t\t\t<\/svg>\n\t\t\t\t\t<\/button>\n\t\t\t\t<\/h3>\n\t\t\t\t<div class=\"c-accordion__body u-font-body\">\n\t\t\t\t\t<ul class=\"points-list u-list-none\">\n\t\t\t\t\t\t\t\t\t\t\t\t\t<li>\n\t\t\t\t\t\t\t\t<span class=\"title\">Engelska, Niv\u00e5 1<\/span>\n\t\t\t\t\t\t\t\t<span class=\"points\">100<\/span>\n\t\t\t\t\t\t\t<\/li>\n\t\t\t\t\t\t\t\t\t\t\t\t\t<li>\n\t\t\t\t\t\t\t\t<span class=\"title\">Engelska, Niv\u00e5 2<\/span>\n\t\t\t\t\t\t\t\t<span class=\"points\">100<\/span>\n\t\t\t\t\t\t\t<\/li>\n\t\t\t\t\t\t\t\t\t\t\t\t\t<li>\n\t\t\t\t\t\t\t\t<span class=\"title\">Historia, Niv\u00e5 1b<\/span>\n\t\t\t\t\t\t\t\t<span class=\"points\">100<\/span>\n\t\t\t\t\t\t\t<\/li>\n\t\t\t\t\t\t\t\t\t\t\t\t\t<li>\n\t\t\t\t\t\t\t\t<span class=\"title\">Idrott och h\u00e4lsa, Niv\u00e5 1<\/span>\n\t\t\t\t\t\t\t\t<span class=\"points\">100<\/span>\n\t\t\t\t\t\t\t<\/li>\n\t\t\t\t\t\t\t\t\t\t\t\t\t<li>\n\t\t\t\t\t\t\t\t<span class=\"title\">Matematik, Niv\u00e5 1b<\/span>\n\t\t\t\t\t\t\t\t<span class=\"points\">100<\/span>\n\t\t\t\t\t\t\t<\/li>\n\t\t\t\t\t\t\t\t\t\t\t\t\t<li>\n\t\t\t\t\t\t\t\t<span class=\"title\">Matematik, Niv\u00e5 2b<\/span>\n\t\t\t\t\t\t\t\t<span class=\"points\">100<\/span>\n\t\t\t\t\t\t\t<\/li>\n\t\t\t\t\t\t\t\t\t\t\t\t\t<li>\n\t\t\t\t\t\t\t\t<span class=\"title\">Naturkunskap, Niv\u00e5 1b<\/span>\n\t\t\t\t\t\t\t\t<span class=\"points\">100<\/span>\n\t\t\t\t\t\t\t<\/li>\n\t\t\t\t\t\t\t\t\t\t\t\t\t<li>\n\t\t\t\t\t\t\t\t<span class=\"title\">Religionskunskap, Niv\u00e5 1<\/span>\n\t\t\t\t\t\t\t\t<span class=\"points\">50<\/span>\n\t\t\t\t\t\t\t<\/li>\n\t\t\t\t\t\t\t\t\t\t\t\t\t<li>\n\t\t\t\t\t\t\t\t<span class=\"title\">Samh\u00e4llskunskap, Niv\u00e5 1b<\/span>\n\t\t\t\t\t\t\t\t<span class=\"points\">100<\/span>\n\t\t\t\t\t\t\t<\/li>\n\t\t\t\t\t\t\t\t\t\t\t\t\t<li>\n\t\t\t\t\t\t\t\t<span class=\"title\">Svenska, Niv\u00e5 1\/SVA<\/span>\n\t\t\t\t\t\t\t\t<span class=\"points\">100<\/span>\n\t\t\t\t\t\t\t<\/li>\n\t\t\t\t\t\t\t\t\t\t\t\t\t<li>\n\t\t\t\t\t\t\t\t<span class=\"title\">Svenska, Niv\u00e5 2\/SVA<\/span>\n\t\t\t\t\t\t\t\t<span class=\"points\">100<\/span>\n\t\t\t\t\t\t\t<\/li>\n\t\t\t\t\t\t\t\t\t\t\t\t\t<li>\n\t\t\t\t\t\t\t\t<span class=\"title\">Svenska, Niv\u00e5 3\/SVA<\/span>\n\t\t\t\t\t\t\t\t<span class=\"points\">100<\/span>\n\t\t\t\t\t\t\t<\/li>\n\t\t\t\t\t\t\t\t\t\t\t<\/ul>\n\t\t\t\t<\/div>\n\t\t\t<\/li>\n\t\t\t\t\t<li class=\"c-accordion__item\">\n\t\t\t\t<h3 class=\"c-accordion__header \">\n\t\t\t\t\t\t\t\t\t\t<button class=\"c-accordion__trigger u-py-sm u-px-fluid-md-xl u-font-title-4\">\n\t\t\t\t\t\t<span>Programgemensamma <\/span>\n\t\t\t\t\t\t<svg class=\"ams-icon ams-icon__arrow-down\" width=\"24\" height=\"24\" viewbox=\"0 0 24 24\" fill=\"currentColor\" aria-hidden=\"true\" xmlns=\"http:\/\/www.w3.org\/2000\/svg\">\n\t\t\t\t\t\t\t\t\t\t\t\t\t<path d=\"m11.2033 18.4294-10.872894-10.67584c-.440539-.42594-.440539-1.1147 0-1.54065l.665495-.64345c.440539-.42595 1.152899-.42595 1.593439 0l9.41066 9.27114 9.4107-9.26207c.4405-.42595 1.1529-.42595 1.5934 0l.6655.64345c.4405.42594.4405 1.1147 0 1.54065l-10.8729 10.67587c-.4405.4168-1.1529.4168-1.5934-.0091z\"\/>\n\t\t\t\t\t\n\t\t\t\t\t\t<\/svg>\n\t\t\t\t\t<\/button>\n\t\t\t\t<\/h3>\n\t\t\t\t<div class=\"c-accordion__body u-font-body\">\n\t\t\t\t\t<ul class=\"points-list u-list-none\">\n\t\t\t\t\t\t\t\t\t\t\t\t\t<li>\n\t\t\t\t\t\t\t\t<span class=\"title\">Filosofi, Niv\u00e5 1<\/span>\n\t\t\t\t\t\t\t\t<span class=\"points\">50<\/span>\n\t\t\t\t\t\t\t<\/li>\n\t\t\t\t\t\t\t\t\t\t\t\t\t<li>\n\t\t\t\t\t\t\t\t<span class=\"title\">Moderna spr\u00e5k<\/span>\n\t\t\t\t\t\t\t\t<span class=\"points\">100<\/span>\n\t\t\t\t\t\t\t<\/li>\n\t\t\t\t\t\t\t\t\t\t\t\t\t<li>\n\t\t\t\t\t\t\t\t<span class=\"title\">Moderna spr\u00e5k<\/span>\n\t\t\t\t\t\t\t\t<span class=\"points\">100<\/span>\n\t\t\t\t\t\t\t<\/li>\n\t\t\t\t\t\t\t\t\t\t\t\t\t<li>\n\t\t\t\t\t\t\t\t<span class=\"title\">Psykologi, Niv\u00e5 1<\/span>\n\t\t\t\t\t\t\t\t<span class=\"points\">50<\/span>\n\t\t\t\t\t\t\t<\/li>\n\t\t\t\t\t\t\t\t\t\t\t<\/ul>\n\t\t\t\t<\/div>\n\t\t\t<\/li>\n\t\t\t\t\t<li class=\"c-accordion__item\">\n\t\t\t\t<h3 class=\"c-accordion__header \">\n\t\t\t\t\t\t\t\t\t\t<button class=\"c-accordion__trigger u-py-sm u-px-fluid-md-xl u-font-title-4\">\n\t\t\t\t\t\t<span>Inriktning <\/span>\n\t\t\t\t\t\t<svg class=\"ams-icon ams-icon__arrow-down\" width=\"24\" height=\"24\" viewbox=\"0 0 24 24\" fill=\"currentColor\" aria-hidden=\"true\" xmlns=\"http:\/\/www.w3.org\/2000\/svg\">\n\t\t\t\t\t\t\t\t\t\t\t\t\t<path d=\"m11.2033 18.4294-10.872894-10.67584c-.440539-.42594-.440539-1.1147 0-1.54065l.665495-.64345c.440539-.42595 1.152899-.42595 1.593439 0l9.41066 9.27114 9.4107-9.26207c.4405-.42595 1.1529-.42595 1.5934 0l.6655.64345c.4405.42594.4405 1.1147 0 1.54065l-10.8729 10.67587c-.4405.4168-1.1529.4168-1.5934-.0091z\"\/>\n\t\t\t\t\t\n\t\t\t\t\t\t<\/svg>\n\t\t\t\t\t<\/button>\n\t\t\t\t<\/h3>\n\t\t\t\t<div class=\"c-accordion__body u-font-body\">\n\t\t\t\t\t<ul class=\"points-list u-list-none\">\n\t\t\t\t\t\t\t\t\t\t\t\t\t<li>\n\t\t\t\t\t\t\t\t<span class=\"title\">Geografi, Niv\u00e5 1<\/span>\n\t\t\t\t\t\t\t\t<span class=\"points\">100<\/span>\n\t\t\t\t\t\t\t<\/li>\n\t\t\t\t\t\t\t\t\t\t\t\t\t<li>\n\t\t\t\t\t\t\t\t<span class=\"title\">Historia, Niv\u00e5 2a<\/span>\n\t\t\t\t\t\t\t\t<span class=\"points\">100<\/span>\n\t\t\t\t\t\t\t<\/li>\n\t\t\t\t\t\t\t\t\t\t\t\t\t<li>\n\t\t\t\t\t\t\t\t<span class=\"title\">Religionskunskap, Niv\u00e5 2<\/span>\n\t\t\t\t\t\t\t\t<span class=\"points\">50<\/span>\n\t\t\t\t\t\t\t<\/li>\n\t\t\t\t\t\t\t\t\t\t\t\t\t<li>\n\t\t\t\t\t\t\t\t<span class=\"title\">Samh\u00e4llskunskap, Niv\u00e5 2<\/span>\n\t\t\t\t\t\t\t\t<span class=\"points\">100<\/span>\n\t\t\t\t\t\t\t<\/li>\n\t\t\t\t\t\t\t\t\t\t\t\t\t<li>\n\t\t\t\t\t\t\t\t<span class=\"title\">Samh\u00e4llskunskap, Niv\u00e5 3<\/span>\n\t\t\t\t\t\t\t\t<span class=\"points\">100<\/span>\n\t\t\t\t\t\t\t<\/li>\n\t\t\t\t\t\t\t\t\t\t\t<\/ul>\n\t\t\t\t<\/div>\n\t\t\t<\/li>\n\t\t\t\t\t<li class=\"c-accordion__item\">\n\t\t\t\t<h3 class=\"c-accordion__header \">\n\t\t\t\t\t\t\t\t\t\t<button class=\"c-accordion__trigger u-py-sm u-px-fluid-md-xl u-font-title-4\">\n\t\t\t\t\t\t<span>Programf\u00f6rdjupning <\/span>\n\t\t\t\t\t\t<svg class=\"ams-icon ams-icon__arrow-down\" width=\"24\" height=\"24\" viewbox=\"0 0 24 24\" fill=\"currentColor\" aria-hidden=\"true\" xmlns=\"http:\/\/www.w3.org\/2000\/svg\">\n\t\t\t\t\t\t\t\t\t\t\t\t\t<path d=\"m11.2033 18.4294-10.872894-10.67584c-.440539-.42594-.440539-1.1147 0-1.54065l.665495-.64345c.440539-.42595 1.152899-.42595 1.593439 0l9.41066 9.27114 9.4107-9.26207c.4405-.42595 1.1529-.42595 1.5934 0l.6655.64345c.4405.42594.4405 1.1147 0 1.54065l-10.8729 10.67587c-.4405.4168-1.1529.4168-1.5934-.0091z\"\/>\n\t\t\t\t\t\n\t\t\t\t\t\t<\/svg>\n\t\t\t\t\t<\/button>\n\t\t\t\t<\/h3>\n\t\t\t\t<div class=\"c-accordion__body u-font-body\">\n\t\t\t\t\t<ul class=\"points-list u-list-none\">\n\t\t\t\t\t\t\t\t\t\t\t\t\t<li>\n\t\t\t\t\t\t\t\t<span class=\"title\">Humanistisk och samh\u00e4llsvetenskaplig specialisering, Niv\u00e5 1<\/span>\n\t\t\t\t\t\t\t\t<span class=\"points\">100<\/span>\n\t\t\t\t\t\t\t<\/li>\n\t\t\t\t\t\t\t\t\t\t\t\t\t<li>\n\t\t\t\t\t\t\t\t<span class=\"title\">Till\u00e4mpad psykologi, Niv\u00e5 1<\/span>\n\t\t\t\t\t\t\t\t<span class=\"points\">100<\/span>\n\t\t\t\t\t\t\t<\/li>\n\t\t\t\t\t\t\t\t\t\t\t\t\t<li>\n\t\t\t\t\t\t\t\t<span class=\"title\">Ledarskap och organisation, Niv\u00e5 1<\/span>\n\t\t\t\t\t\t\t\t<span class=\"points\">100<\/span>\n\t\t\t\t\t\t\t<\/li>\n\t\t\t\t\t\t\t\t\t\t\t<\/ul>\n\t\t\t\t<\/div>\n\t\t\t<\/li>\n\t\t\t\t\t<li class=\"c-accordion__item\">\n\t\t\t\t<h3 class=\"c-accordion__header \">\n\t\t\t\t\t\t\t\t\t\t<button class=\"c-accordion__trigger u-py-sm u-px-fluid-md-xl u-font-title-4\">\n\t\t\t\t\t\t<span>Gymnasiearbete <\/span>\n\t\t\t\t\t\t<svg class=\"ams-icon ams-icon__arrow-down\" width=\"24\" height=\"24\" viewbox=\"0 0 24 24\" fill=\"currentColor\" aria-hidden=\"true\" xmlns=\"http:\/\/www.w3.org\/2000\/svg\">\n\t\t\t\t\t\t\t\t\t\t\t\t\t<path d=\"m11.2033 18.4294-10.872894-10.67584c-.440539-.42594-.440539-1.1147 0-1.54065l.665495-.64345c.440539-.42595 1.152899-.42595 1.593439 0l9.41066 9.27114 9.4107-9.26207c.4405-.42595 1.1529-.42595 1.5934 0l.6655.64345c.4405.42594.4405 1.1147 0 1.54065l-10.8729 10.67587c-.4405.4168-1.1529.4168-1.5934-.0091z\"\/>\n\t\t\t\t\t\n\t\t\t\t\t\t<\/svg>\n\t\t\t\t\t<\/button>\n\t\t\t\t<\/h3>\n\t\t\t\t<div class=\"c-accordion__body u-font-body\">\n\t\t\t\t\t<ul class=\"points-list u-list-none\">\n\t\t\t\t\t\t\t\t\t\t\t\t\t<li>\n\t\t\t\t\t\t\t\t<span class=\"title\">Gymnasiearbete<\/span>\n\t\t\t\t\t\t\t\t<span class=\"points\">100<\/span>\n\t\t\t\t\t\t\t<\/li>\n\t\t\t\t\t\t\t\t\t\t\t<\/ul>\n\t\t\t\t<\/div>\n\t\t\t<\/li>\n\t\t\t\t\t<li class=\"c-accordion__item\">\n\t\t\t\t<h3 class=\"c-accordion__header \">\n\t\t\t\t\t\t\t\t\t\t<button class=\"c-accordion__trigger u-py-sm u-px-fluid-md-xl u-font-title-4\">\n\t\t\t\t\t\t<span>Individuellt val<\/span>\n\t\t\t\t\t\t<svg class=\"ams-icon ams-icon__arrow-down\" width=\"24\" height=\"24\" viewbox=\"0 0 24 24\" fill=\"currentColor\" aria-hidden=\"true\" xmlns=\"http:\/\/www.w3.org\/2000\/svg\">\n\t\t\t\t\t\t\t\t\t\t\t\t\t<path d=\"m11.2033 18.4294-10.872894-10.67584c-.440539-.42594-.440539-1.1147 0-1.54065l.665495-.64345c.440539-.42595 1.152899-.42595 1.593439 0l9.41066 9.27114 9.4107-9.26207c.4405-.42595 1.1529-.42595 1.5934 0l.6655.64345c.4405.42594.4405 1.1147 0 1.54065l-10.8729 10.67587c-.4405.4168-1.1529.4168-1.5934-.0091z\"\/>\n\t\t\t\t\t\n\t\t\t\t\t\t<\/svg>\n\t\t\t\t\t<\/button>\n\t\t\t\t<\/h3>\n\t\t\t\t<div class=\"c-accordion__body u-font-body\">\n\t\t\t\t\t<ul class=\"points-list u-list-none\">\n\t\t\t\t\t\t\t\t\t\t\t\t\t<li>\n\t\t\t\t\t\t\t\t<span class=\"title\">Individuellt val<\/span>\n\t\t\t\t\t\t\t\t<span class=\"points\">200<\/span>\n\t\t\t\t\t\t\t<\/li>\n\t\t\t\t\t\t\t\t\t\t\t<\/ul>\n\t\t\t\t<\/div>\n\t\t\t<\/li>\n\t\t\t<\/ul>\n\n\t\t\t<\/div>\n\n\t\t\n\n<\/section>\n\n\n\n\n<section  class=\"ams-cta ams-cta--stacked c-block l-stacked\" data-color-scheme=\"vit-2\">\n\t<div class=\"l-container-narrow l-stack l-stack-fluid-2xl u-pt-fluid-3xl-6xl u-pb-fluid-3xl-6xl is-center is-center@md\">\n\t\t\t\t\t<div class=\"ams-cta__intro l-stack l-stack-lg\">\n\t\t\t\t\t\n\t<h2\n\tclass=\"c-heading u-font-title-1 \"\n\tstyle=\"\">\n\t\t\n\t\t\t\t\tVar detta inte n\u00e5got f\u00f6r dig?\n\t\t\t\t\n\t<\/h2>\n\n\t\t\t\t\t\t\t\t\t<div class=\"c-text l-stack u-cs-xl u-font-body\">\n\t\t\t\t\t\t<p>D\u00e5 kanske du \u00e4r mer intresserad av n\u00e5got av v\u00e5ra andra program!<\/p>\n\n\t\t\t\t\t<\/div>\n\t\t\t\t\t\t\t<\/div>\n\t\t\n\t\t\n\t\t\t<div class=\"ams-cta__action u-inline-items\">\n\t\t\t\t\t\t\t\n\n\n<a href=\"https:\/\/klaragymnasium.se\/sollentuna\/gymnasieprogram\/\"\n\t\n\tclass=\"c-btn \"\n\tdata-style=\"round\"\n\tdata-size=\"md\"\n\tdata-width=\"full-mobile\"\n\tdata-variant=\"default\"\n\ttarget=\"_self\">\n\t\t\t<span class=\"label\"> Till v\u00e5ra program<\/span>\n\t\t\t<\/a>\n\t\t\t<\/div>\n\t<\/div>\n\n\t\t\n\t\t\t\n\t\t\t\t\t\t\t\n\t\t\t\t<div class=\"c-bg c-bg--img\" data-settings=\"{&quot;desktop_settings&quot;:{&quot;size&quot;:&quot;cover&quot;,&quot;position&quot;:&quot;middle-center&quot;},&quot;mobile_settings&quot;:{&quot;size&quot;:&quot;cover&quot;,&quot;position&quot;:&quot;middle-center&quot;}}\" data-position=\"middle-center\" data-size=\"cover\">\n\t\t\t<img decoding=\"async\" width=\"1920\" height=\"564\" src=\"https:\/\/klaragymnasium.se\/wp-content\/uploads\/sites\/4\/2023\/03\/klaragymnasiumskog-1920x564.jpg\" class=\"attachment-hero-lg size-hero-lg\" alt=\"Granskog.\" sizes=\"(max-width: 1920px) 100vw, 1920px\" \/>\n\t\t<\/div>\n\t\n\t<div class=\"c-overlay\" style=\"--overlay-bg: rgba(0,0,0,0.5);\"><\/div>\n<\/section>\n","protected":false},"excerpt":{"rendered":"<p>Vill du veta hur v\u00e5rt samh\u00e4lle \u00e4r konstruerat och hur det styrs?<\/p>\n","protected":false},"featured_media":3227,"parent":947,"menu_order":0,"template":"","yoast_head":"<!-- This site is optimized with the Yoast SEO plugin v22.0 - https:\/\/yoast.com\/wordpress\/plugins\/seo\/ -->\n<title>L\u00e4s inriktning samh\u00e4llsvetenskap i Sollentuna - KLARA<\/title>\n<meta name=\"description\" content=\"N\u00e4r du l\u00e4ser Samh\u00e4llsvetenskapsprogrammet med inriktning Samh\u00e4llsvetenskap f\u00e5r du l\u00e4ra dig om strukturer, politik och m\u00e4nniskors livsvillkor.\" \/>\n<meta name=\"robots\" content=\"index, follow, max-snippet:-1, max-image-preview:large, max-video-preview:-1\" \/>\n<link rel=\"canonical\" href=\"https:\/\/klaragymnasium.se\/sollentuna\/program\/samhallsvetenskapsprogrammet\/samhallsvetenskap\/\" \/>\n<meta property=\"og:locale\" content=\"sv_SE\" \/>\n<meta property=\"og:type\" content=\"article\" \/>\n<meta property=\"og:title\" content=\"L\u00e4s inriktning samh\u00e4llsvetenskap i Sollentuna - KLARA\" \/>\n<meta property=\"og:description\" content=\"N\u00e4r du l\u00e4ser Samh\u00e4llsvetenskapsprogrammet med inriktning Samh\u00e4llsvetenskap f\u00e5r du l\u00e4ra dig om strukturer, politik och m\u00e4nniskors livsvillkor.\" \/>\n<meta property=\"og:url\" content=\"https:\/\/klaragymnasium.se\/sollentuna\/program\/samhallsvetenskapsprogrammet\/samhallsvetenskap\/\" \/>\n<meta property=\"og:site_name\" content=\"Sollentuna\" \/>\n<meta property=\"article:modified_time\" content=\"2026-04-08T12:41:15+00:00\" \/>\n<meta property=\"og:image\" content=\"https:\/\/klaragymnasium.se\/wp-content\/uploads\/sites\/4\/2025\/07\/klasollentuna202505-202905webb48-1200x630.jpg\" \/>\n\t<meta property=\"og:image:width\" content=\"1200\" \/>\n\t<meta property=\"og:image:height\" content=\"630\" \/>\n\t<meta property=\"og:image:type\" content=\"image\/jpeg\" \/>\n<meta name=\"twitter:card\" content=\"summary_large_image\" \/>\n<meta name=\"twitter:title\" content=\"L\u00e4s inriktning samh\u00e4llsvetenskap i Sollentuna - KLARA\" \/>\n<meta name=\"twitter:description\" content=\"N\u00e4r du l\u00e4ser Samh\u00e4llsvetenskapsprogrammet med inriktning Samh\u00e4llsvetenskap f\u00e5r du l\u00e4ra dig om strukturer, politik och m\u00e4nniskors livsvillkor.\" \/>\n<meta name=\"twitter:image\" content=\"https:\/\/klaragymnasium.se\/wp-content\/uploads\/sites\/4\/2025\/07\/klasollentuna202505-202905webb48-1200x630.jpg\" \/>\n<meta name=\"twitter:label1\" content=\"Est. reading time\" \/>\n\t<meta name=\"twitter:data1\" content=\"3 minuter\" \/>\n<script type=\"application\/ld+json\" class=\"yoast-schema-graph\">{\"@context\":\"https:\/\/schema.org\",\"@graph\":[{\"@type\":\"WebPage\",\"@id\":\"https:\/\/klaragymnasium.se\/sollentuna\/program\/samhallsvetenskapsprogrammet\/samhallsvetenskap\/\",\"url\":\"https:\/\/klaragymnasium.se\/sollentuna\/program\/samhallsvetenskapsprogrammet\/samhallsvetenskap\/\",\"name\":\"L\u00e4s inriktning samh\u00e4llsvetenskap i Sollentuna - KLARA\",\"isPartOf\":{\"@id\":\"https:\/\/klaragymnasium.se\/sollentuna\/#website\"},\"datePublished\":\"2023-03-28T13:50:12+00:00\",\"dateModified\":\"2026-04-08T12:41:15+00:00\",\"description\":\"N\u00e4r du l\u00e4ser Samh\u00e4llsvetenskapsprogrammet med inriktning Samh\u00e4llsvetenskap f\u00e5r du l\u00e4ra dig om strukturer, politik och m\u00e4nniskors livsvillkor.\",\"breadcrumb\":{\"@id\":\"https:\/\/klaragymnasium.se\/sollentuna\/program\/samhallsvetenskapsprogrammet\/samhallsvetenskap\/#breadcrumb\"},\"inLanguage\":\"sv-SE\",\"potentialAction\":[{\"@type\":\"ReadAction\",\"target\":[\"https:\/\/klaragymnasium.se\/sollentuna\/program\/samhallsvetenskapsprogrammet\/samhallsvetenskap\/\"]}]},{\"@type\":\"BreadcrumbList\",\"@id\":\"https:\/\/klaragymnasium.se\/sollentuna\/program\/samhallsvetenskapsprogrammet\/samhallsvetenskap\/#breadcrumb\",\"itemListElement\":[{\"@type\":\"ListItem\",\"position\":1,\"name\":\"Start\",\"item\":\"https:\/\/klaragymnasium.se\/sollentuna\"},{\"@type\":\"ListItem\",\"position\":2,\"name\":\"V\u00e5ra gymnasieprogram\"}]},{\"@type\":\"WebSite\",\"@id\":\"https:\/\/klaragymnasium.se\/sollentuna\/#website\",\"url\":\"https:\/\/klaragymnasium.se\/sollentuna\/\",\"name\":\"Sollentuna\",\"description\":\"Just another WordPress site\",\"potentialAction\":[{\"@type\":\"SearchAction\",\"target\":{\"@type\":\"EntryPoint\",\"urlTemplate\":\"https:\/\/klaragymnasium.se\/sollentuna\/?s={search_term_string}\"},\"query-input\":\"required name=search_term_string\"}],\"inLanguage\":\"sv-SE\"}]}<\/script>\n<!-- \/ Yoast SEO plugin. -->","yoast_head_json":{"title":"L\u00e4s inriktning samh\u00e4llsvetenskap i Sollentuna - KLARA","description":"N\u00e4r du l\u00e4ser Samh\u00e4llsvetenskapsprogrammet med inriktning Samh\u00e4llsvetenskap f\u00e5r du l\u00e4ra dig om strukturer, politik och m\u00e4nniskors livsvillkor.","robots":{"index":"index","follow":"follow","max-snippet":"max-snippet:-1","max-image-preview":"max-image-preview:large","max-video-preview":"max-video-preview:-1"},"canonical":"https:\/\/klaragymnasium.se\/sollentuna\/program\/samhallsvetenskapsprogrammet\/samhallsvetenskap\/","og_locale":"sv_SE","og_type":"article","og_title":"L\u00e4s inriktning samh\u00e4llsvetenskap i Sollentuna - KLARA","og_description":"N\u00e4r du l\u00e4ser Samh\u00e4llsvetenskapsprogrammet med inriktning Samh\u00e4llsvetenskap f\u00e5r du l\u00e4ra dig om strukturer, politik och m\u00e4nniskors livsvillkor.","og_url":"https:\/\/klaragymnasium.se\/sollentuna\/program\/samhallsvetenskapsprogrammet\/samhallsvetenskap\/","og_site_name":"Sollentuna","article_modified_time":"2026-04-08T12:41:15+00:00","og_image":[{"width":1200,"height":630,"url":"https:\/\/klaragymnasium.se\/wp-content\/uploads\/sites\/4\/2025\/07\/klasollentuna202505-202905webb48-1200x630.jpg","type":"image\/jpeg"}],"twitter_card":"summary_large_image","twitter_title":"L\u00e4s inriktning samh\u00e4llsvetenskap i Sollentuna - KLARA","twitter_description":"N\u00e4r du l\u00e4ser Samh\u00e4llsvetenskapsprogrammet med inriktning Samh\u00e4llsvetenskap f\u00e5r du l\u00e4ra dig om strukturer, politik och m\u00e4nniskors livsvillkor.","twitter_image":"https:\/\/klaragymnasium.se\/wp-content\/uploads\/sites\/4\/2025\/07\/klasollentuna202505-202905webb48-1200x630.jpg","twitter_misc":{"Est. reading time":"3 minuter"},"schema":{"@context":"https:\/\/schema.org","@graph":[{"@type":"WebPage","@id":"https:\/\/klaragymnasium.se\/sollentuna\/program\/samhallsvetenskapsprogrammet\/samhallsvetenskap\/","url":"https:\/\/klaragymnasium.se\/sollentuna\/program\/samhallsvetenskapsprogrammet\/samhallsvetenskap\/","name":"L\u00e4s inriktning samh\u00e4llsvetenskap i Sollentuna - KLARA","isPartOf":{"@id":"https:\/\/klaragymnasium.se\/sollentuna\/#website"},"datePublished":"2023-03-28T13:50:12+00:00","dateModified":"2026-04-08T12:41:15+00:00","description":"N\u00e4r du l\u00e4ser Samh\u00e4llsvetenskapsprogrammet med inriktning Samh\u00e4llsvetenskap f\u00e5r du l\u00e4ra dig om strukturer, politik och m\u00e4nniskors livsvillkor.","breadcrumb":{"@id":"https:\/\/klaragymnasium.se\/sollentuna\/program\/samhallsvetenskapsprogrammet\/samhallsvetenskap\/#breadcrumb"},"inLanguage":"sv-SE","potentialAction":[{"@type":"ReadAction","target":["https:\/\/klaragymnasium.se\/sollentuna\/program\/samhallsvetenskapsprogrammet\/samhallsvetenskap\/"]}]},{"@type":"BreadcrumbList","@id":"https:\/\/klaragymnasium.se\/sollentuna\/program\/samhallsvetenskapsprogrammet\/samhallsvetenskap\/#breadcrumb","itemListElement":[{"@type":"ListItem","position":1,"name":"Start","item":"https:\/\/klaragymnasium.se\/sollentuna"},{"@type":"ListItem","position":2,"name":"V\u00e5ra gymnasieprogram"}]},{"@type":"WebSite","@id":"https:\/\/klaragymnasium.se\/sollentuna\/#website","url":"https:\/\/klaragymnasium.se\/sollentuna\/","name":"Sollentuna","description":"Just another WordPress site","potentialAction":[{"@type":"SearchAction","target":{"@type":"EntryPoint","urlTemplate":"https:\/\/klaragymnasium.se\/sollentuna\/?s={search_term_string}"},"query-input":"required name=search_term_string"}],"inLanguage":"sv-SE"}]}},"_links":{"self":[{"href":"https:\/\/klaragymnasium.se\/sollentuna\/wp-json\/wp\/v2\/program_orientation\/952"}],"collection":[{"href":"https:\/\/klaragymnasium.se\/sollentuna\/wp-json\/wp\/v2\/program_orientation"}],"about":[{"href":"https:\/\/klaragymnasium.se\/sollentuna\/wp-json\/wp\/v2\/types\/program_orientation"}],"version-history":[{"count":10,"href":"https:\/\/klaragymnasium.se\/sollentuna\/wp-json\/wp\/v2\/program_orientation\/952\/revisions"}],"predecessor-version":[{"id":3536,"href":"https:\/\/klaragymnasium.se\/sollentuna\/wp-json\/wp\/v2\/program_orientation\/952\/revisions\/3536"}],"up":[{"embeddable":true,"href":"https:\/\/klaragymnasium.se\/sollentuna\/wp-json\/wp\/v2\/program_orientation\/947"}],"wp:featuredmedia":[{"embeddable":true,"href":"https:\/\/klaragymnasium.se\/sollentuna\/wp-json\/wp\/v2\/media\/3227"}],"wp:attachment":[{"href":"https:\/\/klaragymnasium.se\/sollentuna\/wp-json\/wp\/v2\/media?parent=952"}],"curies":[{"name":"wp","href":"https:\/\/api.w.org\/{rel}","templated":true}]}}