{"id":429,"date":"2023-03-03T15:42:37","date_gmt":"2023-03-03T14:42:37","guid":{"rendered":"https:\/\/klaragymnasium.se\/sollentuna\/?page_id=429"},"modified":"2025-07-07T14:54:07","modified_gmt":"2025-07-07T12:54:07","slug":"elevhalsa","status":"publish","type":"page","link":"https:\/\/klaragymnasium.se\/sollentuna\/var-skola\/elevhalsa\/","title":{"rendered":"Elevh\u00e4lsa"},"content":{"rendered":"\n\t\n\t\n\t\n\n\t\n\t\n\t\t\n<section  class=\"c-block l-stacked  \" data-color-scheme=\"vit\">\n\t<div class=\"ams-fifty ams-fifty--container ams-fifty--right ams-fifty--top l-container u-pt-fluid-3xl-6xl u-pb-fluid-3xl-6xl\">\n\t\t<div class=\"ams-fifty__content l-stack l-stack-xl is-center is-left@lg\">\n\t\t\t<div class=\"ams-fifty__text l-stack l-stack-lg\">\n\t\t\t\t\t\n\t<h1\n\tclass=\"c-heading u-font-title-1 \"\n\tstyle=\"\">\n\t\t\n\t\t\t\t\tElevh\u00e4lsa\n\t\t\t\t\n\t<\/h1>\n\n\t\t\t\t\t\t\t\t\t<div class=\"text l-stack u-font-body\">\n\t\t\t\t\t\t<p>Elevh\u00e4lsans fr\u00e4msta uppdrag \u00e4r att arbeta h\u00e4lsofr\u00e4mjande och f\u00f6rebyggande f\u00f6r att st\u00f6dja elevernas utveckling mot utbildningens m\u00e5l. Personal med olika kompetenser arbetar tillsammans f\u00f6r att n\u00e5 detta m\u00e5l.<\/p>\n<p>I skolans elevh\u00e4lsoteam finns specialpedagog, speciall\u00e4rare, kurator, skolsk\u00f6terska samt skolpsykolog. V\u00e5r skoll\u00e4kare ing\u00e5r i v\u00e5rt utvidgade elevh\u00e4lsoteam och finns p\u00e5 skolan med viss regelbundenhet och n\u00e4r behov finns. Elevh\u00e4lsoteamet tr\u00e4ffas regelbundet f\u00f6r att identifiera utvecklingsomr\u00e5den, behov och insatser i syfte att skapa s\u00e5 goda f\u00f6ruts\u00e4ttningar som m\u00f6jligt f\u00f6r elevernas l\u00e4rande.<\/p>\n<p>Elevh\u00e4lsoteamets insatser sker p\u00e5 organisations-, grupp- och individniv\u00e5. Det kan till exempel handla om att se \u00f6ver hur st\u00f6dinsatser ska organiseras, handleda personal eller att ge riktat st\u00f6d till elever, enskilt eller i grupp. Det riktade st\u00f6det sker i n\u00e4ra samverkan med mentor och undervisande l\u00e4rare.<\/p>\n\n\t\t\t\t\t<\/div>\n\t\t\t\t\t\t\t<\/div>\n\n\t\t\t\t\t<\/div>\n\n\t\t <div class=\"ams-fifty__media u-ratio-square\">\n\t\t \t\t\t\t\t<img decoding=\"async\" width=\"600\" height=\"400\" src=\"https:\/\/klaragymnasium.se\/wp-content\/uploads\/sites\/4\/2025\/07\/klasollentuna202505-202905webb39-600x400.jpg\" class=\"attachment-md size-md\" alt=\"L\u00e4rare och elever skrattar under lektionen.\" sizes=\"(min-width: 64em) 600px, calc(100vw - 160px)\" srcset=\"https:\/\/klaragymnasium.se\/wp-content\/uploads\/sites\/4\/2025\/07\/klasollentuna202505-202905webb39-600x400.jpg 600w, https:\/\/klaragymnasium.se\/wp-content\/uploads\/sites\/4\/2025\/07\/klasollentuna202505-202905webb39-300x200.jpg 300w, https:\/\/klaragymnasium.se\/wp-content\/uploads\/sites\/4\/2025\/07\/klasollentuna202505-202905webb39-400x267.jpg 400w, https:\/\/klaragymnasium.se\/wp-content\/uploads\/sites\/4\/2025\/07\/klasollentuna202505-202905webb39-800x533.jpg 800w, https:\/\/klaragymnasium.se\/wp-content\/uploads\/sites\/4\/2025\/07\/klasollentuna202505-202905webb39-1024x683.jpg 1024w, https:\/\/klaragymnasium.se\/wp-content\/uploads\/sites\/4\/2025\/07\/klasollentuna202505-202905webb39-1200x800.jpg 1200w, https:\/\/klaragymnasium.se\/wp-content\/uploads\/sites\/4\/2025\/07\/klasollentuna202505-202905webb39.jpg 2048w\" \/>\n\t\t\t\n\t\t\t\n\t\t\t\t\t<\/div>\n\t<\/div>\n\n\t\t\n\n<\/section>\n\n\n\n<section \n\t\t class=\"\n\t\t ams-contact\n\t\t \n\t\t c-block l-stacked\n\t\t \n\t\t \n\t\t js-load-more\n\t\t \"\n\t\t data-color-scheme=\"nyans2_av_p2-hover-standard\"\n\t\t\t\t\tdata-count=\"3\"\n\t\t\t\t\t\t\tdata-count-mobile=\"2\"\n\t\t\t\t>\n\t<div\n\t\t class=\"\n\t\t l-container\n\t\t l-stack l-stack-fluid-2xl\n\t\t u-pt-fluid-3xl-6xl\n\t\t u-pb-fluid-3xl-6xl\n\t\t is-center\n\t\t is-center@md\n\t\t \">\n\t\t\t\t\t<div class=\"ams-contact__intro l-stack l-stack-lg\">\n\t\t\t\t\t\n\t<h2\n\tclass=\"c-heading u-font-title-1 \"\n\tstyle=\"\">\n\t\t\n\t\t\t\t\tKontakta oss\n\t\t\t\t\n\t<\/h2>\n\n\t\t\t\t\t\t\t<\/div>\n\t\t\n\t\t\n\t\t    \t\n\t\t\n\t\t<ul\n\t\t\tid=\"contact-grid-69f23d76b91ee\"\n\t\t\tclass=\"ams-contact__list l-grid u-gap-fluid-2xl-4xl u-justify-center js-results \"\n\t\t\taria-label=\"Kontakter\"\n\t\t\tdata-filter-animation=\"off\"\n\t\t\t>\n\t\t\t\t\t\t\t\t\t\t\t\n\t\t\t\t\n\t\t\t\t<li class=\"l-col-6@md l-col-4@lg \" data-filter=\"elevhalsa\">\n\t\t\t\t\t<article class=\"c-card \" data-variant=\"neutral\">\n\t\t\t\t\t\t<div class=\"c-card__content u-text-center\">\n\t\t\t\t\t\t\t\t\t\t\t\t\t\t\t<h3 class=\"c-card__title u-font-title-3\">\n\t\t\t\t\t\t\t\t\tCaroline Cabada\n\t\t\t\t\t\t\t\t<\/h3>\n\t\t\t\t\t\t\t\n\t\t\t\t\t\t\t\t\t\t\t\t\t\t\t<p class=\"position u-font-body\">Kurator<\/p>\n\t\t\t\t\t\t\t\n\t\t\t\t\t\t\t\t\t\t\t\t\t\t\t<div class=\"contact-info u-font-body\">\n\t\t\t\t\t\t\t\t\t\t\t\t\t\t\t\t\t\t\t\t\t\t\t\t\t\t\t\t\t\t<p class=\"phone\"><a\n\t\t\t\t\t\t\t\t\t\t\t\t\thref=\"tel:0761409761\"\n\t\t\t\t\t\t\t\t\t\t\t\t\tclass=\"u-text-link\">076-140 97 61<\/a>\n\t\t\t\t\t\t\t\t\t\t\t<\/p>\n\t\t\t\t\t\t\t\t\t\t\t\t\t\t\t\t\t\t\t\n\t\t\t\t\t\t\t\t\t\t\t\t\t\t\t\t\t\t\t\t\t\t\t\t\t\t\t\t\t\t<p class=\"email\"><a\n\t\t\t\t\t\t\t\t\t\t\t\t\thref=\"&#109;ail&#116;o&#058;c&#097;ro&#108;i&#110;&#101;.&#099;a&#098;&#097;da&#115;an&#100;&#097;hl&#064;&#107;&#108;&#097;r&#097;g&#121;&#109;na&#115;ium&#046;se\"\n\t\t\t\t\t\t\t\t\t\t\t\t\tclass=\"u-text-link\">c&#097;&#114;&#111;l&#105;&#110;&#101;.&#099;aba&#100;&#097;san&#100;a&#104;&#108;&#064;kl&#097;r&#097;g&#121;m&#110;a&#115;&#105;&#117;m.&#115;e<\/a>\n\t\t\t\t\t\t\t\t\t\t\t<\/p>\n\t\t\t\t\t\t\t\t\t\t\t\t\t\t\t\t\t\t\t\t\t<p class=\"email\"><a\n\t\t\t\t\t\t\t\t\t\t\t\t\thref=\"&#109;&#097;il&#116;&#111;&#058;\"\n\t\t\t\t\t\t\t\t\t\t\t\t\tclass=\"u-text-link\"><\/a>\n\t\t\t\t\t\t\t\t\t\t\t<\/p>\n\t\t\t\t\t\t\t\t\t\t\t\t\t\t\t\t\t\t\t\t\t\t\t\t\t\t\t<\/div>\n\t\t\t\t\t\t\t\n\t\t\t\t\t\t\t\t\t\t\t\t\t<\/div>\n\t\t\t\t\t\t<div class=\"c-card__media\">\n\t\t\t\t\t\t\t\t\t\t\t\t\t\t\t\t\t\t\t\t\t\t\t\t\t\t\t\t\t\t\t\t\t\t\t\t\t\t\t\t\t\t\t\t\t\t\t\t\t<img decoding=\"async\" width=\"400\" height=\"400\" src=\"https:\/\/klaragymnasium.se\/wp-content\/uploads\/2023\/08\/klara-default-400x400.jpeg\" class=\"u-radius-round u-ratio-landscape  \" alt=\"Avatarbild f\u00f6r kontakter.\" sizes=\"(max-width: 300px) 100vw, 300px\" srcset=\"https:\/\/klaragymnasium.se\/wp-content\/uploads\/2023\/08\/klara-default-400x400.jpeg 400w, https:\/\/klaragymnasium.se\/wp-content\/uploads\/2023\/08\/klara-default-150x150.jpeg 150w, https:\/\/klaragymnasium.se\/wp-content\/uploads\/2023\/08\/klara-default-300x300.jpeg 300w, https:\/\/klaragymnasium.se\/wp-content\/uploads\/2023\/08\/klara-default.jpeg 500w\" \/>\n\t\t\t\t\t\t<\/div>\n\t\t\t\t\t<\/article>\n\t\t\t\t<\/li>\n\t\t\t\t\t\t\t\t\t\t\t\n\t\t\t\t\n\t\t\t\t<li class=\"l-col-6@md l-col-4@lg \" data-filter=\"elevhalsa\">\n\t\t\t\t\t<article class=\"c-card \" data-variant=\"neutral\">\n\t\t\t\t\t\t<div class=\"c-card__content u-text-center\">\n\t\t\t\t\t\t\t\t\t\t\t\t\t\t\t<h3 class=\"c-card__title u-font-title-3\">\n\t\t\t\t\t\t\t\t\tLena Smirnov\n\t\t\t\t\t\t\t\t<\/h3>\n\t\t\t\t\t\t\t\n\t\t\t\t\t\t\t\t\t\t\t\t\t\t\t<p class=\"position u-font-body\">Skolsk\u00f6terska<\/p>\n\t\t\t\t\t\t\t\n\t\t\t\t\t\t\t\t\t\t\t\t\t\t\t<div class=\"contact-info u-font-body\">\n\t\t\t\t\t\t\t\t\t\t\t\t\t\t\t\t\t\t\t\t\t\t\t\t\t\t\t\t\t\t<p class=\"phone\"><a\n\t\t\t\t\t\t\t\t\t\t\t\t\thref=\"tel:0761009743\"\n\t\t\t\t\t\t\t\t\t\t\t\t\tclass=\"u-text-link\">076-100 97 43<\/a>\n\t\t\t\t\t\t\t\t\t\t\t<\/p>\n\t\t\t\t\t\t\t\t\t\t\t\t\t\t\t\t\t\t\t\n\t\t\t\t\t\t\t\t\t\t\t\t\t\t\t\t\t\t\t\t\t\t\t\t\t\t\t\t\t\t<p class=\"email\"><a\n\t\t\t\t\t\t\t\t\t\t\t\t\thref=\"&#109;&#097;ilt&#111;&#058;l&#101;&#110;&#097;&#046;s&#109;&#105;&#114;n&#111;v&#064;kla&#114;a&#103;y&#109;n&#097;&#115;&#105;&#117;m.&#115;e\"\n\t\t\t\t\t\t\t\t\t\t\t\t\tclass=\"u-text-link\">l&#101;&#110;a&#046;&#115;&#109;&#105;r&#110;&#111;&#118;&#064;kl&#097;&#114;&#097;gym&#110;&#097;sium.&#115;e<\/a>\n\t\t\t\t\t\t\t\t\t\t\t<\/p>\n\t\t\t\t\t\t\t\t\t\t\t\t\t\t\t\t\t\t\t\t\t\t\t\t\t\t\t<\/div>\n\t\t\t\t\t\t\t\n\t\t\t\t\t\t\t\t\t\t\t\t\t<\/div>\n\t\t\t\t\t\t<div class=\"c-card__media\">\n\t\t\t\t\t\t\t\t\t\t\t\t\t\t\t\t\t\t\t\t\t\t\t\t\t\t\t\t\t\t\t\t\t\t\t\t\t\t\t\t\t\t\t\t\t\t\t\t\t<img decoding=\"async\" width=\"400\" height=\"400\" src=\"https:\/\/klaragymnasium.se\/wp-content\/uploads\/sites\/4\/2023\/04\/36klara-teoretiska240813-scaled-e1730215368834-400x400.jpg\" class=\"u-radius-round u-ratio-landscape  \" alt=\"Personportr\u00e4tt.\" sizes=\"(max-width: 300px) 100vw, 300px\" srcset=\"https:\/\/klaragymnasium.se\/wp-content\/uploads\/sites\/4\/2023\/04\/36klara-teoretiska240813-scaled-e1730215368834-400x400.jpg 400w, https:\/\/klaragymnasium.se\/wp-content\/uploads\/sites\/4\/2023\/04\/36klara-teoretiska240813-scaled-e1730215368834-150x150.jpg 150w, https:\/\/klaragymnasium.se\/wp-content\/uploads\/sites\/4\/2023\/04\/36klara-teoretiska240813-scaled-e1730215368834-300x300.jpg 300w, https:\/\/klaragymnasium.se\/wp-content\/uploads\/sites\/4\/2023\/04\/36klara-teoretiska240813-scaled-e1730215368834-600x600.jpg 600w, https:\/\/klaragymnasium.se\/wp-content\/uploads\/sites\/4\/2023\/04\/36klara-teoretiska240813-scaled-e1730215368834-800x800.jpg 800w, https:\/\/klaragymnasium.se\/wp-content\/uploads\/sites\/4\/2023\/04\/36klara-teoretiska240813-scaled-e1730215368834-1024x1024.jpg 1024w, https:\/\/klaragymnasium.se\/wp-content\/uploads\/sites\/4\/2023\/04\/36klara-teoretiska240813-scaled-e1730215368834-1200x1200.jpg 1200w, https:\/\/klaragymnasium.se\/wp-content\/uploads\/sites\/4\/2023\/04\/36klara-teoretiska240813-scaled-e1730215368834.jpg 1706w\" \/>\n\t\t\t\t\t\t<\/div>\n\t\t\t\t\t<\/article>\n\t\t\t\t<\/li>\n\t\t\t\t\t<\/ul>\n\n\t\t\n\t\t    <div class=\"ams-contact__more u-inline-items js-load-more-btn\">\n        <button href=\"#\"\n                class=\"c-btn\"\n                data-style=\"round\"\n                data-size=\"md\"\n                data-width=\"full-mobile\"\n                data-variant=\"outline\">\n        \tVisa mer\n        <\/button>\n    <\/div>\n\n\t\t\t<\/div>\n\n\t\t\n\n<\/section>\n","protected":false},"excerpt":{"rendered":"","protected":false},"author":5,"featured_media":0,"parent":412,"menu_order":0,"comment_status":"closed","ping_status":"closed","template":"","meta":{"footnotes":""},"yoast_head":"<!-- This site is optimized with the Yoast SEO plugin v22.0 - https:\/\/yoast.com\/wordpress\/plugins\/seo\/ -->\n<title>Elevh\u00e4lsa - Klara Gymnasium Sollentuna<\/title>\n<meta name=\"description\" content=\"Elevh\u00e4lsans fr\u00e4msta uppdrag \u00e4r att arbeta h\u00e4lsofr\u00e4mjande och f\u00f6rebyggande f\u00f6r att st\u00f6dja elevernas utveckling mot utbildningens m\u00e5l.\" \/>\n<meta name=\"robots\" content=\"index, follow, max-snippet:-1, max-image-preview:large, max-video-preview:-1\" \/>\n<link rel=\"canonical\" href=\"https:\/\/klaragymnasium.se\/sollentuna\/var-skola\/elevhalsa\/\" \/>\n<meta property=\"og:locale\" content=\"sv_SE\" \/>\n<meta property=\"og:type\" content=\"article\" \/>\n<meta property=\"og:title\" content=\"Elevh\u00e4lsa - Klara Gymnasium Sollentuna\" \/>\n<meta property=\"og:description\" content=\"Elevh\u00e4lsans fr\u00e4msta uppdrag \u00e4r att arbeta h\u00e4lsofr\u00e4mjande och f\u00f6rebyggande f\u00f6r att st\u00f6dja elevernas utveckling mot utbildningens m\u00e5l.\" \/>\n<meta property=\"og:url\" content=\"https:\/\/klaragymnasium.se\/sollentuna\/var-skola\/elevhalsa\/\" \/>\n<meta property=\"og:site_name\" content=\"Sollentuna\" \/>\n<meta property=\"article:modified_time\" content=\"2025-07-07T12:54:07+00:00\" \/>\n<meta name=\"twitter:card\" content=\"summary_large_image\" \/>\n<meta name=\"twitter:title\" content=\"Elevh\u00e4lsa - Klara Gymnasium Sollentuna\" \/>\n<meta name=\"twitter:description\" content=\"Elevh\u00e4lsans fr\u00e4msta uppdrag \u00e4r att arbeta h\u00e4lsofr\u00e4mjande och f\u00f6rebyggande f\u00f6r att st\u00f6dja elevernas utveckling mot utbildningens m\u00e5l.\" \/>\n<meta name=\"twitter:label1\" content=\"Est. reading time\" \/>\n\t<meta name=\"twitter:data1\" content=\"1 minut\" \/>\n<script type=\"application\/ld+json\" class=\"yoast-schema-graph\">{\"@context\":\"https:\/\/schema.org\",\"@graph\":[{\"@type\":\"WebPage\",\"@id\":\"https:\/\/klaragymnasium.se\/sollentuna\/var-skola\/elevhalsa\/\",\"url\":\"https:\/\/klaragymnasium.se\/sollentuna\/var-skola\/elevhalsa\/\",\"name\":\"Elevh\u00e4lsa - Klara Gymnasium Sollentuna\",\"isPartOf\":{\"@id\":\"https:\/\/klaragymnasium.se\/sollentuna\/#website\"},\"datePublished\":\"2023-03-03T14:42:37+00:00\",\"dateModified\":\"2025-07-07T12:54:07+00:00\",\"description\":\"Elevh\u00e4lsans fr\u00e4msta uppdrag \u00e4r att arbeta h\u00e4lsofr\u00e4mjande och f\u00f6rebyggande f\u00f6r att st\u00f6dja elevernas utveckling mot utbildningens m\u00e5l.\",\"breadcrumb\":{\"@id\":\"https:\/\/klaragymnasium.se\/sollentuna\/var-skola\/elevhalsa\/#breadcrumb\"},\"inLanguage\":\"sv-SE\",\"potentialAction\":[{\"@type\":\"ReadAction\",\"target\":[\"https:\/\/klaragymnasium.se\/sollentuna\/var-skola\/elevhalsa\/\"]}]},{\"@type\":\"BreadcrumbList\",\"@id\":\"https:\/\/klaragymnasium.se\/sollentuna\/var-skola\/elevhalsa\/#breadcrumb\",\"itemListElement\":[{\"@type\":\"ListItem\",\"position\":1,\"name\":\"Start\",\"item\":\"https:\/\/klaragymnasium.se\/sollentuna\/\"},{\"@type\":\"ListItem\",\"position\":2,\"name\":\"V\u00e5r skola\",\"item\":\"https:\/\/klaragymnasium.se\/sollentuna\/var-skola\/\"},{\"@type\":\"ListItem\",\"position\":3,\"name\":\"Elevh\u00e4lsa\"}]},{\"@type\":\"WebSite\",\"@id\":\"https:\/\/klaragymnasium.se\/sollentuna\/#website\",\"url\":\"https:\/\/klaragymnasium.se\/sollentuna\/\",\"name\":\"Sollentuna\",\"description\":\"Just another WordPress site\",\"potentialAction\":[{\"@type\":\"SearchAction\",\"target\":{\"@type\":\"EntryPoint\",\"urlTemplate\":\"https:\/\/klaragymnasium.se\/sollentuna\/?s={search_term_string}\"},\"query-input\":\"required name=search_term_string\"}],\"inLanguage\":\"sv-SE\"}]}<\/script>\n<!-- \/ Yoast SEO plugin. -->","yoast_head_json":{"title":"Elevh\u00e4lsa - Klara Gymnasium Sollentuna","description":"Elevh\u00e4lsans fr\u00e4msta uppdrag \u00e4r att arbeta h\u00e4lsofr\u00e4mjande och f\u00f6rebyggande f\u00f6r att st\u00f6dja elevernas utveckling mot utbildningens m\u00e5l.","robots":{"index":"index","follow":"follow","max-snippet":"max-snippet:-1","max-image-preview":"max-image-preview:large","max-video-preview":"max-video-preview:-1"},"canonical":"https:\/\/klaragymnasium.se\/sollentuna\/var-skola\/elevhalsa\/","og_locale":"sv_SE","og_type":"article","og_title":"Elevh\u00e4lsa - Klara Gymnasium Sollentuna","og_description":"Elevh\u00e4lsans fr\u00e4msta uppdrag \u00e4r att arbeta h\u00e4lsofr\u00e4mjande och f\u00f6rebyggande f\u00f6r att st\u00f6dja elevernas utveckling mot utbildningens m\u00e5l.","og_url":"https:\/\/klaragymnasium.se\/sollentuna\/var-skola\/elevhalsa\/","og_site_name":"Sollentuna","article_modified_time":"2025-07-07T12:54:07+00:00","twitter_card":"summary_large_image","twitter_title":"Elevh\u00e4lsa - Klara Gymnasium Sollentuna","twitter_description":"Elevh\u00e4lsans fr\u00e4msta uppdrag \u00e4r att arbeta h\u00e4lsofr\u00e4mjande och f\u00f6rebyggande f\u00f6r att st\u00f6dja elevernas utveckling mot utbildningens m\u00e5l.","twitter_misc":{"Est. reading time":"1 minut"},"schema":{"@context":"https:\/\/schema.org","@graph":[{"@type":"WebPage","@id":"https:\/\/klaragymnasium.se\/sollentuna\/var-skola\/elevhalsa\/","url":"https:\/\/klaragymnasium.se\/sollentuna\/var-skola\/elevhalsa\/","name":"Elevh\u00e4lsa - Klara Gymnasium Sollentuna","isPartOf":{"@id":"https:\/\/klaragymnasium.se\/sollentuna\/#website"},"datePublished":"2023-03-03T14:42:37+00:00","dateModified":"2025-07-07T12:54:07+00:00","description":"Elevh\u00e4lsans fr\u00e4msta uppdrag \u00e4r att arbeta h\u00e4lsofr\u00e4mjande och f\u00f6rebyggande f\u00f6r att st\u00f6dja elevernas utveckling mot utbildningens m\u00e5l.","breadcrumb":{"@id":"https:\/\/klaragymnasium.se\/sollentuna\/var-skola\/elevhalsa\/#breadcrumb"},"inLanguage":"sv-SE","potentialAction":[{"@type":"ReadAction","target":["https:\/\/klaragymnasium.se\/sollentuna\/var-skola\/elevhalsa\/"]}]},{"@type":"BreadcrumbList","@id":"https:\/\/klaragymnasium.se\/sollentuna\/var-skola\/elevhalsa\/#breadcrumb","itemListElement":[{"@type":"ListItem","position":1,"name":"Start","item":"https:\/\/klaragymnasium.se\/sollentuna\/"},{"@type":"ListItem","position":2,"name":"V\u00e5r skola","item":"https:\/\/klaragymnasium.se\/sollentuna\/var-skola\/"},{"@type":"ListItem","position":3,"name":"Elevh\u00e4lsa"}]},{"@type":"WebSite","@id":"https:\/\/klaragymnasium.se\/sollentuna\/#website","url":"https:\/\/klaragymnasium.se\/sollentuna\/","name":"Sollentuna","description":"Just another WordPress site","potentialAction":[{"@type":"SearchAction","target":{"@type":"EntryPoint","urlTemplate":"https:\/\/klaragymnasium.se\/sollentuna\/?s={search_term_string}"},"query-input":"required name=search_term_string"}],"inLanguage":"sv-SE"}]}},"_links":{"self":[{"href":"https:\/\/klaragymnasium.se\/sollentuna\/wp-json\/wp\/v2\/pages\/429"}],"collection":[{"href":"https:\/\/klaragymnasium.se\/sollentuna\/wp-json\/wp\/v2\/pages"}],"about":[{"href":"https:\/\/klaragymnasium.se\/sollentuna\/wp-json\/wp\/v2\/types\/page"}],"author":[{"embeddable":true,"href":"https:\/\/klaragymnasium.se\/sollentuna\/wp-json\/wp\/v2\/users\/5"}],"replies":[{"embeddable":true,"href":"https:\/\/klaragymnasium.se\/sollentuna\/wp-json\/wp\/v2\/comments?post=429"}],"version-history":[{"count":10,"href":"https:\/\/klaragymnasium.se\/sollentuna\/wp-json\/wp\/v2\/pages\/429\/revisions"}],"predecessor-version":[{"id":3289,"href":"https:\/\/klaragymnasium.se\/sollentuna\/wp-json\/wp\/v2\/pages\/429\/revisions\/3289"}],"up":[{"embeddable":true,"href":"https:\/\/klaragymnasium.se\/sollentuna\/wp-json\/wp\/v2\/pages\/412"}],"wp:attachment":[{"href":"https:\/\/klaragymnasium.se\/sollentuna\/wp-json\/wp\/v2\/media?parent=429"}],"curies":[{"name":"wp","href":"https:\/\/api.w.org\/{rel}","templated":true}]}}