{"id":425,"date":"2023-03-03T15:40:28","date_gmt":"2023-03-03T14:40:28","guid":{"rendered":"https:\/\/klaragymnasium.se\/sollentuna\/?page_id=425"},"modified":"2026-04-16T11:12:35","modified_gmt":"2026-04-16T09:12:35","slug":"lasarstider","status":"publish","type":"page","link":"https:\/\/klaragymnasium.se\/sollentuna\/var-skola\/lasarstider\/","title":{"rendered":"L\u00e4s\u00e5rstider"},"content":{"rendered":"\n\t\n\t\n\t\n\n\t\n\t\n\t\t\n<section  class=\"c-block l-stacked  \" data-color-scheme=\"vit\">\n\t<div class=\"ams-fifty ams-fifty--container ams-fifty--left ams-fifty--top l-container u-pt-fluid-3xl-6xl u-pb-fluid-3xl-6xl\">\n\t\t<div class=\"ams-fifty__content l-stack l-stack-xl is-left is-left@lg\">\n\t\t\t<div class=\"ams-fifty__text l-stack l-stack-lg\">\n\t\t\t\t\t\n\t<h1\n\tclass=\"c-heading u-font-title-1 \"\n\tstyle=\"\">\n\t\t\n\t\t\t\t\tL\u00e4s\u00e5rstider\n\t\t\t\t\n\t<\/h1>\n\n\t\t\t\t\t\t\t\t\t<div class=\"text l-stack u-font-body\">\n\t\t\t\t\t\t<p><strong>V\u00e5rtermin 2026<\/strong><br \/>\nKristi Himmelsf\u00e4rd: 14 \u2013 15 maj<br \/>\nStudent: 10\/6<br \/>\nSkolavslutning \u00e5r 1 och 2: 12\/6<\/p>\n<p><strong>H\u00f6sttermin 2026<\/strong><br \/>\nTerminsstart \u00e5r 1: 17\/8<br \/>\nTerminsstart \u00e5r 2 och 3: 18\/8<br \/>\nH\u00f6stlov: v.44 (26-30 oktober)<br \/>\nJullov: 21 dec \u2013 8 jan<\/p>\n<p><strong>V\u00e5rtermin 2027<\/strong><br \/>\nTerminsstart: 11\/1<br \/>\nSportlov: v.9 (1-5 mars)<br \/>\nP\u00e5sklov: 30 mars \u2013 2 april<br \/>\nStudent: 11\/6<br \/>\nSkolavslutning \u00e5r 1 och 2: 15\/6<\/p>\n\n\t\t\t\t\t<\/div>\n\t\t\t\t\t\t\t<\/div>\n\n\t\t\t\t\t<\/div>\n\n\t\t <div class=\"ams-fifty__media u-ratio-square\">\n\t\t \t\t\t\t\t<img decoding=\"async\" width=\"600\" height=\"400\" src=\"https:\/\/klaragymnasium.se\/wp-content\/uploads\/sites\/4\/2025\/07\/klasollentuna202505-202905webb6-600x400.jpg\" class=\"attachment-md size-md\" alt=\"Glad elev tittar in i kameran.\" sizes=\"(min-width: 64em) 600px, calc(100vw - 160px)\" srcset=\"https:\/\/klaragymnasium.se\/wp-content\/uploads\/sites\/4\/2025\/07\/klasollentuna202505-202905webb6-600x400.jpg 600w, https:\/\/klaragymnasium.se\/wp-content\/uploads\/sites\/4\/2025\/07\/klasollentuna202505-202905webb6-300x200.jpg 300w, https:\/\/klaragymnasium.se\/wp-content\/uploads\/sites\/4\/2025\/07\/klasollentuna202505-202905webb6-400x267.jpg 400w, https:\/\/klaragymnasium.se\/wp-content\/uploads\/sites\/4\/2025\/07\/klasollentuna202505-202905webb6-800x533.jpg 800w, https:\/\/klaragymnasium.se\/wp-content\/uploads\/sites\/4\/2025\/07\/klasollentuna202505-202905webb6-1024x683.jpg 1024w, https:\/\/klaragymnasium.se\/wp-content\/uploads\/sites\/4\/2025\/07\/klasollentuna202505-202905webb6-1200x800.jpg 1200w, https:\/\/klaragymnasium.se\/wp-content\/uploads\/sites\/4\/2025\/07\/klasollentuna202505-202905webb6.jpg 2048w\" \/>\n\t\t\t\n\t\t\t\n\t\t\t\t\t<\/div>\n\t<\/div>\n\n\t\t\n\t\t\t\n\t\t\t\t\t\t\t\n\t\t\t\t<div class=\"c-bg c-bg--img\" data-settings=\"{&quot;desktop_settings&quot;:{&quot;size&quot;:&quot;auto&quot;,&quot;position&quot;:&quot;bottom-right&quot;},&quot;mobile_settings&quot;:{&quot;size&quot;:&quot;auto&quot;,&quot;position&quot;:&quot;bottom-right&quot;}}\" data-position=\"middle-center\" data-size=\"cover\">\n\t\t\t<picture><source media=\"(min-width: 48em)\" srcset=\"https:\/\/klaragymnasium.se\/wp-content\/uploads\/sites\/4\/2023\/03\/klakvartscirkel300x300.png 300w, https:\/\/klaragymnasium.se\/wp-content\/uploads\/sites\/4\/2023\/03\/klakvartscirkel300x300-150x150.png 150w\" sizes=\"(max-width: 300px) 100vw, 300px\" \/><source srcset=\"https:\/\/klaragymnasium.se\/wp-content\/uploads\/sites\/4\/2024\/03\/klacirkelrosa150x150px-1.png\" sizes=\"(max-width: 150px) 100vw, 150px\" \/><img decoding=\"async\" width=\"300\" height=\"300\" src=\"https:\/\/klaragymnasium.se\/wp-content\/uploads\/sites\/4\/2023\/03\/klakvartscirkel300x300.png\" class=\"attachment-hero-lg size-hero-lg\" alt=\"Grafiskt element\" sizes=\"(max-width: 300px) 100vw, 300px\" srcset=\"https:\/\/klaragymnasium.se\/wp-content\/uploads\/sites\/4\/2023\/03\/klakvartscirkel300x300.png 300w, https:\/\/klaragymnasium.se\/wp-content\/uploads\/sites\/4\/2023\/03\/klakvartscirkel300x300-150x150.png 150w\" \/><\/picture>\n\t\t<\/div>\n\t\n<\/section>\n\n\n\n\n<section  class=\"ams-cta ams-cta--stacked c-block l-stacked\" data-color-scheme=\"gra\">\n\t<div class=\"l-container-narrow l-stack l-stack-fluid-2xl u-pt-fluid-3xl-6xl u-pb-fluid-3xl-6xl is-center is-center@md\">\n\t\t\t\t\t<div class=\"ams-cta__intro l-stack l-stack-lg\">\n\t\t\t\t\t\n\t<h2\n\tclass=\"c-heading u-font-title-1 \"\n\tstyle=\"\">\n\t\t\n\t\t\t\t\tHar du fr\u00e5gor?\n\t\t\t\t\n\t<\/h2>\n\n\t\t\t\t\t\t\t\t\t<div class=\"c-text l-stack u-cs-xl u-font-body\">\n\t\t\t\t\t\t<p>Beh\u00f6ver du komma i kontakt med n\u00e5gon p\u00e5 skolan? H\u00e4r hittar du kontaktuppgifter till skolans personal.<\/p>\n\n\t\t\t\t\t<\/div>\n\t\t\t\t\t\t\t<\/div>\n\t\t\n\t\t\n\t\t\t<div class=\"ams-cta__action u-inline-items\">\n\t\t\t\t\t\t\t\n\n\n<a href=\"https:\/\/klaragymnasium.se\/sollentuna\/kontakta-oss\/\"\n\t\n\tclass=\"c-btn \"\n\tdata-style=\"round\"\n\tdata-size=\"md\"\n\tdata-width=\"full-mobile\"\n\tdata-variant=\"default\"\n\ttarget=\"_self\">\n\t\t\t<span class=\"label\"> Kontakta oss<\/span>\n\t\t\t<\/a>\n\t\t\t<\/div>\n\t<\/div>\n\n\t\t\n\n<\/section>\n","protected":false},"excerpt":{"rendered":"","protected":false},"author":5,"featured_media":0,"parent":412,"menu_order":0,"comment_status":"closed","ping_status":"closed","template":"","meta":{"footnotes":""},"yoast_head":"<!-- This site is optimized with the Yoast SEO plugin v22.0 - https:\/\/yoast.com\/wordpress\/plugins\/seo\/ -->\n<title>L\u00e4s\u00e5rstider - Klara Gymnasium Sollentuna<\/title>\n<meta name=\"description\" content=\"L\u00e4s\u00e5rstider f\u00f6r Klara Teoretiska Gymnasium Sollentuna\" \/>\n<meta name=\"robots\" content=\"index, follow, max-snippet:-1, max-image-preview:large, max-video-preview:-1\" \/>\n<link rel=\"canonical\" href=\"https:\/\/klaragymnasium.se\/sollentuna\/var-skola\/lasarstider\/\" \/>\n<meta property=\"og:locale\" content=\"sv_SE\" \/>\n<meta property=\"og:type\" content=\"article\" \/>\n<meta property=\"og:title\" content=\"L\u00e4s\u00e5rstider - Klara Gymnasium Sollentuna\" \/>\n<meta property=\"og:description\" content=\"L\u00e4s\u00e5rstider f\u00f6r Klara Teoretiska Gymnasium Sollentuna\" \/>\n<meta property=\"og:url\" content=\"https:\/\/klaragymnasium.se\/sollentuna\/var-skola\/lasarstider\/\" \/>\n<meta property=\"og:site_name\" content=\"Sollentuna\" \/>\n<meta property=\"article:modified_time\" content=\"2026-04-16T09:12:35+00:00\" \/>\n<meta name=\"twitter:card\" content=\"summary_large_image\" \/>\n<meta name=\"twitter:title\" content=\"L\u00e4s\u00e5rstider - Klara Gymnasium Sollentuna\" \/>\n<meta name=\"twitter:description\" content=\"L\u00e4s\u00e5rstider f\u00f6r Klara Teoretiska Gymnasium Sollentuna\" \/>\n<meta name=\"twitter:label1\" content=\"Est. reading time\" \/>\n\t<meta name=\"twitter:data1\" content=\"1 minut\" \/>\n<script type=\"application\/ld+json\" class=\"yoast-schema-graph\">{\"@context\":\"https:\/\/schema.org\",\"@graph\":[{\"@type\":\"WebPage\",\"@id\":\"https:\/\/klaragymnasium.se\/sollentuna\/var-skola\/lasarstider\/\",\"url\":\"https:\/\/klaragymnasium.se\/sollentuna\/var-skola\/lasarstider\/\",\"name\":\"L\u00e4s\u00e5rstider - Klara Gymnasium Sollentuna\",\"isPartOf\":{\"@id\":\"https:\/\/klaragymnasium.se\/sollentuna\/#website\"},\"datePublished\":\"2023-03-03T14:40:28+00:00\",\"dateModified\":\"2026-04-16T09:12:35+00:00\",\"description\":\"L\u00e4s\u00e5rstider f\u00f6r Klara Teoretiska Gymnasium Sollentuna\",\"breadcrumb\":{\"@id\":\"https:\/\/klaragymnasium.se\/sollentuna\/var-skola\/lasarstider\/#breadcrumb\"},\"inLanguage\":\"sv-SE\",\"potentialAction\":[{\"@type\":\"ReadAction\",\"target\":[\"https:\/\/klaragymnasium.se\/sollentuna\/var-skola\/lasarstider\/\"]}]},{\"@type\":\"BreadcrumbList\",\"@id\":\"https:\/\/klaragymnasium.se\/sollentuna\/var-skola\/lasarstider\/#breadcrumb\",\"itemListElement\":[{\"@type\":\"ListItem\",\"position\":1,\"name\":\"Start\",\"item\":\"https:\/\/klaragymnasium.se\/sollentuna\/\"},{\"@type\":\"ListItem\",\"position\":2,\"name\":\"V\u00e5r skola\",\"item\":\"https:\/\/klaragymnasium.se\/sollentuna\/var-skola\/\"},{\"@type\":\"ListItem\",\"position\":3,\"name\":\"L\u00e4s\u00e5rstider\"}]},{\"@type\":\"WebSite\",\"@id\":\"https:\/\/klaragymnasium.se\/sollentuna\/#website\",\"url\":\"https:\/\/klaragymnasium.se\/sollentuna\/\",\"name\":\"Sollentuna\",\"description\":\"Just another WordPress site\",\"potentialAction\":[{\"@type\":\"SearchAction\",\"target\":{\"@type\":\"EntryPoint\",\"urlTemplate\":\"https:\/\/klaragymnasium.se\/sollentuna\/?s={search_term_string}\"},\"query-input\":\"required name=search_term_string\"}],\"inLanguage\":\"sv-SE\"}]}<\/script>\n<!-- \/ Yoast SEO plugin. -->","yoast_head_json":{"title":"L\u00e4s\u00e5rstider - Klara Gymnasium Sollentuna","description":"L\u00e4s\u00e5rstider f\u00f6r Klara Teoretiska Gymnasium Sollentuna","robots":{"index":"index","follow":"follow","max-snippet":"max-snippet:-1","max-image-preview":"max-image-preview:large","max-video-preview":"max-video-preview:-1"},"canonical":"https:\/\/klaragymnasium.se\/sollentuna\/var-skola\/lasarstider\/","og_locale":"sv_SE","og_type":"article","og_title":"L\u00e4s\u00e5rstider - Klara Gymnasium Sollentuna","og_description":"L\u00e4s\u00e5rstider f\u00f6r Klara Teoretiska Gymnasium Sollentuna","og_url":"https:\/\/klaragymnasium.se\/sollentuna\/var-skola\/lasarstider\/","og_site_name":"Sollentuna","article_modified_time":"2026-04-16T09:12:35+00:00","twitter_card":"summary_large_image","twitter_title":"L\u00e4s\u00e5rstider - Klara Gymnasium Sollentuna","twitter_description":"L\u00e4s\u00e5rstider f\u00f6r Klara Teoretiska Gymnasium Sollentuna","twitter_misc":{"Est. reading time":"1 minut"},"schema":{"@context":"https:\/\/schema.org","@graph":[{"@type":"WebPage","@id":"https:\/\/klaragymnasium.se\/sollentuna\/var-skola\/lasarstider\/","url":"https:\/\/klaragymnasium.se\/sollentuna\/var-skola\/lasarstider\/","name":"L\u00e4s\u00e5rstider - Klara Gymnasium Sollentuna","isPartOf":{"@id":"https:\/\/klaragymnasium.se\/sollentuna\/#website"},"datePublished":"2023-03-03T14:40:28+00:00","dateModified":"2026-04-16T09:12:35+00:00","description":"L\u00e4s\u00e5rstider f\u00f6r Klara Teoretiska Gymnasium Sollentuna","breadcrumb":{"@id":"https:\/\/klaragymnasium.se\/sollentuna\/var-skola\/lasarstider\/#breadcrumb"},"inLanguage":"sv-SE","potentialAction":[{"@type":"ReadAction","target":["https:\/\/klaragymnasium.se\/sollentuna\/var-skola\/lasarstider\/"]}]},{"@type":"BreadcrumbList","@id":"https:\/\/klaragymnasium.se\/sollentuna\/var-skola\/lasarstider\/#breadcrumb","itemListElement":[{"@type":"ListItem","position":1,"name":"Start","item":"https:\/\/klaragymnasium.se\/sollentuna\/"},{"@type":"ListItem","position":2,"name":"V\u00e5r skola","item":"https:\/\/klaragymnasium.se\/sollentuna\/var-skola\/"},{"@type":"ListItem","position":3,"name":"L\u00e4s\u00e5rstider"}]},{"@type":"WebSite","@id":"https:\/\/klaragymnasium.se\/sollentuna\/#website","url":"https:\/\/klaragymnasium.se\/sollentuna\/","name":"Sollentuna","description":"Just another WordPress site","potentialAction":[{"@type":"SearchAction","target":{"@type":"EntryPoint","urlTemplate":"https:\/\/klaragymnasium.se\/sollentuna\/?s={search_term_string}"},"query-input":"required name=search_term_string"}],"inLanguage":"sv-SE"}]}},"_links":{"self":[{"href":"https:\/\/klaragymnasium.se\/sollentuna\/wp-json\/wp\/v2\/pages\/425"}],"collection":[{"href":"https:\/\/klaragymnasium.se\/sollentuna\/wp-json\/wp\/v2\/pages"}],"about":[{"href":"https:\/\/klaragymnasium.se\/sollentuna\/wp-json\/wp\/v2\/types\/page"}],"author":[{"embeddable":true,"href":"https:\/\/klaragymnasium.se\/sollentuna\/wp-json\/wp\/v2\/users\/5"}],"replies":[{"embeddable":true,"href":"https:\/\/klaragymnasium.se\/sollentuna\/wp-json\/wp\/v2\/comments?post=425"}],"version-history":[{"count":10,"href":"https:\/\/klaragymnasium.se\/sollentuna\/wp-json\/wp\/v2\/pages\/425\/revisions"}],"predecessor-version":[{"id":3548,"href":"https:\/\/klaragymnasium.se\/sollentuna\/wp-json\/wp\/v2\/pages\/425\/revisions\/3548"}],"up":[{"embeddable":true,"href":"https:\/\/klaragymnasium.se\/sollentuna\/wp-json\/wp\/v2\/pages\/412"}],"wp:attachment":[{"href":"https:\/\/klaragymnasium.se\/sollentuna\/wp-json\/wp\/v2\/media?parent=425"}],"curies":[{"name":"wp","href":"https:\/\/api.w.org\/{rel}","templated":true}]}}