{"id":746,"date":"2023-03-22T11:22:30","date_gmt":"2023-03-22T10:22:30","guid":{"rendered":"https:\/\/klaragymnasium.se\/linkoping\/?p=746"},"modified":"2026-04-08T14:07:48","modified_gmt":"2026-04-08T12:07:48","slug":"forsaljnings-och-serviceprogrammet","status":"publish","type":"program_orientation","link":"https:\/\/klaragymnasium.se\/linkoping\/program\/forsaljnings-och-serviceprogrammet\/","title":{"rendered":"F\u00f6rs\u00e4ljnings- och serviceprogrammet"},"content":{"rendered":"\n\t\n\t\n\t\n\n\t\n\t\n\t\t\n<section  class=\"c-block l-stacked  \" data-color-scheme=\"\">\n\t<div class=\"ams-fifty ams-fifty--container ams-fifty--right ams-fifty--bottom l-container u-pt-fluid-3xl-6xl u-pb-fluid-md-xl\">\n\t\t<div class=\"ams-fifty__content l-stack l-stack-xl is-left is-left@lg\">\n\t\t\t<div class=\"ams-fifty__text l-stack l-stack-lg\">\n\t\t\t\t\t\n\t<h1\n\tclass=\"c-heading u-font-title-1 \"\n\tstyle=\"\">\n\t\t\n\t\t\t\t\t\t\t\t\tF\u00f6rs\u00e4ljnings- och service\u00adprogrammet\n\t\t\t\t<span class=\"c-heading__sub is-below u-font-title-3\">\n\t\t\t\t\tp\u00e5 KLARA Link\u00f6ping\n\t\t\t\t<\/span>\n\t\t\t\t\t\t\t\n\t<\/h1>\n\n\t\t\t\t\t\t\t\t\t<div class=\"text l-stack u-font-body\">\n\t\t\t\t\t\t<p>\u00c4r du en social och nyfiken person som tycker om att tr\u00e4ffa andra m\u00e4nniskor? D\u00e5 kan F\u00f6rs\u00e4ljnings- och serviceprogrammet p\u00e5 Klara Teoretiska Gymnasium Link\u00f6ping vara r\u00e4tt val f\u00f6r dig. H\u00e4r f\u00e5r du l\u00e4ra dig om f\u00f6rs\u00e4ljning, handel och kommunikation.<\/p>\n\n\t\t\t\t\t<\/div>\n\t\t\t\t\t\t\t<\/div>\n\n\t\t\t\t<div class=\"ams-fifty__action u-inline-items\">\n\t\t\t\t\t\t\t\n\n\n<a href=\"https:\/\/klaragymnasium.se\/linkoping\/oppet-hus\/\"\n\t\n\tclass=\"c-btn \"\n\tdata-style=\"round\"\n\tdata-size=\"md\"\n\tdata-width=\"full-mobile\"\n\tdata-variant=\"default\"\n\ttarget=\"_self\">\n\t\t\t<span class=\"label\"> Bes\u00f6k \u00d6ppet hus <\/span>\n\t\t\t<\/a>\n\t\t\t<\/div>\n\t\t<\/div>\n\n\t\t <div class=\"ams-fifty__media u-ratio-landscape\">\n\t\t \t\t\t\t\t<img decoding=\"async\" width=\"600\" height=\"900\" src=\"https:\/\/klaragymnasium.se\/wp-content\/uploads\/sites\/7\/2025\/07\/klalinkoping202504-202904webb32-600x900.jpg\" class=\"attachment-md size-md\" alt=\"En elev visar upp hennes prototyp av en sminkbutik f\u00f6r sin l\u00e4rare.\" sizes=\"(min-width: 64em) 600px, calc(100vw - 160px)\" srcset=\"https:\/\/klaragymnasium.se\/wp-content\/uploads\/sites\/7\/2025\/07\/klalinkoping202504-202904webb32-600x900.jpg 600w, https:\/\/klaragymnasium.se\/wp-content\/uploads\/sites\/7\/2025\/07\/klalinkoping202504-202904webb32-300x450.jpg 300w, https:\/\/klaragymnasium.se\/wp-content\/uploads\/sites\/7\/2025\/07\/klalinkoping202504-202904webb32-400x600.jpg 400w, https:\/\/klaragymnasium.se\/wp-content\/uploads\/sites\/7\/2025\/07\/klalinkoping202504-202904webb32-800x1200.jpg 800w, https:\/\/klaragymnasium.se\/wp-content\/uploads\/sites\/7\/2025\/07\/klalinkoping202504-202904webb32-1024x1536.jpg 1024w, https:\/\/klaragymnasium.se\/wp-content\/uploads\/sites\/7\/2025\/07\/klalinkoping202504-202904webb32-1200x1800.jpg 1200w, https:\/\/klaragymnasium.se\/wp-content\/uploads\/sites\/7\/2025\/07\/klalinkoping202504-202904webb32.jpg 1365w\" \/>\n\t\t\t\n\t\t\t\n\t\t\t\t\t<\/div>\n\t<\/div>\n\n\t\t\n\n<\/section>\n\n\n\n\n<section  class=\"ams-courses-list c-block l-stacked\" data-color-scheme=\"kurslistning\">\n\t<div class=\"l-container l-stack l-stack-fluid-2xl u-pt-fluid-md-xl u-pb-fluid-3xl-6xl is-center is-center@md\">\n\t\t\t\t\t<div class=\"ams-courses-list__intro l-stack l-stack-lg\">\n\t\t\t\t\t\n\t<h2\n\tclass=\"c-heading u-font-title-1 \"\n\tstyle=\"\">\n\t\t\n\t\t\t\t\tV\u00e5ra inriktningar\n\t\t\t\t\n\t<\/h2>\n\n\t\t\t\t\t\t\t<\/div>\n\t\t\n\t\t\n\t\t\t\n<ul class=\"ams-courses-list__list l-grid u-gap-fluid-2xl-4xl u-justify-center\">\n\t\t\t<li class=\"l-col-6@md l-col-4@lg\">\n\t\t\t<article class=\"c-card has-media-zoom  \"\n\t\t\t\t\t\tdata-variant=\"\"\n\t\t\t\t\t\tdata-style=\"square\"\n\t\t\t\t\t\tdata-click-area>\n\t\t\t\t<div class=\"c-card__content l-stack l-stack-sm\">\n\t\t\t\t\t\t\t\t\t\t\t<h3 class=\"c-card__title u-font-title-3\">\n\t\t\t\t\t\t\t\t\t\t\t\t\t\t\t<a class=\"c-card__title-link\" href=\"https:\/\/klaragymnasium.se\/linkoping\/program\/forsaljnings-och-serviceprogrammet\/forsaljning-och-service\/\">\n\t\t\t\t\t\t\t\t\tF\u00f6rs\u00e4ljning och service\n\t\t\t\t\t\t\t\t<\/a>\n\t\t\t\t\t\t\t\t\t\t\t\t\t<\/h3>\n\t\t\t\t\t\n\t\t\t\t\t\t\t\t\t\t\t<p class=\"c-card__text l-stack-xs u-font-body \">\n\t\t\t\t\t\t\tVill du utveckla din sociala kompetens och kreativitet inom personlig f\u00f6rs\u00e4ljning?\n\t\t\t\t\t\t<\/p>\n\t\t\t\t\t\n\t\t\t\t\t\t\t\t\t\t\t\t\t\t\t\t<ul class=\"c-card__list u-list-none l-stack-grow u-divider-top u-font-body\">\n\t\t\t\t\t\t\t\t\t\t\t\t\t\t\t<li>\n\t\t\t\t\t\t\t\t\t<strong>Program<\/strong>\n\t\t\t\t\t\t\t\t\t<ul class=\"u-list-dash\">\n\t\t\t\t\t\t\t\t\t\t\t\t\t\t\t\t\t\t\t\t\t<li>F\u00f6rs\u00e4ljnings- och serviceprogrammet <\/li>\n\t\t\t\t\t\t\t\t\t\t\t\t\t\t\t\t\t\t\t<\/ul>\n\t\t\t\t\t\t\t\t<\/li>\n\t\t\t\t\t\t\t\n\t\t\t\t\t\t\t\t\t\t\t\t\t\t\t\t\t\t\t\t\t\t\t\t<li>\n\t\t\t\t\t\t\t\t\t\t<strong>Inriktning<\/strong>\n\t\t\t\t\t\t\t\t\t\t<ul class=\"u-list-dash\">\n\t\t\t\t\t\t\t\t\t\t\t\t\t\t\t\t\t\t\t\t\t\t\t<li>F\u00f6rs\u00e4ljning och service<\/li>\n\t\t\t\t\t\t\t\t\t\t\t\t\t\t\t\t\t\t\t\t\t<\/ul>\n\t\t\t\t\t\t\t\t\t<\/li>\n\t\t\t\t\t\t\t\t\t\t\t\t\t\t\t\t\t\t\t\t\t<\/ul>\n\n\t\t\t\t\t\t<div class=\"c-card__icon c-card__icon--nl\">\n\t\t\t\t\t\t\t\t\t\t\t\t\t\t<svg class=\"ams-icon ams-icon--arrow-right\" width=\"32\" height=\"32\" viewbox=\"0 0 32 32\" fill=\"currentColor\" aria-hidden=\"true\" xmlns=\"http:\/\/www.w3.org\/2000\/svg\">\n\t\t\t\t\t\t\t\t\t\t\t\t\t\t\t\t<path d=\"M15.4617 0.252159L14.9567 0.75931C14.6219 1.09545 14.6219 1.64048 14.9567 1.97669L27.7062 14.7806H0.857144C0.383786 14.7806 0 15.166 0 15.6414V16.3587C0 16.8341 0.383786 17.2195 0.857144 17.2195H27.7062L14.9567 30.0234C14.6219 30.3595 14.6219 30.9045 14.9567 31.2407L15.4617 31.7479C15.7964 32.084 16.3392 32.084 16.6739 31.7479L31.749 16.6087C32.0837 16.2725 32.0837 15.7275 31.749 15.3913L16.6739 0.252159C16.3392 -0.084053 15.7964 -0.084053 15.4617 0.252159Z\"\/>\n\t\t\t\t\t\t\t\n\t\t\t\t\t\t\t<\/svg>\n\t\t\t\t\t\t<\/div>\n\t\t\t\t\t\t\t\t\t<\/div>\n\t\t\t\t<div class=\"c-card__media \" style=\" \">\n\t\t\t\t\t<img decoding=\"async\" width=\"400\" height=\"267\" src=\"https:\/\/klaragymnasium.se\/wp-content\/uploads\/sites\/7\/2025\/07\/klalinkoping202504-202904webb28-400x267.jpg\" class=\"attachment-sm size-sm wp-post-image\" alt=\"Elever pysslar ihop en egen prototyp av en aff\u00e4r.\" sizes=\"(min-width: 64em) 300px, (min-width: 48em) calc(.50 * (100vw - 240px)), calc(100vw - 160px)\" srcset=\"https:\/\/klaragymnasium.se\/wp-content\/uploads\/sites\/7\/2025\/07\/klalinkoping202504-202904webb28-400x267.jpg 400w, https:\/\/klaragymnasium.se\/wp-content\/uploads\/sites\/7\/2025\/07\/klalinkoping202504-202904webb28-300x200.jpg 300w, https:\/\/klaragymnasium.se\/wp-content\/uploads\/sites\/7\/2025\/07\/klalinkoping202504-202904webb28-600x400.jpg 600w, https:\/\/klaragymnasium.se\/wp-content\/uploads\/sites\/7\/2025\/07\/klalinkoping202504-202904webb28-800x533.jpg 800w, https:\/\/klaragymnasium.se\/wp-content\/uploads\/sites\/7\/2025\/07\/klalinkoping202504-202904webb28-1024x683.jpg 1024w, https:\/\/klaragymnasium.se\/wp-content\/uploads\/sites\/7\/2025\/07\/klalinkoping202504-202904webb28-1200x800.jpg 1200w, https:\/\/klaragymnasium.se\/wp-content\/uploads\/sites\/7\/2025\/07\/klalinkoping202504-202904webb28.jpg 2048w\" \/>\n\t\t\t\t<\/div>\n\t\t\t<\/article>\n\t\t<\/li>\n\t<\/ul>\n\t\n\n\t\t\t<\/div>\n\n\t\t\n\n<\/section>\n\n\n\n\t\n\t\n\t\n\n\t\n\t\n\t\t\n<section  class=\"c-block l-stacked  \" data-color-scheme=\"gra\">\n\t<div class=\"ams-fifty ams-fifty--container ams-fifty--right ams-fifty--bottom l-container u-pt-fluid-3xl-6xl u-pb-fluid-3xl-6xl\">\n\t\t<div class=\"ams-fifty__content l-stack l-stack-xl is-left is-left@lg\">\n\t\t\t<div class=\"ams-fifty__text l-stack l-stack-lg\">\n\t\t\t\t\t\n\t<h2\n\tclass=\"c-heading u-font-title-1 \"\n\tstyle=\"\">\n\t\t\n\t\t\t\t\tOm F\u00f6rs\u00e4ljnings- och service\u00adprogrammet \n\t\t\t\t\n\t<\/h2>\n\n\t\t\t\t\t\t\t\t\t<div class=\"text l-stack u-font-body\">\n\t\t\t\t\t\t<p><span style=\"font-weight: 400;\">F\u00f6rs\u00e4ljnings- och serviceprogrammet p\u00e5 KLARA Link\u00f6ping hette tidigare Handels- och Administrationsprogrammet och \u00e4r en <\/span><b>yrkesutbildning<\/b><span style=\"font-weight: 400;\"> som f\u00f6rbereder dig f\u00f6r att g\u00e5 ut i arbete eller starta f\u00f6retag direkt efter gymnasiet.<\/span><\/p>\n<h3><b>M\u00f6jligheter inom f\u00f6rs\u00e4ljning, ink\u00f6p och administration<\/b><b><br \/>\n<\/b><\/h3>\n<p><span style=\"font-weight: 400;\">Efter din examen kan du jobba som till exempel<\/span><\/p>\n<ul>\n<li aria-level=\"1\"><b>s\u00e4ljare<\/b><\/li>\n<li aria-level=\"1\"><b>ink\u00f6pare<\/b><\/li>\n<li aria-level=\"1\"><b>butiksledare<\/b><\/li>\n<li aria-level=\"1\"><b>administrat\u00f6r inom ekonomi, personal och IT\u00a0<\/b><\/li>\n<\/ul>\n<p><b>Du kan ocks\u00e5 v\u00e4lja att studera vidare p\u00e5 h\u00f6gskola eller universitet<\/b><span style=\"font-weight: 400;\">. I dessa yrken \u00e4r det viktigt att vara serviceminded och bra p\u00e5 att kommunicera, under dina tre \u00e5r hos oss kommer du f\u00e5 utveckla dessa f\u00f6rm\u00e5gor hos dig sj\u00e4lv. Du kommer ocks\u00e5 f\u00e5 kunskaper om hur man utf\u00f6r arbetsuppgifter inom <\/span><b>f\u00f6rs\u00e4ljning, <\/b><b>ink\u00f6p och varufl\u00f6den samt <\/b><b>ekonomiuppf\u00f6ljning och f\u00f6retagande.<\/b><\/p>\n<h3 style=\"text-align: left;\"><b><\/b><b>15 veckors praktik (APL)<\/b><\/h3>\n<p style=\"text-align: left;\"><span style=\"font-weight: 400;\">P\u00e5 F\u00f6rs\u00e4ljnings- och serviceprogrammet kommer du under en del av utbildningen att f\u00e5 praktisk erfarenhet genom att <\/span><b>jobba p\u00e5 en riktig arbetsplats<\/b><span style=\"font-weight: 400;\">. Du kommer f\u00e5 anv\u00e4ndning f\u00f6r allt du har l\u00e4rt dig i skolan och att du samtidigt f\u00e5r tr\u00e4ffa nya m\u00e4nniskor och l\u00e4ra dig mer om arbetslivet. Det \u00e4r ett bra s\u00e4tt att f\u00f6rbereda sig inf\u00f6r framtiden och f\u00e5 v\u00e4rdefulla kontakter n\u00e4r du sedan s\u00f6ker jobb.<\/span><\/p>\n\n\t\t\t\t\t<\/div>\n\t\t\t\t\t\t\t<\/div>\n\n\t\t\t\t\t<\/div>\n\n\t\t <div class=\"ams-fifty__media u-ratio-square\">\n\t\t \t\t\t\t\t<img decoding=\"async\" width=\"600\" height=\"900\" src=\"https:\/\/klaragymnasium.se\/wp-content\/uploads\/sites\/7\/2025\/07\/klalinkoping202504-202904webb42-600x900.jpg\" class=\"attachment-md size-md\" alt=\"L\u00e4rare hj\u00e4lper sina elever med f\u00f6rs\u00e4ljningstekniker.\" sizes=\"(min-width: 64em) 600px, calc(100vw - 160px)\" srcset=\"https:\/\/klaragymnasium.se\/wp-content\/uploads\/sites\/7\/2025\/07\/klalinkoping202504-202904webb42-600x900.jpg 600w, https:\/\/klaragymnasium.se\/wp-content\/uploads\/sites\/7\/2025\/07\/klalinkoping202504-202904webb42-300x450.jpg 300w, https:\/\/klaragymnasium.se\/wp-content\/uploads\/sites\/7\/2025\/07\/klalinkoping202504-202904webb42-400x600.jpg 400w, https:\/\/klaragymnasium.se\/wp-content\/uploads\/sites\/7\/2025\/07\/klalinkoping202504-202904webb42-800x1200.jpg 800w, https:\/\/klaragymnasium.se\/wp-content\/uploads\/sites\/7\/2025\/07\/klalinkoping202504-202904webb42-1024x1536.jpg 1024w, https:\/\/klaragymnasium.se\/wp-content\/uploads\/sites\/7\/2025\/07\/klalinkoping202504-202904webb42-1200x1800.jpg 1200w, https:\/\/klaragymnasium.se\/wp-content\/uploads\/sites\/7\/2025\/07\/klalinkoping202504-202904webb42.jpg 1365w\" \/>\n\t\t\t\n\t\t\t\n\t\t\t\t\t<\/div>\n\t<\/div>\n\n\t\t\n\n<\/section>\n\n\n\n\n\n<section  class=\"ams-faq ams_event_module c-block l-stacked js-load-more\" data-color-scheme=\"poangplan\" data-count=\"4\" data-count-mobile=\"2\">\n\t<div class=\"l-container l-stack l-stack-fluid-2xl u-pt-fluid-3xl-6xl u-pb-fluid-3xl-6xl is-center is-center@md\">\n\t\t\t\t\t<div class=\"ams-faq__intro l-stack l-stack-lg\">\n\t\t\t\t\t\n\t<h2\n\tclass=\"c-heading u-font-title-1 \"\n\tstyle=\"\">\n\t\t\n\t\t\t\t\tVanliga fr\u00e5gor om F\u00f6rs\u00e4ljnings- och service\u00adprogrammet \n\t\t\t\t\n\t<\/h2>\n\n\t\t\t\t\t\t\t<\/div>\n\t\t\n\t\t\n\t\n\t    \n\t\n\t<ul\n\t\tid=\"ams-faq-list-69f457b7e601a\"\n\t\tclass=\"ams-faq__ac ams-accordion_module c-accordion js-results \"\n\t\taria-label=\"Vanliga fr\u00e5gor\"\n\t\tdata-variant=\"border-between\"\n\t\tdata-ajax-action=\"log_faq_view\"\n\t\tdata-ajax-url=\"https:\/\/klaragymnasium.se\/linkoping\/wp-admin\/admin-ajax.php\"\n\t\tdata-ajax-nonce=\"c9af56b806\"\n\t\tdata-filter-animation=\"off\">\n\n\t\t\n\t\t\t\t\t\t\t\t\t\t\t\t\t\t\t\n\t\t\t\n\t\t\t<li data-ajax-id=\"2394\" class=\"c-accordion__item \"\n\t\t\tdata-filter=\"meritvarde-forsaljning-och-service december-2023\"\n\t\t\t>\n\t\t\t\t<h3 class=\"c-accordion__header\">\n\t\t\t\t\t\t\t\t\t\t<button class=\"c-accordion__trigger u-py-sm u-px-fluid-md-xl u-font-title-4\">\n\t\t\t\t\t\t<span>Vad \u00e4r det f\u00f6r meritv\u00e4rde\/antagningspo\u00e4ng p\u00e5 F\u00f6rs\u00e4ljnings- och Serviceprogrammet?<\/span>\n\t\t\t\t\t\t<svg class=\"ams-icon ams-icon__arrow-down\" width=\"24\" height=\"24\" viewbox=\"0 0 24 24\" fill=\"currentColor\" aria-hidden=\"true\" xmlns=\"http:\/\/www.w3.org\/2000\/svg\">\n\t\t\t\t\t\t\t\t\t\t\t\t\t<path d=\"m11.2033 18.4294-10.872894-10.67584c-.440539-.42594-.440539-1.1147 0-1.54065l.665495-.64345c.440539-.42595 1.152899-.42595 1.593439 0l9.41066 9.27114 9.4107-9.26207c.4405-.42595 1.1529-.42595 1.5934 0l.6655.64345c.4405.42594.4405 1.1147 0 1.54065l-10.8729 10.67587c-.4405.4168-1.1529.4168-1.5934-.0091z\"\/>\n\t\t\t\t\t\n\t\t\t\t\t\t<\/svg>\n\t\t\t\t\t<\/button>\n\t\t\t\t<\/h3>\n\t\t\t\t<div class=\"c-accordion__body l-stack u-font-body\">\n\t\t\t\t\t<div class=\"c-accordion__body__inner u-p-fluid-md-xl l-stack\">\n\t\t\t\t\t\t<p class=\"p1\"><span data-sheets-root=\"1\" data-sheets-value=\"{&quot;1&quot;:2,&quot;2&quot;:&quot;F\u00f6rs\u00e4ljnings- och serviceprogrammet hade \u00e5r 2022 en medelpo\u00e4ng p\u00e5 211 och en antagningsgr\u00e4ns p\u00e5 170 po\u00e4ng. F\u00f6rs\u00e4ljnings- och serviceprogrammet hade \u00e5r 2021 en medelpo\u00e4ng p\u00e5 174 och en antagningsgr\u00e4ns p\u00e5 87.5 po\u00e4ng. F\u00f6rs\u00e4ljnings- och serviceprogrammethade \u00e5r 2020 en medelpo\u00e4ng p\u00e5 219 och en antagningsgr\u00e4ns p\u00e5 132.5 po\u00e4ng. Kom ih\u00e5g att meritv\u00e4rdet kan \u00e4ndras fr\u00e5n \u00e5r till \u00e5r beroende p\u00e5 hur m\u00e5nga som s\u00f6ker programmet och vad f\u00f6r betyg de har!&quot;}\" data-sheets-userformat=\"{&quot;2&quot;:831,&quot;3&quot;:{&quot;1&quot;:0},&quot;4&quot;:{&quot;1&quot;:2,&quot;2&quot;:14281427},&quot;5&quot;:{&quot;1&quot;:[{&quot;1&quot;:2,&quot;2&quot;:0,&quot;5&quot;:{&quot;1&quot;:2,&quot;2&quot;:0}},{&quot;1&quot;:0,&quot;2&quot;:0,&quot;3&quot;:3},{&quot;1&quot;:1,&quot;2&quot;:0,&quot;4&quot;:1}]},&quot;6&quot;:{&quot;1&quot;:[{&quot;1&quot;:2,&quot;2&quot;:0,&quot;5&quot;:{&quot;1&quot;:2,&quot;2&quot;:0}},{&quot;1&quot;:0,&quot;2&quot;:0,&quot;3&quot;:3},{&quot;1&quot;:1,&quot;2&quot;:0,&quot;4&quot;:1}]},&quot;7&quot;:{&quot;1&quot;:[{&quot;1&quot;:2,&quot;2&quot;:0,&quot;5&quot;:{&quot;1&quot;:2,&quot;2&quot;:0}},{&quot;1&quot;:0,&quot;2&quot;:0,&quot;3&quot;:3},{&quot;1&quot;:1,&quot;2&quot;:0,&quot;4&quot;:1}]},&quot;8&quot;:{&quot;1&quot;:[{&quot;1&quot;:2,&quot;2&quot;:0,&quot;5&quot;:{&quot;1&quot;:2,&quot;2&quot;:0}},{&quot;1&quot;:0,&quot;2&quot;:0,&quot;3&quot;:3},{&quot;1&quot;:1,&quot;2&quot;:0,&quot;4&quot;:1}]},&quot;11&quot;:4,&quot;12&quot;:0}\">F\u00f6rs\u00e4ljnings- och serviceprogrammet<\/span> hade \u00e5r 2025 antagningspo\u00e4ng p\u00e5 85 po\u00e4ng och ett medelv\u00e4rde p\u00e5 177. Kom ih\u00e5g att meritv\u00e4rdet kan \u00e4ndras fr\u00e5n \u00e5r till \u00e5r beroende p\u00e5 hur m\u00e5nga som s\u00f6ker programmet och vilka betyg de har!<\/p>\n\n\t\t\t\t\t<\/div>\n\t\t\t\t<\/div>\n\t\t\t<\/li>\n\t\t\n\t\t\t\t\t\t\t\t\t\t\t\t\t\t\t\n\t\t\t\n\t\t\t<li data-ajax-id=\"2392\" class=\"c-accordion__item \"\n\t\t\tdata-filter=\"meritvarde-forsaljning-och-service december-2023\"\n\t\t\t>\n\t\t\t\t<h3 class=\"c-accordion__header\">\n\t\t\t\t\t\t\t\t\t\t<button class=\"c-accordion__trigger u-py-sm u-px-fluid-md-xl u-font-title-4\">\n\t\t\t\t\t\t<span>Vad beh\u00f6ver jag f\u00f6r betyg f\u00f6r att l\u00e4sa F\u00f6rs\u00e4ljnings- och Serviceprogrammet?<\/span>\n\t\t\t\t\t\t<svg class=\"ams-icon ams-icon__arrow-down\" width=\"24\" height=\"24\" viewbox=\"0 0 24 24\" fill=\"currentColor\" aria-hidden=\"true\" xmlns=\"http:\/\/www.w3.org\/2000\/svg\">\n\t\t\t\t\t\t\t\t\t\t\t\t\t<path d=\"m11.2033 18.4294-10.872894-10.67584c-.440539-.42594-.440539-1.1147 0-1.54065l.665495-.64345c.440539-.42595 1.152899-.42595 1.593439 0l9.41066 9.27114 9.4107-9.26207c.4405-.42595 1.1529-.42595 1.5934 0l.6655.64345c.4405.42594.4405 1.1147 0 1.54065l-10.8729 10.67587c-.4405.4168-1.1529.4168-1.5934-.0091z\"\/>\n\t\t\t\t\t\n\t\t\t\t\t\t<\/svg>\n\t\t\t\t\t<\/button>\n\t\t\t\t<\/h3>\n\t\t\t\t<div class=\"c-accordion__body l-stack u-font-body\">\n\t\t\t\t\t<div class=\"c-accordion__body__inner u-p-fluid-md-xl l-stack\">\n\t\t\t\t\t\t<p><span data-sheets-root=\"1\" data-sheets-value=\"{&quot;1&quot;:2,&quot;2&quot;:&quot;F\u00f6r att vara beh\u00f6rig till gymnasiet m\u00e5ste du ha godk\u00e4nt i SVENSKA eller SVENSKA SOM ANDRASPR\u00c5K, ENGELSKA och MATEMATIK. Om du vill l\u00e4sa ett H\u00d6GSKOLEF\u00d6RBEREDANDE program m\u00e5ste du ha godk\u00e4nt i ytterligare 9 \u00e4mnen, allts\u00e5 totalt 12 \u00e4mnen. F\u00f6r EKONOMIPROGRAMMET och SAMH\u00c4LLSVETENSKAPSPROGRAMMET ska 4 av de 9 \u00f6vriga godk\u00e4nda \u00e4mnena vara geografi, historia, samh\u00e4llskunskap och religionskunskap. F\u00f6r NATURVETENSKAPSPROGRAMMET ska 3 av de 9 \u00f6vriga godk\u00e4nda \u00e4mnena vara biologi, fysik och kemi. Om du vill l\u00e4sa ett YRKESPROGRAM (t.ex. F\u00d6RS\u00c4LJNINGS- OCH SERVICEPROGRAMMET) m\u00e5ste du ha godk\u00e4nt i ytterligare 5 \u00e4mnen, allts\u00e5 totalt 8 \u00e4mnen.&quot;}\" data-sheets-userformat=\"{&quot;2&quot;:831,&quot;3&quot;:{&quot;1&quot;:0},&quot;4&quot;:{&quot;1&quot;:2,&quot;2&quot;:14281427},&quot;5&quot;:{&quot;1&quot;:[{&quot;1&quot;:2,&quot;2&quot;:0,&quot;5&quot;:{&quot;1&quot;:2,&quot;2&quot;:0}},{&quot;1&quot;:0,&quot;2&quot;:0,&quot;3&quot;:3},{&quot;1&quot;:1,&quot;2&quot;:0,&quot;4&quot;:1}]},&quot;6&quot;:{&quot;1&quot;:[{&quot;1&quot;:2,&quot;2&quot;:0,&quot;5&quot;:{&quot;1&quot;:2,&quot;2&quot;:0}},{&quot;1&quot;:0,&quot;2&quot;:0,&quot;3&quot;:3},{&quot;1&quot;:1,&quot;2&quot;:0,&quot;4&quot;:1}]},&quot;7&quot;:{&quot;1&quot;:[{&quot;1&quot;:2,&quot;2&quot;:0,&quot;5&quot;:{&quot;1&quot;:2,&quot;2&quot;:0}},{&quot;1&quot;:0,&quot;2&quot;:0,&quot;3&quot;:3},{&quot;1&quot;:1,&quot;2&quot;:0,&quot;4&quot;:1}]},&quot;8&quot;:{&quot;1&quot;:[{&quot;1&quot;:2,&quot;2&quot;:0,&quot;5&quot;:{&quot;1&quot;:2,&quot;2&quot;:0}},{&quot;1&quot;:0,&quot;2&quot;:0,&quot;3&quot;:3},{&quot;1&quot;:1,&quot;2&quot;:0,&quot;4&quot;:1}]},&quot;11&quot;:4,&quot;12&quot;:0}\">F\u00f6r att vara beh\u00f6rig till gymnasiet m\u00e5ste du ha godk\u00e4nt i Svenska eller Svenska som andraspr\u00e5k, Engelska och Matematik. Om du vill l\u00e4sa ett yrkesprogram (t.ex. F\u00f6rs\u00e4ljnings- och Serviceprogrammet) m\u00e5ste du ha godk\u00e4nt i ytterligare 5 \u00e4mnen, allts\u00e5 totalt 8 \u00e4mnen.<\/span><\/p>\n\n\t\t\t\t\t<\/div>\n\t\t\t\t<\/div>\n\t\t\t<\/li>\n\t\t\n\t\t\t\t\t\t\t\t\t\t\t\t\t\t\t\n\t\t\t\n\t\t\t<li data-ajax-id=\"3331\" class=\"c-accordion__item \"\n\t\t\tdata-filter=\"ansokan-merit december-2023\"\n\t\t\t>\n\t\t\t\t<h3 class=\"c-accordion__header\">\n\t\t\t\t\t\t\t\t\t\t<button class=\"c-accordion__trigger u-py-sm u-px-fluid-md-xl u-font-title-4\">\n\t\t\t\t\t\t<span>Hur r\u00e4knar jag ut mitt meritv\u00e4rde? <\/span>\n\t\t\t\t\t\t<svg class=\"ams-icon ams-icon__arrow-down\" width=\"24\" height=\"24\" viewbox=\"0 0 24 24\" fill=\"currentColor\" aria-hidden=\"true\" xmlns=\"http:\/\/www.w3.org\/2000\/svg\">\n\t\t\t\t\t\t\t\t\t\t\t\t\t<path d=\"m11.2033 18.4294-10.872894-10.67584c-.440539-.42594-.440539-1.1147 0-1.54065l.665495-.64345c.440539-.42595 1.152899-.42595 1.593439 0l9.41066 9.27114 9.4107-9.26207c.4405-.42595 1.1529-.42595 1.5934 0l.6655.64345c.4405.42594.4405 1.1147 0 1.54065l-10.8729 10.67587c-.4405.4168-1.1529.4168-1.5934-.0091z\"\/>\n\t\t\t\t\t\n\t\t\t\t\t\t<\/svg>\n\t\t\t\t\t<\/button>\n\t\t\t\t<\/h3>\n\t\t\t\t<div class=\"c-accordion__body l-stack u-font-body\">\n\t\t\t\t\t<div class=\"c-accordion__body__inner u-p-fluid-md-xl l-stack\">\n\t\t\t\t\t\t<p>P\u00e5 <a href=\"https:\/\/gymnasiekoll.se\/gymnasieval\/meritvarde\/\" target=\"_blank\" rel=\"noopener\">Gymnasiekoll.se<\/a> r\u00e4knar du enkelt ut ditt meritv\u00e4rde.<\/p>\n\n\t\t\t\t\t<\/div>\n\t\t\t\t<\/div>\n\t\t\t<\/li>\n\t\t\n\t\t\t\t\t\t\t\t\t\t\t\t\t\t\t\n\t\t\t\n\t\t\t<li data-ajax-id=\"3330\" class=\"c-accordion__item \"\n\t\t\tdata-filter=\"ansokan-merit december-2023\"\n\t\t\t>\n\t\t\t\t<h3 class=\"c-accordion__header\">\n\t\t\t\t\t\t\t\t\t\t<button class=\"c-accordion__trigger u-py-sm u-px-fluid-md-xl u-font-title-4\">\n\t\t\t\t\t\t<span>Vad betyder antagningsgr\u00e4ns?<\/span>\n\t\t\t\t\t\t<svg class=\"ams-icon ams-icon__arrow-down\" width=\"24\" height=\"24\" viewbox=\"0 0 24 24\" fill=\"currentColor\" aria-hidden=\"true\" xmlns=\"http:\/\/www.w3.org\/2000\/svg\">\n\t\t\t\t\t\t\t\t\t\t\t\t\t<path d=\"m11.2033 18.4294-10.872894-10.67584c-.440539-.42594-.440539-1.1147 0-1.54065l.665495-.64345c.440539-.42595 1.152899-.42595 1.593439 0l9.41066 9.27114 9.4107-9.26207c.4405-.42595 1.1529-.42595 1.5934 0l.6655.64345c.4405.42594.4405 1.1147 0 1.54065l-10.8729 10.67587c-.4405.4168-1.1529.4168-1.5934-.0091z\"\/>\n\t\t\t\t\t\n\t\t\t\t\t\t<\/svg>\n\t\t\t\t\t<\/button>\n\t\t\t\t<\/h3>\n\t\t\t\t<div class=\"c-accordion__body l-stack u-font-body\">\n\t\t\t\t\t<div class=\"c-accordion__body__inner u-p-fluid-md-xl l-stack\">\n\t\t\t\t\t\t<p><span data-sheets-root=\"1\" data-sheets-value=\"{&quot;1&quot;:2,&quot;2&quot;:&quot;F\u00f6rutom beh\u00f6righetskraven finns inga l\u00e4gsta krav p\u00e5 po\u00e4ng f\u00f6r programmen, utan det beror p\u00e5 vilka andra som s\u00f6ker det \u00e5ret. P\u00e5 en utbildning med t.ex. 30 platser kommer de 30 med h\u00f6gst po\u00e4ng in. MEDELPO\u00c4NGEN \u00e4r medelv\u00e4rdet av meritpo\u00e4ngen de 30 har. ANTAGNINGSGR\u00c4NS \u00e4r den l\u00e4gsta po\u00e4ng n\u00e5gon kom in p\u00e5 det \u00e5ret.&quot;}\" data-sheets-userformat=\"{&quot;2&quot;:831,&quot;3&quot;:{&quot;1&quot;:0},&quot;4&quot;:{&quot;1&quot;:2,&quot;2&quot;:14281427},&quot;5&quot;:{&quot;1&quot;:[{&quot;1&quot;:2,&quot;2&quot;:0,&quot;5&quot;:{&quot;1&quot;:2,&quot;2&quot;:0}},{&quot;1&quot;:0,&quot;2&quot;:0,&quot;3&quot;:3},{&quot;1&quot;:1,&quot;2&quot;:0,&quot;4&quot;:1}]},&quot;6&quot;:{&quot;1&quot;:[{&quot;1&quot;:2,&quot;2&quot;:0,&quot;5&quot;:{&quot;1&quot;:2,&quot;2&quot;:0}},{&quot;1&quot;:0,&quot;2&quot;:0,&quot;3&quot;:3},{&quot;1&quot;:1,&quot;2&quot;:0,&quot;4&quot;:1}]},&quot;7&quot;:{&quot;1&quot;:[{&quot;1&quot;:2,&quot;2&quot;:0,&quot;5&quot;:{&quot;1&quot;:2,&quot;2&quot;:0}},{&quot;1&quot;:0,&quot;2&quot;:0,&quot;3&quot;:3},{&quot;1&quot;:1,&quot;2&quot;:0,&quot;4&quot;:1}]},&quot;8&quot;:{&quot;1&quot;:[{&quot;1&quot;:2,&quot;2&quot;:0,&quot;5&quot;:{&quot;1&quot;:2,&quot;2&quot;:0}},{&quot;1&quot;:0,&quot;2&quot;:0,&quot;3&quot;:3},{&quot;1&quot;:1,&quot;2&quot;:0,&quot;4&quot;:1}]},&quot;11&quot;:4,&quot;12&quot;:0}\">F\u00f6rutom beh\u00f6righetskraven finns inga l\u00e4gsta krav p\u00e5 po\u00e4ng f\u00f6r programmen, utan det beror p\u00e5 vilka andra som s\u00f6ker det \u00e5ret. P\u00e5 en utbildning med t.ex. 30 platser kommer de 30 med h\u00f6gst po\u00e4ng in. Medelpo\u00e4ng \u00e4r medelv\u00e4rdet av meritpo\u00e4ngen de 30 har. Antagningsgr\u00e4ns \u00e4r den l\u00e4gsta po\u00e4ng n\u00e5gon kom in p\u00e5 det \u00e5ret.<\/span><\/p>\n\n\t\t\t\t\t<\/div>\n\t\t\t\t<\/div>\n\t\t\t<\/li>\n\t\t\t<\/ul>\n\n\t<div class=\"no-results u-mt-0 u-hide\" data-filter-fallback-id=\"ams-faq-list-69f457b7e601a\">\n\t<p>Det finns inga resultat som matchar din filtrering.<\/p>\n<\/div>\n\n\t\n\n\t\t\n\t\t\t<\/div>\n\n\t\t\n\n<\/section>\n\n\n\n\n<section  class=\"ams-cta ams-cta--stacked c-block l-stacked\" data-color-scheme=\"vit-2\">\n\t<div class=\"l-container-narrow l-stack l-stack-fluid-2xl u-pt-fluid-3xl-6xl u-pb-fluid-3xl-6xl is-center is-center@md\">\n\t\t\t\t\t<div class=\"ams-cta__intro l-stack l-stack-lg\">\n\t\t\t\t\t\n\t<h2\n\tclass=\"c-heading u-font-title-1 \"\n\tstyle=\"\">\n\t\t\n\t\t\t\t\tVar detta inte n\u00e5got f\u00f6r dig?\n\t\t\t\t\n\t<\/h2>\n\n\t\t\t\t\t\t\t\t\t<div class=\"c-text l-stack u-cs-xl u-font-body\">\n\t\t\t\t\t\t<p>D\u00e5 kanske du \u00e4r mer intresserad av n\u00e5got av v\u00e5ra andra program!<\/p>\n\n\t\t\t\t\t<\/div>\n\t\t\t\t\t\t\t<\/div>\n\t\t\n\t\t\n\t\t\t<div class=\"ams-cta__action u-inline-items\">\n\t\t\t\t\t\t\t\n\n\n<a href=\"https:\/\/klaragymnasium.se\/linkoping\/gymnasieprogram\/\"\n\t\n\tclass=\"c-btn \"\n\tdata-style=\"round\"\n\tdata-size=\"md\"\n\tdata-width=\"full-mobile\"\n\tdata-variant=\"default\"\n\ttarget=\"_self\">\n\t\t\t<span class=\"label\"> Till v\u00e5ra program<\/span>\n\t\t\t<\/a>\n\t\t\t<\/div>\n\t<\/div>\n\n\t\t\n\t\t\t\n\t\t\t\t\t\t\t\n\t\t\t\t<div class=\"c-bg c-bg--img\" data-settings=\"{&quot;desktop_settings&quot;:{&quot;size&quot;:&quot;cover&quot;,&quot;position&quot;:&quot;middle-center&quot;},&quot;mobile_settings&quot;:{&quot;size&quot;:&quot;cover&quot;,&quot;position&quot;:&quot;middle-center&quot;}}\" data-position=\"middle-center\" data-size=\"cover\">\n\t\t\t<img decoding=\"async\" width=\"1920\" height=\"564\" src=\"https:\/\/klaragymnasium.se\/wp-content\/uploads\/sites\/7\/2023\/03\/klaragymnasiumskog-1920x564.jpg\" class=\"attachment-hero-lg size-hero-lg\" alt=\"Skog med h\u00f6ga tr\u00e4d\" sizes=\"(max-width: 1920px) 100vw, 1920px\" \/>\n\t\t<\/div>\n\t\n\t<div class=\"c-overlay\" style=\"--overlay-bg: rgba(0,0,0,0.5);\"><\/div>\n<\/section>\n","protected":false},"excerpt":{"rendered":"<p>Vill du l\u00e4ra dig mer om f\u00f6rs\u00e4ljning, ink\u00f6p och administration?<\/p>\n","protected":false},"featured_media":3130,"parent":0,"menu_order":0,"template":"","yoast_head":"<!-- This site is optimized with the Yoast SEO plugin v22.0 - https:\/\/yoast.com\/wordpress\/plugins\/seo\/ -->\n<title>L\u00e4s f\u00f6rs\u00e4ljnings- och serviceprogrammet i Link\u00f6ping - KLARA<\/title>\n<meta name=\"description\" content=\"\u00c4r du en social och nyfiken person som tycker om att tr\u00e4ffa m\u00e4nniskor? D\u00e5 kan F\u00f6rs\u00e4ljnings- och serviceprogrammet vara r\u00e4tt val f\u00f6r dig.\" \/>\n<meta name=\"robots\" content=\"index, follow, max-snippet:-1, max-image-preview:large, max-video-preview:-1\" \/>\n<link rel=\"canonical\" href=\"https:\/\/klaragymnasium.se\/linkoping\/program\/forsaljnings-och-serviceprogrammet\/\" \/>\n<meta property=\"og:locale\" content=\"sv_SE\" \/>\n<meta property=\"og:type\" content=\"article\" \/>\n<meta property=\"og:title\" content=\"L\u00e4s f\u00f6rs\u00e4ljnings- och serviceprogrammet i Link\u00f6ping - KLARA\" \/>\n<meta property=\"og:description\" content=\"\u00c4r du en social och nyfiken person som tycker om att tr\u00e4ffa m\u00e4nniskor? D\u00e5 kan F\u00f6rs\u00e4ljnings- och serviceprogrammet vara r\u00e4tt val f\u00f6r dig.\" \/>\n<meta property=\"og:url\" content=\"https:\/\/klaragymnasium.se\/linkoping\/program\/forsaljnings-och-serviceprogrammet\/\" \/>\n<meta property=\"og:site_name\" content=\"Link\u00f6ping\" \/>\n<meta property=\"article:modified_time\" content=\"2026-04-08T12:07:48+00:00\" \/>\n<meta property=\"og:image\" content=\"https:\/\/klaragymnasium.se\/wp-content\/uploads\/sites\/7\/2025\/07\/klalinkoping202504-202904webb33-1200x630.jpg\" \/>\n\t<meta property=\"og:image:width\" content=\"1200\" \/>\n\t<meta property=\"og:image:height\" content=\"630\" \/>\n\t<meta property=\"og:image:type\" content=\"image\/jpeg\" \/>\n<meta name=\"twitter:card\" content=\"summary_large_image\" \/>\n<meta name=\"twitter:title\" content=\"L\u00e4s f\u00f6rs\u00e4ljnings- och serviceprogrammet i Link\u00f6ping - KLARA\" \/>\n<meta name=\"twitter:description\" content=\"\u00c4r du en social och nyfiken person som tycker om att tr\u00e4ffa m\u00e4nniskor? D\u00e5 kan F\u00f6rs\u00e4ljnings- och serviceprogrammet vara r\u00e4tt val f\u00f6r dig.\" \/>\n<meta name=\"twitter:image\" content=\"https:\/\/klaragymnasium.se\/wp-content\/uploads\/sites\/7\/2025\/07\/klalinkoping202504-202904webb33-1200x630.jpg\" \/>\n<meta name=\"twitter:label1\" content=\"Est. reading time\" \/>\n\t<meta name=\"twitter:data1\" content=\"3 minuter\" \/>\n<script type=\"application\/ld+json\" class=\"yoast-schema-graph\">{\"@context\":\"https:\/\/schema.org\",\"@graph\":[{\"@type\":\"WebPage\",\"@id\":\"https:\/\/klaragymnasium.se\/linkoping\/program\/forsaljnings-och-serviceprogrammet\/\",\"url\":\"https:\/\/klaragymnasium.se\/linkoping\/program\/forsaljnings-och-serviceprogrammet\/\",\"name\":\"L\u00e4s f\u00f6rs\u00e4ljnings- och serviceprogrammet i Link\u00f6ping - KLARA\",\"isPartOf\":{\"@id\":\"https:\/\/klaragymnasium.se\/linkoping\/#website\"},\"datePublished\":\"2023-03-22T10:22:30+00:00\",\"dateModified\":\"2026-04-08T12:07:48+00:00\",\"description\":\"\u00c4r du en social och nyfiken person som tycker om att tr\u00e4ffa m\u00e4nniskor? D\u00e5 kan F\u00f6rs\u00e4ljnings- och serviceprogrammet vara r\u00e4tt val f\u00f6r dig.\",\"breadcrumb\":{\"@id\":\"https:\/\/klaragymnasium.se\/linkoping\/program\/forsaljnings-och-serviceprogrammet\/#breadcrumb\"},\"inLanguage\":\"sv-SE\",\"potentialAction\":[{\"@type\":\"ReadAction\",\"target\":[\"https:\/\/klaragymnasium.se\/linkoping\/program\/forsaljnings-och-serviceprogrammet\/\"]}]},{\"@type\":\"BreadcrumbList\",\"@id\":\"https:\/\/klaragymnasium.se\/linkoping\/program\/forsaljnings-och-serviceprogrammet\/#breadcrumb\",\"itemListElement\":[{\"@type\":\"ListItem\",\"position\":1,\"name\":\"Start\",\"item\":\"https:\/\/klaragymnasium.se\/linkoping\"},{\"@type\":\"ListItem\",\"position\":2,\"name\":\"V\u00e5ra gymnasieprogram\"}]},{\"@type\":\"WebSite\",\"@id\":\"https:\/\/klaragymnasium.se\/linkoping\/#website\",\"url\":\"https:\/\/klaragymnasium.se\/linkoping\/\",\"name\":\"Link\u00f6ping\",\"description\":\"Just another WordPress site\",\"potentialAction\":[{\"@type\":\"SearchAction\",\"target\":{\"@type\":\"EntryPoint\",\"urlTemplate\":\"https:\/\/klaragymnasium.se\/linkoping\/?s={search_term_string}\"},\"query-input\":\"required name=search_term_string\"}],\"inLanguage\":\"sv-SE\"}]}<\/script>\n<!-- \/ Yoast SEO plugin. -->","yoast_head_json":{"title":"L\u00e4s f\u00f6rs\u00e4ljnings- och serviceprogrammet i Link\u00f6ping - KLARA","description":"\u00c4r du en social och nyfiken person som tycker om att tr\u00e4ffa m\u00e4nniskor? D\u00e5 kan F\u00f6rs\u00e4ljnings- och serviceprogrammet vara r\u00e4tt val f\u00f6r dig.","robots":{"index":"index","follow":"follow","max-snippet":"max-snippet:-1","max-image-preview":"max-image-preview:large","max-video-preview":"max-video-preview:-1"},"canonical":"https:\/\/klaragymnasium.se\/linkoping\/program\/forsaljnings-och-serviceprogrammet\/","og_locale":"sv_SE","og_type":"article","og_title":"L\u00e4s f\u00f6rs\u00e4ljnings- och serviceprogrammet i Link\u00f6ping - KLARA","og_description":"\u00c4r du en social och nyfiken person som tycker om att tr\u00e4ffa m\u00e4nniskor? D\u00e5 kan F\u00f6rs\u00e4ljnings- och serviceprogrammet vara r\u00e4tt val f\u00f6r dig.","og_url":"https:\/\/klaragymnasium.se\/linkoping\/program\/forsaljnings-och-serviceprogrammet\/","og_site_name":"Link\u00f6ping","article_modified_time":"2026-04-08T12:07:48+00:00","og_image":[{"width":1200,"height":630,"url":"https:\/\/klaragymnasium.se\/wp-content\/uploads\/sites\/7\/2025\/07\/klalinkoping202504-202904webb33-1200x630.jpg","type":"image\/jpeg"}],"twitter_card":"summary_large_image","twitter_title":"L\u00e4s f\u00f6rs\u00e4ljnings- och serviceprogrammet i Link\u00f6ping - KLARA","twitter_description":"\u00c4r du en social och nyfiken person som tycker om att tr\u00e4ffa m\u00e4nniskor? D\u00e5 kan F\u00f6rs\u00e4ljnings- och serviceprogrammet vara r\u00e4tt val f\u00f6r dig.","twitter_image":"https:\/\/klaragymnasium.se\/wp-content\/uploads\/sites\/7\/2025\/07\/klalinkoping202504-202904webb33-1200x630.jpg","twitter_misc":{"Est. reading time":"3 minuter"},"schema":{"@context":"https:\/\/schema.org","@graph":[{"@type":"WebPage","@id":"https:\/\/klaragymnasium.se\/linkoping\/program\/forsaljnings-och-serviceprogrammet\/","url":"https:\/\/klaragymnasium.se\/linkoping\/program\/forsaljnings-och-serviceprogrammet\/","name":"L\u00e4s f\u00f6rs\u00e4ljnings- och serviceprogrammet i Link\u00f6ping - KLARA","isPartOf":{"@id":"https:\/\/klaragymnasium.se\/linkoping\/#website"},"datePublished":"2023-03-22T10:22:30+00:00","dateModified":"2026-04-08T12:07:48+00:00","description":"\u00c4r du en social och nyfiken person som tycker om att tr\u00e4ffa m\u00e4nniskor? D\u00e5 kan F\u00f6rs\u00e4ljnings- och serviceprogrammet vara r\u00e4tt val f\u00f6r dig.","breadcrumb":{"@id":"https:\/\/klaragymnasium.se\/linkoping\/program\/forsaljnings-och-serviceprogrammet\/#breadcrumb"},"inLanguage":"sv-SE","potentialAction":[{"@type":"ReadAction","target":["https:\/\/klaragymnasium.se\/linkoping\/program\/forsaljnings-och-serviceprogrammet\/"]}]},{"@type":"BreadcrumbList","@id":"https:\/\/klaragymnasium.se\/linkoping\/program\/forsaljnings-och-serviceprogrammet\/#breadcrumb","itemListElement":[{"@type":"ListItem","position":1,"name":"Start","item":"https:\/\/klaragymnasium.se\/linkoping"},{"@type":"ListItem","position":2,"name":"V\u00e5ra gymnasieprogram"}]},{"@type":"WebSite","@id":"https:\/\/klaragymnasium.se\/linkoping\/#website","url":"https:\/\/klaragymnasium.se\/linkoping\/","name":"Link\u00f6ping","description":"Just another WordPress site","potentialAction":[{"@type":"SearchAction","target":{"@type":"EntryPoint","urlTemplate":"https:\/\/klaragymnasium.se\/linkoping\/?s={search_term_string}"},"query-input":"required name=search_term_string"}],"inLanguage":"sv-SE"}]}},"_links":{"self":[{"href":"https:\/\/klaragymnasium.se\/linkoping\/wp-json\/wp\/v2\/program_orientation\/746"}],"collection":[{"href":"https:\/\/klaragymnasium.se\/linkoping\/wp-json\/wp\/v2\/program_orientation"}],"about":[{"href":"https:\/\/klaragymnasium.se\/linkoping\/wp-json\/wp\/v2\/types\/program_orientation"}],"version-history":[{"count":10,"href":"https:\/\/klaragymnasium.se\/linkoping\/wp-json\/wp\/v2\/program_orientation\/746\/revisions"}],"predecessor-version":[{"id":3528,"href":"https:\/\/klaragymnasium.se\/linkoping\/wp-json\/wp\/v2\/program_orientation\/746\/revisions\/3528"}],"wp:featuredmedia":[{"embeddable":true,"href":"https:\/\/klaragymnasium.se\/linkoping\/wp-json\/wp\/v2\/media\/3130"}],"wp:attachment":[{"href":"https:\/\/klaragymnasium.se\/linkoping\/wp-json\/wp\/v2\/media?parent=746"}],"curies":[{"name":"wp","href":"https:\/\/api.w.org\/{rel}","templated":true}]}}