{"id":3160,"date":"2024-02-16T08:36:56","date_gmt":"2024-02-16T07:36:56","guid":{"rendered":"https:\/\/klaragymnasium.se\/goteborg-postgatan\/?post_type=testimonial&#038;p=3160"},"modified":"2024-04-23T11:34:01","modified_gmt":"2024-04-23T09:34:01","slug":"matilda-20-ar-pluggar-juristprogrammet-i-goteborg","status":"publish","type":"testimonial","link":"https:\/\/klaragymnasium.se\/goteborg-postgatan\/elevintervjuer\/matilda-20-ar-pluggar-juristprogrammet-i-goteborg\/","title":{"rendered":"Matilda 20 \u00e5r pluggar juristprogrammet i G\u00f6teborg"},"content":{"rendered":"\n<div class=\"wp-block-columns is-layout-flex wp-container-core-columns-layout-1 wp-block-columns-is-layout-flex\">\n<div class=\"wp-block-column is-layout-flow wp-block-column-is-layout-flow\" style=\"flex-basis:15%\"><\/div>\n\n\n\n<div class=\"wp-block-column is-layout-flow wp-block-column-is-layout-flow\" style=\"flex-basis:70%\">\t<div\n\t\t class=\"module_wrapper container-fluid images-module\" >\n\t\t<div class=\"row\">\n\t\t\t<div\n\t\t\t\t\tclass=\"col-12 m-0 p-0 position-relative images_module__slideshow images_module__slideshow-container module-expand \">\n\n\t\t\t\t<div class=\"images_module__slide \" data-slide=\"\"\n\t\t\t\t\t data-duration=\"\"><\/div>\n\t\t\t\t\t\t\t\t\t<div\n\t\t\t\t\t\t class=\"images_module__slides \">\n\n\n\t\t\t\t\t\t<div class=\"images__wrapper\"\n\t\t\t\t\t\t\t style=\"aspect-ratio: 851 \/ 531;\">\n\t\t\t\t\t\t\t<img decoding=\"async\" width=\"1769\" height=\"1769\" src=\"https:\/\/klaragymnasium.se\/wp-content\/uploads\/sites\/6\/2024\/02\/portrattbildmatildamartinsson-1.jpg\" class=\"images__image_ratio  \" alt=\"Portr\u00e4ttbild p\u00e5 f\u00f6re detta elev.\" style=\"aspect-ratio: 851 \/ 531;object-position: center top;\" srcset=\"https:\/\/klaragymnasium.se\/wp-content\/uploads\/sites\/6\/2024\/02\/portrattbildmatildamartinsson-1.jpg 1769w, https:\/\/klaragymnasium.se\/wp-content\/uploads\/sites\/6\/2024\/02\/portrattbildmatildamartinsson-1-150x150.jpg 150w, https:\/\/klaragymnasium.se\/wp-content\/uploads\/sites\/6\/2024\/02\/portrattbildmatildamartinsson-1-300x300.jpg 300w, https:\/\/klaragymnasium.se\/wp-content\/uploads\/sites\/6\/2024\/02\/portrattbildmatildamartinsson-1-400x400.jpg 400w, https:\/\/klaragymnasium.se\/wp-content\/uploads\/sites\/6\/2024\/02\/portrattbildmatildamartinsson-1-600x600.jpg 600w, https:\/\/klaragymnasium.se\/wp-content\/uploads\/sites\/6\/2024\/02\/portrattbildmatildamartinsson-1-800x800.jpg 800w, https:\/\/klaragymnasium.se\/wp-content\/uploads\/sites\/6\/2024\/02\/portrattbildmatildamartinsson-1-1024x1024.jpg 1024w, https:\/\/klaragymnasium.se\/wp-content\/uploads\/sites\/6\/2024\/02\/portrattbildmatildamartinsson-1-1200x1200.jpg 1200w\" sizes=\"(max-width: 1769px) 100vw, 1769px\" \/>\t\t\t\t\t\t<\/div>\n\n\t\t\t\t\t\t\n\t\t\t\t\t\t\t\t\t\t\t<\/div>\n\t\t\t\t\n\t\t\t\t<div class=\"images_module__container_dot \">\n\t\t\t\t\t<div style=\"text-align:center\">\n\t\t\t\t\t\t\t\t\t\t\t\t\t<span   data-i=\"0\"\n\t\t\t\t\t\t\t\t  class=\"images_module__dot\n\t\t\t\t\t\t\t\t\t\t\t\t\t  \"><\/span>\n\t\t\t\t\t\t\t\t\t\t\t<\/div>\n\t\t\t\t<\/div>\n\n\t\t\t<\/div>\n\t\t<\/div>\n\t<\/div>\n\n\n\t\n\n\n<script>\n\tvar images_display_descriptive_text = \"\";\n<\/script>\n\n\n\n<p><meta charset=\"utf-8\"><\/p>\n\n\n\n<h1 class=\"wp-block-heading\">Matilda 20 \u00e5r, tidigare anst\u00e4lld p\u00e5 EZlegal<\/h1>\n\n\n\n<p   class=\"site__ingress container text-left  site__text-color--dark  site__free_text--ingress p-0\">\n\tMatilda tog studenten fr\u00e5n KLARA Postgatan v\u00e5ren 2022 och studerar idag till jurist p\u00e5 G\u00f6teborgs universitet. Hon har l\u00e4nge varit inne p\u00e5 att studera till jurist och efter tiden som juristassistent p\u00e5 byr\u00e5n EZlegal var valet \u00e4nnu mer sj\u00e4lvklart.<\/p>\n\n\n\n\n\n<p><strong>Matildas v\u00e4g till KLARA Postgatan<\/strong><br>Intresset f\u00f6r juridiken v\u00e4xte fram redan under h\u00f6gstadiet. Matilda hamnade p\u00e5 KLARA Postgatans \u00f6ppna hus av en slump och m\u00f6ttes av en ambassad\u00f6r som ber\u00e4ttade att hon skulle arbeta som juristassistent efter gymnasiet. Det var en av anledningarna till att hon valde KLARA som f\u00f6rstahandsval.<br>\u2013 Jag har alltid tyckt juridik\u00e4mnena varit v\u00e4ldigt roliga, s\u00e4rskilt sista \u00e5ret n\u00e4r vi hade kursen om r\u00e4tten och samh\u00e4llet.<\/p>\n\n\n\n<p>Hon beskriver sin tid p\u00e5 KLARA Postgatan som en utvecklande tid med god gemenskap mellan elever och l\u00e4rare.<br>\u2013 Ekonomiprogrammet med inriktning juridik passade verkligen mig och jag var j\u00e4tten\u00f6jd med b\u00e5de skolan och l\u00e4rarna.<\/p>\n\n\n\n<p><strong>Fr\u00e5n f\u00f6rsta intervju till anst\u00e4llningen p\u00e5 EZlegal<\/strong><br>Att tills\u00e4tta tj\u00e4nsten som Legal Assistant p\u00e5 EZlegal g\u00e5r till p\u00e5 samma s\u00e4tt som en riktig rekryteringsprocess.<br>\u2013 Det var tv\u00e5 anst\u00e4llda fr\u00e5n byr\u00e5n som kom till skolan och ber\u00e4ttade om tj\u00e4nsten, d\u00e5 s\u00f6kte jag in som ett vanligt jobb med CV, personligt brev och betyg. F\u00f6rst var det telefonintervju och sedan en fysisk intervju, sedan fick jag jobbet.<\/p>\n\n\n\n<p>Hon tror att EZlegal erbj\u00f6d henne tj\u00e4nsten eftersom hennes egenskaper passade bra in i rollen. Matilda \u00e4r en serviceinriktad, analytisk och noggrann person.<br>\u2013 Jag fick erbjudande om att jobba d\u00e4r i sommar igen, s\u00e5 det verkar vara n\u00f6jda!<\/p>\n<\/div>\n\n\n\n<div class=\"wp-block-column is-layout-flow wp-block-column-is-layout-flow\" style=\"flex-basis:15%\"><\/div>\n<\/div>\n\n\n\n\t\n\t\n\t\n\n\t\n\t\n\t\t\n<section  class=\"c-block l-stacked  \" data-color-scheme=\"gra\">\n\t<div class=\"ams-fifty ams-fifty--container ams-fifty--right ams-fifty--top l-container u-pt-fluid-2xl-4xl u-pb-fluid-2xl-4xl\">\n\t\t<div class=\"ams-fifty__content l-stack l-stack-xl is-center is-left@lg\">\n\t\t\t<div class=\"ams-fifty__text l-stack l-stack-lg\">\n\t\t\t\t\t\n\t<h2\n\tclass=\"c-heading u-font-title-1 \"\n\tstyle=\"\">\n\t\t\n\t\t\t\t\t Vad g\u00f6r en Legal Assistant egentligen?\n\t\t\t\t\n\t<\/h2>\n\n\t\t\t\t\t\t\t\t\t<div class=\"text l-stack u-font-body\">\n\t\t\t\t\t\t<p>De fr\u00e4msta arbetsuppgifterna \u00e4r administration i form av att hantera inkommande samtal och mail. Det \u00e4r ett socialt arbete d\u00e4r man pratar mycket med klienter, domstolar och nya kunder. Under Matildas \u00e5r p\u00e5 byr\u00e5n sk\u00f6tte hon \u00e4ven en del av ekonomin.<br \/>\n\u2013 Jag hade hand om klientfakturering och leverant\u00f6rsfakturor. En stor del av jobbet var ocks\u00e5 att agera support till juristerna, till exempel hj\u00e4lpa till med m\u00f6tesbokning och s\u00e4tta upp nya dokument. Man \u00e4r lite som spindeln i n\u00e4tet!<\/p>\n<p>Matilda tycker alla som f\u00e5r chansen att s\u00f6ka till EZlegal ska g\u00f6ra det. Hon menar att man v\u00e4xer mycket som person genom att f\u00e5 ett viktigt jobbuppdrag.<br \/>\n\u2013 Om du vet att du vill plugga vidare \u00e4r det en s\u00e5 bra erfarenhet, att man f\u00e5r testa jobba i branschen och f\u00e5 en st\u00f6rre inblick i vad man vill g\u00f6ra sen. Jag blev ocks\u00e5 mer ansvarsfull under min tid p\u00e5 EZlegal och v\u00e4xte in i rollen.<\/p>\n\n\t\t\t\t\t<\/div>\n\t\t\t\t\t\t\t<\/div>\n\n\t\t\t\t\t<\/div>\n\n\t\t <div class=\"ams-fifty__media u-ratio-square\">\n\t\t \t\t\t\t\t<img decoding=\"async\" width=\"600\" height=\"600\" src=\"https:\/\/klaragymnasium.se\/wp-content\/uploads\/sites\/6\/2024\/04\/ez-legallogo-600x600.jpg\" class=\"attachment-md size-md\" alt=\"Logotyp f\u00f6r byr\u00e5n EZlegal som KLARA samarbetar med.\" sizes=\"(min-width: 64em) 600px, calc(100vw - 160px)\" srcset=\"https:\/\/klaragymnasium.se\/wp-content\/uploads\/sites\/6\/2024\/04\/ez-legallogo-600x600.jpg 600w, https:\/\/klaragymnasium.se\/wp-content\/uploads\/sites\/6\/2024\/04\/ez-legallogo-150x150.jpg 150w, https:\/\/klaragymnasium.se\/wp-content\/uploads\/sites\/6\/2024\/04\/ez-legallogo-300x300.jpg 300w, https:\/\/klaragymnasium.se\/wp-content\/uploads\/sites\/6\/2024\/04\/ez-legallogo-400x400.jpg 400w, https:\/\/klaragymnasium.se\/wp-content\/uploads\/sites\/6\/2024\/04\/ez-legallogo-800x800.jpg 800w, https:\/\/klaragymnasium.se\/wp-content\/uploads\/sites\/6\/2024\/04\/ez-legallogo-1024x1024.jpg 1024w, https:\/\/klaragymnasium.se\/wp-content\/uploads\/sites\/6\/2024\/04\/ez-legallogo-1200x1200.jpg 1200w\" \/>\n\t\t\t\n\t\t\t\n\t\t\t\t\t<\/div>\n\t<\/div>\n\n\t\t\n\n<\/section>\n\n\n\n<div class=\"wp-block-columns is-layout-flex wp-container-core-columns-layout-2 wp-block-columns-is-layout-flex\">\n<div class=\"wp-block-column is-layout-flow wp-block-column-is-layout-flow\" style=\"flex-basis:15%\"><\/div>\n\n\n\n<div class=\"wp-block-column is-layout-flow wp-block-column-is-layout-flow\" style=\"flex-basis:70%\">\n<h3 class=\"wp-block-heading\">L\u00e4rdomar fr\u00e5n gymnasietiden<\/h3>\n\n\n\n<p>KLARA Postgatan \u00e4r en gymnasieskola mitt i G\u00f6teborgs centrum med engagerade elever och l\u00e4rare. Matilda beskriver sin skola som lagom stor d\u00e4r alla k\u00e4nde alla.<br>\u2013 Det var en god gemenskap mellan elever och l\u00e4rare men ocks\u00e5 klasserna emellan.<\/p>\n\n\n\n<p>KLARA Postgatan gav henne de f\u00f6rberedelserna hon beh\u00f6vde f\u00f6r att komma in p\u00e5 juristprogrammet.<br>\u2013 Vi l\u00e4ste mycket juridik p\u00e5 gymnasiet, totalt tre olika kurser. Det har verkligen gynnat mig i plugget idag, b\u00e5de kursen aff\u00e4rsjuridik och r\u00e4tten och samh\u00e4llet. Vi \u00f6vade p\u00e5 att skriva b\u00e5de uppsatser och caseuppgifter redan under gymnasiet vilket gav mig ett f\u00f6rspr\u00e5ng p\u00e5 juristprogrammet!<br><br><meta charset=\"utf-8\"><strong>Vad dr\u00f6mmer du om att g\u00f6ra i framtiden?<\/strong><br>Matilda har varit s\u00e4ker p\u00e5 att hon vill bli n\u00e5gon form av jurist \u00e4nda sedan b\u00f6rjan p\u00e5 gymnasiet. Men hon har inte riktigt best\u00e4mt sig f\u00f6r vad f\u00f6r typ av jurist.<br>\u2013 Jag vill l\u00e4sa m\u00e5nga olika r\u00e4ttsomr\u00e5den innan jag best\u00e4mmer mig. <\/p>\n\n\n\n<p>EZlegal arbetar fr\u00e4mst med humanjuridik p\u00e5 individniv\u00e5, men just nu i min utbildning l\u00e4ser jag kursen Obligationsr\u00e4tt vilket handlar om f\u00f6rm\u00f6genhetsr\u00e4tt som fr\u00e4mst behandlar fr\u00e5gor f\u00f6retag emellan vilket jag ocks\u00e5 tycker \u00e4r intressant.<\/p>\n\n\n\n<p>Idag studerar Matilda p\u00e5 juristprogrammet vid G\u00f6teborgs Universitet. Hon b\u00f6rjade p\u00e5 universitetet direkt efter hon avslutat sin tj\u00e4nst p\u00e5 EZlegal.&nbsp;<br>\u2013 Min roll p\u00e5 EZlegal inspirerade mig verkligen till att s\u00f6ka vidare. Jag m\u00e4rkte snabbt att jag redan k\u00e4nde till m\u00e5nga begrepp, hade inblick i hur domstolsv\u00e4sendet fungerade och ett praktiskt t\u00e4nk. Allt det har jag f\u00e5tt med mig fr\u00e5n min tid som juristassistent.&nbsp;<\/p>\n<\/div>\n\n\n\n<div class=\"wp-block-column is-layout-flow wp-block-column-is-layout-flow\" style=\"flex-basis:15%\"><\/div>\n<\/div>\n\n\n\n\n\n<section  class=\"ams-testimonial testimonial_module c-block l-stacked\" data-color-scheme=\"cards\">\n\t<div class=\"l-container l-stack l-stack-fluid-2xl u-pt-fluid-3xl-6xl u-pb-fluid-3xl-6xl is-center is-center@md\">\n\t\t\t\t\t<div class=\"ams-testimonial__intro l-stack l-stack-lg\">\n\t\t\t\t\t\n\t<h2\n\tclass=\"c-heading u-font-title-1 \"\n\tstyle=\"\">\n\t\t\n\t\t\t\t\tElevintervjuer\n\t\t\t\t\n\t<\/h2>\n\n\t\t\t\t\t\t\t\t\t<div class=\"c-text l-stack u-cs-xl u-font-body\">\n\t\t\t\t\t\t<p>Nyfiken p\u00e5 att l\u00e4sa mer om andra f\u00f6re detta elever p\u00e5 KLARA Postgatan?<\/p>\n\n\t\t\t\t\t<\/div>\n\t\t\t\t\t\t\t<\/div>\n\t\t\n\t\t\n\t\n\t\t\n\t\t\t\n<ul\n\tid=\"ams-testimonial-list-69f47e8fc7eed\"\n\tclass=\"ams-testimonial__list  l-grid u-gap-fluid-2xl-4xl js-results \"\n\tdata-filter-animation=\"off\">\n\t\t\t\t\t\t\t\t\t\t\t\n\t\t\n\t\t\n\t\t<li class=\"l-col-6@md \" data-filter=\"ekonomiprogrammet maj-2026\">\n\t\t\t<article class=\"c-card has-media-zoom \" data-variant=\"inside-half\" data-click-area>\n\t\t\t\t<div class=\"c-card__content l-stack l-stack-sm is-left is-left@md\">\n\t\t\t\t\t\t\t\t\t\t\t<blockquote class=\"c-card__title u-font-title-3\">\n\t\t\t\t\t\t\t\t\t\t\t\t\t\t\t<p class=\"u-quote-marks\"><a href=\"https:\/\/klaragymnasium.se\/goteborg-postgatan\/elevintervjuer\/matilda-20-ar-pluggar-juristprogrammet-i-goteborg\/\" class=\"link\">Min roll p\u00e5 EZlegal inspirerade mig verkligen att s\u00f6ka till juristprogrammet&#8230;<\/a><\/p>\n\t\t\t\t\t\t\t\t\t\t\t\t\t<\/blockquote>\n\t\t\t\t\t\n\t\t\t\t\t\t\t\t\t\t\t<p class=\"c-card__text l-stack-grow u-divider-top u-font-body\">\n\t\t\t\t\t\t\t<span class=\"author u-mr-fluid-lg\">Matilda<\/span>\n\t\t\t\t\t\t\t<span class=\"title u-mr-fluid-lg\">Ekonomiprogammet<\/span>\n\t\t\t\t\t\t<\/p>\n\t\t\t\t\t\n\t\t\t\t\t<div class=\"c-card__icon\">\n\t\t\t\t\t\t<svg class=\"ams-icon ams-icon--arrow-right\" width=\"32\" height=\"32\" viewBox=\"0 0 32 32\" fill=\"currentColor\" aria-hidden=\"true\" xmlns=\"http:\/\/www.w3.org\/2000\/svg\">\n\t\t\t\t\t\t\t<path d=\"M15.4617 0.252159L14.9567 0.75931C14.6219 1.09545 14.6219 1.64048 14.9567 1.97669L27.7062 14.7806H0.857144C0.383786 14.7806 0 15.166 0 15.6414V16.3587C0 16.8341 0.383786 17.2195 0.857144 17.2195H27.7062L14.9567 30.0234C14.6219 30.3595 14.6219 30.9045 14.9567 31.2407L15.4617 31.7479C15.7964 32.084 16.3392 32.084 16.6739 31.7479L31.749 16.6087C32.0837 16.2725 32.0837 15.7275 31.749 15.3913L16.6739 0.252159C16.3392 -0.084053 15.7964 -0.084053 15.4617 0.252159Z\"\/>\n\t\t\t\t\t\t<\/svg>\n\t\t\t\t\t<\/div>\n\t\t\t\t<\/div>\n\t\t\t\t<div class=\"c-card__media\" style=\" \">\n\t\t\t\t\t<img decoding=\"async\" width=\"600\" height=\"631\" src=\"https:\/\/klaragymnasium.se\/wp-content\/uploads\/sites\/6\/2024\/02\/portrattbildmatildakla-post-600x631.png\" class=\"attachment-md size-md\" alt=\"Portr\u00e4ttbild p\u00e5 f\u00f6re detta elev.\" sizes=\"(min-width: 80em) 600px, (min-width: 48em) calc(.50 * (100vw - 240px)), calc(100vw - 160px)\" srcset=\"https:\/\/klaragymnasium.se\/wp-content\/uploads\/sites\/6\/2024\/02\/portrattbildmatildakla-post-600x631.png 600w, https:\/\/klaragymnasium.se\/wp-content\/uploads\/sites\/6\/2024\/02\/portrattbildmatildakla-post-300x316.png 300w, https:\/\/klaragymnasium.se\/wp-content\/uploads\/sites\/6\/2024\/02\/portrattbildmatildakla-post-400x421.png 400w, https:\/\/klaragymnasium.se\/wp-content\/uploads\/sites\/6\/2024\/02\/portrattbildmatildakla-post-800x842.png 800w, https:\/\/klaragymnasium.se\/wp-content\/uploads\/sites\/6\/2024\/02\/portrattbildmatildakla-post.png 846w\" \/>\n\t\t\t\t<\/div>\n\t\t\t<\/article>\n\t\t<\/li>\n\t\t\t\t\t\t\t\t\t\t\t\n\t\t\n\t\t\n\t\t<li class=\"l-col-6@md \" data-filter=\"ekonomiprogrammet maj-2026\">\n\t\t\t<article class=\"c-card has-media-zoom \" data-variant=\"inside-half\" data-click-area>\n\t\t\t\t<div class=\"c-card__content l-stack l-stack-sm is-left is-left@md\">\n\t\t\t\t\t\t\t\t\t\t\t<blockquote class=\"c-card__title u-font-title-3\">\n\t\t\t\t\t\t\t\t\t\t\t\t\t\t\t<p class=\"u-quote-marks\"><a href=\"https:\/\/klaragymnasium.se\/goteborg-postgatan\/elevintervjuer\/elliot-om-sin-tid-pa-klara-postgatan\/\" class=\"link\">Jag har f\u00e5tt s\u00e5 mycket kunskaper och f\u00e4rdigheter p\u00e5 byr\u00e5n EZlegal&#8230;.<\/a><\/p>\n\t\t\t\t\t\t\t\t\t\t\t\t\t<\/blockquote>\n\t\t\t\t\t\n\t\t\t\t\t\t\t\t\t\t\t<p class=\"c-card__text l-stack-grow u-divider-top u-font-body\">\n\t\t\t\t\t\t\t<span class=\"author u-mr-fluid-lg\">Elliot<\/span>\n\t\t\t\t\t\t\t<span class=\"title u-mr-fluid-lg\">Ekonomiprogrammet<\/span>\n\t\t\t\t\t\t<\/p>\n\t\t\t\t\t\n\t\t\t\t\t<div class=\"c-card__icon\">\n\t\t\t\t\t\t<svg class=\"ams-icon ams-icon--arrow-right\" width=\"32\" height=\"32\" viewBox=\"0 0 32 32\" fill=\"currentColor\" aria-hidden=\"true\" xmlns=\"http:\/\/www.w3.org\/2000\/svg\">\n\t\t\t\t\t\t\t<path d=\"M15.4617 0.252159L14.9567 0.75931C14.6219 1.09545 14.6219 1.64048 14.9567 1.97669L27.7062 14.7806H0.857144C0.383786 14.7806 0 15.166 0 15.6414V16.3587C0 16.8341 0.383786 17.2195 0.857144 17.2195H27.7062L14.9567 30.0234C14.6219 30.3595 14.6219 30.9045 14.9567 31.2407L15.4617 31.7479C15.7964 32.084 16.3392 32.084 16.6739 31.7479L31.749 16.6087C32.0837 16.2725 32.0837 15.7275 31.749 15.3913L16.6739 0.252159C16.3392 -0.084053 15.7964 -0.084053 15.4617 0.252159Z\"\/>\n\t\t\t\t\t\t<\/svg>\n\t\t\t\t\t<\/div>\n\t\t\t\t<\/div>\n\t\t\t\t<div class=\"c-card__media\" style=\" \">\n\t\t\t\t\t<img decoding=\"async\" width=\"600\" height=\"764\" src=\"https:\/\/klaragymnasium.se\/wp-content\/uploads\/sites\/6\/2024\/02\/portrattbild-elliot-png-600x764.png\" class=\"attachment-md size-md\" alt=\"Personportr\u00e4tt\" sizes=\"(min-width: 80em) 600px, (min-width: 48em) calc(.50 * (100vw - 240px)), calc(100vw - 160px)\" srcset=\"https:\/\/klaragymnasium.se\/wp-content\/uploads\/sites\/6\/2024\/02\/portrattbild-elliot-png-600x764.png 600w, https:\/\/klaragymnasium.se\/wp-content\/uploads\/sites\/6\/2024\/02\/portrattbild-elliot-png-300x382.png 300w, https:\/\/klaragymnasium.se\/wp-content\/uploads\/sites\/6\/2024\/02\/portrattbild-elliot-png-400x510.png 400w, https:\/\/klaragymnasium.se\/wp-content\/uploads\/sites\/6\/2024\/02\/portrattbild-elliot-png.png 715w\" \/>\n\t\t\t\t<\/div>\n\t\t\t<\/article>\n\t\t<\/li>\n\t\t\t\t\t\t\t\t\t\t\t\n\t\t\n\t\t\n\t\t<li class=\"l-col-6@md \" data-filter=\"teknikprogrammet juni-2026\">\n\t\t\t<article class=\"c-card has-media-zoom \" data-variant=\"inside-half\" data-click-area>\n\t\t\t\t<div class=\"c-card__content l-stack l-stack-sm is-left is-left@md\">\n\t\t\t\t\t\t\t\t\t\t\t<blockquote class=\"c-card__title u-font-title-3\">\n\t\t\t\t\t\t\t\t\t\t\t\t\t\t\t<p class=\"u-quote-marks\"><a href=\"https:\/\/klaragymnasium.se\/goteborg-postgatan\/elevintervjuer\/lokal\/moa-laser-teknikprogrammet\" class=\"link\">Det finns en stark och h\u00e4rlig gemenskap p\u00e5 skolan&#8230;.<\/a><\/p>\n\t\t\t\t\t\t\t\t\t\t\t\t\t<\/blockquote>\n\t\t\t\t\t\n\t\t\t\t\t\t\t\t\t\t\t<p class=\"c-card__text l-stack-grow u-divider-top u-font-body\">\n\t\t\t\t\t\t\t<span class=\"author u-mr-fluid-lg\">Moa<\/span>\n\t\t\t\t\t\t\t<span class=\"title u-mr-fluid-lg\">Teknikvetenskapsprogrammet<\/span>\n\t\t\t\t\t\t<\/p>\n\t\t\t\t\t\n\t\t\t\t\t<div class=\"c-card__icon\">\n\t\t\t\t\t\t<svg class=\"ams-icon ams-icon--arrow-right\" width=\"32\" height=\"32\" viewBox=\"0 0 32 32\" fill=\"currentColor\" aria-hidden=\"true\" xmlns=\"http:\/\/www.w3.org\/2000\/svg\">\n\t\t\t\t\t\t\t<path d=\"M15.4617 0.252159L14.9567 0.75931C14.6219 1.09545 14.6219 1.64048 14.9567 1.97669L27.7062 14.7806H0.857144C0.383786 14.7806 0 15.166 0 15.6414V16.3587C0 16.8341 0.383786 17.2195 0.857144 17.2195H27.7062L14.9567 30.0234C14.6219 30.3595 14.6219 30.9045 14.9567 31.2407L15.4617 31.7479C15.7964 32.084 16.3392 32.084 16.6739 31.7479L31.749 16.6087C32.0837 16.2725 32.0837 15.7275 31.749 15.3913L16.6739 0.252159C16.3392 -0.084053 15.7964 -0.084053 15.4617 0.252159Z\"\/>\n\t\t\t\t\t\t<\/svg>\n\t\t\t\t\t<\/div>\n\t\t\t\t<\/div>\n\t\t\t\t<div class=\"c-card__media\" style=\" \">\n\t\t\t\t\t<img decoding=\"async\" width=\"600\" height=\"469\" src=\"https:\/\/klaragymnasium.se\/wp-content\/uploads\/2023\/05\/klarapostgatanmoateknik1-e1685106298434-600x469.jpeg\" class=\"attachment-md size-md\" alt=\"Portr\u00e4ttbild p\u00e5 elev.\" sizes=\"(min-width: 80em) 600px, (min-width: 48em) calc(.50 * (100vw - 240px)), calc(100vw - 160px)\" srcset=\"https:\/\/klaragymnasium.se\/wp-content\/uploads\/2023\/05\/klarapostgatanmoateknik1-e1685106298434-600x469.jpeg 600w, https:\/\/klaragymnasium.se\/wp-content\/uploads\/2023\/05\/klarapostgatanmoateknik1-e1685106298434-300x235.jpeg 300w, https:\/\/klaragymnasium.se\/wp-content\/uploads\/2023\/05\/klarapostgatanmoateknik1-e1685106298434-400x313.jpeg 400w, https:\/\/klaragymnasium.se\/wp-content\/uploads\/2023\/05\/klarapostgatanmoateknik1-e1685106298434-800x625.jpeg 800w, https:\/\/klaragymnasium.se\/wp-content\/uploads\/2023\/05\/klarapostgatanmoateknik1-e1685106298434.jpeg 953w\" \/>\n\t\t\t\t<\/div>\n\t\t\t<\/article>\n\t\t<\/li>\n\t\t\t\t\t\t\t\t\t\t\t\n\t\t\n\t\t\n\t\t<li class=\"l-col-6@md \" data-filter=\"teknikprogrammet maj-2026\">\n\t\t\t<article class=\"c-card has-media-zoom \" data-variant=\"inside-half\" data-click-area>\n\t\t\t\t<div class=\"c-card__content l-stack l-stack-sm is-left is-left@md\">\n\t\t\t\t\t\t\t\t\t\t\t<blockquote class=\"c-card__title u-font-title-3\">\n\t\t\t\t\t\t\t\t\t\t\t\t\t\t\t<p class=\"u-quote-marks\"><a href=\"https:\/\/klaragymnasium.se\/goteborg-postgatan\/elevintervjuer\/lokal\/simon-laser-teknikvetenskapsprogrammet-pa-klara-sodra\" class=\"link\">Man ska v\u00e4lja KLARA eftersom st\u00e4mningen p\u00e5 skolan \u00e4r bra och k\u00e4nns v\u00e4lkomnande!&#8230;<\/a><\/p>\n\t\t\t\t\t\t\t\t\t\t\t\t\t<\/blockquote>\n\t\t\t\t\t\n\t\t\t\t\t\t\t\t\t\t\t<p class=\"c-card__text l-stack-grow u-divider-top u-font-body\">\n\t\t\t\t\t\t\t<span class=\"author u-mr-fluid-lg\">Simon<\/span>\n\t\t\t\t\t\t\t<span class=\"title u-mr-fluid-lg\">Teknikprogrammet<\/span>\n\t\t\t\t\t\t<\/p>\n\t\t\t\t\t\n\t\t\t\t\t<div class=\"c-card__icon\">\n\t\t\t\t\t\t<svg class=\"ams-icon ams-icon--arrow-right\" width=\"32\" height=\"32\" viewBox=\"0 0 32 32\" fill=\"currentColor\" aria-hidden=\"true\" xmlns=\"http:\/\/www.w3.org\/2000\/svg\">\n\t\t\t\t\t\t\t<path d=\"M15.4617 0.252159L14.9567 0.75931C14.6219 1.09545 14.6219 1.64048 14.9567 1.97669L27.7062 14.7806H0.857144C0.383786 14.7806 0 15.166 0 15.6414V16.3587C0 16.8341 0.383786 17.2195 0.857144 17.2195H27.7062L14.9567 30.0234C14.6219 30.3595 14.6219 30.9045 14.9567 31.2407L15.4617 31.7479C15.7964 32.084 16.3392 32.084 16.6739 31.7479L31.749 16.6087C32.0837 16.2725 32.0837 15.7275 31.749 15.3913L16.6739 0.252159C16.3392 -0.084053 15.7964 -0.084053 15.4617 0.252159Z\"\/>\n\t\t\t\t\t\t<\/svg>\n\t\t\t\t\t<\/div>\n\t\t\t\t<\/div>\n\t\t\t\t<div class=\"c-card__media\" style=\" \">\n\t\t\t\t\t<img decoding=\"async\" width=\"600\" height=\"400\" src=\"https:\/\/klaragymnasium.se\/wp-content\/uploads\/2023\/05\/simon-elev-klara-sodra-scaled-600x400.jpg\" class=\"attachment-md size-md\" alt=\"Elever och l\u00e4rare i ett klassrum.\" sizes=\"(min-width: 80em) 600px, (min-width: 48em) calc(.50 * (100vw - 240px)), calc(100vw - 160px)\" srcset=\"https:\/\/klaragymnasium.se\/wp-content\/uploads\/2023\/05\/simon-elev-klara-sodra-scaled-600x400.jpg 600w, https:\/\/klaragymnasium.se\/wp-content\/uploads\/2023\/05\/simon-elev-klara-sodra-scaled-300x200.jpg 300w, https:\/\/klaragymnasium.se\/wp-content\/uploads\/2023\/05\/simon-elev-klara-sodra-scaled-400x267.jpg 400w, https:\/\/klaragymnasium.se\/wp-content\/uploads\/2023\/05\/simon-elev-klara-sodra-scaled-800x533.jpg 800w, https:\/\/klaragymnasium.se\/wp-content\/uploads\/2023\/05\/simon-elev-klara-sodra-scaled-1024x683.jpg 1024w, https:\/\/klaragymnasium.se\/wp-content\/uploads\/2023\/05\/simon-elev-klara-sodra-scaled-1200x800.jpg 1200w\" \/>\n\t\t\t\t<\/div>\n\t\t\t<\/article>\n\t\t<\/li>\n\t\t\t\t\t\t\t\t\t\t\t\n\t\t\n\t\t\n\t\t<li class=\"l-col-6@md \" data-filter=\"samhallsvetenskapsprogrammet juni-2026\">\n\t\t\t<article class=\"c-card has-media-zoom \" data-variant=\"inside-half\" data-click-area>\n\t\t\t\t<div class=\"c-card__content l-stack l-stack-sm is-left is-left@md\">\n\t\t\t\t\t\t\t\t\t\t\t<blockquote class=\"c-card__title u-font-title-3\">\n\t\t\t\t\t\t\t\t\t\t\t\t\t\t\t<p class=\"u-quote-marks\"><a href=\"https:\/\/klaragymnasium.se\/goteborg-postgatan\/elevintervjuer\/lokal\/felix-basta-tips-infor-gymnasievalet\" class=\"link\">Det roligaste med mitt program \u00e4r de verklighetsrelaterade uppgifter som verkligen engagerar oss elever!&#8230;<\/a><\/p>\n\t\t\t\t\t\t\t\t\t\t\t\t\t<\/blockquote>\n\t\t\t\t\t\n\t\t\t\t\t\t\t\t\t\t\t<p class=\"c-card__text l-stack-grow u-divider-top u-font-body\">\n\t\t\t\t\t\t\t<span class=\"author u-mr-fluid-lg\">Felix<\/span>\n\t\t\t\t\t\t\t<span class=\"title u-mr-fluid-lg\">Samh\u00e4llsvetenskapsprogrammet<\/span>\n\t\t\t\t\t\t<\/p>\n\t\t\t\t\t\n\t\t\t\t\t<div class=\"c-card__icon\">\n\t\t\t\t\t\t<svg class=\"ams-icon ams-icon--arrow-right\" width=\"32\" height=\"32\" viewBox=\"0 0 32 32\" fill=\"currentColor\" aria-hidden=\"true\" xmlns=\"http:\/\/www.w3.org\/2000\/svg\">\n\t\t\t\t\t\t\t<path d=\"M15.4617 0.252159L14.9567 0.75931C14.6219 1.09545 14.6219 1.64048 14.9567 1.97669L27.7062 14.7806H0.857144C0.383786 14.7806 0 15.166 0 15.6414V16.3587C0 16.8341 0.383786 17.2195 0.857144 17.2195H27.7062L14.9567 30.0234C14.6219 30.3595 14.6219 30.9045 14.9567 31.2407L15.4617 31.7479C15.7964 32.084 16.3392 32.084 16.6739 31.7479L31.749 16.6087C32.0837 16.2725 32.0837 15.7275 31.749 15.3913L16.6739 0.252159C16.3392 -0.084053 15.7964 -0.084053 15.4617 0.252159Z\"\/>\n\t\t\t\t\t\t<\/svg>\n\t\t\t\t\t<\/div>\n\t\t\t\t<\/div>\n\t\t\t\t<div class=\"c-card__media\" style=\" \">\n\t\t\t\t\t<img decoding=\"async\" width=\"435\" height=\"376\" src=\"https:\/\/klaragymnasium.se\/wp-content\/uploads\/2023\/03\/felix-basta-tips-gymnasievalet.png\" class=\"attachment-md size-md\" alt=\"Portr\u00e4ttbild p\u00e5 elev.\" sizes=\"(min-width: 80em) 600px, (min-width: 48em) calc(.50 * (100vw - 240px)), calc(100vw - 160px)\" srcset=\"https:\/\/klaragymnasium.se\/wp-content\/uploads\/2023\/03\/felix-basta-tips-gymnasievalet.png 435w, https:\/\/klaragymnasium.se\/wp-content\/uploads\/2023\/03\/felix-basta-tips-gymnasievalet-300x259.png 300w, https:\/\/klaragymnasium.se\/wp-content\/uploads\/2023\/03\/felix-basta-tips-gymnasievalet-400x346.png 400w\" \/>\n\t\t\t\t<\/div>\n\t\t\t<\/article>\n\t\t<\/li>\n\t\t\t\t\t\t\t\t\t\t\t\n\t\t\n\t\t\n\t\t<li class=\"l-col-6@md \" data-filter=\"klara-linkoping naturvetenskapsprogrammet juni-2026\">\n\t\t\t<article class=\"c-card has-media-zoom \" data-variant=\"inside-half\" data-click-area>\n\t\t\t\t<div class=\"c-card__content l-stack l-stack-sm is-left is-left@md\">\n\t\t\t\t\t\t\t\t\t\t\t<blockquote class=\"c-card__title u-font-title-3\">\n\t\t\t\t\t\t\t\t\t\t\t\t\t\t\t<p class=\"u-quote-marks\"><a href=\"https:\/\/klaragymnasium.se\/goteborg-postgatan\/elevintervjuer\/lokal\/daniel-om-klara-teoretiska-gymnasium\" class=\"link\">Natur passar verkligen mig d\u00e5 jag har \u201csiffert\u00e4nk\u201d och diggar probleml\u00f6sning&#8230;<\/a><\/p>\n\t\t\t\t\t\t\t\t\t\t\t\t\t<\/blockquote>\n\t\t\t\t\t\n\t\t\t\t\t\t\t\t\t\t\t<p class=\"c-card__text l-stack-grow u-divider-top u-font-body\">\n\t\t\t\t\t\t\t<span class=\"author u-mr-fluid-lg\">Daniel<\/span>\n\t\t\t\t\t\t\t<span class=\"title u-mr-fluid-lg\">Naturvetenskapsprogrammet<\/span>\n\t\t\t\t\t\t<\/p>\n\t\t\t\t\t\n\t\t\t\t\t<div class=\"c-card__icon\">\n\t\t\t\t\t\t<svg class=\"ams-icon ams-icon--arrow-right\" width=\"32\" height=\"32\" viewBox=\"0 0 32 32\" fill=\"currentColor\" aria-hidden=\"true\" xmlns=\"http:\/\/www.w3.org\/2000\/svg\">\n\t\t\t\t\t\t\t<path d=\"M15.4617 0.252159L14.9567 0.75931C14.6219 1.09545 14.6219 1.64048 14.9567 1.97669L27.7062 14.7806H0.857144C0.383786 14.7806 0 15.166 0 15.6414V16.3587C0 16.8341 0.383786 17.2195 0.857144 17.2195H27.7062L14.9567 30.0234C14.6219 30.3595 14.6219 30.9045 14.9567 31.2407L15.4617 31.7479C15.7964 32.084 16.3392 32.084 16.6739 31.7479L31.749 16.6087C32.0837 16.2725 32.0837 15.7275 31.749 15.3913L16.6739 0.252159C16.3392 -0.084053 15.7964 -0.084053 15.4617 0.252159Z\"\/>\n\t\t\t\t\t\t<\/svg>\n\t\t\t\t\t<\/div>\n\t\t\t\t<\/div>\n\t\t\t\t<div class=\"c-card__media\" style=\" \">\n\t\t\t\t\t<img decoding=\"async\" width=\"600\" height=\"459\" src=\"https:\/\/klaragymnasium.se\/wp-content\/uploads\/2023\/03\/daniel-klara-teoretiska-gymnasium-600x459.png\" class=\"attachment-md size-md\" alt=\"Portr\u00e4ttbild p\u00e5 elev.\" sizes=\"(min-width: 80em) 600px, (min-width: 48em) calc(.50 * (100vw - 240px)), calc(100vw - 160px)\" srcset=\"https:\/\/klaragymnasium.se\/wp-content\/uploads\/2023\/03\/daniel-klara-teoretiska-gymnasium-600x459.png 600w, https:\/\/klaragymnasium.se\/wp-content\/uploads\/2023\/03\/daniel-klara-teoretiska-gymnasium-300x230.png 300w, https:\/\/klaragymnasium.se\/wp-content\/uploads\/2023\/03\/daniel-klara-teoretiska-gymnasium-400x306.png 400w, https:\/\/klaragymnasium.se\/wp-content\/uploads\/2023\/03\/daniel-klara-teoretiska-gymnasium-800x612.png 800w, https:\/\/klaragymnasium.se\/wp-content\/uploads\/2023\/03\/daniel-klara-teoretiska-gymnasium-1024x784.png 1024w, https:\/\/klaragymnasium.se\/wp-content\/uploads\/2023\/03\/daniel-klara-teoretiska-gymnasium-1200x919.png 1200w, https:\/\/klaragymnasium.se\/wp-content\/uploads\/2023\/03\/daniel-klara-teoretiska-gymnasium.png 1518w\" \/>\n\t\t\t\t<\/div>\n\t\t\t<\/article>\n\t\t<\/li>\n\t\t\t\t\t\t\t\t\t\t\t\n\t\t\n\t\t\n\t\t<li class=\"l-col-6@md \" data-filter=\"ekonomiprogrammet juni-2026\">\n\t\t\t<article class=\"c-card has-media-zoom \" data-variant=\"inside-half\" data-click-area>\n\t\t\t\t<div class=\"c-card__content l-stack l-stack-sm is-left is-left@md\">\n\t\t\t\t\t\t\t\t\t\t\t<blockquote class=\"c-card__title u-font-title-3\">\n\t\t\t\t\t\t\t\t\t\t\t\t\t\t\t<p class=\"u-quote-marks\"><a href=\"https:\/\/klaragymnasium.se\/goteborg-postgatan\/elevintervjuer\/lokal\/joy-berattar-om-ekonomiprogrammet\" class=\"link\">Det som \u00e4r roligast \u00e4r att vi f\u00e5r l\u00e4ra oss om hur olika f\u00f6retag arbetar&#8230;<\/a><\/p>\n\t\t\t\t\t\t\t\t\t\t\t\t\t<\/blockquote>\n\t\t\t\t\t\n\t\t\t\t\t\t\t\t\t\t\t<p class=\"c-card__text l-stack-grow u-divider-top u-font-body\">\n\t\t\t\t\t\t\t<span class=\"author u-mr-fluid-lg\">Joy<\/span>\n\t\t\t\t\t\t\t<span class=\"title u-mr-fluid-lg\">Ekonomiprogrammet<\/span>\n\t\t\t\t\t\t<\/p>\n\t\t\t\t\t\n\t\t\t\t\t<div class=\"c-card__icon\">\n\t\t\t\t\t\t<svg class=\"ams-icon ams-icon--arrow-right\" width=\"32\" height=\"32\" viewBox=\"0 0 32 32\" fill=\"currentColor\" aria-hidden=\"true\" xmlns=\"http:\/\/www.w3.org\/2000\/svg\">\n\t\t\t\t\t\t\t<path d=\"M15.4617 0.252159L14.9567 0.75931C14.6219 1.09545 14.6219 1.64048 14.9567 1.97669L27.7062 14.7806H0.857144C0.383786 14.7806 0 15.166 0 15.6414V16.3587C0 16.8341 0.383786 17.2195 0.857144 17.2195H27.7062L14.9567 30.0234C14.6219 30.3595 14.6219 30.9045 14.9567 31.2407L15.4617 31.7479C15.7964 32.084 16.3392 32.084 16.6739 31.7479L31.749 16.6087C32.0837 16.2725 32.0837 15.7275 31.749 15.3913L16.6739 0.252159C16.3392 -0.084053 15.7964 -0.084053 15.4617 0.252159Z\"\/>\n\t\t\t\t\t\t<\/svg>\n\t\t\t\t\t<\/div>\n\t\t\t\t<\/div>\n\t\t\t\t<div class=\"c-card__media\" style=\" \">\n\t\t\t\t\t<img decoding=\"async\" width=\"600\" height=\"571\" src=\"https:\/\/klaragymnasium.se\/wp-content\/uploads\/2023\/04\/ekonomiprogrammet-i-sundsvall-600x571.jpeg\" class=\"attachment-md size-md\" alt=\"Portr\u00e4ttbild p\u00e5 elev.\" sizes=\"(min-width: 80em) 600px, (min-width: 48em) calc(.50 * (100vw - 240px)), calc(100vw - 160px)\" srcset=\"https:\/\/klaragymnasium.se\/wp-content\/uploads\/2023\/04\/ekonomiprogrammet-i-sundsvall-600x571.jpeg 600w, https:\/\/klaragymnasium.se\/wp-content\/uploads\/2023\/04\/ekonomiprogrammet-i-sundsvall-300x286.jpeg 300w, https:\/\/klaragymnasium.se\/wp-content\/uploads\/2023\/04\/ekonomiprogrammet-i-sundsvall-400x381.jpeg 400w, https:\/\/klaragymnasium.se\/wp-content\/uploads\/2023\/04\/ekonomiprogrammet-i-sundsvall-800x762.jpeg 800w, https:\/\/klaragymnasium.se\/wp-content\/uploads\/2023\/04\/ekonomiprogrammet-i-sundsvall-1024x975.jpeg 1024w, https:\/\/klaragymnasium.se\/wp-content\/uploads\/2023\/04\/ekonomiprogrammet-i-sundsvall-1200x1142.jpeg 1200w, https:\/\/klaragymnasium.se\/wp-content\/uploads\/2023\/04\/ekonomiprogrammet-i-sundsvall.jpeg 1707w\" \/>\n\t\t\t\t<\/div>\n\t\t\t<\/article>\n\t\t<\/li>\n\t\t\t\t\t\t\t\t\t\t\t\n\t\t\n\t\t\n\t\t<li class=\"l-col-6@md \" data-filter=\"samhallsvetenskapsprogrammet juni-2026\">\n\t\t\t<article class=\"c-card has-media-zoom \" data-variant=\"inside-half\" data-click-area>\n\t\t\t\t<div class=\"c-card__content l-stack l-stack-sm is-left is-left@md\">\n\t\t\t\t\t\t\t\t\t\t\t<blockquote class=\"c-card__title u-font-title-3\">\n\t\t\t\t\t\t\t\t\t\t\t\t\t\t\t<p class=\"u-quote-marks\"><a href=\"https:\/\/klaragymnasium.se\/goteborg-postgatan\/elevintervjuer\/lokal\/oran-om-sam-beteende\" class=\"link\">Jag har l\u00e4nge velat bli psykolog, d\u00e4rf\u00f6r k\u00e4ndes Samh\u00e4llsvetenskapsprogrammet som det sj\u00e4lvklara valet f\u00f6r mig&#8230;<\/a><\/p>\n\t\t\t\t\t\t\t\t\t\t\t\t\t<\/blockquote>\n\t\t\t\t\t\n\t\t\t\t\t\t\t\t\t\t\t<p class=\"c-card__text l-stack-grow u-divider-top u-font-body\">\n\t\t\t\t\t\t\t<span class=\"author u-mr-fluid-lg\">Oran<\/span>\n\t\t\t\t\t\t\t<span class=\"title u-mr-fluid-lg\">Samh\u00e4llsvetenskapsprogrammet<\/span>\n\t\t\t\t\t\t<\/p>\n\t\t\t\t\t\n\t\t\t\t\t<div class=\"c-card__icon\">\n\t\t\t\t\t\t<svg class=\"ams-icon ams-icon--arrow-right\" width=\"32\" height=\"32\" viewBox=\"0 0 32 32\" fill=\"currentColor\" aria-hidden=\"true\" xmlns=\"http:\/\/www.w3.org\/2000\/svg\">\n\t\t\t\t\t\t\t<path d=\"M15.4617 0.252159L14.9567 0.75931C14.6219 1.09545 14.6219 1.64048 14.9567 1.97669L27.7062 14.7806H0.857144C0.383786 14.7806 0 15.166 0 15.6414V16.3587C0 16.8341 0.383786 17.2195 0.857144 17.2195H27.7062L14.9567 30.0234C14.6219 30.3595 14.6219 30.9045 14.9567 31.2407L15.4617 31.7479C15.7964 32.084 16.3392 32.084 16.6739 31.7479L31.749 16.6087C32.0837 16.2725 32.0837 15.7275 31.749 15.3913L16.6739 0.252159C16.3392 -0.084053 15.7964 -0.084053 15.4617 0.252159Z\"\/>\n\t\t\t\t\t\t<\/svg>\n\t\t\t\t\t<\/div>\n\t\t\t\t<\/div>\n\t\t\t\t<div class=\"c-card__media\" style=\" \">\n\t\t\t\t\t<img decoding=\"async\" width=\"600\" height=\"623\" src=\"https:\/\/klaragymnasium.se\/wp-content\/uploads\/2023\/03\/oran-klara-teoretiska-gymnasium-ostra-e1679909160205-600x623.jpeg\" class=\"attachment-md size-md\" alt=\"Portr\u00e4ttbild p\u00e5 elev.\" sizes=\"(min-width: 80em) 600px, (min-width: 48em) calc(.50 * (100vw - 240px)), calc(100vw - 160px)\" srcset=\"https:\/\/klaragymnasium.se\/wp-content\/uploads\/2023\/03\/oran-klara-teoretiska-gymnasium-ostra-e1679909160205-600x623.jpeg 600w, https:\/\/klaragymnasium.se\/wp-content\/uploads\/2023\/03\/oran-klara-teoretiska-gymnasium-ostra-e1679909160205-300x311.jpeg 300w, https:\/\/klaragymnasium.se\/wp-content\/uploads\/2023\/03\/oran-klara-teoretiska-gymnasium-ostra-e1679909160205-400x415.jpeg 400w, https:\/\/klaragymnasium.se\/wp-content\/uploads\/2023\/03\/oran-klara-teoretiska-gymnasium-ostra-e1679909160205-800x830.jpeg 800w, https:\/\/klaragymnasium.se\/wp-content\/uploads\/2023\/03\/oran-klara-teoretiska-gymnasium-ostra-e1679909160205-1024x1063.jpeg 1024w, https:\/\/klaragymnasium.se\/wp-content\/uploads\/2023\/03\/oran-klara-teoretiska-gymnasium-ostra-e1679909160205-1200x1246.jpeg 1200w, https:\/\/klaragymnasium.se\/wp-content\/uploads\/2023\/03\/oran-klara-teoretiska-gymnasium-ostra-e1679909160205.jpeg 1707w\" \/>\n\t\t\t\t<\/div>\n\t\t\t<\/article>\n\t\t<\/li>\n\t\t\t\t\t\t\t\t\t\t\t\n\t\t\n\t\t\n\t\t<li class=\"l-col-6@md \" data-filter=\"samhallsvetenskapsprogrammet juni-2026\">\n\t\t\t<article class=\"c-card has-media-zoom \" data-variant=\"inside-half\" data-click-area>\n\t\t\t\t<div class=\"c-card__content l-stack l-stack-sm is-left is-left@md\">\n\t\t\t\t\t\t\t\t\t\t\t<blockquote class=\"c-card__title u-font-title-3\">\n\t\t\t\t\t\t\t\t\t\t\t\t\t\t\t<p class=\"u-quote-marks\"><a href=\"https:\/\/klaragymnasium.se\/goteborg-postgatan\/elevintervjuer\/lokal\/vilda-om-samhallsvetenskapsprogrammet\" class=\"link\">Det k\u00e4nns bra att skolan engagerar sig i v\u00e4lg\u00f6renhetsprojekt&#8230;<\/a><\/p>\n\t\t\t\t\t\t\t\t\t\t\t\t\t<\/blockquote>\n\t\t\t\t\t\n\t\t\t\t\t\t\t\t\t\t\t<p class=\"c-card__text l-stack-grow u-divider-top u-font-body\">\n\t\t\t\t\t\t\t<span class=\"author u-mr-fluid-lg\">Vilda<\/span>\n\t\t\t\t\t\t\t<span class=\"title u-mr-fluid-lg\">Samh\u00e4llsvetenskapsprogrammet<\/span>\n\t\t\t\t\t\t<\/p>\n\t\t\t\t\t\n\t\t\t\t\t<div class=\"c-card__icon\">\n\t\t\t\t\t\t<svg class=\"ams-icon ams-icon--arrow-right\" width=\"32\" height=\"32\" viewBox=\"0 0 32 32\" fill=\"currentColor\" aria-hidden=\"true\" xmlns=\"http:\/\/www.w3.org\/2000\/svg\">\n\t\t\t\t\t\t\t<path d=\"M15.4617 0.252159L14.9567 0.75931C14.6219 1.09545 14.6219 1.64048 14.9567 1.97669L27.7062 14.7806H0.857144C0.383786 14.7806 0 15.166 0 15.6414V16.3587C0 16.8341 0.383786 17.2195 0.857144 17.2195H27.7062L14.9567 30.0234C14.6219 30.3595 14.6219 30.9045 14.9567 31.2407L15.4617 31.7479C15.7964 32.084 16.3392 32.084 16.6739 31.7479L31.749 16.6087C32.0837 16.2725 32.0837 15.7275 31.749 15.3913L16.6739 0.252159C16.3392 -0.084053 15.7964 -0.084053 15.4617 0.252159Z\"\/>\n\t\t\t\t\t\t<\/svg>\n\t\t\t\t\t<\/div>\n\t\t\t\t<\/div>\n\t\t\t\t<div class=\"c-card__media\" style=\" \">\n\t\t\t\t\t<img decoding=\"async\" width=\"600\" height=\"537\" src=\"https:\/\/klaragymnasium.se\/wp-content\/uploads\/2023\/03\/vilda-klara-teoretiska-gymnasium-600x537.png\" class=\"attachment-md size-md\" alt=\"Portr\u00e4ttbild p\u00e5 elev.\" sizes=\"(min-width: 80em) 600px, (min-width: 48em) calc(.50 * (100vw - 240px)), calc(100vw - 160px)\" srcset=\"https:\/\/klaragymnasium.se\/wp-content\/uploads\/2023\/03\/vilda-klara-teoretiska-gymnasium-600x537.png 600w, https:\/\/klaragymnasium.se\/wp-content\/uploads\/2023\/03\/vilda-klara-teoretiska-gymnasium-300x269.png 300w, https:\/\/klaragymnasium.se\/wp-content\/uploads\/2023\/03\/vilda-klara-teoretiska-gymnasium-400x358.png 400w, https:\/\/klaragymnasium.se\/wp-content\/uploads\/2023\/03\/vilda-klara-teoretiska-gymnasium.png 762w\" \/>\n\t\t\t\t<\/div>\n\t\t\t<\/article>\n\t\t<\/li>\n\t\t\t\t\t\t\t\t\t\t\t\n\t\t\n\t\t\n\t\t<li class=\"l-col-6@md \" data-filter=\"naturvetenskapsprogrammet maj-2026\">\n\t\t\t<article class=\"c-card has-media-zoom \" data-variant=\"inside-half\" data-click-area>\n\t\t\t\t<div class=\"c-card__content l-stack l-stack-sm is-left is-left@md\">\n\t\t\t\t\t\t\t\t\t\t\t<blockquote class=\"c-card__title u-font-title-3\">\n\t\t\t\t\t\t\t\t\t\t\t\t\t\t\t<p class=\"u-quote-marks\"><a href=\"https:\/\/klaragymnasium.se\/goteborg-postgatan\/elevintervjuer\/lokal\/majken-om-klara-sundsvall\" class=\"link\">Det b\u00e4sta med Naturprogrammet \u00e4r att det ger stora m\u00f6jligheter efter gymnasiet&#8230;<\/a><\/p>\n\t\t\t\t\t\t\t\t\t\t\t\t\t<\/blockquote>\n\t\t\t\t\t\n\t\t\t\t\t\t\t\t\t\t\t<p class=\"c-card__text l-stack-grow u-divider-top u-font-body\">\n\t\t\t\t\t\t\t<span class=\"author u-mr-fluid-lg\">Majken<\/span>\n\t\t\t\t\t\t\t<span class=\"title u-mr-fluid-lg\">Naturvetenskapsprogrammet<\/span>\n\t\t\t\t\t\t<\/p>\n\t\t\t\t\t\n\t\t\t\t\t<div class=\"c-card__icon\">\n\t\t\t\t\t\t<svg class=\"ams-icon ams-icon--arrow-right\" width=\"32\" height=\"32\" viewBox=\"0 0 32 32\" fill=\"currentColor\" aria-hidden=\"true\" xmlns=\"http:\/\/www.w3.org\/2000\/svg\">\n\t\t\t\t\t\t\t<path d=\"M15.4617 0.252159L14.9567 0.75931C14.6219 1.09545 14.6219 1.64048 14.9567 1.97669L27.7062 14.7806H0.857144C0.383786 14.7806 0 15.166 0 15.6414V16.3587C0 16.8341 0.383786 17.2195 0.857144 17.2195H27.7062L14.9567 30.0234C14.6219 30.3595 14.6219 30.9045 14.9567 31.2407L15.4617 31.7479C15.7964 32.084 16.3392 32.084 16.6739 31.7479L31.749 16.6087C32.0837 16.2725 32.0837 15.7275 31.749 15.3913L16.6739 0.252159C16.3392 -0.084053 15.7964 -0.084053 15.4617 0.252159Z\"\/>\n\t\t\t\t\t\t<\/svg>\n\t\t\t\t\t<\/div>\n\t\t\t\t<\/div>\n\t\t\t\t<div class=\"c-card__media\" style=\" \">\n\t\t\t\t\t<img decoding=\"async\" width=\"600\" height=\"520\" src=\"https:\/\/klaragymnasium.se\/wp-content\/uploads\/2023\/04\/naturprogrammet-pa-klara-sundsvall-600x520.jpeg\" class=\"attachment-md size-md\" alt=\"Portr\u00e4ttbild p\u00e5 elev.\" sizes=\"(min-width: 80em) 600px, (min-width: 48em) calc(.50 * (100vw - 240px)), calc(100vw - 160px)\" srcset=\"https:\/\/klaragymnasium.se\/wp-content\/uploads\/2023\/04\/naturprogrammet-pa-klara-sundsvall-600x520.jpeg 600w, https:\/\/klaragymnasium.se\/wp-content\/uploads\/2023\/04\/naturprogrammet-pa-klara-sundsvall-300x260.jpeg 300w, https:\/\/klaragymnasium.se\/wp-content\/uploads\/2023\/04\/naturprogrammet-pa-klara-sundsvall-400x346.jpeg 400w, https:\/\/klaragymnasium.se\/wp-content\/uploads\/2023\/04\/naturprogrammet-pa-klara-sundsvall-800x693.jpeg 800w, https:\/\/klaragymnasium.se\/wp-content\/uploads\/2023\/04\/naturprogrammet-pa-klara-sundsvall-1024x887.jpeg 1024w, https:\/\/klaragymnasium.se\/wp-content\/uploads\/2023\/04\/naturprogrammet-pa-klara-sundsvall-1200x1039.jpeg 1200w, https:\/\/klaragymnasium.se\/wp-content\/uploads\/2023\/04\/naturprogrammet-pa-klara-sundsvall.jpeg 1707w\" \/>\n\t\t\t\t<\/div>\n\t\t\t<\/article>\n\t\t<\/li>\n\t\t\t\t\t\t\t\t\t\t\t\n\t\t\n\t\t\n\t\t<li class=\"l-col-6@md \" data-filter=\"samhallsvetenskapsprogrammet mars-2026\">\n\t\t\t<article class=\"c-card has-media-zoom \" data-variant=\"inside-half\" data-click-area>\n\t\t\t\t<div class=\"c-card__content l-stack l-stack-sm is-left is-left@md\">\n\t\t\t\t\t\t\t\t\t\t\t<blockquote class=\"c-card__title u-font-title-3\">\n\t\t\t\t\t\t\t\t\t\t\t\t\t\t\t<p class=\"u-quote-marks\"><a href=\"https:\/\/klaragymnasium.se\/goteborg-postgatan\/elevintervjuer\/lokal\/internationella-projekt-pa-klara\" class=\"link\">Det b\u00e4sta med KLARA \u00e4r utlandsresorna!&#8230;<\/a><\/p>\n\t\t\t\t\t\t\t\t\t\t\t\t\t<\/blockquote>\n\t\t\t\t\t\n\t\t\t\t\t\t\t\t\t\t\t<p class=\"c-card__text l-stack-grow u-divider-top u-font-body\">\n\t\t\t\t\t\t\t<span class=\"author u-mr-fluid-lg\">Emma<\/span>\n\t\t\t\t\t\t\t<span class=\"title u-mr-fluid-lg\">Samh\u00e4llsvetenskapsprogrammet<\/span>\n\t\t\t\t\t\t<\/p>\n\t\t\t\t\t\n\t\t\t\t\t<div class=\"c-card__icon\">\n\t\t\t\t\t\t<svg class=\"ams-icon ams-icon--arrow-right\" width=\"32\" height=\"32\" viewBox=\"0 0 32 32\" fill=\"currentColor\" aria-hidden=\"true\" xmlns=\"http:\/\/www.w3.org\/2000\/svg\">\n\t\t\t\t\t\t\t<path d=\"M15.4617 0.252159L14.9567 0.75931C14.6219 1.09545 14.6219 1.64048 14.9567 1.97669L27.7062 14.7806H0.857144C0.383786 14.7806 0 15.166 0 15.6414V16.3587C0 16.8341 0.383786 17.2195 0.857144 17.2195H27.7062L14.9567 30.0234C14.6219 30.3595 14.6219 30.9045 14.9567 31.2407L15.4617 31.7479C15.7964 32.084 16.3392 32.084 16.6739 31.7479L31.749 16.6087C32.0837 16.2725 32.0837 15.7275 31.749 15.3913L16.6739 0.252159C16.3392 -0.084053 15.7964 -0.084053 15.4617 0.252159Z\"\/>\n\t\t\t\t\t\t<\/svg>\n\t\t\t\t\t<\/div>\n\t\t\t\t<\/div>\n\t\t\t\t<div class=\"c-card__media\" style=\" \">\n\t\t\t\t\t<img decoding=\"async\" width=\"600\" height=\"415\" src=\"https:\/\/klaragymnasium.se\/wp-content\/uploads\/2023\/05\/elev-emma-klara-sambet-vasteras-600x415.jpg\" class=\"attachment-md size-md\" alt=\"Elever i grupp p\u00e5 skolan.\" sizes=\"(min-width: 80em) 600px, (min-width: 48em) calc(.50 * (100vw - 240px)), calc(100vw - 160px)\" srcset=\"https:\/\/klaragymnasium.se\/wp-content\/uploads\/2023\/05\/elev-emma-klara-sambet-vasteras-600x415.jpg 600w, https:\/\/klaragymnasium.se\/wp-content\/uploads\/2023\/05\/elev-emma-klara-sambet-vasteras-300x208.jpg 300w, https:\/\/klaragymnasium.se\/wp-content\/uploads\/2023\/05\/elev-emma-klara-sambet-vasteras-400x277.jpg 400w, https:\/\/klaragymnasium.se\/wp-content\/uploads\/2023\/05\/elev-emma-klara-sambet-vasteras-800x554.jpg 800w, https:\/\/klaragymnasium.se\/wp-content\/uploads\/2023\/05\/elev-emma-klara-sambet-vasteras.jpg 864w\" \/>\n\t\t\t\t<\/div>\n\t\t\t<\/article>\n\t\t<\/li>\n\t\t\t\t\t\t\t\t\t\t\t\n\t\t\n\t\t\n\t\t<li class=\"l-col-6@md \" data-filter=\"naturvetenskapsprogrammet december-2020\">\n\t\t\t<article class=\"c-card has-media-zoom \" data-variant=\"inside-half\" data-click-area>\n\t\t\t\t<div class=\"c-card__content l-stack l-stack-sm is-left is-left@md\">\n\t\t\t\t\t\t\t\t\t\t\t<blockquote class=\"c-card__title u-font-title-3\">\n\t\t\t\t\t\t\t\t\t\t\t\t\t\t\t<p class=\"u-quote-marks\"><a href=\"https:\/\/klaragymnasium.se\/goteborg-postgatan\/elevintervjuer\/lokal\/nils-laser-natur-sam\" class=\"link\">I sluta\u0308ndan a\u0308r det viktigaste att du sj\u00e4lv ka\u0308nner att det a\u0308r ra\u0308tt val fo\u0308r just dig!&#8230;<\/a><\/p>\n\t\t\t\t\t\t\t\t\t\t\t\t\t<\/blockquote>\n\t\t\t\t\t\n\t\t\t\t\t\t\t\t\t\t\t<p class=\"c-card__text l-stack-grow u-divider-top u-font-body\">\n\t\t\t\t\t\t\t<span class=\"author u-mr-fluid-lg\">Nils<\/span>\n\t\t\t\t\t\t\t<span class=\"title u-mr-fluid-lg\">Naturvetenskapsprogrammet<\/span>\n\t\t\t\t\t\t<\/p>\n\t\t\t\t\t\n\t\t\t\t\t<div class=\"c-card__icon\">\n\t\t\t\t\t\t<svg class=\"ams-icon ams-icon--arrow-right\" width=\"32\" height=\"32\" viewBox=\"0 0 32 32\" fill=\"currentColor\" aria-hidden=\"true\" xmlns=\"http:\/\/www.w3.org\/2000\/svg\">\n\t\t\t\t\t\t\t<path d=\"M15.4617 0.252159L14.9567 0.75931C14.6219 1.09545 14.6219 1.64048 14.9567 1.97669L27.7062 14.7806H0.857144C0.383786 14.7806 0 15.166 0 15.6414V16.3587C0 16.8341 0.383786 17.2195 0.857144 17.2195H27.7062L14.9567 30.0234C14.6219 30.3595 14.6219 30.9045 14.9567 31.2407L15.4617 31.7479C15.7964 32.084 16.3392 32.084 16.6739 31.7479L31.749 16.6087C32.0837 16.2725 32.0837 15.7275 31.749 15.3913L16.6739 0.252159C16.3392 -0.084053 15.7964 -0.084053 15.4617 0.252159Z\"\/>\n\t\t\t\t\t\t<\/svg>\n\t\t\t\t\t<\/div>\n\t\t\t\t<\/div>\n\t\t\t\t<div class=\"c-card__media\" style=\" \">\n\t\t\t\t\t<img decoding=\"async\" width=\"480\" height=\"371\" src=\"https:\/\/klaragymnasium.se\/wp-content\/uploads\/2023\/04\/samnatur-pa-klara-e1681288331450.jpeg\" class=\"attachment-md size-md\" alt=\"Portr\u00e4ttbild p\u00e5 elev.\" sizes=\"(min-width: 80em) 600px, (min-width: 48em) calc(.50 * (100vw - 240px)), calc(100vw - 160px)\" srcset=\"https:\/\/klaragymnasium.se\/wp-content\/uploads\/2023\/04\/samnatur-pa-klara-e1681288331450.jpeg 480w, https:\/\/klaragymnasium.se\/wp-content\/uploads\/2023\/04\/samnatur-pa-klara-e1681288331450-300x232.jpeg 300w, https:\/\/klaragymnasium.se\/wp-content\/uploads\/2023\/04\/samnatur-pa-klara-e1681288331450-400x309.jpeg 400w\" \/>\n\t\t\t\t<\/div>\n\t\t\t<\/article>\n\t\t<\/li>\n\t\t\t\t\t\t\t\t\t\t\t\n\t\t\n\t\t\n\t\t<li class=\"l-col-6@md \" data-filter=\"teknikprogrammet december-2020\">\n\t\t\t<article class=\"c-card has-media-zoom \" data-variant=\"inside-half\" data-click-area>\n\t\t\t\t<div class=\"c-card__content l-stack l-stack-sm is-left is-left@md\">\n\t\t\t\t\t\t\t\t\t\t\t<blockquote class=\"c-card__title u-font-title-3\">\n\t\t\t\t\t\t\t\t\t\t\t\t\t\t\t<p class=\"u-quote-marks\"><a href=\"https:\/\/klaragymnasium.se\/goteborg-postgatan\/elevintervjuer\/lokal\/amaal-laser-teknik\" class=\"link\">Teknikprogrammet har unika kurser som g\u00f6r det m\u00f6jligt att utveckla b\u00e5de sitt kreativa och logiska t\u00e4nkande&#8230;<\/a><\/p>\n\t\t\t\t\t\t\t\t\t\t\t\t\t<\/blockquote>\n\t\t\t\t\t\n\t\t\t\t\t\t\t\t\t\t\t<p class=\"c-card__text l-stack-grow u-divider-top u-font-body\">\n\t\t\t\t\t\t\t<span class=\"author u-mr-fluid-lg\">Amaal Nuur<\/span>\n\t\t\t\t\t\t\t<span class=\"title u-mr-fluid-lg\">Teknikprogrammet<\/span>\n\t\t\t\t\t\t<\/p>\n\t\t\t\t\t\n\t\t\t\t\t<div class=\"c-card__icon\">\n\t\t\t\t\t\t<svg class=\"ams-icon ams-icon--arrow-right\" width=\"32\" height=\"32\" viewBox=\"0 0 32 32\" fill=\"currentColor\" aria-hidden=\"true\" xmlns=\"http:\/\/www.w3.org\/2000\/svg\">\n\t\t\t\t\t\t\t<path d=\"M15.4617 0.252159L14.9567 0.75931C14.6219 1.09545 14.6219 1.64048 14.9567 1.97669L27.7062 14.7806H0.857144C0.383786 14.7806 0 15.166 0 15.6414V16.3587C0 16.8341 0.383786 17.2195 0.857144 17.2195H27.7062L14.9567 30.0234C14.6219 30.3595 14.6219 30.9045 14.9567 31.2407L15.4617 31.7479C15.7964 32.084 16.3392 32.084 16.6739 31.7479L31.749 16.6087C32.0837 16.2725 32.0837 15.7275 31.749 15.3913L16.6739 0.252159C16.3392 -0.084053 15.7964 -0.084053 15.4617 0.252159Z\"\/>\n\t\t\t\t\t\t<\/svg>\n\t\t\t\t\t<\/div>\n\t\t\t\t<\/div>\n\t\t\t\t<div class=\"c-card__media\" style=\" \">\n\t\t\t\t\t<img decoding=\"async\" width=\"150\" height=\"150\" src=\"https:\/\/klaragymnasium.se\/wp-content\/uploads\/2023\/04\/teknikprogrammet-i-goteborg.jpeg\" class=\"attachment-md size-md\" alt=\"Elev fr\u00e5n teknikprogrammet.\" sizes=\"(min-width: 80em) 600px, (min-width: 48em) calc(.50 * (100vw - 240px)), calc(100vw - 160px)\" \/>\n\t\t\t\t<\/div>\n\t\t\t<\/article>\n\t\t<\/li>\n\t\t\t\t\t\t\t\t\t\t\t\n\t\t\n\t\t\n\t\t<li class=\"l-col-6@md \" data-filter=\"samhallsvetenskapsprogrammet december-2020\">\n\t\t\t<article class=\"c-card has-media-zoom \" data-variant=\"inside-half\" data-click-area>\n\t\t\t\t<div class=\"c-card__content l-stack l-stack-sm is-left is-left@md\">\n\t\t\t\t\t\t\t\t\t\t\t<blockquote class=\"c-card__title u-font-title-3\">\n\t\t\t\t\t\t\t\t\t\t\t\t\t\t\t<p class=\"u-quote-marks\"><a href=\"https:\/\/klaragymnasium.se\/goteborg-postgatan\/elevintervjuer\/lokal\/elin-laser-beteendevetenskap-pa-klara-malmo\" class=\"link\">Efter gymnasiet vill jag studera vidare p\u00e5 Polish\u00f6gskolan, helst i Stockholm!&#8230;<\/a><\/p>\n\t\t\t\t\t\t\t\t\t\t\t\t\t<\/blockquote>\n\t\t\t\t\t\n\t\t\t\t\t\t\t\t\t\t\t<p class=\"c-card__text l-stack-grow u-divider-top u-font-body\">\n\t\t\t\t\t\t\t<span class=\"author u-mr-fluid-lg\">Elin<\/span>\n\t\t\t\t\t\t\t<span class=\"title u-mr-fluid-lg\">Samh\u00e4llsvetenskapsprogrammet<\/span>\n\t\t\t\t\t\t<\/p>\n\t\t\t\t\t\n\t\t\t\t\t<div class=\"c-card__icon\">\n\t\t\t\t\t\t<svg class=\"ams-icon ams-icon--arrow-right\" width=\"32\" height=\"32\" viewBox=\"0 0 32 32\" fill=\"currentColor\" aria-hidden=\"true\" xmlns=\"http:\/\/www.w3.org\/2000\/svg\">\n\t\t\t\t\t\t\t<path d=\"M15.4617 0.252159L14.9567 0.75931C14.6219 1.09545 14.6219 1.64048 14.9567 1.97669L27.7062 14.7806H0.857144C0.383786 14.7806 0 15.166 0 15.6414V16.3587C0 16.8341 0.383786 17.2195 0.857144 17.2195H27.7062L14.9567 30.0234C14.6219 30.3595 14.6219 30.9045 14.9567 31.2407L15.4617 31.7479C15.7964 32.084 16.3392 32.084 16.6739 31.7479L31.749 16.6087C32.0837 16.2725 32.0837 15.7275 31.749 15.3913L16.6739 0.252159C16.3392 -0.084053 15.7964 -0.084053 15.4617 0.252159Z\"\/>\n\t\t\t\t\t\t<\/svg>\n\t\t\t\t\t<\/div>\n\t\t\t\t<\/div>\n\t\t\t\t<div class=\"c-card__media\" style=\" \">\n\t\t\t\t\t<img decoding=\"async\" width=\"600\" height=\"446\" src=\"https:\/\/klaragymnasium.se\/wp-content\/uploads\/2023\/03\/elin-om-inriktningen-beteendevetenskap-600x446.png\" class=\"attachment-md size-md\" alt=\"Portr\u00e4ttbild p\u00e5 elev.\" sizes=\"(min-width: 80em) 600px, (min-width: 48em) calc(.50 * (100vw - 240px)), calc(100vw - 160px)\" srcset=\"https:\/\/klaragymnasium.se\/wp-content\/uploads\/2023\/03\/elin-om-inriktningen-beteendevetenskap-600x446.png 600w, https:\/\/klaragymnasium.se\/wp-content\/uploads\/2023\/03\/elin-om-inriktningen-beteendevetenskap-300x223.png 300w, https:\/\/klaragymnasium.se\/wp-content\/uploads\/2023\/03\/elin-om-inriktningen-beteendevetenskap-400x297.png 400w, https:\/\/klaragymnasium.se\/wp-content\/uploads\/2023\/03\/elin-om-inriktningen-beteendevetenskap.png 665w\" \/>\n\t\t\t\t<\/div>\n\t\t\t<\/article>\n\t\t<\/li>\n\t\t\t\t\t\t\t\t\t\t\t\n\t\t\n\t\t\n\t\t<li class=\"l-col-6@md \" data-filter=\"ekonomiprogrammet november-2020\">\n\t\t\t<article class=\"c-card has-media-zoom \" data-variant=\"inside-half\" data-click-area>\n\t\t\t\t<div class=\"c-card__content l-stack l-stack-sm is-left is-left@md\">\n\t\t\t\t\t\t\t\t\t\t\t<blockquote class=\"c-card__title u-font-title-3\">\n\t\t\t\t\t\t\t\t\t\t\t\t\t\t\t<p class=\"u-quote-marks\"><a href=\"https:\/\/klaragymnasium.se\/goteborg-postgatan\/elevintervjuer\/lokal\/max-om-ekonomiprogrammet\" class=\"link\">Efter gymnasiet vill jag studera juridik i Lund eller Uppsala &#8230;<\/a><\/p>\n\t\t\t\t\t\t\t\t\t\t\t\t\t<\/blockquote>\n\t\t\t\t\t\n\t\t\t\t\t\t\t\t\t\t\t<p class=\"c-card__text l-stack-grow u-divider-top u-font-body\">\n\t\t\t\t\t\t\t<span class=\"author u-mr-fluid-lg\">Max<\/span>\n\t\t\t\t\t\t\t<span class=\"title u-mr-fluid-lg\">Ekonomiprogrammet<\/span>\n\t\t\t\t\t\t<\/p>\n\t\t\t\t\t\n\t\t\t\t\t<div class=\"c-card__icon\">\n\t\t\t\t\t\t<svg class=\"ams-icon ams-icon--arrow-right\" width=\"32\" height=\"32\" viewBox=\"0 0 32 32\" fill=\"currentColor\" aria-hidden=\"true\" xmlns=\"http:\/\/www.w3.org\/2000\/svg\">\n\t\t\t\t\t\t\t<path d=\"M15.4617 0.252159L14.9567 0.75931C14.6219 1.09545 14.6219 1.64048 14.9567 1.97669L27.7062 14.7806H0.857144C0.383786 14.7806 0 15.166 0 15.6414V16.3587C0 16.8341 0.383786 17.2195 0.857144 17.2195H27.7062L14.9567 30.0234C14.6219 30.3595 14.6219 30.9045 14.9567 31.2407L15.4617 31.7479C15.7964 32.084 16.3392 32.084 16.6739 31.7479L31.749 16.6087C32.0837 16.2725 32.0837 15.7275 31.749 15.3913L16.6739 0.252159C16.3392 -0.084053 15.7964 -0.084053 15.4617 0.252159Z\"\/>\n\t\t\t\t\t\t<\/svg>\n\t\t\t\t\t<\/div>\n\t\t\t\t<\/div>\n\t\t\t\t<div class=\"c-card__media\" style=\" \">\n\t\t\t\t\t<img decoding=\"async\" width=\"600\" height=\"564\" src=\"https:\/\/klaragymnasium.se\/wp-content\/uploads\/2023\/03\/max-om-ekonomiprogrammet-klara-gymnasium-e1679929000851-600x564.png\" class=\"attachment-md size-md\" alt=\"Portr\u00e4ttbild p\u00e5 elev.\" sizes=\"(min-width: 80em) 600px, (min-width: 48em) calc(.50 * (100vw - 240px)), calc(100vw - 160px)\" srcset=\"https:\/\/klaragymnasium.se\/wp-content\/uploads\/2023\/03\/max-om-ekonomiprogrammet-klara-gymnasium-e1679929000851-600x564.png 600w, https:\/\/klaragymnasium.se\/wp-content\/uploads\/2023\/03\/max-om-ekonomiprogrammet-klara-gymnasium-e1679929000851-300x282.png 300w, https:\/\/klaragymnasium.se\/wp-content\/uploads\/2023\/03\/max-om-ekonomiprogrammet-klara-gymnasium-e1679929000851-400x376.png 400w, https:\/\/klaragymnasium.se\/wp-content\/uploads\/2023\/03\/max-om-ekonomiprogrammet-klara-gymnasium-e1679929000851.png 760w\" \/>\n\t\t\t\t<\/div>\n\t\t\t<\/article>\n\t\t<\/li>\n\t\t\t\t\t\t\t\t\t\t\t\n\t\t\n\t\t\n\t\t<li class=\"l-col-6@md \" data-filter=\"samhallsvetenskapsprogrammet september-2020\">\n\t\t\t<article class=\"c-card has-media-zoom \" data-variant=\"inside-half\" data-click-area>\n\t\t\t\t<div class=\"c-card__content l-stack l-stack-sm is-left is-left@md\">\n\t\t\t\t\t\t\t\t\t\t\t<blockquote class=\"c-card__title u-font-title-3\">\n\t\t\t\t\t\t\t\t\t\t\t\t\t\t\t<p class=\"u-quote-marks\"><a href=\"https:\/\/klaragymnasium.se\/goteborg-postgatan\/elevintervjuer\/lokal\/ida-om-klara\" class=\"link\">D\u00e4rf\u00f6r blev Samh\u00e4llsprogrammet ett sj\u00e4lvklart val f\u00f6r mig, jag f\u00e5r l\u00e4sa en bra kombination av kurser som jag gillar!&#8230;<\/a><\/p>\n\t\t\t\t\t\t\t\t\t\t\t\t\t<\/blockquote>\n\t\t\t\t\t\n\t\t\t\t\t\t\t\t\t\t\t<p class=\"c-card__text l-stack-grow u-divider-top u-font-body\">\n\t\t\t\t\t\t\t<span class=\"author u-mr-fluid-lg\">Ida<\/span>\n\t\t\t\t\t\t\t<span class=\"title u-mr-fluid-lg\">Samh\u00e4llsvetenskapsprogrammet<\/span>\n\t\t\t\t\t\t<\/p>\n\t\t\t\t\t\n\t\t\t\t\t<div class=\"c-card__icon\">\n\t\t\t\t\t\t<svg class=\"ams-icon ams-icon--arrow-right\" width=\"32\" height=\"32\" viewBox=\"0 0 32 32\" fill=\"currentColor\" aria-hidden=\"true\" xmlns=\"http:\/\/www.w3.org\/2000\/svg\">\n\t\t\t\t\t\t\t<path d=\"M15.4617 0.252159L14.9567 0.75931C14.6219 1.09545 14.6219 1.64048 14.9567 1.97669L27.7062 14.7806H0.857144C0.383786 14.7806 0 15.166 0 15.6414V16.3587C0 16.8341 0.383786 17.2195 0.857144 17.2195H27.7062L14.9567 30.0234C14.6219 30.3595 14.6219 30.9045 14.9567 31.2407L15.4617 31.7479C15.7964 32.084 16.3392 32.084 16.6739 31.7479L31.749 16.6087C32.0837 16.2725 32.0837 15.7275 31.749 15.3913L16.6739 0.252159C16.3392 -0.084053 15.7964 -0.084053 15.4617 0.252159Z\"\/>\n\t\t\t\t\t\t<\/svg>\n\t\t\t\t\t<\/div>\n\t\t\t\t<\/div>\n\t\t\t\t<div class=\"c-card__media\" style=\" \">\n\t\t\t\t\t<img decoding=\"async\" width=\"600\" height=\"396\" src=\"https:\/\/klaragymnasium.se\/wp-content\/uploads\/2023\/04\/samhallsvetenskapsprogrammet-pa-klara-600x396.png\" class=\"attachment-md size-md\" alt=\"N\u00e4rbild p\u00e5 en elev\" sizes=\"(min-width: 80em) 600px, (min-width: 48em) calc(.50 * (100vw - 240px)), calc(100vw - 160px)\" srcset=\"https:\/\/klaragymnasium.se\/wp-content\/uploads\/2023\/04\/samhallsvetenskapsprogrammet-pa-klara-600x396.png 600w, https:\/\/klaragymnasium.se\/wp-content\/uploads\/2023\/04\/samhallsvetenskapsprogrammet-pa-klara-300x198.png 300w, https:\/\/klaragymnasium.se\/wp-content\/uploads\/2023\/04\/samhallsvetenskapsprogrammet-pa-klara-400x264.png 400w, https:\/\/klaragymnasium.se\/wp-content\/uploads\/2023\/04\/samhallsvetenskapsprogrammet-pa-klara.png 749w\" \/>\n\t\t\t\t<\/div>\n\t\t\t<\/article>\n\t\t<\/li>\n\t\t\t\t\t\t\t\t\t\t\t\n\t\t\n\t\t\n\t\t<li class=\"l-col-6@md \" data-filter=\"ekonomiprogrammet klara-linkoping april-2020\">\n\t\t\t<article class=\"c-card has-media-zoom \" data-variant=\"inside-half\" data-click-area>\n\t\t\t\t<div class=\"c-card__content l-stack l-stack-sm is-left is-left@md\">\n\t\t\t\t\t\t\t\t\t\t\t<blockquote class=\"c-card__title u-font-title-3\">\n\t\t\t\t\t\t\t\t\t\t\t\t\t\t\t<p class=\"u-quote-marks\"><a href=\"https:\/\/klaragymnasium.se\/goteborg-postgatan\/elevintervjuer\/lokal\/adam-berattar-om-ekonomiprogrammet-pa-klara\" class=\"link\">Det har varit otroligt kul och l\u00e4rorikt att f\u00e5 starta och driva ett eget UF-f\u00f6retag&#8230;<\/a><\/p>\n\t\t\t\t\t\t\t\t\t\t\t\t\t<\/blockquote>\n\t\t\t\t\t\n\t\t\t\t\t\t\t\t\t\t\t<p class=\"c-card__text l-stack-grow u-divider-top u-font-body\">\n\t\t\t\t\t\t\t<span class=\"author u-mr-fluid-lg\">Adam <\/span>\n\t\t\t\t\t\t\t<span class=\"title u-mr-fluid-lg\">Ekonomiprogrammet<\/span>\n\t\t\t\t\t\t<\/p>\n\t\t\t\t\t\n\t\t\t\t\t<div class=\"c-card__icon\">\n\t\t\t\t\t\t<svg class=\"ams-icon ams-icon--arrow-right\" width=\"32\" height=\"32\" viewBox=\"0 0 32 32\" fill=\"currentColor\" aria-hidden=\"true\" xmlns=\"http:\/\/www.w3.org\/2000\/svg\">\n\t\t\t\t\t\t\t<path d=\"M15.4617 0.252159L14.9567 0.75931C14.6219 1.09545 14.6219 1.64048 14.9567 1.97669L27.7062 14.7806H0.857144C0.383786 14.7806 0 15.166 0 15.6414V16.3587C0 16.8341 0.383786 17.2195 0.857144 17.2195H27.7062L14.9567 30.0234C14.6219 30.3595 14.6219 30.9045 14.9567 31.2407L15.4617 31.7479C15.7964 32.084 16.3392 32.084 16.6739 31.7479L31.749 16.6087C32.0837 16.2725 32.0837 15.7275 31.749 15.3913L16.6739 0.252159C16.3392 -0.084053 15.7964 -0.084053 15.4617 0.252159Z\"\/>\n\t\t\t\t\t\t<\/svg>\n\t\t\t\t\t<\/div>\n\t\t\t\t<\/div>\n\t\t\t\t<div class=\"c-card__media\" style=\" \">\n\t\t\t\t\t<img decoding=\"async\" width=\"600\" height=\"397\" src=\"https:\/\/klaragymnasium.se\/wp-content\/uploads\/2023\/03\/ekonomiprogrammet-klara-teoretiska-gymnasium-adam-600x397.png\" class=\"attachment-md size-md\" alt=\"Portr\u00e4ttbild p\u00e5 elev.\" sizes=\"(min-width: 80em) 600px, (min-width: 48em) calc(.50 * (100vw - 240px)), calc(100vw - 160px)\" srcset=\"https:\/\/klaragymnasium.se\/wp-content\/uploads\/2023\/03\/ekonomiprogrammet-klara-teoretiska-gymnasium-adam-600x397.png 600w, https:\/\/klaragymnasium.se\/wp-content\/uploads\/2023\/03\/ekonomiprogrammet-klara-teoretiska-gymnasium-adam-300x199.png 300w, https:\/\/klaragymnasium.se\/wp-content\/uploads\/2023\/03\/ekonomiprogrammet-klara-teoretiska-gymnasium-adam-400x265.png 400w, https:\/\/klaragymnasium.se\/wp-content\/uploads\/2023\/03\/ekonomiprogrammet-klara-teoretiska-gymnasium-adam-800x529.png 800w, https:\/\/klaragymnasium.se\/wp-content\/uploads\/2023\/03\/ekonomiprogrammet-klara-teoretiska-gymnasium-adam-1024x678.png 1024w, https:\/\/klaragymnasium.se\/wp-content\/uploads\/2023\/03\/ekonomiprogrammet-klara-teoretiska-gymnasium-adam-1200x794.png 1200w, https:\/\/klaragymnasium.se\/wp-content\/uploads\/2023\/03\/ekonomiprogrammet-klara-teoretiska-gymnasium-adam.png 1514w\" \/>\n\t\t\t\t<\/div>\n\t\t\t<\/article>\n\t\t<\/li>\n\t\t\t\t\t\t\t\t\t\t\t\n\t\t\n\t\t\n\t\t<li class=\"l-col-6@md \" data-filter=\"naturvetenskapsprogrammet april-2020\">\n\t\t\t<article class=\"c-card has-media-zoom \" data-variant=\"inside-half\" data-click-area>\n\t\t\t\t<div class=\"c-card__content l-stack l-stack-sm is-left is-left@md\">\n\t\t\t\t\t\t\t\t\t\t\t<blockquote class=\"c-card__title u-font-title-3\">\n\t\t\t\t\t\t\t\t\t\t\t\t\t\t\t<p class=\"u-quote-marks\"><a href=\"https:\/\/klaragymnasium.se\/goteborg-postgatan\/elevintervjuer\/lokal\/lilly-om-naturprogrammet-pa-klara\" class=\"link\">Det \u00e4r en tuff linje men det k\u00e4nns bra att l\u00e4rarna finns f\u00f6r en och st\u00f6ttar en&#8230;<\/a><\/p>\n\t\t\t\t\t\t\t\t\t\t\t\t\t<\/blockquote>\n\t\t\t\t\t\n\t\t\t\t\t\t\t\t\t\t\t<p class=\"c-card__text l-stack-grow u-divider-top u-font-body\">\n\t\t\t\t\t\t\t<span class=\"author u-mr-fluid-lg\">Lilly<\/span>\n\t\t\t\t\t\t\t<span class=\"title u-mr-fluid-lg\">Naturvetenskapsprogrammet <\/span>\n\t\t\t\t\t\t<\/p>\n\t\t\t\t\t\n\t\t\t\t\t<div class=\"c-card__icon\">\n\t\t\t\t\t\t<svg class=\"ams-icon ams-icon--arrow-right\" width=\"32\" height=\"32\" viewBox=\"0 0 32 32\" fill=\"currentColor\" aria-hidden=\"true\" xmlns=\"http:\/\/www.w3.org\/2000\/svg\">\n\t\t\t\t\t\t\t<path d=\"M15.4617 0.252159L14.9567 0.75931C14.6219 1.09545 14.6219 1.64048 14.9567 1.97669L27.7062 14.7806H0.857144C0.383786 14.7806 0 15.166 0 15.6414V16.3587C0 16.8341 0.383786 17.2195 0.857144 17.2195H27.7062L14.9567 30.0234C14.6219 30.3595 14.6219 30.9045 14.9567 31.2407L15.4617 31.7479C15.7964 32.084 16.3392 32.084 16.6739 31.7479L31.749 16.6087C32.0837 16.2725 32.0837 15.7275 31.749 15.3913L16.6739 0.252159C16.3392 -0.084053 15.7964 -0.084053 15.4617 0.252159Z\"\/>\n\t\t\t\t\t\t<\/svg>\n\t\t\t\t\t<\/div>\n\t\t\t\t<\/div>\n\t\t\t\t<div class=\"c-card__media\" style=\" \">\n\t\t\t\t\t<img decoding=\"async\" width=\"600\" height=\"398\" src=\"https:\/\/klaragymnasium.se\/wp-content\/uploads\/2023\/03\/naturprogrammet-klara-teoretiska-gymnasium-600x398.png\" class=\"attachment-md size-md\" alt=\"Elever sitter i skolan och pluggar tillsammans.\" sizes=\"(min-width: 80em) 600px, (min-width: 48em) calc(.50 * (100vw - 240px)), calc(100vw - 160px)\" srcset=\"https:\/\/klaragymnasium.se\/wp-content\/uploads\/2023\/03\/naturprogrammet-klara-teoretiska-gymnasium-600x398.png 600w, https:\/\/klaragymnasium.se\/wp-content\/uploads\/2023\/03\/naturprogrammet-klara-teoretiska-gymnasium-300x199.png 300w, https:\/\/klaragymnasium.se\/wp-content\/uploads\/2023\/03\/naturprogrammet-klara-teoretiska-gymnasium-400x265.png 400w, https:\/\/klaragymnasium.se\/wp-content\/uploads\/2023\/03\/naturprogrammet-klara-teoretiska-gymnasium.png 756w\" \/>\n\t\t\t\t<\/div>\n\t\t\t<\/article>\n\t\t<\/li>\n\t\t\t\t\t\t\t\t\t\t\t\n\t\t\n\t\t\n\t\t<li class=\"l-col-6@md \" data-filter=\"naturvetenskapsprogrammet april-2020\">\n\t\t\t<article class=\"c-card has-media-zoom \" data-variant=\"inside-half\" data-click-area>\n\t\t\t\t<div class=\"c-card__content l-stack l-stack-sm is-left is-left@md\">\n\t\t\t\t\t\t\t\t\t\t\t<blockquote class=\"c-card__title u-font-title-3\">\n\t\t\t\t\t\t\t\t\t\t\t\t\t\t\t<p class=\"u-quote-marks\"><a href=\"https:\/\/klaragymnasium.se\/goteborg-postgatan\/elevintervjuer\/lokal\/hugo-om-att-lasa-natur-pa-klara\" class=\"link\">Min biologil\u00e4rare har inspirerat mig och f\u00e5tt mig \u00e4nnu mer intresserad av att bli marinbiolog!&#8230;<\/a><\/p>\n\t\t\t\t\t\t\t\t\t\t\t\t\t<\/blockquote>\n\t\t\t\t\t\n\t\t\t\t\t\t\t\t\t\t\t<p class=\"c-card__text l-stack-grow u-divider-top u-font-body\">\n\t\t\t\t\t\t\t<span class=\"author u-mr-fluid-lg\">Hugo<\/span>\n\t\t\t\t\t\t\t<span class=\"title u-mr-fluid-lg\">Naturvetenskapsprogrammet<\/span>\n\t\t\t\t\t\t<\/p>\n\t\t\t\t\t\n\t\t\t\t\t<div class=\"c-card__icon\">\n\t\t\t\t\t\t<svg class=\"ams-icon ams-icon--arrow-right\" width=\"32\" height=\"32\" viewBox=\"0 0 32 32\" fill=\"currentColor\" aria-hidden=\"true\" xmlns=\"http:\/\/www.w3.org\/2000\/svg\">\n\t\t\t\t\t\t\t<path d=\"M15.4617 0.252159L14.9567 0.75931C14.6219 1.09545 14.6219 1.64048 14.9567 1.97669L27.7062 14.7806H0.857144C0.383786 14.7806 0 15.166 0 15.6414V16.3587C0 16.8341 0.383786 17.2195 0.857144 17.2195H27.7062L14.9567 30.0234C14.6219 30.3595 14.6219 30.9045 14.9567 31.2407L15.4617 31.7479C15.7964 32.084 16.3392 32.084 16.6739 31.7479L31.749 16.6087C32.0837 16.2725 32.0837 15.7275 31.749 15.3913L16.6739 0.252159C16.3392 -0.084053 15.7964 -0.084053 15.4617 0.252159Z\"\/>\n\t\t\t\t\t\t<\/svg>\n\t\t\t\t\t<\/div>\n\t\t\t\t<\/div>\n\t\t\t\t<div class=\"c-card__media\" style=\" \">\n\t\t\t\t\t<img decoding=\"async\" width=\"600\" height=\"624\" src=\"https:\/\/klaragymnasium.se\/wp-content\/uploads\/2023\/03\/hugo-naturvetenskapsprogrammet-klara-gymnasium-600x624.png\" class=\"attachment-md size-md\" alt=\"Portr\u00e4ttbild p\u00e5 elev.\" sizes=\"(min-width: 80em) 600px, (min-width: 48em) calc(.50 * (100vw - 240px)), calc(100vw - 160px)\" srcset=\"https:\/\/klaragymnasium.se\/wp-content\/uploads\/2023\/03\/hugo-naturvetenskapsprogrammet-klara-gymnasium-600x624.png 600w, https:\/\/klaragymnasium.se\/wp-content\/uploads\/2023\/03\/hugo-naturvetenskapsprogrammet-klara-gymnasium-300x312.png 300w, https:\/\/klaragymnasium.se\/wp-content\/uploads\/2023\/03\/hugo-naturvetenskapsprogrammet-klara-gymnasium-400x416.png 400w, https:\/\/klaragymnasium.se\/wp-content\/uploads\/2023\/03\/hugo-naturvetenskapsprogrammet-klara-gymnasium.png 763w\" \/>\n\t\t\t\t<\/div>\n\t\t\t<\/article>\n\t\t<\/li>\n\t<\/ul>\n\t\n\t<div class=\"no-results u-mt-0 u-hide\" data-filter-fallback-id=\"ams-testimonial-list-69f47e8fc7eed\">\n\t<p>Det finns inga resultat som matchar din filtrering.<\/p>\n<\/div>\n\n\t\n\n\t\t\n\t\t\t<\/div>\n\n\t\t\n\n<\/section>\n","protected":false},"featured_media":0,"template":"","testimonial_category":[11],"yoast_head":"<!-- This site is optimized with the Yoast SEO plugin v22.0 - https:\/\/yoast.com\/wordpress\/plugins\/seo\/ -->\n<title>G\u00f6teborg Postgatan<\/title>\n<meta name=\"robots\" content=\"index, follow, max-snippet:-1, max-image-preview:large, max-video-preview:-1\" \/>\n<link rel=\"canonical\" href=\"https:\/\/klaragymnasium.se\/goteborg-postgatan\/elevintervjuer\/matilda-20-ar-pluggar-juristprogrammet-i-goteborg\/\" \/>\n<meta property=\"og:locale\" content=\"sv_SE\" \/>\n<meta property=\"og:type\" content=\"article\" \/>\n<meta property=\"og:url\" content=\"https:\/\/klaragymnasium.se\/goteborg-postgatan\/elevintervjuer\/matilda-20-ar-pluggar-juristprogrammet-i-goteborg\/\" \/>\n<meta property=\"og:site_name\" content=\"G\u00f6teborg Postgatan\" \/>\n<meta property=\"article:modified_time\" content=\"2024-04-23T09:34:01+00:00\" \/>\n<meta name=\"twitter:card\" content=\"summary_large_image\" \/>\n<meta name=\"twitter:label1\" content=\"Est. reading time\" \/>\n\t<meta name=\"twitter:data1\" content=\"5 minuter\" \/>\n<script type=\"application\/ld+json\" class=\"yoast-schema-graph\">{\"@context\":\"https:\/\/schema.org\",\"@graph\":[{\"@type\":\"WebPage\",\"@id\":\"https:\/\/klaragymnasium.se\/goteborg-postgatan\/elevintervjuer\/matilda-20-ar-pluggar-juristprogrammet-i-goteborg\/\",\"url\":\"https:\/\/klaragymnasium.se\/goteborg-postgatan\/elevintervjuer\/matilda-20-ar-pluggar-juristprogrammet-i-goteborg\/\",\"name\":\"Matilda 20 \u00e5r pluggar juristprogrammet i G\u00f6teborg - G\u00f6teborg Postgatan\",\"isPartOf\":{\"@id\":\"https:\/\/klaragymnasium.se\/goteborg-postgatan\/#website\"},\"datePublished\":\"2024-02-16T07:36:56+00:00\",\"dateModified\":\"2024-04-23T09:34:01+00:00\",\"breadcrumb\":{\"@id\":\"https:\/\/klaragymnasium.se\/goteborg-postgatan\/elevintervjuer\/matilda-20-ar-pluggar-juristprogrammet-i-goteborg\/#breadcrumb\"},\"inLanguage\":\"sv-SE\",\"potentialAction\":[{\"@type\":\"ReadAction\",\"target\":[\"https:\/\/klaragymnasium.se\/goteborg-postgatan\/elevintervjuer\/matilda-20-ar-pluggar-juristprogrammet-i-goteborg\/\"]}]},{\"@type\":\"BreadcrumbList\",\"@id\":\"https:\/\/klaragymnasium.se\/goteborg-postgatan\/elevintervjuer\/matilda-20-ar-pluggar-juristprogrammet-i-goteborg\/#breadcrumb\",\"itemListElement\":[{\"@type\":\"ListItem\",\"position\":1,\"name\":\"Start\",\"item\":\"https:\/\/klaragymnasium.se\/goteborg-postgatan\"},{\"@type\":\"ListItem\",\"position\":2,\"name\":\"Elevintervjuer\"}]},{\"@type\":\"WebSite\",\"@id\":\"https:\/\/klaragymnasium.se\/goteborg-postgatan\/#website\",\"url\":\"https:\/\/klaragymnasium.se\/goteborg-postgatan\/\",\"name\":\"G\u00f6teborg Postgatan\",\"description\":\"Just another WordPress site\",\"potentialAction\":[{\"@type\":\"SearchAction\",\"target\":{\"@type\":\"EntryPoint\",\"urlTemplate\":\"https:\/\/klaragymnasium.se\/goteborg-postgatan\/?s={search_term_string}\"},\"query-input\":\"required name=search_term_string\"}],\"inLanguage\":\"sv-SE\"}]}<\/script>\n<!-- \/ Yoast SEO plugin. -->","yoast_head_json":{"title":"G\u00f6teborg Postgatan","robots":{"index":"index","follow":"follow","max-snippet":"max-snippet:-1","max-image-preview":"max-image-preview:large","max-video-preview":"max-video-preview:-1"},"canonical":"https:\/\/klaragymnasium.se\/goteborg-postgatan\/elevintervjuer\/matilda-20-ar-pluggar-juristprogrammet-i-goteborg\/","og_locale":"sv_SE","og_type":"article","og_url":"https:\/\/klaragymnasium.se\/goteborg-postgatan\/elevintervjuer\/matilda-20-ar-pluggar-juristprogrammet-i-goteborg\/","og_site_name":"G\u00f6teborg Postgatan","article_modified_time":"2024-04-23T09:34:01+00:00","twitter_card":"summary_large_image","twitter_misc":{"Est. reading time":"5 minuter"},"schema":{"@context":"https:\/\/schema.org","@graph":[{"@type":"WebPage","@id":"https:\/\/klaragymnasium.se\/goteborg-postgatan\/elevintervjuer\/matilda-20-ar-pluggar-juristprogrammet-i-goteborg\/","url":"https:\/\/klaragymnasium.se\/goteborg-postgatan\/elevintervjuer\/matilda-20-ar-pluggar-juristprogrammet-i-goteborg\/","name":"Matilda 20 \u00e5r pluggar juristprogrammet i G\u00f6teborg - G\u00f6teborg Postgatan","isPartOf":{"@id":"https:\/\/klaragymnasium.se\/goteborg-postgatan\/#website"},"datePublished":"2024-02-16T07:36:56+00:00","dateModified":"2024-04-23T09:34:01+00:00","breadcrumb":{"@id":"https:\/\/klaragymnasium.se\/goteborg-postgatan\/elevintervjuer\/matilda-20-ar-pluggar-juristprogrammet-i-goteborg\/#breadcrumb"},"inLanguage":"sv-SE","potentialAction":[{"@type":"ReadAction","target":["https:\/\/klaragymnasium.se\/goteborg-postgatan\/elevintervjuer\/matilda-20-ar-pluggar-juristprogrammet-i-goteborg\/"]}]},{"@type":"BreadcrumbList","@id":"https:\/\/klaragymnasium.se\/goteborg-postgatan\/elevintervjuer\/matilda-20-ar-pluggar-juristprogrammet-i-goteborg\/#breadcrumb","itemListElement":[{"@type":"ListItem","position":1,"name":"Start","item":"https:\/\/klaragymnasium.se\/goteborg-postgatan"},{"@type":"ListItem","position":2,"name":"Elevintervjuer"}]},{"@type":"WebSite","@id":"https:\/\/klaragymnasium.se\/goteborg-postgatan\/#website","url":"https:\/\/klaragymnasium.se\/goteborg-postgatan\/","name":"G\u00f6teborg Postgatan","description":"Just another WordPress site","potentialAction":[{"@type":"SearchAction","target":{"@type":"EntryPoint","urlTemplate":"https:\/\/klaragymnasium.se\/goteborg-postgatan\/?s={search_term_string}"},"query-input":"required name=search_term_string"}],"inLanguage":"sv-SE"}]}},"_links":{"self":[{"href":"https:\/\/klaragymnasium.se\/goteborg-postgatan\/wp-json\/wp\/v2\/testimonial\/3160"}],"collection":[{"href":"https:\/\/klaragymnasium.se\/goteborg-postgatan\/wp-json\/wp\/v2\/testimonial"}],"about":[{"href":"https:\/\/klaragymnasium.se\/goteborg-postgatan\/wp-json\/wp\/v2\/types\/testimonial"}],"wp:attachment":[{"href":"https:\/\/klaragymnasium.se\/goteborg-postgatan\/wp-json\/wp\/v2\/media?parent=3160"}],"wp:term":[{"taxonomy":"testimonial_category","embeddable":true,"href":"https:\/\/klaragymnasium.se\/goteborg-postgatan\/wp-json\/wp\/v2\/testimonial_category?post=3160"}],"curies":[{"name":"wp","href":"https:\/\/api.w.org\/{rel}","templated":true}]}}