{"id":3143,"date":"2024-02-07T16:31:36","date_gmt":"2024-02-07T15:31:36","guid":{"rendered":"https:\/\/klaragymnasium.se\/goteborg-postgatan\/?post_type=testimonial&#038;p=3143"},"modified":"2024-06-14T13:12:45","modified_gmt":"2024-06-14T11:12:45","slug":"elliot-om-sin-tid-pa-klara-postgatan","status":"publish","type":"testimonial","link":"https:\/\/klaragymnasium.se\/goteborg-postgatan\/elevintervjuer\/elliot-om-sin-tid-pa-klara-postgatan\/","title":{"rendered":"Elliot om sin tid p\u00e5 KLARA Postgatan"},"content":{"rendered":"\n<div class=\"wp-block-columns is-layout-flex wp-container-core-columns-layout-1 wp-block-columns-is-layout-flex\">\n<div class=\"wp-block-column is-layout-flow wp-block-column-is-layout-flow\" style=\"flex-basis:15%\"><\/div>\n\n\n\n<div class=\"wp-block-column is-layout-flow wp-block-column-is-layout-flow\" style=\"flex-basis:70%\">\t<div\n\t\t class=\"module_wrapper container-fluid images-module\" >\n\t\t<div class=\"row\">\n\t\t\t<div\n\t\t\t\t\tclass=\"col-12 m-0 p-0 position-relative images_module__slideshow images_module__slideshow-container module-expand \">\n\n\t\t\t\t<div class=\"images_module__slide \" data-slide=\"\"\n\t\t\t\t\t data-duration=\"\"><\/div>\n\t\t\t\t\t\t\t\t\t<div\n\t\t\t\t\t\t class=\"images_module__slides \">\n\n\n\t\t\t\t\t\t<div class=\"images__wrapper\"\n\t\t\t\t\t\t\t style=\"aspect-ratio: 851 \/ 531;\">\n\t\t\t\t\t\t\t<img decoding=\"async\" width=\"715\" height=\"911\" src=\"https:\/\/klaragymnasium.se\/wp-content\/uploads\/sites\/6\/2024\/02\/portrattbild-elliot-png.png\" class=\"images__image_ratio  \" alt=\"Personportr\u00e4tt\" style=\"aspect-ratio: 851 \/ 531;object-position: center top;\" srcset=\"https:\/\/klaragymnasium.se\/wp-content\/uploads\/sites\/6\/2024\/02\/portrattbild-elliot-png.png 715w, https:\/\/klaragymnasium.se\/wp-content\/uploads\/sites\/6\/2024\/02\/portrattbild-elliot-png-300x382.png 300w, https:\/\/klaragymnasium.se\/wp-content\/uploads\/sites\/6\/2024\/02\/portrattbild-elliot-png-400x510.png 400w, https:\/\/klaragymnasium.se\/wp-content\/uploads\/sites\/6\/2024\/02\/portrattbild-elliot-png-600x764.png 600w\" sizes=\"(max-width: 715px) 100vw, 715px\" \/>\t\t\t\t\t\t<\/div>\n\n\t\t\t\t\t\t\n\t\t\t\t\t\t\t\t\t\t\t<\/div>\n\t\t\t\t\n\t\t\t\t<div class=\"images_module__container_dot \">\n\t\t\t\t\t<div style=\"text-align:center\">\n\t\t\t\t\t\t\t\t\t\t\t\t\t<span   data-i=\"0\"\n\t\t\t\t\t\t\t\t  class=\"images_module__dot\n\t\t\t\t\t\t\t\t\t\t\t\t\t  \"><\/span>\n\t\t\t\t\t\t\t\t\t\t\t<\/div>\n\t\t\t\t<\/div>\n\n\t\t\t<\/div>\n\t\t<\/div>\n\t<\/div>\n\n\n\t\n\n\n<script>\n\tvar images_display_descriptive_text = \"\";\n<\/script>\n\n\n\n<p><meta charset=\"utf-8\"><\/p>\n\n\n\n<h1 class=\"wp-block-heading\">Elliot, 19 \u00e5r, arbetar heltid p\u00e5 byr\u00e5n EZlegal<\/h1>\n\n\n\n<p   class=\"site__ingress container text-left  site__text-color--dark  site__free_text--ingress p-0\">\n\tUnder v\u00e5ren 2023 tog Elliot studenten fr\u00e5n Klara Teoretiska Gymnasium Postgatan. Sedan m\u00e5nga \u00e5r tillbaka har KLARA Postgatan haft ett samarbete med byr\u00e5n EZlegal. Varje \u00e5r blir en elev fr\u00e5n ekonomiklassen i \u00e5rskurs tre erbjuden rollen som juristassistent, en tidsbegr\u00e4nsad tj\u00e4nst hos dem p\u00e5 byr\u00e5n. Elliot rekryterats till tj\u00e4nsten i v\u00e5ras.<\/p>\n\n\n\n\n\n<p><strong>Gymnasietiden p\u00e5 KLARA Postgatan<\/strong><br>Elliot beskriver sin gymnasietid p\u00e5 KLARA Postgatan som fantastisk. Han lyfter den fina gemenskapen och kulturen som fanns p\u00e5 skolan gentemot varandra.<br>\u2013 Min tid p\u00e5 KLARA var fantastisk, det jag gillade mest var att alla kunde vara sig sj\u00e4lva. Folk d\u00f6mde inte varann utan ville varandras b\u00e4sta, inklusive l\u00e4rarna. Man blev st\u00f6ttad att g\u00f6ra s\u00e5 bra som m\u00f6jligt ifr\u00e5n sig.<\/p>\n\n\n\n<p>Under sina gymnasie\u00e5r l\u00e4ste Elliot ekonomiprogrammet med inriktning juridik. Han beskriver hur viktiga l\u00e4rarna var f\u00f6r honom.<br>\u2013Jag vill ge en stor eloge till mina l\u00e4rare, min mentor Thomas \u00e4r nog den klokaste mannen jag n\u00e5gonsin tr\u00e4ffat. Det m\u00e4rktes att alla l\u00e4rarna ville elevernas b\u00e4sta.<\/p>\n\n\n\n<p><strong>Hur ser tj\u00e4nsten som Legal Assistant ut?<\/strong><br>N\u00e4r man l\u00e4ser sista \u00e5ret p\u00e5 gymnasiet, i januari m\u00e5nad, b\u00f6rjar rekryteringen f\u00f6r tj\u00e4nsten. Elliot lade ner mycket tid p\u00e5 sitt CV och personliga brev och f\u00f6rs\u00f6kte vara s\u00e5 autentisk som m\u00f6jligt.<br>\u2013 Jag f\u00f6rs\u00f6kte vara mig sj\u00e4lv p\u00e5 intervjuerna och var s\u00e4ker p\u00e5 min sak, jag tyckte jag passade bra in p\u00e5 det de s\u00f6kte.<\/p>\n\n\n\n<p>Redan i ettan p\u00e5 gymnasiet introducerade mentorn Thomas eleverna f\u00f6r tj\u00e4nsten som Legal Assistant. Det gjorde att de var bekanta med byr\u00e5n n\u00e4r det v\u00e4l var dags att s\u00f6ka.<br>\u2013 Innan jag b\u00f6rjade p\u00e5 KLARA visste jag inte n\u00e5got om EZlegal tidigare utan det var i skolan under ettan som jag fick reda p\u00e5 vad det var. Det gjorde att EZlegal redan var familj\u00e4rt n\u00e4r man v\u00e4l skulle s\u00f6ka.<\/p>\n\n\n\n<p>Rollen som Legal Assistant beskriver Elliot som en bred roll med h\u00f6gt tempo. Arbetsuppgifter som f\u00f6rekommer i rollen omfattar administrativt arbete, kundkontakt, f\u00f6rs\u00e4ljning och en del ekonomi.<br>\u2013 Det \u00e4r ett snabbt klimat d\u00e4r man beh\u00f6ver vara effektiv och proaktiv. Det administrativa teamet ansvarar f\u00f6r att allt ska hamna p\u00e5 r\u00e4tt st\u00e4lle. Det \u00e4r ocks\u00e5 mycket kundkontakt, d\u00e5 g\u00e4ller det att man bem\u00f6ter dem p\u00e5 b\u00e4sta s\u00e4tt och att vi kan presentera en l\u00f6sning \u00e5t klienten. Vi skickar ocks\u00e5 alla fakturor till klienter och f\u00f6rs\u00e4kringsbolagen.<\/p>\n<\/div>\n\n\n\n<div class=\"wp-block-column is-layout-flow wp-block-column-is-layout-flow\" style=\"flex-basis:15%\"><\/div>\n<\/div>\n\n\n\n\t\n\t\n\t\n\n\t\n\t\n\t\t\n<section  class=\"c-block l-stacked  \" data-color-scheme=\"gra\">\n\t<div class=\"ams-fifty ams-fifty--container ams-fifty--right ams-fifty--top l-container u-pt-fluid-2xl-4xl u-pb-fluid-2xl-4xl\">\n\t\t<div class=\"ams-fifty__content l-stack l-stack-xl is-center is-left@lg\">\n\t\t\t<div class=\"ams-fifty__text l-stack l-stack-lg\">\n\t\t\t\t\t\n\t<h2\n\tclass=\"c-heading u-font-title-1 \"\n\tstyle=\"\">\n\t\t\n\t\t\t\t\tVikten av att komma in i rollen\n\t\t\t\t\n\t<\/h2>\n\n\t\t\t\t\t\t\t\t\t<div class=\"text l-stack u-font-body\">\n\t\t\t\t\t\t<p>Att komma in som 19-\u00e5ring till en juridisk byr\u00e5 \u00e4r inte helt l\u00e4tt, det \u00e4r mycket olika omr\u00e5den och rutiner att s\u00e4tta sig in i och l\u00e4ra sig. Till en b\u00f6rjan sitter man med en kollega under kundsamtal f\u00f6r att f\u00f6rst\u00e5 vad f\u00f6r typ av fr\u00e5gor som kan komma.<br \/>\n\u2013 Det \u00e4r mycket att g\u00f6ra redan fr\u00e5n start. Efter tredje veckan fick jag testa p\u00e5 n\u00e5got samtal h\u00e4r och d\u00e4r, man l\u00e4r sig ju b\u00e4st av att g\u00f6ra det praktiskt. Sedan kommer man in i det.<\/p>\n\n\t\t\t\t\t<\/div>\n\t\t\t\t\t\t\t<\/div>\n\n\t\t\t\t\t<\/div>\n\n\t\t <div class=\"ams-fifty__media u-ratio-square\">\n\t\t \t\t\t\t\t<img decoding=\"async\" width=\"600\" height=\"600\" src=\"https:\/\/klaragymnasium.se\/wp-content\/uploads\/sites\/6\/2024\/04\/ez-legallogo-600x600.jpg\" class=\"attachment-md size-md\" alt=\"Logotyp f\u00f6r byr\u00e5n EZlegal som KLARA samarbetar med.\" sizes=\"(min-width: 64em) 600px, calc(100vw - 160px)\" srcset=\"https:\/\/klaragymnasium.se\/wp-content\/uploads\/sites\/6\/2024\/04\/ez-legallogo-600x600.jpg 600w, https:\/\/klaragymnasium.se\/wp-content\/uploads\/sites\/6\/2024\/04\/ez-legallogo-150x150.jpg 150w, https:\/\/klaragymnasium.se\/wp-content\/uploads\/sites\/6\/2024\/04\/ez-legallogo-300x300.jpg 300w, https:\/\/klaragymnasium.se\/wp-content\/uploads\/sites\/6\/2024\/04\/ez-legallogo-400x400.jpg 400w, https:\/\/klaragymnasium.se\/wp-content\/uploads\/sites\/6\/2024\/04\/ez-legallogo-800x800.jpg 800w, https:\/\/klaragymnasium.se\/wp-content\/uploads\/sites\/6\/2024\/04\/ez-legallogo-1024x1024.jpg 1024w, https:\/\/klaragymnasium.se\/wp-content\/uploads\/sites\/6\/2024\/04\/ez-legallogo-1200x1200.jpg 1200w\" \/>\n\t\t\t\n\t\t\t\n\t\t\t\t\t<\/div>\n\t<\/div>\n\n\t\t\n\n<\/section>\n\n\n\n<div class=\"wp-block-columns is-layout-flex wp-container-core-columns-layout-2 wp-block-columns-is-layout-flex\">\n<div class=\"wp-block-column is-layout-flow wp-block-column-is-layout-flow\" style=\"flex-basis:15%\"><\/div>\n\n\n\n<div class=\"wp-block-column is-layout-flow wp-block-column-is-layout-flow\" style=\"flex-basis:70%\">\n<h3 class=\"wp-block-heading\">Fr\u00e5n juristassistent till administrationskoordinator<\/h3>\n\n\n\n<p>EZlegal uppm\u00e4rksammade Elliots goda insats som Legal Assistant med en befordran till Administrative Coordinator efter sex m\u00e5nader.<br>\u2013 Det \u00e4r j\u00e4ttekul, jag kommer jobba tills slutet av augusti p\u00e5 byr\u00e5n och i h\u00f6st \u00e4r planen att b\u00f6rja studera till ekonom vid Lunds- eller Stockholms universitet.<\/p>\n\n\n\n<p>Elliot \u00e4r tacksam f\u00f6r m\u00f6jligheten och den erfarenhet han b\u00e4r med sig.<br>\u2013 Jag har f\u00e5tt s\u00e5 mycket kunskaper och f\u00e4rdigheter p\u00e5 EZlegal som jag inte alls hade f\u00e5tt om jag inte f\u00e5tt m\u00f6jligheten att arbeta h\u00e4r, jag tror att det kommer vara en stor f\u00f6rdel f\u00f6r mig i framtida studier och arbeten.<\/p>\n\n\n\n<p><strong>Framtidsdr\u00f6mmar<\/strong><br>Om 10 \u00e5r dr\u00f6mmer Elliot om att driva ett eget bolag. Han vet inte \u00e4nnu i vilken bransch men dr\u00f6mmer om resan att bygga upp ett f\u00f6retag fr\u00e5n grunden.&nbsp;<br>\u2013 Jag ska plugga ekonomi, det har jag varit s\u00e4ker p\u00e5 sedan i b\u00f6rjan p\u00e5 gymnasiet. Efter det \u00e4r min dr\u00f6m att starta n\u00e5got eget, kanske med mina b\u00e4sta kompisar, och att f\u00e5 vara med under hela processen fr\u00e5n start och bygga ett f\u00f6retag. Jag vet inte riktigt vilken bransch, men jag \u00e4r v\u00e4ldigt intresserad av teknik- och restaurangbranschen.&nbsp;<\/p>\n<\/div>\n\n\n\n<div class=\"wp-block-column is-layout-flow wp-block-column-is-layout-flow\" style=\"flex-basis:15%\"><\/div>\n<\/div>\n\n\n\n\n\n<section  class=\"ams-testimonial testimonial_module c-block l-stacked\" data-color-scheme=\"cards\">\n\t<div class=\"l-container l-stack l-stack-fluid-2xl u-pt-fluid-3xl-6xl u-pb-fluid-3xl-6xl is-center is-center@md\">\n\t\t\t\t\t<div class=\"ams-testimonial__intro l-stack l-stack-lg\">\n\t\t\t\t\t\n\t<h2\n\tclass=\"c-heading u-font-title-1 \"\n\tstyle=\"\">\n\t\t\n\t\t\t\t\tElevintervjuer\n\t\t\t\t\n\t<\/h2>\n\n\t\t\t\t\t\t\t\t\t<div class=\"c-text l-stack u-cs-xl u-font-body\">\n\t\t\t\t\t\t<p>Nyfiken p\u00e5 att l\u00e4sa mer om andra f\u00f6re detta elever p\u00e5 KLARA Postgatan?<\/p>\n\n\t\t\t\t\t<\/div>\n\t\t\t\t\t\t\t<\/div>\n\t\t\n\t\t\n\t\n\t\t\n\t\t\t\n<ul\n\tid=\"ams-testimonial-list-69f467d6d976b\"\n\tclass=\"ams-testimonial__list  l-grid u-gap-fluid-2xl-4xl js-results \"\n\tdata-filter-animation=\"off\">\n\t\t\t\t\t\t\t\t\t\t\t\n\t\t\n\t\t\n\t\t<li class=\"l-col-6@md \" data-filter=\"ekonomiprogrammet maj-2026\">\n\t\t\t<article class=\"c-card has-media-zoom \" data-variant=\"inside-half\" data-click-area>\n\t\t\t\t<div class=\"c-card__content l-stack l-stack-sm is-left is-left@md\">\n\t\t\t\t\t\t\t\t\t\t\t<blockquote class=\"c-card__title u-font-title-3\">\n\t\t\t\t\t\t\t\t\t\t\t\t\t\t\t<p class=\"u-quote-marks\"><a href=\"https:\/\/klaragymnasium.se\/goteborg-postgatan\/elevintervjuer\/matilda-20-ar-pluggar-juristprogrammet-i-goteborg\/\" class=\"link\">Min roll p\u00e5 EZlegal inspirerade mig verkligen att s\u00f6ka till juristprogrammet&#8230;<\/a><\/p>\n\t\t\t\t\t\t\t\t\t\t\t\t\t<\/blockquote>\n\t\t\t\t\t\n\t\t\t\t\t\t\t\t\t\t\t<p class=\"c-card__text l-stack-grow u-divider-top u-font-body\">\n\t\t\t\t\t\t\t<span class=\"author u-mr-fluid-lg\">Matilda<\/span>\n\t\t\t\t\t\t\t<span class=\"title u-mr-fluid-lg\">Ekonomiprogammet<\/span>\n\t\t\t\t\t\t<\/p>\n\t\t\t\t\t\n\t\t\t\t\t<div class=\"c-card__icon\">\n\t\t\t\t\t\t<svg class=\"ams-icon ams-icon--arrow-right\" width=\"32\" height=\"32\" viewBox=\"0 0 32 32\" fill=\"currentColor\" aria-hidden=\"true\" xmlns=\"http:\/\/www.w3.org\/2000\/svg\">\n\t\t\t\t\t\t\t<path d=\"M15.4617 0.252159L14.9567 0.75931C14.6219 1.09545 14.6219 1.64048 14.9567 1.97669L27.7062 14.7806H0.857144C0.383786 14.7806 0 15.166 0 15.6414V16.3587C0 16.8341 0.383786 17.2195 0.857144 17.2195H27.7062L14.9567 30.0234C14.6219 30.3595 14.6219 30.9045 14.9567 31.2407L15.4617 31.7479C15.7964 32.084 16.3392 32.084 16.6739 31.7479L31.749 16.6087C32.0837 16.2725 32.0837 15.7275 31.749 15.3913L16.6739 0.252159C16.3392 -0.084053 15.7964 -0.084053 15.4617 0.252159Z\"\/>\n\t\t\t\t\t\t<\/svg>\n\t\t\t\t\t<\/div>\n\t\t\t\t<\/div>\n\t\t\t\t<div class=\"c-card__media\" style=\" \">\n\t\t\t\t\t<img decoding=\"async\" width=\"600\" height=\"631\" src=\"https:\/\/klaragymnasium.se\/wp-content\/uploads\/sites\/6\/2024\/02\/portrattbildmatildakla-post-600x631.png\" class=\"attachment-md size-md\" alt=\"Portr\u00e4ttbild p\u00e5 f\u00f6re detta elev.\" sizes=\"(min-width: 80em) 600px, (min-width: 48em) calc(.50 * (100vw - 240px)), calc(100vw - 160px)\" srcset=\"https:\/\/klaragymnasium.se\/wp-content\/uploads\/sites\/6\/2024\/02\/portrattbildmatildakla-post-600x631.png 600w, https:\/\/klaragymnasium.se\/wp-content\/uploads\/sites\/6\/2024\/02\/portrattbildmatildakla-post-300x316.png 300w, https:\/\/klaragymnasium.se\/wp-content\/uploads\/sites\/6\/2024\/02\/portrattbildmatildakla-post-400x421.png 400w, https:\/\/klaragymnasium.se\/wp-content\/uploads\/sites\/6\/2024\/02\/portrattbildmatildakla-post-800x842.png 800w, https:\/\/klaragymnasium.se\/wp-content\/uploads\/sites\/6\/2024\/02\/portrattbildmatildakla-post.png 846w\" \/>\n\t\t\t\t<\/div>\n\t\t\t<\/article>\n\t\t<\/li>\n\t\t\t\t\t\t\t\t\t\t\t\n\t\t\n\t\t\n\t\t<li class=\"l-col-6@md \" data-filter=\"ekonomiprogrammet maj-2026\">\n\t\t\t<article class=\"c-card has-media-zoom \" data-variant=\"inside-half\" data-click-area>\n\t\t\t\t<div class=\"c-card__content l-stack l-stack-sm is-left is-left@md\">\n\t\t\t\t\t\t\t\t\t\t\t<blockquote class=\"c-card__title u-font-title-3\">\n\t\t\t\t\t\t\t\t\t\t\t\t\t\t\t<p class=\"u-quote-marks\"><a href=\"https:\/\/klaragymnasium.se\/goteborg-postgatan\/elevintervjuer\/elliot-om-sin-tid-pa-klara-postgatan\/\" class=\"link\">Jag har f\u00e5tt s\u00e5 mycket kunskaper och f\u00e4rdigheter p\u00e5 byr\u00e5n EZlegal&#8230;.<\/a><\/p>\n\t\t\t\t\t\t\t\t\t\t\t\t\t<\/blockquote>\n\t\t\t\t\t\n\t\t\t\t\t\t\t\t\t\t\t<p class=\"c-card__text l-stack-grow u-divider-top u-font-body\">\n\t\t\t\t\t\t\t<span class=\"author u-mr-fluid-lg\">Elliot<\/span>\n\t\t\t\t\t\t\t<span class=\"title u-mr-fluid-lg\">Ekonomiprogrammet<\/span>\n\t\t\t\t\t\t<\/p>\n\t\t\t\t\t\n\t\t\t\t\t<div class=\"c-card__icon\">\n\t\t\t\t\t\t<svg class=\"ams-icon ams-icon--arrow-right\" width=\"32\" height=\"32\" viewBox=\"0 0 32 32\" fill=\"currentColor\" aria-hidden=\"true\" xmlns=\"http:\/\/www.w3.org\/2000\/svg\">\n\t\t\t\t\t\t\t<path d=\"M15.4617 0.252159L14.9567 0.75931C14.6219 1.09545 14.6219 1.64048 14.9567 1.97669L27.7062 14.7806H0.857144C0.383786 14.7806 0 15.166 0 15.6414V16.3587C0 16.8341 0.383786 17.2195 0.857144 17.2195H27.7062L14.9567 30.0234C14.6219 30.3595 14.6219 30.9045 14.9567 31.2407L15.4617 31.7479C15.7964 32.084 16.3392 32.084 16.6739 31.7479L31.749 16.6087C32.0837 16.2725 32.0837 15.7275 31.749 15.3913L16.6739 0.252159C16.3392 -0.084053 15.7964 -0.084053 15.4617 0.252159Z\"\/>\n\t\t\t\t\t\t<\/svg>\n\t\t\t\t\t<\/div>\n\t\t\t\t<\/div>\n\t\t\t\t<div class=\"c-card__media\" style=\" \">\n\t\t\t\t\t<img decoding=\"async\" width=\"600\" height=\"764\" src=\"https:\/\/klaragymnasium.se\/wp-content\/uploads\/sites\/6\/2024\/02\/portrattbild-elliot-png-600x764.png\" class=\"attachment-md size-md\" alt=\"Personportr\u00e4tt\" sizes=\"(min-width: 80em) 600px, (min-width: 48em) calc(.50 * (100vw - 240px)), calc(100vw - 160px)\" srcset=\"https:\/\/klaragymnasium.se\/wp-content\/uploads\/sites\/6\/2024\/02\/portrattbild-elliot-png-600x764.png 600w, https:\/\/klaragymnasium.se\/wp-content\/uploads\/sites\/6\/2024\/02\/portrattbild-elliot-png-300x382.png 300w, https:\/\/klaragymnasium.se\/wp-content\/uploads\/sites\/6\/2024\/02\/portrattbild-elliot-png-400x510.png 400w, https:\/\/klaragymnasium.se\/wp-content\/uploads\/sites\/6\/2024\/02\/portrattbild-elliot-png.png 715w\" \/>\n\t\t\t\t<\/div>\n\t\t\t<\/article>\n\t\t<\/li>\n\t\t\t\t\t\t\t\t\t\t\t\n\t\t\n\t\t\n\t\t<li class=\"l-col-6@md \" data-filter=\"teknikprogrammet juni-2026\">\n\t\t\t<article class=\"c-card has-media-zoom \" data-variant=\"inside-half\" data-click-area>\n\t\t\t\t<div class=\"c-card__content l-stack l-stack-sm is-left is-left@md\">\n\t\t\t\t\t\t\t\t\t\t\t<blockquote class=\"c-card__title u-font-title-3\">\n\t\t\t\t\t\t\t\t\t\t\t\t\t\t\t<p class=\"u-quote-marks\"><a href=\"https:\/\/klaragymnasium.se\/goteborg-postgatan\/elevintervjuer\/lokal\/moa-laser-teknikprogrammet\" class=\"link\">Det finns en stark och h\u00e4rlig gemenskap p\u00e5 skolan&#8230;.<\/a><\/p>\n\t\t\t\t\t\t\t\t\t\t\t\t\t<\/blockquote>\n\t\t\t\t\t\n\t\t\t\t\t\t\t\t\t\t\t<p class=\"c-card__text l-stack-grow u-divider-top u-font-body\">\n\t\t\t\t\t\t\t<span class=\"author u-mr-fluid-lg\">Moa<\/span>\n\t\t\t\t\t\t\t<span class=\"title u-mr-fluid-lg\">Teknikvetenskapsprogrammet<\/span>\n\t\t\t\t\t\t<\/p>\n\t\t\t\t\t\n\t\t\t\t\t<div class=\"c-card__icon\">\n\t\t\t\t\t\t<svg class=\"ams-icon ams-icon--arrow-right\" width=\"32\" height=\"32\" viewBox=\"0 0 32 32\" fill=\"currentColor\" aria-hidden=\"true\" xmlns=\"http:\/\/www.w3.org\/2000\/svg\">\n\t\t\t\t\t\t\t<path d=\"M15.4617 0.252159L14.9567 0.75931C14.6219 1.09545 14.6219 1.64048 14.9567 1.97669L27.7062 14.7806H0.857144C0.383786 14.7806 0 15.166 0 15.6414V16.3587C0 16.8341 0.383786 17.2195 0.857144 17.2195H27.7062L14.9567 30.0234C14.6219 30.3595 14.6219 30.9045 14.9567 31.2407L15.4617 31.7479C15.7964 32.084 16.3392 32.084 16.6739 31.7479L31.749 16.6087C32.0837 16.2725 32.0837 15.7275 31.749 15.3913L16.6739 0.252159C16.3392 -0.084053 15.7964 -0.084053 15.4617 0.252159Z\"\/>\n\t\t\t\t\t\t<\/svg>\n\t\t\t\t\t<\/div>\n\t\t\t\t<\/div>\n\t\t\t\t<div class=\"c-card__media\" style=\" \">\n\t\t\t\t\t<img decoding=\"async\" width=\"600\" height=\"469\" src=\"https:\/\/klaragymnasium.se\/wp-content\/uploads\/2023\/05\/klarapostgatanmoateknik1-e1685106298434-600x469.jpeg\" class=\"attachment-md size-md\" alt=\"Portr\u00e4ttbild p\u00e5 elev.\" sizes=\"(min-width: 80em) 600px, (min-width: 48em) calc(.50 * (100vw - 240px)), calc(100vw - 160px)\" srcset=\"https:\/\/klaragymnasium.se\/wp-content\/uploads\/2023\/05\/klarapostgatanmoateknik1-e1685106298434-600x469.jpeg 600w, https:\/\/klaragymnasium.se\/wp-content\/uploads\/2023\/05\/klarapostgatanmoateknik1-e1685106298434-300x235.jpeg 300w, https:\/\/klaragymnasium.se\/wp-content\/uploads\/2023\/05\/klarapostgatanmoateknik1-e1685106298434-400x313.jpeg 400w, https:\/\/klaragymnasium.se\/wp-content\/uploads\/2023\/05\/klarapostgatanmoateknik1-e1685106298434-800x625.jpeg 800w, https:\/\/klaragymnasium.se\/wp-content\/uploads\/2023\/05\/klarapostgatanmoateknik1-e1685106298434.jpeg 953w\" \/>\n\t\t\t\t<\/div>\n\t\t\t<\/article>\n\t\t<\/li>\n\t\t\t\t\t\t\t\t\t\t\t\n\t\t\n\t\t\n\t\t<li class=\"l-col-6@md \" data-filter=\"teknikprogrammet maj-2026\">\n\t\t\t<article class=\"c-card has-media-zoom \" data-variant=\"inside-half\" data-click-area>\n\t\t\t\t<div class=\"c-card__content l-stack l-stack-sm is-left is-left@md\">\n\t\t\t\t\t\t\t\t\t\t\t<blockquote class=\"c-card__title u-font-title-3\">\n\t\t\t\t\t\t\t\t\t\t\t\t\t\t\t<p class=\"u-quote-marks\"><a href=\"https:\/\/klaragymnasium.se\/goteborg-postgatan\/elevintervjuer\/lokal\/simon-laser-teknikvetenskapsprogrammet-pa-klara-sodra\" class=\"link\">Man ska v\u00e4lja KLARA eftersom st\u00e4mningen p\u00e5 skolan \u00e4r bra och k\u00e4nns v\u00e4lkomnande!&#8230;<\/a><\/p>\n\t\t\t\t\t\t\t\t\t\t\t\t\t<\/blockquote>\n\t\t\t\t\t\n\t\t\t\t\t\t\t\t\t\t\t<p class=\"c-card__text l-stack-grow u-divider-top u-font-body\">\n\t\t\t\t\t\t\t<span class=\"author u-mr-fluid-lg\">Simon<\/span>\n\t\t\t\t\t\t\t<span class=\"title u-mr-fluid-lg\">Teknikprogrammet<\/span>\n\t\t\t\t\t\t<\/p>\n\t\t\t\t\t\n\t\t\t\t\t<div class=\"c-card__icon\">\n\t\t\t\t\t\t<svg class=\"ams-icon ams-icon--arrow-right\" width=\"32\" height=\"32\" viewBox=\"0 0 32 32\" fill=\"currentColor\" aria-hidden=\"true\" xmlns=\"http:\/\/www.w3.org\/2000\/svg\">\n\t\t\t\t\t\t\t<path d=\"M15.4617 0.252159L14.9567 0.75931C14.6219 1.09545 14.6219 1.64048 14.9567 1.97669L27.7062 14.7806H0.857144C0.383786 14.7806 0 15.166 0 15.6414V16.3587C0 16.8341 0.383786 17.2195 0.857144 17.2195H27.7062L14.9567 30.0234C14.6219 30.3595 14.6219 30.9045 14.9567 31.2407L15.4617 31.7479C15.7964 32.084 16.3392 32.084 16.6739 31.7479L31.749 16.6087C32.0837 16.2725 32.0837 15.7275 31.749 15.3913L16.6739 0.252159C16.3392 -0.084053 15.7964 -0.084053 15.4617 0.252159Z\"\/>\n\t\t\t\t\t\t<\/svg>\n\t\t\t\t\t<\/div>\n\t\t\t\t<\/div>\n\t\t\t\t<div class=\"c-card__media\" style=\" \">\n\t\t\t\t\t<img decoding=\"async\" width=\"600\" height=\"400\" src=\"https:\/\/klaragymnasium.se\/wp-content\/uploads\/2023\/05\/simon-elev-klara-sodra-scaled-600x400.jpg\" class=\"attachment-md size-md\" alt=\"Elever och l\u00e4rare i ett klassrum.\" sizes=\"(min-width: 80em) 600px, (min-width: 48em) calc(.50 * (100vw - 240px)), calc(100vw - 160px)\" srcset=\"https:\/\/klaragymnasium.se\/wp-content\/uploads\/2023\/05\/simon-elev-klara-sodra-scaled-600x400.jpg 600w, https:\/\/klaragymnasium.se\/wp-content\/uploads\/2023\/05\/simon-elev-klara-sodra-scaled-300x200.jpg 300w, https:\/\/klaragymnasium.se\/wp-content\/uploads\/2023\/05\/simon-elev-klara-sodra-scaled-400x267.jpg 400w, https:\/\/klaragymnasium.se\/wp-content\/uploads\/2023\/05\/simon-elev-klara-sodra-scaled-800x533.jpg 800w, https:\/\/klaragymnasium.se\/wp-content\/uploads\/2023\/05\/simon-elev-klara-sodra-scaled-1024x683.jpg 1024w, https:\/\/klaragymnasium.se\/wp-content\/uploads\/2023\/05\/simon-elev-klara-sodra-scaled-1200x800.jpg 1200w\" \/>\n\t\t\t\t<\/div>\n\t\t\t<\/article>\n\t\t<\/li>\n\t\t\t\t\t\t\t\t\t\t\t\n\t\t\n\t\t\n\t\t<li class=\"l-col-6@md \" data-filter=\"samhallsvetenskapsprogrammet juni-2026\">\n\t\t\t<article class=\"c-card has-media-zoom \" data-variant=\"inside-half\" data-click-area>\n\t\t\t\t<div class=\"c-card__content l-stack l-stack-sm is-left is-left@md\">\n\t\t\t\t\t\t\t\t\t\t\t<blockquote class=\"c-card__title u-font-title-3\">\n\t\t\t\t\t\t\t\t\t\t\t\t\t\t\t<p class=\"u-quote-marks\"><a href=\"https:\/\/klaragymnasium.se\/goteborg-postgatan\/elevintervjuer\/lokal\/felix-basta-tips-infor-gymnasievalet\" class=\"link\">Det roligaste med mitt program \u00e4r de verklighetsrelaterade uppgifter som verkligen engagerar oss elever!&#8230;<\/a><\/p>\n\t\t\t\t\t\t\t\t\t\t\t\t\t<\/blockquote>\n\t\t\t\t\t\n\t\t\t\t\t\t\t\t\t\t\t<p class=\"c-card__text l-stack-grow u-divider-top u-font-body\">\n\t\t\t\t\t\t\t<span class=\"author u-mr-fluid-lg\">Felix<\/span>\n\t\t\t\t\t\t\t<span class=\"title u-mr-fluid-lg\">Samh\u00e4llsvetenskapsprogrammet<\/span>\n\t\t\t\t\t\t<\/p>\n\t\t\t\t\t\n\t\t\t\t\t<div class=\"c-card__icon\">\n\t\t\t\t\t\t<svg class=\"ams-icon ams-icon--arrow-right\" width=\"32\" height=\"32\" viewBox=\"0 0 32 32\" fill=\"currentColor\" aria-hidden=\"true\" xmlns=\"http:\/\/www.w3.org\/2000\/svg\">\n\t\t\t\t\t\t\t<path d=\"M15.4617 0.252159L14.9567 0.75931C14.6219 1.09545 14.6219 1.64048 14.9567 1.97669L27.7062 14.7806H0.857144C0.383786 14.7806 0 15.166 0 15.6414V16.3587C0 16.8341 0.383786 17.2195 0.857144 17.2195H27.7062L14.9567 30.0234C14.6219 30.3595 14.6219 30.9045 14.9567 31.2407L15.4617 31.7479C15.7964 32.084 16.3392 32.084 16.6739 31.7479L31.749 16.6087C32.0837 16.2725 32.0837 15.7275 31.749 15.3913L16.6739 0.252159C16.3392 -0.084053 15.7964 -0.084053 15.4617 0.252159Z\"\/>\n\t\t\t\t\t\t<\/svg>\n\t\t\t\t\t<\/div>\n\t\t\t\t<\/div>\n\t\t\t\t<div class=\"c-card__media\" style=\" \">\n\t\t\t\t\t<img decoding=\"async\" width=\"435\" height=\"376\" src=\"https:\/\/klaragymnasium.se\/wp-content\/uploads\/2023\/03\/felix-basta-tips-gymnasievalet.png\" class=\"attachment-md size-md\" alt=\"Portr\u00e4ttbild p\u00e5 elev.\" sizes=\"(min-width: 80em) 600px, (min-width: 48em) calc(.50 * (100vw - 240px)), calc(100vw - 160px)\" srcset=\"https:\/\/klaragymnasium.se\/wp-content\/uploads\/2023\/03\/felix-basta-tips-gymnasievalet.png 435w, https:\/\/klaragymnasium.se\/wp-content\/uploads\/2023\/03\/felix-basta-tips-gymnasievalet-300x259.png 300w, https:\/\/klaragymnasium.se\/wp-content\/uploads\/2023\/03\/felix-basta-tips-gymnasievalet-400x346.png 400w\" \/>\n\t\t\t\t<\/div>\n\t\t\t<\/article>\n\t\t<\/li>\n\t\t\t\t\t\t\t\t\t\t\t\n\t\t\n\t\t\n\t\t<li class=\"l-col-6@md \" data-filter=\"klara-linkoping naturvetenskapsprogrammet juni-2026\">\n\t\t\t<article class=\"c-card has-media-zoom \" data-variant=\"inside-half\" data-click-area>\n\t\t\t\t<div class=\"c-card__content l-stack l-stack-sm is-left is-left@md\">\n\t\t\t\t\t\t\t\t\t\t\t<blockquote class=\"c-card__title u-font-title-3\">\n\t\t\t\t\t\t\t\t\t\t\t\t\t\t\t<p class=\"u-quote-marks\"><a href=\"https:\/\/klaragymnasium.se\/goteborg-postgatan\/elevintervjuer\/lokal\/daniel-om-klara-teoretiska-gymnasium\" class=\"link\">Natur passar verkligen mig d\u00e5 jag har \u201csiffert\u00e4nk\u201d och diggar probleml\u00f6sning&#8230;<\/a><\/p>\n\t\t\t\t\t\t\t\t\t\t\t\t\t<\/blockquote>\n\t\t\t\t\t\n\t\t\t\t\t\t\t\t\t\t\t<p class=\"c-card__text l-stack-grow u-divider-top u-font-body\">\n\t\t\t\t\t\t\t<span class=\"author u-mr-fluid-lg\">Daniel<\/span>\n\t\t\t\t\t\t\t<span class=\"title u-mr-fluid-lg\">Naturvetenskapsprogrammet<\/span>\n\t\t\t\t\t\t<\/p>\n\t\t\t\t\t\n\t\t\t\t\t<div class=\"c-card__icon\">\n\t\t\t\t\t\t<svg class=\"ams-icon ams-icon--arrow-right\" width=\"32\" height=\"32\" viewBox=\"0 0 32 32\" fill=\"currentColor\" aria-hidden=\"true\" xmlns=\"http:\/\/www.w3.org\/2000\/svg\">\n\t\t\t\t\t\t\t<path d=\"M15.4617 0.252159L14.9567 0.75931C14.6219 1.09545 14.6219 1.64048 14.9567 1.97669L27.7062 14.7806H0.857144C0.383786 14.7806 0 15.166 0 15.6414V16.3587C0 16.8341 0.383786 17.2195 0.857144 17.2195H27.7062L14.9567 30.0234C14.6219 30.3595 14.6219 30.9045 14.9567 31.2407L15.4617 31.7479C15.7964 32.084 16.3392 32.084 16.6739 31.7479L31.749 16.6087C32.0837 16.2725 32.0837 15.7275 31.749 15.3913L16.6739 0.252159C16.3392 -0.084053 15.7964 -0.084053 15.4617 0.252159Z\"\/>\n\t\t\t\t\t\t<\/svg>\n\t\t\t\t\t<\/div>\n\t\t\t\t<\/div>\n\t\t\t\t<div class=\"c-card__media\" style=\" \">\n\t\t\t\t\t<img decoding=\"async\" width=\"600\" height=\"459\" src=\"https:\/\/klaragymnasium.se\/wp-content\/uploads\/2023\/03\/daniel-klara-teoretiska-gymnasium-600x459.png\" class=\"attachment-md size-md\" alt=\"Portr\u00e4ttbild p\u00e5 elev.\" sizes=\"(min-width: 80em) 600px, (min-width: 48em) calc(.50 * (100vw - 240px)), calc(100vw - 160px)\" srcset=\"https:\/\/klaragymnasium.se\/wp-content\/uploads\/2023\/03\/daniel-klara-teoretiska-gymnasium-600x459.png 600w, https:\/\/klaragymnasium.se\/wp-content\/uploads\/2023\/03\/daniel-klara-teoretiska-gymnasium-300x230.png 300w, https:\/\/klaragymnasium.se\/wp-content\/uploads\/2023\/03\/daniel-klara-teoretiska-gymnasium-400x306.png 400w, https:\/\/klaragymnasium.se\/wp-content\/uploads\/2023\/03\/daniel-klara-teoretiska-gymnasium-800x612.png 800w, https:\/\/klaragymnasium.se\/wp-content\/uploads\/2023\/03\/daniel-klara-teoretiska-gymnasium-1024x784.png 1024w, https:\/\/klaragymnasium.se\/wp-content\/uploads\/2023\/03\/daniel-klara-teoretiska-gymnasium-1200x919.png 1200w, https:\/\/klaragymnasium.se\/wp-content\/uploads\/2023\/03\/daniel-klara-teoretiska-gymnasium.png 1518w\" \/>\n\t\t\t\t<\/div>\n\t\t\t<\/article>\n\t\t<\/li>\n\t\t\t\t\t\t\t\t\t\t\t\n\t\t\n\t\t\n\t\t<li class=\"l-col-6@md \" data-filter=\"ekonomiprogrammet juni-2026\">\n\t\t\t<article class=\"c-card has-media-zoom \" data-variant=\"inside-half\" data-click-area>\n\t\t\t\t<div class=\"c-card__content l-stack l-stack-sm is-left is-left@md\">\n\t\t\t\t\t\t\t\t\t\t\t<blockquote class=\"c-card__title u-font-title-3\">\n\t\t\t\t\t\t\t\t\t\t\t\t\t\t\t<p class=\"u-quote-marks\"><a href=\"https:\/\/klaragymnasium.se\/goteborg-postgatan\/elevintervjuer\/lokal\/joy-berattar-om-ekonomiprogrammet\" class=\"link\">Det som \u00e4r roligast \u00e4r att vi f\u00e5r l\u00e4ra oss om hur olika f\u00f6retag arbetar&#8230;<\/a><\/p>\n\t\t\t\t\t\t\t\t\t\t\t\t\t<\/blockquote>\n\t\t\t\t\t\n\t\t\t\t\t\t\t\t\t\t\t<p class=\"c-card__text l-stack-grow u-divider-top u-font-body\">\n\t\t\t\t\t\t\t<span class=\"author u-mr-fluid-lg\">Joy<\/span>\n\t\t\t\t\t\t\t<span class=\"title u-mr-fluid-lg\">Ekonomiprogrammet<\/span>\n\t\t\t\t\t\t<\/p>\n\t\t\t\t\t\n\t\t\t\t\t<div class=\"c-card__icon\">\n\t\t\t\t\t\t<svg class=\"ams-icon ams-icon--arrow-right\" width=\"32\" height=\"32\" viewBox=\"0 0 32 32\" fill=\"currentColor\" aria-hidden=\"true\" xmlns=\"http:\/\/www.w3.org\/2000\/svg\">\n\t\t\t\t\t\t\t<path d=\"M15.4617 0.252159L14.9567 0.75931C14.6219 1.09545 14.6219 1.64048 14.9567 1.97669L27.7062 14.7806H0.857144C0.383786 14.7806 0 15.166 0 15.6414V16.3587C0 16.8341 0.383786 17.2195 0.857144 17.2195H27.7062L14.9567 30.0234C14.6219 30.3595 14.6219 30.9045 14.9567 31.2407L15.4617 31.7479C15.7964 32.084 16.3392 32.084 16.6739 31.7479L31.749 16.6087C32.0837 16.2725 32.0837 15.7275 31.749 15.3913L16.6739 0.252159C16.3392 -0.084053 15.7964 -0.084053 15.4617 0.252159Z\"\/>\n\t\t\t\t\t\t<\/svg>\n\t\t\t\t\t<\/div>\n\t\t\t\t<\/div>\n\t\t\t\t<div class=\"c-card__media\" style=\" \">\n\t\t\t\t\t<img decoding=\"async\" width=\"600\" height=\"571\" src=\"https:\/\/klaragymnasium.se\/wp-content\/uploads\/2023\/04\/ekonomiprogrammet-i-sundsvall-600x571.jpeg\" class=\"attachment-md size-md\" alt=\"Portr\u00e4ttbild p\u00e5 elev.\" sizes=\"(min-width: 80em) 600px, (min-width: 48em) calc(.50 * (100vw - 240px)), calc(100vw - 160px)\" srcset=\"https:\/\/klaragymnasium.se\/wp-content\/uploads\/2023\/04\/ekonomiprogrammet-i-sundsvall-600x571.jpeg 600w, https:\/\/klaragymnasium.se\/wp-content\/uploads\/2023\/04\/ekonomiprogrammet-i-sundsvall-300x286.jpeg 300w, https:\/\/klaragymnasium.se\/wp-content\/uploads\/2023\/04\/ekonomiprogrammet-i-sundsvall-400x381.jpeg 400w, https:\/\/klaragymnasium.se\/wp-content\/uploads\/2023\/04\/ekonomiprogrammet-i-sundsvall-800x762.jpeg 800w, https:\/\/klaragymnasium.se\/wp-content\/uploads\/2023\/04\/ekonomiprogrammet-i-sundsvall-1024x975.jpeg 1024w, https:\/\/klaragymnasium.se\/wp-content\/uploads\/2023\/04\/ekonomiprogrammet-i-sundsvall-1200x1142.jpeg 1200w, https:\/\/klaragymnasium.se\/wp-content\/uploads\/2023\/04\/ekonomiprogrammet-i-sundsvall.jpeg 1707w\" \/>\n\t\t\t\t<\/div>\n\t\t\t<\/article>\n\t\t<\/li>\n\t\t\t\t\t\t\t\t\t\t\t\n\t\t\n\t\t\n\t\t<li class=\"l-col-6@md \" data-filter=\"samhallsvetenskapsprogrammet juni-2026\">\n\t\t\t<article class=\"c-card has-media-zoom \" data-variant=\"inside-half\" data-click-area>\n\t\t\t\t<div class=\"c-card__content l-stack l-stack-sm is-left is-left@md\">\n\t\t\t\t\t\t\t\t\t\t\t<blockquote class=\"c-card__title u-font-title-3\">\n\t\t\t\t\t\t\t\t\t\t\t\t\t\t\t<p class=\"u-quote-marks\"><a href=\"https:\/\/klaragymnasium.se\/goteborg-postgatan\/elevintervjuer\/lokal\/oran-om-sam-beteende\" class=\"link\">Jag har l\u00e4nge velat bli psykolog, d\u00e4rf\u00f6r k\u00e4ndes Samh\u00e4llsvetenskapsprogrammet som det sj\u00e4lvklara valet f\u00f6r mig&#8230;<\/a><\/p>\n\t\t\t\t\t\t\t\t\t\t\t\t\t<\/blockquote>\n\t\t\t\t\t\n\t\t\t\t\t\t\t\t\t\t\t<p class=\"c-card__text l-stack-grow u-divider-top u-font-body\">\n\t\t\t\t\t\t\t<span class=\"author u-mr-fluid-lg\">Oran<\/span>\n\t\t\t\t\t\t\t<span class=\"title u-mr-fluid-lg\">Samh\u00e4llsvetenskapsprogrammet<\/span>\n\t\t\t\t\t\t<\/p>\n\t\t\t\t\t\n\t\t\t\t\t<div class=\"c-card__icon\">\n\t\t\t\t\t\t<svg class=\"ams-icon ams-icon--arrow-right\" width=\"32\" height=\"32\" viewBox=\"0 0 32 32\" fill=\"currentColor\" aria-hidden=\"true\" xmlns=\"http:\/\/www.w3.org\/2000\/svg\">\n\t\t\t\t\t\t\t<path d=\"M15.4617 0.252159L14.9567 0.75931C14.6219 1.09545 14.6219 1.64048 14.9567 1.97669L27.7062 14.7806H0.857144C0.383786 14.7806 0 15.166 0 15.6414V16.3587C0 16.8341 0.383786 17.2195 0.857144 17.2195H27.7062L14.9567 30.0234C14.6219 30.3595 14.6219 30.9045 14.9567 31.2407L15.4617 31.7479C15.7964 32.084 16.3392 32.084 16.6739 31.7479L31.749 16.6087C32.0837 16.2725 32.0837 15.7275 31.749 15.3913L16.6739 0.252159C16.3392 -0.084053 15.7964 -0.084053 15.4617 0.252159Z\"\/>\n\t\t\t\t\t\t<\/svg>\n\t\t\t\t\t<\/div>\n\t\t\t\t<\/div>\n\t\t\t\t<div class=\"c-card__media\" style=\" \">\n\t\t\t\t\t<img decoding=\"async\" width=\"600\" height=\"623\" src=\"https:\/\/klaragymnasium.se\/wp-content\/uploads\/2023\/03\/oran-klara-teoretiska-gymnasium-ostra-e1679909160205-600x623.jpeg\" class=\"attachment-md size-md\" alt=\"Portr\u00e4ttbild p\u00e5 elev.\" sizes=\"(min-width: 80em) 600px, (min-width: 48em) calc(.50 * (100vw - 240px)), calc(100vw - 160px)\" srcset=\"https:\/\/klaragymnasium.se\/wp-content\/uploads\/2023\/03\/oran-klara-teoretiska-gymnasium-ostra-e1679909160205-600x623.jpeg 600w, https:\/\/klaragymnasium.se\/wp-content\/uploads\/2023\/03\/oran-klara-teoretiska-gymnasium-ostra-e1679909160205-300x311.jpeg 300w, https:\/\/klaragymnasium.se\/wp-content\/uploads\/2023\/03\/oran-klara-teoretiska-gymnasium-ostra-e1679909160205-400x415.jpeg 400w, https:\/\/klaragymnasium.se\/wp-content\/uploads\/2023\/03\/oran-klara-teoretiska-gymnasium-ostra-e1679909160205-800x830.jpeg 800w, https:\/\/klaragymnasium.se\/wp-content\/uploads\/2023\/03\/oran-klara-teoretiska-gymnasium-ostra-e1679909160205-1024x1063.jpeg 1024w, https:\/\/klaragymnasium.se\/wp-content\/uploads\/2023\/03\/oran-klara-teoretiska-gymnasium-ostra-e1679909160205-1200x1246.jpeg 1200w, https:\/\/klaragymnasium.se\/wp-content\/uploads\/2023\/03\/oran-klara-teoretiska-gymnasium-ostra-e1679909160205.jpeg 1707w\" \/>\n\t\t\t\t<\/div>\n\t\t\t<\/article>\n\t\t<\/li>\n\t\t\t\t\t\t\t\t\t\t\t\n\t\t\n\t\t\n\t\t<li class=\"l-col-6@md \" data-filter=\"samhallsvetenskapsprogrammet juni-2026\">\n\t\t\t<article class=\"c-card has-media-zoom \" data-variant=\"inside-half\" data-click-area>\n\t\t\t\t<div class=\"c-card__content l-stack l-stack-sm is-left is-left@md\">\n\t\t\t\t\t\t\t\t\t\t\t<blockquote class=\"c-card__title u-font-title-3\">\n\t\t\t\t\t\t\t\t\t\t\t\t\t\t\t<p class=\"u-quote-marks\"><a href=\"https:\/\/klaragymnasium.se\/goteborg-postgatan\/elevintervjuer\/lokal\/vilda-om-samhallsvetenskapsprogrammet\" class=\"link\">Det k\u00e4nns bra att skolan engagerar sig i v\u00e4lg\u00f6renhetsprojekt&#8230;<\/a><\/p>\n\t\t\t\t\t\t\t\t\t\t\t\t\t<\/blockquote>\n\t\t\t\t\t\n\t\t\t\t\t\t\t\t\t\t\t<p class=\"c-card__text l-stack-grow u-divider-top u-font-body\">\n\t\t\t\t\t\t\t<span class=\"author u-mr-fluid-lg\">Vilda<\/span>\n\t\t\t\t\t\t\t<span class=\"title u-mr-fluid-lg\">Samh\u00e4llsvetenskapsprogrammet<\/span>\n\t\t\t\t\t\t<\/p>\n\t\t\t\t\t\n\t\t\t\t\t<div class=\"c-card__icon\">\n\t\t\t\t\t\t<svg class=\"ams-icon ams-icon--arrow-right\" width=\"32\" height=\"32\" viewBox=\"0 0 32 32\" fill=\"currentColor\" aria-hidden=\"true\" xmlns=\"http:\/\/www.w3.org\/2000\/svg\">\n\t\t\t\t\t\t\t<path d=\"M15.4617 0.252159L14.9567 0.75931C14.6219 1.09545 14.6219 1.64048 14.9567 1.97669L27.7062 14.7806H0.857144C0.383786 14.7806 0 15.166 0 15.6414V16.3587C0 16.8341 0.383786 17.2195 0.857144 17.2195H27.7062L14.9567 30.0234C14.6219 30.3595 14.6219 30.9045 14.9567 31.2407L15.4617 31.7479C15.7964 32.084 16.3392 32.084 16.6739 31.7479L31.749 16.6087C32.0837 16.2725 32.0837 15.7275 31.749 15.3913L16.6739 0.252159C16.3392 -0.084053 15.7964 -0.084053 15.4617 0.252159Z\"\/>\n\t\t\t\t\t\t<\/svg>\n\t\t\t\t\t<\/div>\n\t\t\t\t<\/div>\n\t\t\t\t<div class=\"c-card__media\" style=\" \">\n\t\t\t\t\t<img decoding=\"async\" width=\"600\" height=\"537\" src=\"https:\/\/klaragymnasium.se\/wp-content\/uploads\/2023\/03\/vilda-klara-teoretiska-gymnasium-600x537.png\" class=\"attachment-md size-md\" alt=\"Portr\u00e4ttbild p\u00e5 elev.\" sizes=\"(min-width: 80em) 600px, (min-width: 48em) calc(.50 * (100vw - 240px)), calc(100vw - 160px)\" srcset=\"https:\/\/klaragymnasium.se\/wp-content\/uploads\/2023\/03\/vilda-klara-teoretiska-gymnasium-600x537.png 600w, https:\/\/klaragymnasium.se\/wp-content\/uploads\/2023\/03\/vilda-klara-teoretiska-gymnasium-300x269.png 300w, https:\/\/klaragymnasium.se\/wp-content\/uploads\/2023\/03\/vilda-klara-teoretiska-gymnasium-400x358.png 400w, https:\/\/klaragymnasium.se\/wp-content\/uploads\/2023\/03\/vilda-klara-teoretiska-gymnasium.png 762w\" \/>\n\t\t\t\t<\/div>\n\t\t\t<\/article>\n\t\t<\/li>\n\t\t\t\t\t\t\t\t\t\t\t\n\t\t\n\t\t\n\t\t<li class=\"l-col-6@md \" data-filter=\"naturvetenskapsprogrammet maj-2026\">\n\t\t\t<article class=\"c-card has-media-zoom \" data-variant=\"inside-half\" data-click-area>\n\t\t\t\t<div class=\"c-card__content l-stack l-stack-sm is-left is-left@md\">\n\t\t\t\t\t\t\t\t\t\t\t<blockquote class=\"c-card__title u-font-title-3\">\n\t\t\t\t\t\t\t\t\t\t\t\t\t\t\t<p class=\"u-quote-marks\"><a href=\"https:\/\/klaragymnasium.se\/goteborg-postgatan\/elevintervjuer\/lokal\/majken-om-klara-sundsvall\" class=\"link\">Det b\u00e4sta med Naturprogrammet \u00e4r att det ger stora m\u00f6jligheter efter gymnasiet&#8230;<\/a><\/p>\n\t\t\t\t\t\t\t\t\t\t\t\t\t<\/blockquote>\n\t\t\t\t\t\n\t\t\t\t\t\t\t\t\t\t\t<p class=\"c-card__text l-stack-grow u-divider-top u-font-body\">\n\t\t\t\t\t\t\t<span class=\"author u-mr-fluid-lg\">Majken<\/span>\n\t\t\t\t\t\t\t<span class=\"title u-mr-fluid-lg\">Naturvetenskapsprogrammet<\/span>\n\t\t\t\t\t\t<\/p>\n\t\t\t\t\t\n\t\t\t\t\t<div class=\"c-card__icon\">\n\t\t\t\t\t\t<svg class=\"ams-icon ams-icon--arrow-right\" width=\"32\" height=\"32\" viewBox=\"0 0 32 32\" fill=\"currentColor\" aria-hidden=\"true\" xmlns=\"http:\/\/www.w3.org\/2000\/svg\">\n\t\t\t\t\t\t\t<path d=\"M15.4617 0.252159L14.9567 0.75931C14.6219 1.09545 14.6219 1.64048 14.9567 1.97669L27.7062 14.7806H0.857144C0.383786 14.7806 0 15.166 0 15.6414V16.3587C0 16.8341 0.383786 17.2195 0.857144 17.2195H27.7062L14.9567 30.0234C14.6219 30.3595 14.6219 30.9045 14.9567 31.2407L15.4617 31.7479C15.7964 32.084 16.3392 32.084 16.6739 31.7479L31.749 16.6087C32.0837 16.2725 32.0837 15.7275 31.749 15.3913L16.6739 0.252159C16.3392 -0.084053 15.7964 -0.084053 15.4617 0.252159Z\"\/>\n\t\t\t\t\t\t<\/svg>\n\t\t\t\t\t<\/div>\n\t\t\t\t<\/div>\n\t\t\t\t<div class=\"c-card__media\" style=\" \">\n\t\t\t\t\t<img decoding=\"async\" width=\"600\" height=\"520\" src=\"https:\/\/klaragymnasium.se\/wp-content\/uploads\/2023\/04\/naturprogrammet-pa-klara-sundsvall-600x520.jpeg\" class=\"attachment-md size-md\" alt=\"Portr\u00e4ttbild p\u00e5 elev.\" sizes=\"(min-width: 80em) 600px, (min-width: 48em) calc(.50 * (100vw - 240px)), calc(100vw - 160px)\" srcset=\"https:\/\/klaragymnasium.se\/wp-content\/uploads\/2023\/04\/naturprogrammet-pa-klara-sundsvall-600x520.jpeg 600w, https:\/\/klaragymnasium.se\/wp-content\/uploads\/2023\/04\/naturprogrammet-pa-klara-sundsvall-300x260.jpeg 300w, https:\/\/klaragymnasium.se\/wp-content\/uploads\/2023\/04\/naturprogrammet-pa-klara-sundsvall-400x346.jpeg 400w, https:\/\/klaragymnasium.se\/wp-content\/uploads\/2023\/04\/naturprogrammet-pa-klara-sundsvall-800x693.jpeg 800w, https:\/\/klaragymnasium.se\/wp-content\/uploads\/2023\/04\/naturprogrammet-pa-klara-sundsvall-1024x887.jpeg 1024w, https:\/\/klaragymnasium.se\/wp-content\/uploads\/2023\/04\/naturprogrammet-pa-klara-sundsvall-1200x1039.jpeg 1200w, https:\/\/klaragymnasium.se\/wp-content\/uploads\/2023\/04\/naturprogrammet-pa-klara-sundsvall.jpeg 1707w\" \/>\n\t\t\t\t<\/div>\n\t\t\t<\/article>\n\t\t<\/li>\n\t\t\t\t\t\t\t\t\t\t\t\n\t\t\n\t\t\n\t\t<li class=\"l-col-6@md \" data-filter=\"samhallsvetenskapsprogrammet mars-2026\">\n\t\t\t<article class=\"c-card has-media-zoom \" data-variant=\"inside-half\" data-click-area>\n\t\t\t\t<div class=\"c-card__content l-stack l-stack-sm is-left is-left@md\">\n\t\t\t\t\t\t\t\t\t\t\t<blockquote class=\"c-card__title u-font-title-3\">\n\t\t\t\t\t\t\t\t\t\t\t\t\t\t\t<p class=\"u-quote-marks\"><a href=\"https:\/\/klaragymnasium.se\/goteborg-postgatan\/elevintervjuer\/lokal\/internationella-projekt-pa-klara\" class=\"link\">Det b\u00e4sta med KLARA \u00e4r utlandsresorna!&#8230;<\/a><\/p>\n\t\t\t\t\t\t\t\t\t\t\t\t\t<\/blockquote>\n\t\t\t\t\t\n\t\t\t\t\t\t\t\t\t\t\t<p class=\"c-card__text l-stack-grow u-divider-top u-font-body\">\n\t\t\t\t\t\t\t<span class=\"author u-mr-fluid-lg\">Emma<\/span>\n\t\t\t\t\t\t\t<span class=\"title u-mr-fluid-lg\">Samh\u00e4llsvetenskapsprogrammet<\/span>\n\t\t\t\t\t\t<\/p>\n\t\t\t\t\t\n\t\t\t\t\t<div class=\"c-card__icon\">\n\t\t\t\t\t\t<svg class=\"ams-icon ams-icon--arrow-right\" width=\"32\" height=\"32\" viewBox=\"0 0 32 32\" fill=\"currentColor\" aria-hidden=\"true\" xmlns=\"http:\/\/www.w3.org\/2000\/svg\">\n\t\t\t\t\t\t\t<path d=\"M15.4617 0.252159L14.9567 0.75931C14.6219 1.09545 14.6219 1.64048 14.9567 1.97669L27.7062 14.7806H0.857144C0.383786 14.7806 0 15.166 0 15.6414V16.3587C0 16.8341 0.383786 17.2195 0.857144 17.2195H27.7062L14.9567 30.0234C14.6219 30.3595 14.6219 30.9045 14.9567 31.2407L15.4617 31.7479C15.7964 32.084 16.3392 32.084 16.6739 31.7479L31.749 16.6087C32.0837 16.2725 32.0837 15.7275 31.749 15.3913L16.6739 0.252159C16.3392 -0.084053 15.7964 -0.084053 15.4617 0.252159Z\"\/>\n\t\t\t\t\t\t<\/svg>\n\t\t\t\t\t<\/div>\n\t\t\t\t<\/div>\n\t\t\t\t<div class=\"c-card__media\" style=\" \">\n\t\t\t\t\t<img decoding=\"async\" width=\"600\" height=\"415\" src=\"https:\/\/klaragymnasium.se\/wp-content\/uploads\/2023\/05\/elev-emma-klara-sambet-vasteras-600x415.jpg\" class=\"attachment-md size-md\" alt=\"Elever i grupp p\u00e5 skolan.\" sizes=\"(min-width: 80em) 600px, (min-width: 48em) calc(.50 * (100vw - 240px)), calc(100vw - 160px)\" srcset=\"https:\/\/klaragymnasium.se\/wp-content\/uploads\/2023\/05\/elev-emma-klara-sambet-vasteras-600x415.jpg 600w, https:\/\/klaragymnasium.se\/wp-content\/uploads\/2023\/05\/elev-emma-klara-sambet-vasteras-300x208.jpg 300w, https:\/\/klaragymnasium.se\/wp-content\/uploads\/2023\/05\/elev-emma-klara-sambet-vasteras-400x277.jpg 400w, https:\/\/klaragymnasium.se\/wp-content\/uploads\/2023\/05\/elev-emma-klara-sambet-vasteras-800x554.jpg 800w, https:\/\/klaragymnasium.se\/wp-content\/uploads\/2023\/05\/elev-emma-klara-sambet-vasteras.jpg 864w\" \/>\n\t\t\t\t<\/div>\n\t\t\t<\/article>\n\t\t<\/li>\n\t\t\t\t\t\t\t\t\t\t\t\n\t\t\n\t\t\n\t\t<li class=\"l-col-6@md \" data-filter=\"naturvetenskapsprogrammet december-2020\">\n\t\t\t<article class=\"c-card has-media-zoom \" data-variant=\"inside-half\" data-click-area>\n\t\t\t\t<div class=\"c-card__content l-stack l-stack-sm is-left is-left@md\">\n\t\t\t\t\t\t\t\t\t\t\t<blockquote class=\"c-card__title u-font-title-3\">\n\t\t\t\t\t\t\t\t\t\t\t\t\t\t\t<p class=\"u-quote-marks\"><a href=\"https:\/\/klaragymnasium.se\/goteborg-postgatan\/elevintervjuer\/lokal\/nils-laser-natur-sam\" class=\"link\">I sluta\u0308ndan a\u0308r det viktigaste att du sj\u00e4lv ka\u0308nner att det a\u0308r ra\u0308tt val fo\u0308r just dig!&#8230;<\/a><\/p>\n\t\t\t\t\t\t\t\t\t\t\t\t\t<\/blockquote>\n\t\t\t\t\t\n\t\t\t\t\t\t\t\t\t\t\t<p class=\"c-card__text l-stack-grow u-divider-top u-font-body\">\n\t\t\t\t\t\t\t<span class=\"author u-mr-fluid-lg\">Nils<\/span>\n\t\t\t\t\t\t\t<span class=\"title u-mr-fluid-lg\">Naturvetenskapsprogrammet<\/span>\n\t\t\t\t\t\t<\/p>\n\t\t\t\t\t\n\t\t\t\t\t<div class=\"c-card__icon\">\n\t\t\t\t\t\t<svg class=\"ams-icon ams-icon--arrow-right\" width=\"32\" height=\"32\" viewBox=\"0 0 32 32\" fill=\"currentColor\" aria-hidden=\"true\" xmlns=\"http:\/\/www.w3.org\/2000\/svg\">\n\t\t\t\t\t\t\t<path d=\"M15.4617 0.252159L14.9567 0.75931C14.6219 1.09545 14.6219 1.64048 14.9567 1.97669L27.7062 14.7806H0.857144C0.383786 14.7806 0 15.166 0 15.6414V16.3587C0 16.8341 0.383786 17.2195 0.857144 17.2195H27.7062L14.9567 30.0234C14.6219 30.3595 14.6219 30.9045 14.9567 31.2407L15.4617 31.7479C15.7964 32.084 16.3392 32.084 16.6739 31.7479L31.749 16.6087C32.0837 16.2725 32.0837 15.7275 31.749 15.3913L16.6739 0.252159C16.3392 -0.084053 15.7964 -0.084053 15.4617 0.252159Z\"\/>\n\t\t\t\t\t\t<\/svg>\n\t\t\t\t\t<\/div>\n\t\t\t\t<\/div>\n\t\t\t\t<div class=\"c-card__media\" style=\" \">\n\t\t\t\t\t<img decoding=\"async\" width=\"480\" height=\"371\" src=\"https:\/\/klaragymnasium.se\/wp-content\/uploads\/2023\/04\/samnatur-pa-klara-e1681288331450.jpeg\" class=\"attachment-md size-md\" alt=\"Portr\u00e4ttbild p\u00e5 elev.\" sizes=\"(min-width: 80em) 600px, (min-width: 48em) calc(.50 * (100vw - 240px)), calc(100vw - 160px)\" srcset=\"https:\/\/klaragymnasium.se\/wp-content\/uploads\/2023\/04\/samnatur-pa-klara-e1681288331450.jpeg 480w, https:\/\/klaragymnasium.se\/wp-content\/uploads\/2023\/04\/samnatur-pa-klara-e1681288331450-300x232.jpeg 300w, https:\/\/klaragymnasium.se\/wp-content\/uploads\/2023\/04\/samnatur-pa-klara-e1681288331450-400x309.jpeg 400w\" \/>\n\t\t\t\t<\/div>\n\t\t\t<\/article>\n\t\t<\/li>\n\t\t\t\t\t\t\t\t\t\t\t\n\t\t\n\t\t\n\t\t<li class=\"l-col-6@md \" data-filter=\"teknikprogrammet december-2020\">\n\t\t\t<article class=\"c-card has-media-zoom \" data-variant=\"inside-half\" data-click-area>\n\t\t\t\t<div class=\"c-card__content l-stack l-stack-sm is-left is-left@md\">\n\t\t\t\t\t\t\t\t\t\t\t<blockquote class=\"c-card__title u-font-title-3\">\n\t\t\t\t\t\t\t\t\t\t\t\t\t\t\t<p class=\"u-quote-marks\"><a href=\"https:\/\/klaragymnasium.se\/goteborg-postgatan\/elevintervjuer\/lokal\/amaal-laser-teknik\" class=\"link\">Teknikprogrammet har unika kurser som g\u00f6r det m\u00f6jligt att utveckla b\u00e5de sitt kreativa och logiska t\u00e4nkande&#8230;<\/a><\/p>\n\t\t\t\t\t\t\t\t\t\t\t\t\t<\/blockquote>\n\t\t\t\t\t\n\t\t\t\t\t\t\t\t\t\t\t<p class=\"c-card__text l-stack-grow u-divider-top u-font-body\">\n\t\t\t\t\t\t\t<span class=\"author u-mr-fluid-lg\">Amaal Nuur<\/span>\n\t\t\t\t\t\t\t<span class=\"title u-mr-fluid-lg\">Teknikprogrammet<\/span>\n\t\t\t\t\t\t<\/p>\n\t\t\t\t\t\n\t\t\t\t\t<div class=\"c-card__icon\">\n\t\t\t\t\t\t<svg class=\"ams-icon ams-icon--arrow-right\" width=\"32\" height=\"32\" viewBox=\"0 0 32 32\" fill=\"currentColor\" aria-hidden=\"true\" xmlns=\"http:\/\/www.w3.org\/2000\/svg\">\n\t\t\t\t\t\t\t<path d=\"M15.4617 0.252159L14.9567 0.75931C14.6219 1.09545 14.6219 1.64048 14.9567 1.97669L27.7062 14.7806H0.857144C0.383786 14.7806 0 15.166 0 15.6414V16.3587C0 16.8341 0.383786 17.2195 0.857144 17.2195H27.7062L14.9567 30.0234C14.6219 30.3595 14.6219 30.9045 14.9567 31.2407L15.4617 31.7479C15.7964 32.084 16.3392 32.084 16.6739 31.7479L31.749 16.6087C32.0837 16.2725 32.0837 15.7275 31.749 15.3913L16.6739 0.252159C16.3392 -0.084053 15.7964 -0.084053 15.4617 0.252159Z\"\/>\n\t\t\t\t\t\t<\/svg>\n\t\t\t\t\t<\/div>\n\t\t\t\t<\/div>\n\t\t\t\t<div class=\"c-card__media\" style=\" \">\n\t\t\t\t\t<img decoding=\"async\" width=\"150\" height=\"150\" src=\"https:\/\/klaragymnasium.se\/wp-content\/uploads\/2023\/04\/teknikprogrammet-i-goteborg.jpeg\" class=\"attachment-md size-md\" alt=\"Elev fr\u00e5n teknikprogrammet.\" sizes=\"(min-width: 80em) 600px, (min-width: 48em) calc(.50 * (100vw - 240px)), calc(100vw - 160px)\" \/>\n\t\t\t\t<\/div>\n\t\t\t<\/article>\n\t\t<\/li>\n\t\t\t\t\t\t\t\t\t\t\t\n\t\t\n\t\t\n\t\t<li class=\"l-col-6@md \" data-filter=\"samhallsvetenskapsprogrammet december-2020\">\n\t\t\t<article class=\"c-card has-media-zoom \" data-variant=\"inside-half\" data-click-area>\n\t\t\t\t<div class=\"c-card__content l-stack l-stack-sm is-left is-left@md\">\n\t\t\t\t\t\t\t\t\t\t\t<blockquote class=\"c-card__title u-font-title-3\">\n\t\t\t\t\t\t\t\t\t\t\t\t\t\t\t<p class=\"u-quote-marks\"><a href=\"https:\/\/klaragymnasium.se\/goteborg-postgatan\/elevintervjuer\/lokal\/elin-laser-beteendevetenskap-pa-klara-malmo\" class=\"link\">Efter gymnasiet vill jag studera vidare p\u00e5 Polish\u00f6gskolan, helst i Stockholm!&#8230;<\/a><\/p>\n\t\t\t\t\t\t\t\t\t\t\t\t\t<\/blockquote>\n\t\t\t\t\t\n\t\t\t\t\t\t\t\t\t\t\t<p class=\"c-card__text l-stack-grow u-divider-top u-font-body\">\n\t\t\t\t\t\t\t<span class=\"author u-mr-fluid-lg\">Elin<\/span>\n\t\t\t\t\t\t\t<span class=\"title u-mr-fluid-lg\">Samh\u00e4llsvetenskapsprogrammet<\/span>\n\t\t\t\t\t\t<\/p>\n\t\t\t\t\t\n\t\t\t\t\t<div class=\"c-card__icon\">\n\t\t\t\t\t\t<svg class=\"ams-icon ams-icon--arrow-right\" width=\"32\" height=\"32\" viewBox=\"0 0 32 32\" fill=\"currentColor\" aria-hidden=\"true\" xmlns=\"http:\/\/www.w3.org\/2000\/svg\">\n\t\t\t\t\t\t\t<path d=\"M15.4617 0.252159L14.9567 0.75931C14.6219 1.09545 14.6219 1.64048 14.9567 1.97669L27.7062 14.7806H0.857144C0.383786 14.7806 0 15.166 0 15.6414V16.3587C0 16.8341 0.383786 17.2195 0.857144 17.2195H27.7062L14.9567 30.0234C14.6219 30.3595 14.6219 30.9045 14.9567 31.2407L15.4617 31.7479C15.7964 32.084 16.3392 32.084 16.6739 31.7479L31.749 16.6087C32.0837 16.2725 32.0837 15.7275 31.749 15.3913L16.6739 0.252159C16.3392 -0.084053 15.7964 -0.084053 15.4617 0.252159Z\"\/>\n\t\t\t\t\t\t<\/svg>\n\t\t\t\t\t<\/div>\n\t\t\t\t<\/div>\n\t\t\t\t<div class=\"c-card__media\" style=\" \">\n\t\t\t\t\t<img decoding=\"async\" width=\"600\" height=\"446\" src=\"https:\/\/klaragymnasium.se\/wp-content\/uploads\/2023\/03\/elin-om-inriktningen-beteendevetenskap-600x446.png\" class=\"attachment-md size-md\" alt=\"Portr\u00e4ttbild p\u00e5 elev.\" sizes=\"(min-width: 80em) 600px, (min-width: 48em) calc(.50 * (100vw - 240px)), calc(100vw - 160px)\" srcset=\"https:\/\/klaragymnasium.se\/wp-content\/uploads\/2023\/03\/elin-om-inriktningen-beteendevetenskap-600x446.png 600w, https:\/\/klaragymnasium.se\/wp-content\/uploads\/2023\/03\/elin-om-inriktningen-beteendevetenskap-300x223.png 300w, https:\/\/klaragymnasium.se\/wp-content\/uploads\/2023\/03\/elin-om-inriktningen-beteendevetenskap-400x297.png 400w, https:\/\/klaragymnasium.se\/wp-content\/uploads\/2023\/03\/elin-om-inriktningen-beteendevetenskap.png 665w\" \/>\n\t\t\t\t<\/div>\n\t\t\t<\/article>\n\t\t<\/li>\n\t\t\t\t\t\t\t\t\t\t\t\n\t\t\n\t\t\n\t\t<li class=\"l-col-6@md \" data-filter=\"ekonomiprogrammet november-2020\">\n\t\t\t<article class=\"c-card has-media-zoom \" data-variant=\"inside-half\" data-click-area>\n\t\t\t\t<div class=\"c-card__content l-stack l-stack-sm is-left is-left@md\">\n\t\t\t\t\t\t\t\t\t\t\t<blockquote class=\"c-card__title u-font-title-3\">\n\t\t\t\t\t\t\t\t\t\t\t\t\t\t\t<p class=\"u-quote-marks\"><a href=\"https:\/\/klaragymnasium.se\/goteborg-postgatan\/elevintervjuer\/lokal\/max-om-ekonomiprogrammet\" class=\"link\">Efter gymnasiet vill jag studera juridik i Lund eller Uppsala &#8230;<\/a><\/p>\n\t\t\t\t\t\t\t\t\t\t\t\t\t<\/blockquote>\n\t\t\t\t\t\n\t\t\t\t\t\t\t\t\t\t\t<p class=\"c-card__text l-stack-grow u-divider-top u-font-body\">\n\t\t\t\t\t\t\t<span class=\"author u-mr-fluid-lg\">Max<\/span>\n\t\t\t\t\t\t\t<span class=\"title u-mr-fluid-lg\">Ekonomiprogrammet<\/span>\n\t\t\t\t\t\t<\/p>\n\t\t\t\t\t\n\t\t\t\t\t<div class=\"c-card__icon\">\n\t\t\t\t\t\t<svg class=\"ams-icon ams-icon--arrow-right\" width=\"32\" height=\"32\" viewBox=\"0 0 32 32\" fill=\"currentColor\" aria-hidden=\"true\" xmlns=\"http:\/\/www.w3.org\/2000\/svg\">\n\t\t\t\t\t\t\t<path d=\"M15.4617 0.252159L14.9567 0.75931C14.6219 1.09545 14.6219 1.64048 14.9567 1.97669L27.7062 14.7806H0.857144C0.383786 14.7806 0 15.166 0 15.6414V16.3587C0 16.8341 0.383786 17.2195 0.857144 17.2195H27.7062L14.9567 30.0234C14.6219 30.3595 14.6219 30.9045 14.9567 31.2407L15.4617 31.7479C15.7964 32.084 16.3392 32.084 16.6739 31.7479L31.749 16.6087C32.0837 16.2725 32.0837 15.7275 31.749 15.3913L16.6739 0.252159C16.3392 -0.084053 15.7964 -0.084053 15.4617 0.252159Z\"\/>\n\t\t\t\t\t\t<\/svg>\n\t\t\t\t\t<\/div>\n\t\t\t\t<\/div>\n\t\t\t\t<div class=\"c-card__media\" style=\" \">\n\t\t\t\t\t<img decoding=\"async\" width=\"600\" height=\"564\" src=\"https:\/\/klaragymnasium.se\/wp-content\/uploads\/2023\/03\/max-om-ekonomiprogrammet-klara-gymnasium-e1679929000851-600x564.png\" class=\"attachment-md size-md\" alt=\"Portr\u00e4ttbild p\u00e5 elev.\" sizes=\"(min-width: 80em) 600px, (min-width: 48em) calc(.50 * (100vw - 240px)), calc(100vw - 160px)\" srcset=\"https:\/\/klaragymnasium.se\/wp-content\/uploads\/2023\/03\/max-om-ekonomiprogrammet-klara-gymnasium-e1679929000851-600x564.png 600w, https:\/\/klaragymnasium.se\/wp-content\/uploads\/2023\/03\/max-om-ekonomiprogrammet-klara-gymnasium-e1679929000851-300x282.png 300w, https:\/\/klaragymnasium.se\/wp-content\/uploads\/2023\/03\/max-om-ekonomiprogrammet-klara-gymnasium-e1679929000851-400x376.png 400w, https:\/\/klaragymnasium.se\/wp-content\/uploads\/2023\/03\/max-om-ekonomiprogrammet-klara-gymnasium-e1679929000851.png 760w\" \/>\n\t\t\t\t<\/div>\n\t\t\t<\/article>\n\t\t<\/li>\n\t\t\t\t\t\t\t\t\t\t\t\n\t\t\n\t\t\n\t\t<li class=\"l-col-6@md \" data-filter=\"samhallsvetenskapsprogrammet september-2020\">\n\t\t\t<article class=\"c-card has-media-zoom \" data-variant=\"inside-half\" data-click-area>\n\t\t\t\t<div class=\"c-card__content l-stack l-stack-sm is-left is-left@md\">\n\t\t\t\t\t\t\t\t\t\t\t<blockquote class=\"c-card__title u-font-title-3\">\n\t\t\t\t\t\t\t\t\t\t\t\t\t\t\t<p class=\"u-quote-marks\"><a href=\"https:\/\/klaragymnasium.se\/goteborg-postgatan\/elevintervjuer\/lokal\/ida-om-klara\" class=\"link\">D\u00e4rf\u00f6r blev Samh\u00e4llsprogrammet ett sj\u00e4lvklart val f\u00f6r mig, jag f\u00e5r l\u00e4sa en bra kombination av kurser som jag gillar!&#8230;<\/a><\/p>\n\t\t\t\t\t\t\t\t\t\t\t\t\t<\/blockquote>\n\t\t\t\t\t\n\t\t\t\t\t\t\t\t\t\t\t<p class=\"c-card__text l-stack-grow u-divider-top u-font-body\">\n\t\t\t\t\t\t\t<span class=\"author u-mr-fluid-lg\">Ida<\/span>\n\t\t\t\t\t\t\t<span class=\"title u-mr-fluid-lg\">Samh\u00e4llsvetenskapsprogrammet<\/span>\n\t\t\t\t\t\t<\/p>\n\t\t\t\t\t\n\t\t\t\t\t<div class=\"c-card__icon\">\n\t\t\t\t\t\t<svg class=\"ams-icon ams-icon--arrow-right\" width=\"32\" height=\"32\" viewBox=\"0 0 32 32\" fill=\"currentColor\" aria-hidden=\"true\" xmlns=\"http:\/\/www.w3.org\/2000\/svg\">\n\t\t\t\t\t\t\t<path d=\"M15.4617 0.252159L14.9567 0.75931C14.6219 1.09545 14.6219 1.64048 14.9567 1.97669L27.7062 14.7806H0.857144C0.383786 14.7806 0 15.166 0 15.6414V16.3587C0 16.8341 0.383786 17.2195 0.857144 17.2195H27.7062L14.9567 30.0234C14.6219 30.3595 14.6219 30.9045 14.9567 31.2407L15.4617 31.7479C15.7964 32.084 16.3392 32.084 16.6739 31.7479L31.749 16.6087C32.0837 16.2725 32.0837 15.7275 31.749 15.3913L16.6739 0.252159C16.3392 -0.084053 15.7964 -0.084053 15.4617 0.252159Z\"\/>\n\t\t\t\t\t\t<\/svg>\n\t\t\t\t\t<\/div>\n\t\t\t\t<\/div>\n\t\t\t\t<div class=\"c-card__media\" style=\" \">\n\t\t\t\t\t<img decoding=\"async\" width=\"600\" height=\"396\" src=\"https:\/\/klaragymnasium.se\/wp-content\/uploads\/2023\/04\/samhallsvetenskapsprogrammet-pa-klara-600x396.png\" class=\"attachment-md size-md\" alt=\"N\u00e4rbild p\u00e5 en elev\" sizes=\"(min-width: 80em) 600px, (min-width: 48em) calc(.50 * (100vw - 240px)), calc(100vw - 160px)\" srcset=\"https:\/\/klaragymnasium.se\/wp-content\/uploads\/2023\/04\/samhallsvetenskapsprogrammet-pa-klara-600x396.png 600w, https:\/\/klaragymnasium.se\/wp-content\/uploads\/2023\/04\/samhallsvetenskapsprogrammet-pa-klara-300x198.png 300w, https:\/\/klaragymnasium.se\/wp-content\/uploads\/2023\/04\/samhallsvetenskapsprogrammet-pa-klara-400x264.png 400w, https:\/\/klaragymnasium.se\/wp-content\/uploads\/2023\/04\/samhallsvetenskapsprogrammet-pa-klara.png 749w\" \/>\n\t\t\t\t<\/div>\n\t\t\t<\/article>\n\t\t<\/li>\n\t\t\t\t\t\t\t\t\t\t\t\n\t\t\n\t\t\n\t\t<li class=\"l-col-6@md \" data-filter=\"ekonomiprogrammet klara-linkoping april-2020\">\n\t\t\t<article class=\"c-card has-media-zoom \" data-variant=\"inside-half\" data-click-area>\n\t\t\t\t<div class=\"c-card__content l-stack l-stack-sm is-left is-left@md\">\n\t\t\t\t\t\t\t\t\t\t\t<blockquote class=\"c-card__title u-font-title-3\">\n\t\t\t\t\t\t\t\t\t\t\t\t\t\t\t<p class=\"u-quote-marks\"><a href=\"https:\/\/klaragymnasium.se\/goteborg-postgatan\/elevintervjuer\/lokal\/adam-berattar-om-ekonomiprogrammet-pa-klara\" class=\"link\">Det har varit otroligt kul och l\u00e4rorikt att f\u00e5 starta och driva ett eget UF-f\u00f6retag&#8230;<\/a><\/p>\n\t\t\t\t\t\t\t\t\t\t\t\t\t<\/blockquote>\n\t\t\t\t\t\n\t\t\t\t\t\t\t\t\t\t\t<p class=\"c-card__text l-stack-grow u-divider-top u-font-body\">\n\t\t\t\t\t\t\t<span class=\"author u-mr-fluid-lg\">Adam <\/span>\n\t\t\t\t\t\t\t<span class=\"title u-mr-fluid-lg\">Ekonomiprogrammet<\/span>\n\t\t\t\t\t\t<\/p>\n\t\t\t\t\t\n\t\t\t\t\t<div class=\"c-card__icon\">\n\t\t\t\t\t\t<svg class=\"ams-icon ams-icon--arrow-right\" width=\"32\" height=\"32\" viewBox=\"0 0 32 32\" fill=\"currentColor\" aria-hidden=\"true\" xmlns=\"http:\/\/www.w3.org\/2000\/svg\">\n\t\t\t\t\t\t\t<path d=\"M15.4617 0.252159L14.9567 0.75931C14.6219 1.09545 14.6219 1.64048 14.9567 1.97669L27.7062 14.7806H0.857144C0.383786 14.7806 0 15.166 0 15.6414V16.3587C0 16.8341 0.383786 17.2195 0.857144 17.2195H27.7062L14.9567 30.0234C14.6219 30.3595 14.6219 30.9045 14.9567 31.2407L15.4617 31.7479C15.7964 32.084 16.3392 32.084 16.6739 31.7479L31.749 16.6087C32.0837 16.2725 32.0837 15.7275 31.749 15.3913L16.6739 0.252159C16.3392 -0.084053 15.7964 -0.084053 15.4617 0.252159Z\"\/>\n\t\t\t\t\t\t<\/svg>\n\t\t\t\t\t<\/div>\n\t\t\t\t<\/div>\n\t\t\t\t<div class=\"c-card__media\" style=\" \">\n\t\t\t\t\t<img decoding=\"async\" width=\"600\" height=\"397\" src=\"https:\/\/klaragymnasium.se\/wp-content\/uploads\/2023\/03\/ekonomiprogrammet-klara-teoretiska-gymnasium-adam-600x397.png\" class=\"attachment-md size-md\" alt=\"Portr\u00e4ttbild p\u00e5 elev.\" sizes=\"(min-width: 80em) 600px, (min-width: 48em) calc(.50 * (100vw - 240px)), calc(100vw - 160px)\" srcset=\"https:\/\/klaragymnasium.se\/wp-content\/uploads\/2023\/03\/ekonomiprogrammet-klara-teoretiska-gymnasium-adam-600x397.png 600w, https:\/\/klaragymnasium.se\/wp-content\/uploads\/2023\/03\/ekonomiprogrammet-klara-teoretiska-gymnasium-adam-300x199.png 300w, https:\/\/klaragymnasium.se\/wp-content\/uploads\/2023\/03\/ekonomiprogrammet-klara-teoretiska-gymnasium-adam-400x265.png 400w, https:\/\/klaragymnasium.se\/wp-content\/uploads\/2023\/03\/ekonomiprogrammet-klara-teoretiska-gymnasium-adam-800x529.png 800w, https:\/\/klaragymnasium.se\/wp-content\/uploads\/2023\/03\/ekonomiprogrammet-klara-teoretiska-gymnasium-adam-1024x678.png 1024w, https:\/\/klaragymnasium.se\/wp-content\/uploads\/2023\/03\/ekonomiprogrammet-klara-teoretiska-gymnasium-adam-1200x794.png 1200w, https:\/\/klaragymnasium.se\/wp-content\/uploads\/2023\/03\/ekonomiprogrammet-klara-teoretiska-gymnasium-adam.png 1514w\" \/>\n\t\t\t\t<\/div>\n\t\t\t<\/article>\n\t\t<\/li>\n\t\t\t\t\t\t\t\t\t\t\t\n\t\t\n\t\t\n\t\t<li class=\"l-col-6@md \" data-filter=\"naturvetenskapsprogrammet april-2020\">\n\t\t\t<article class=\"c-card has-media-zoom \" data-variant=\"inside-half\" data-click-area>\n\t\t\t\t<div class=\"c-card__content l-stack l-stack-sm is-left is-left@md\">\n\t\t\t\t\t\t\t\t\t\t\t<blockquote class=\"c-card__title u-font-title-3\">\n\t\t\t\t\t\t\t\t\t\t\t\t\t\t\t<p class=\"u-quote-marks\"><a href=\"https:\/\/klaragymnasium.se\/goteborg-postgatan\/elevintervjuer\/lokal\/lilly-om-naturprogrammet-pa-klara\" class=\"link\">Det \u00e4r en tuff linje men det k\u00e4nns bra att l\u00e4rarna finns f\u00f6r en och st\u00f6ttar en&#8230;<\/a><\/p>\n\t\t\t\t\t\t\t\t\t\t\t\t\t<\/blockquote>\n\t\t\t\t\t\n\t\t\t\t\t\t\t\t\t\t\t<p class=\"c-card__text l-stack-grow u-divider-top u-font-body\">\n\t\t\t\t\t\t\t<span class=\"author u-mr-fluid-lg\">Lilly<\/span>\n\t\t\t\t\t\t\t<span class=\"title u-mr-fluid-lg\">Naturvetenskapsprogrammet <\/span>\n\t\t\t\t\t\t<\/p>\n\t\t\t\t\t\n\t\t\t\t\t<div class=\"c-card__icon\">\n\t\t\t\t\t\t<svg class=\"ams-icon ams-icon--arrow-right\" width=\"32\" height=\"32\" viewBox=\"0 0 32 32\" fill=\"currentColor\" aria-hidden=\"true\" xmlns=\"http:\/\/www.w3.org\/2000\/svg\">\n\t\t\t\t\t\t\t<path d=\"M15.4617 0.252159L14.9567 0.75931C14.6219 1.09545 14.6219 1.64048 14.9567 1.97669L27.7062 14.7806H0.857144C0.383786 14.7806 0 15.166 0 15.6414V16.3587C0 16.8341 0.383786 17.2195 0.857144 17.2195H27.7062L14.9567 30.0234C14.6219 30.3595 14.6219 30.9045 14.9567 31.2407L15.4617 31.7479C15.7964 32.084 16.3392 32.084 16.6739 31.7479L31.749 16.6087C32.0837 16.2725 32.0837 15.7275 31.749 15.3913L16.6739 0.252159C16.3392 -0.084053 15.7964 -0.084053 15.4617 0.252159Z\"\/>\n\t\t\t\t\t\t<\/svg>\n\t\t\t\t\t<\/div>\n\t\t\t\t<\/div>\n\t\t\t\t<div class=\"c-card__media\" style=\" \">\n\t\t\t\t\t<img decoding=\"async\" width=\"600\" height=\"398\" src=\"https:\/\/klaragymnasium.se\/wp-content\/uploads\/2023\/03\/naturprogrammet-klara-teoretiska-gymnasium-600x398.png\" class=\"attachment-md size-md\" alt=\"Elever sitter i skolan och pluggar tillsammans.\" sizes=\"(min-width: 80em) 600px, (min-width: 48em) calc(.50 * (100vw - 240px)), calc(100vw - 160px)\" srcset=\"https:\/\/klaragymnasium.se\/wp-content\/uploads\/2023\/03\/naturprogrammet-klara-teoretiska-gymnasium-600x398.png 600w, https:\/\/klaragymnasium.se\/wp-content\/uploads\/2023\/03\/naturprogrammet-klara-teoretiska-gymnasium-300x199.png 300w, https:\/\/klaragymnasium.se\/wp-content\/uploads\/2023\/03\/naturprogrammet-klara-teoretiska-gymnasium-400x265.png 400w, https:\/\/klaragymnasium.se\/wp-content\/uploads\/2023\/03\/naturprogrammet-klara-teoretiska-gymnasium.png 756w\" \/>\n\t\t\t\t<\/div>\n\t\t\t<\/article>\n\t\t<\/li>\n\t\t\t\t\t\t\t\t\t\t\t\n\t\t\n\t\t\n\t\t<li class=\"l-col-6@md \" data-filter=\"naturvetenskapsprogrammet april-2020\">\n\t\t\t<article class=\"c-card has-media-zoom \" data-variant=\"inside-half\" data-click-area>\n\t\t\t\t<div class=\"c-card__content l-stack l-stack-sm is-left is-left@md\">\n\t\t\t\t\t\t\t\t\t\t\t<blockquote class=\"c-card__title u-font-title-3\">\n\t\t\t\t\t\t\t\t\t\t\t\t\t\t\t<p class=\"u-quote-marks\"><a href=\"https:\/\/klaragymnasium.se\/goteborg-postgatan\/elevintervjuer\/lokal\/hugo-om-att-lasa-natur-pa-klara\" class=\"link\">Min biologil\u00e4rare har inspirerat mig och f\u00e5tt mig \u00e4nnu mer intresserad av att bli marinbiolog!&#8230;<\/a><\/p>\n\t\t\t\t\t\t\t\t\t\t\t\t\t<\/blockquote>\n\t\t\t\t\t\n\t\t\t\t\t\t\t\t\t\t\t<p class=\"c-card__text l-stack-grow u-divider-top u-font-body\">\n\t\t\t\t\t\t\t<span class=\"author u-mr-fluid-lg\">Hugo<\/span>\n\t\t\t\t\t\t\t<span class=\"title u-mr-fluid-lg\">Naturvetenskapsprogrammet<\/span>\n\t\t\t\t\t\t<\/p>\n\t\t\t\t\t\n\t\t\t\t\t<div class=\"c-card__icon\">\n\t\t\t\t\t\t<svg class=\"ams-icon ams-icon--arrow-right\" width=\"32\" height=\"32\" viewBox=\"0 0 32 32\" fill=\"currentColor\" aria-hidden=\"true\" xmlns=\"http:\/\/www.w3.org\/2000\/svg\">\n\t\t\t\t\t\t\t<path d=\"M15.4617 0.252159L14.9567 0.75931C14.6219 1.09545 14.6219 1.64048 14.9567 1.97669L27.7062 14.7806H0.857144C0.383786 14.7806 0 15.166 0 15.6414V16.3587C0 16.8341 0.383786 17.2195 0.857144 17.2195H27.7062L14.9567 30.0234C14.6219 30.3595 14.6219 30.9045 14.9567 31.2407L15.4617 31.7479C15.7964 32.084 16.3392 32.084 16.6739 31.7479L31.749 16.6087C32.0837 16.2725 32.0837 15.7275 31.749 15.3913L16.6739 0.252159C16.3392 -0.084053 15.7964 -0.084053 15.4617 0.252159Z\"\/>\n\t\t\t\t\t\t<\/svg>\n\t\t\t\t\t<\/div>\n\t\t\t\t<\/div>\n\t\t\t\t<div class=\"c-card__media\" style=\" \">\n\t\t\t\t\t<img decoding=\"async\" width=\"600\" height=\"624\" src=\"https:\/\/klaragymnasium.se\/wp-content\/uploads\/2023\/03\/hugo-naturvetenskapsprogrammet-klara-gymnasium-600x624.png\" class=\"attachment-md size-md\" alt=\"Portr\u00e4ttbild p\u00e5 elev.\" sizes=\"(min-width: 80em) 600px, (min-width: 48em) calc(.50 * (100vw - 240px)), calc(100vw - 160px)\" srcset=\"https:\/\/klaragymnasium.se\/wp-content\/uploads\/2023\/03\/hugo-naturvetenskapsprogrammet-klara-gymnasium-600x624.png 600w, https:\/\/klaragymnasium.se\/wp-content\/uploads\/2023\/03\/hugo-naturvetenskapsprogrammet-klara-gymnasium-300x312.png 300w, https:\/\/klaragymnasium.se\/wp-content\/uploads\/2023\/03\/hugo-naturvetenskapsprogrammet-klara-gymnasium-400x416.png 400w, https:\/\/klaragymnasium.se\/wp-content\/uploads\/2023\/03\/hugo-naturvetenskapsprogrammet-klara-gymnasium.png 763w\" \/>\n\t\t\t\t<\/div>\n\t\t\t<\/article>\n\t\t<\/li>\n\t<\/ul>\n\t\n\t<div class=\"no-results u-mt-0 u-hide\" data-filter-fallback-id=\"ams-testimonial-list-69f467d6d976b\">\n\t<p>Det finns inga resultat som matchar din filtrering.<\/p>\n<\/div>\n\n\t\n\n\t\t\n\t\t\t<\/div>\n\n\t\t\n\n<\/section>\n","protected":false},"featured_media":0,"template":"","testimonial_category":[11],"yoast_head":"<!-- This site is optimized with the Yoast SEO plugin v22.0 - https:\/\/yoast.com\/wordpress\/plugins\/seo\/ -->\n<title>G\u00f6teborg Postgatan<\/title>\n<meta name=\"robots\" content=\"index, follow, max-snippet:-1, max-image-preview:large, max-video-preview:-1\" \/>\n<link rel=\"canonical\" href=\"https:\/\/klaragymnasium.se\/goteborg-postgatan\/elevintervjuer\/elliot-om-sin-tid-pa-klara-postgatan\/\" \/>\n<meta property=\"og:locale\" content=\"sv_SE\" \/>\n<meta property=\"og:type\" content=\"article\" \/>\n<meta property=\"og:url\" content=\"https:\/\/klaragymnasium.se\/goteborg-postgatan\/elevintervjuer\/elliot-om-sin-tid-pa-klara-postgatan\/\" \/>\n<meta property=\"og:site_name\" content=\"G\u00f6teborg Postgatan\" \/>\n<meta property=\"article:modified_time\" content=\"2024-06-14T11:12:45+00:00\" \/>\n<meta name=\"twitter:card\" content=\"summary_large_image\" \/>\n<meta name=\"twitter:label1\" content=\"Est. reading time\" \/>\n\t<meta name=\"twitter:data1\" content=\"5 minuter\" \/>\n<script type=\"application\/ld+json\" class=\"yoast-schema-graph\">{\"@context\":\"https:\/\/schema.org\",\"@graph\":[{\"@type\":\"WebPage\",\"@id\":\"https:\/\/klaragymnasium.se\/goteborg-postgatan\/elevintervjuer\/elliot-om-sin-tid-pa-klara-postgatan\/\",\"url\":\"https:\/\/klaragymnasium.se\/goteborg-postgatan\/elevintervjuer\/elliot-om-sin-tid-pa-klara-postgatan\/\",\"name\":\"Elliot om sin tid p\u00e5 KLARA Postgatan - G\u00f6teborg Postgatan\",\"isPartOf\":{\"@id\":\"https:\/\/klaragymnasium.se\/goteborg-postgatan\/#website\"},\"datePublished\":\"2024-02-07T15:31:36+00:00\",\"dateModified\":\"2024-06-14T11:12:45+00:00\",\"breadcrumb\":{\"@id\":\"https:\/\/klaragymnasium.se\/goteborg-postgatan\/elevintervjuer\/elliot-om-sin-tid-pa-klara-postgatan\/#breadcrumb\"},\"inLanguage\":\"sv-SE\",\"potentialAction\":[{\"@type\":\"ReadAction\",\"target\":[\"https:\/\/klaragymnasium.se\/goteborg-postgatan\/elevintervjuer\/elliot-om-sin-tid-pa-klara-postgatan\/\"]}]},{\"@type\":\"BreadcrumbList\",\"@id\":\"https:\/\/klaragymnasium.se\/goteborg-postgatan\/elevintervjuer\/elliot-om-sin-tid-pa-klara-postgatan\/#breadcrumb\",\"itemListElement\":[{\"@type\":\"ListItem\",\"position\":1,\"name\":\"Start\",\"item\":\"https:\/\/klaragymnasium.se\/goteborg-postgatan\"},{\"@type\":\"ListItem\",\"position\":2,\"name\":\"Elevintervjuer\"}]},{\"@type\":\"WebSite\",\"@id\":\"https:\/\/klaragymnasium.se\/goteborg-postgatan\/#website\",\"url\":\"https:\/\/klaragymnasium.se\/goteborg-postgatan\/\",\"name\":\"G\u00f6teborg Postgatan\",\"description\":\"Just another WordPress site\",\"potentialAction\":[{\"@type\":\"SearchAction\",\"target\":{\"@type\":\"EntryPoint\",\"urlTemplate\":\"https:\/\/klaragymnasium.se\/goteborg-postgatan\/?s={search_term_string}\"},\"query-input\":\"required name=search_term_string\"}],\"inLanguage\":\"sv-SE\"}]}<\/script>\n<!-- \/ Yoast SEO plugin. -->","yoast_head_json":{"title":"G\u00f6teborg Postgatan","robots":{"index":"index","follow":"follow","max-snippet":"max-snippet:-1","max-image-preview":"max-image-preview:large","max-video-preview":"max-video-preview:-1"},"canonical":"https:\/\/klaragymnasium.se\/goteborg-postgatan\/elevintervjuer\/elliot-om-sin-tid-pa-klara-postgatan\/","og_locale":"sv_SE","og_type":"article","og_url":"https:\/\/klaragymnasium.se\/goteborg-postgatan\/elevintervjuer\/elliot-om-sin-tid-pa-klara-postgatan\/","og_site_name":"G\u00f6teborg Postgatan","article_modified_time":"2024-06-14T11:12:45+00:00","twitter_card":"summary_large_image","twitter_misc":{"Est. reading time":"5 minuter"},"schema":{"@context":"https:\/\/schema.org","@graph":[{"@type":"WebPage","@id":"https:\/\/klaragymnasium.se\/goteborg-postgatan\/elevintervjuer\/elliot-om-sin-tid-pa-klara-postgatan\/","url":"https:\/\/klaragymnasium.se\/goteborg-postgatan\/elevintervjuer\/elliot-om-sin-tid-pa-klara-postgatan\/","name":"Elliot om sin tid p\u00e5 KLARA Postgatan - G\u00f6teborg Postgatan","isPartOf":{"@id":"https:\/\/klaragymnasium.se\/goteborg-postgatan\/#website"},"datePublished":"2024-02-07T15:31:36+00:00","dateModified":"2024-06-14T11:12:45+00:00","breadcrumb":{"@id":"https:\/\/klaragymnasium.se\/goteborg-postgatan\/elevintervjuer\/elliot-om-sin-tid-pa-klara-postgatan\/#breadcrumb"},"inLanguage":"sv-SE","potentialAction":[{"@type":"ReadAction","target":["https:\/\/klaragymnasium.se\/goteborg-postgatan\/elevintervjuer\/elliot-om-sin-tid-pa-klara-postgatan\/"]}]},{"@type":"BreadcrumbList","@id":"https:\/\/klaragymnasium.se\/goteborg-postgatan\/elevintervjuer\/elliot-om-sin-tid-pa-klara-postgatan\/#breadcrumb","itemListElement":[{"@type":"ListItem","position":1,"name":"Start","item":"https:\/\/klaragymnasium.se\/goteborg-postgatan"},{"@type":"ListItem","position":2,"name":"Elevintervjuer"}]},{"@type":"WebSite","@id":"https:\/\/klaragymnasium.se\/goteborg-postgatan\/#website","url":"https:\/\/klaragymnasium.se\/goteborg-postgatan\/","name":"G\u00f6teborg Postgatan","description":"Just another WordPress site","potentialAction":[{"@type":"SearchAction","target":{"@type":"EntryPoint","urlTemplate":"https:\/\/klaragymnasium.se\/goteborg-postgatan\/?s={search_term_string}"},"query-input":"required name=search_term_string"}],"inLanguage":"sv-SE"}]}},"_links":{"self":[{"href":"https:\/\/klaragymnasium.se\/goteborg-postgatan\/wp-json\/wp\/v2\/testimonial\/3143"}],"collection":[{"href":"https:\/\/klaragymnasium.se\/goteborg-postgatan\/wp-json\/wp\/v2\/testimonial"}],"about":[{"href":"https:\/\/klaragymnasium.se\/goteborg-postgatan\/wp-json\/wp\/v2\/types\/testimonial"}],"wp:attachment":[{"href":"https:\/\/klaragymnasium.se\/goteborg-postgatan\/wp-json\/wp\/v2\/media?parent=3143"}],"wp:term":[{"taxonomy":"testimonial_category","embeddable":true,"href":"https:\/\/klaragymnasium.se\/goteborg-postgatan\/wp-json\/wp\/v2\/testimonial_category?post=3143"}],"curies":[{"name":"wp","href":"https:\/\/api.w.org\/{rel}","templated":true}]}}